{"version":"1.0","provider_name":"Web de Turismo del Ayuntamiento de La Orotava","provider_url":"https:\/\/www.laorotava.es\/turismo","author_name":"administrador","author_url":"https:\/\/www.laorotava.es\/turismo\/author\/administrador\/","title":"10. Ancienne \u00e9cole j\u00e9suite - Web de Turismo del Ayuntamiento de La Orotava","type":"rich","width":600,"height":338,"html":"<blockquote class=\"wp-embedded-content\" data-secret=\"EJjyzPP4RE\"><a href=\"https:\/\/www.laorotava.es\/turismo\/fr\/10-ancienne-ecole-jesuite\/\">10. Ancienne \u00e9cole j\u00e9suite<\/a><\/blockquote><iframe sandbox=\"allow-scripts\" security=\"restricted\" src=\"https:\/\/www.laorotava.es\/turismo\/fr\/10-ancienne-ecole-jesuite\/embed\/#?secret=EJjyzPP4RE\" width=\"600\" height=\"338\" title=\"\u00ab10. Ancienne \u00e9cole j\u00e9suite\u00bb \u2014 Web de Turismo del Ayuntamiento de La Orotava\" data-secret=\"EJjyzPP4RE\" frameborder=\"0\" marginwidth=\"0\" marginheight=\"0\" scrolling=\"no\" class=\"wp-embedded-content\"><\/iframe><script>\n\/*! This file is auto-generated *\/\n!function(d,l){\"use strict\";l.querySelector&&d.addEventListener&&\"undefined\"!=typeof URL&&(d.wp=d.wp||{},d.wp.receiveEmbedMessage||(d.wp.receiveEmbedMessage=function(e){var t=e.data;if((t||t.secret||t.message||t.value)&&!\/[^a-zA-Z0-9]\/.test(t.secret)){for(var s,r,n,a=l.querySelectorAll('iframe[data-secret=\"'+t.secret+'\"]'),o=l.querySelectorAll('blockquote[data-secret=\"'+t.secret+'\"]'),c=new RegExp(\"^https?:$\",\"i\"),i=0;i<o.length;i++)o[i].style.display=\"none\";for(i=0;i<a.length;i++)s=a[i],e.source===s.contentWindow&&(s.removeAttribute(\"style\"),\"height\"===t.message?(1e3<(r=parseInt(t.value,10))?r=1e3:~~r<200&&(r=200),s.height=r):\"link\"===t.message&&(r=new URL(s.getAttribute(\"src\")),n=new URL(t.value),c.test(n.protocol))&&n.host===r.host&&l.activeElement===s&&(d.top.location.href=t.value))}},d.addEventListener(\"message\",d.wp.receiveEmbedMessage,!1),l.addEventListener(\"DOMContentLoaded\",function(){for(var e,t,s=l.querySelectorAll(\"iframe.wp-embedded-content\"),r=0;r<s.length;r++)(t=(e=s[r]).getAttribute(\"data-secret\"))||(t=Math.random().toString(36).substring(2,12),e.src+=\"#?secret=\"+t,e.setAttribute(\"data-secret\",t)),e.contentWindow.postMessage({message:\"ready\",secret:t},\"*\")},!1)))}(window,document);\n\/\/# sourceURL=https:\/\/www.laorotava.es\/turismo\/wp-includes\/js\/wp-embed.min.js\n<\/script>\n","description":"10. Ancienne \u00e9cole j\u00e9suite C&#8217;est l&#8217;un des lieux les plus historiques de La Orotava. Le b\u00e2timent actuel est de style classique du milieu du XIXe si\u00e8cle. Le b\u00e2timent pr\u00e9c\u00e9dent \u00e9tait l&#8217;\u00e9cole San Luis Gonzaga des J\u00e9suites au XVIIIe si\u00e8cle. L&#8217;ordre des J\u00e9suites \u00e9tait l&#8217;un des plus puissants et des plus importants d&#8217;Espagne jusqu&#8217;\u00e0 son expulsion en 1767. La principale caract\u00e9ristique de l&#8217;ordre \u00e9tait sa nature \u00e9ducative et intellectuelle. Ce coll\u00e8ge a \u00e9t\u00e9 un vrai casse-t\u00eate pour les J\u00e9suites d&#8217;abord \u00e0 cause de probl\u00e8mes architecturaux lors de sa construction, ensuite \u00e0 cause du manque de soutien local pour son entretien et enfin \u00e0 cause du manque de religieux pour le faire fonctionner. Deux ans \u00e0 peine apr\u00e8s l&#8217;ouverture de l&#8217;\u00e9cole, il a\u00a0 fallu la fermer par manque de fonds, laissant \u00e0 deux j\u00e9suites le soin de s&#8217;en occuper les ann\u00e9es suivantes. Le hasard a voulu qu&#8217;\u00e0 la suite d&#8217;un incendie dans le couvent des Catalines, en face de la Conception, les 40 religieuses qui y vivaient s&#8217;installent provisoirement dans une maison priv\u00e9e pr\u00e8s de l&#8217;\u00e9cole. Depuis la cuisine de cette maison, les religieuses regardaient avec envie la grande \u00e9cole inutilis\u00e9e.\u00a0 D\u00e9sesp\u00e9r\u00e9es par le retard pris dans la reconstruction de leur couvent, elles d\u00e9cid\u00e8rent un jour de prendre d&#8217;assaut l&#8217;\u00e9cole avec des bougies et un crucifix. Lorsque l&#8217;un des deux j\u00e9suites ouvrit la porte, les religieuses envahirent imm\u00e9diatement les lieux. Les j\u00e9suites tent\u00e8rent de r\u00e9sister et les esprits s&#8217;\u00e9chauff\u00e8rent lorsque les religieuses r\u00e9clam\u00e8rent les cl\u00e9s pour leur installation permanente. Au cours de la dispute, elles ont failli agresser le p\u00e8re recteur, l&#8217;une d&#8217;entre elles ayant d\u00e9clar\u00e9 : &#8220;P\u00e8re, c&#8217;est une trop grande cage pour trop peu d&#8217;oiseaux&#8221;.\u00a0 Pendant qu&#8217;un groupe de religieuses n\u00e9gociait avec les J\u00e9suites, les autres d\u00e9pla\u00e7aient des casseroles et des po\u00eales pour le d\u00e9jeuner. Finalement, les J\u00e9suites ont \u00e9t\u00e9 contraints de quitter l&#8217;\u00e9cole et de rester pendant un an et demi dans une maison priv\u00e9e. Les malheurs ne s&#8217;arr\u00eatent pas l\u00e0. En 1767, l&#8217;ordre est expuls\u00e9 d&#8217;Espagne apr\u00e8s avoir \u00e9t\u00e9 accus\u00e9 d&#8217;avoir favoris\u00e9 les mutineries contre le roi Charles III, et il est d\u00e9pouill\u00e9 de tous ses biens. Ce b\u00e2timent a servi d&#8217;h\u00f4tel de ville et de cachot jusqu&#8217;\u00e0 l&#8217;incendie qui l&#8217;a d\u00e9truit au milieu du XIXe si\u00e8cle. Apr\u00e8s cet incendie, on construisit le b\u00e2timent actuel qui, \u00e0 la fin du XIXe si\u00e8cle, \u00e0 l&#8217;aube du tourisme, devint le premier h\u00f4tel de La Orotava, l&#8217;h\u00f4tel Hesp\u00e9rides. Il existe une derni\u00e8re histoire li\u00e9e \u00e0 ce b\u00e2timent, qui s&#8217;est d\u00e9roul\u00e9e lors des festivit\u00e9s de la F\u00eate-Dieu en 1936. Le jour de la procession des tapis, le commandant militaire des Canaries de l&#8217;\u00e9poque, Francisco Franco, a visit\u00e9 la ville avec l&#8217;intention d&#8217;assister \u00e0 l&#8217;\u00e9v\u00e9nement religieux le plus embl\u00e9matique de La Orotava.\u00a0 Apr\u00e8s avoir \u00e9t\u00e9 accueilli par les autorit\u00e9s locales, il a suivi la route des tapis jusqu&#8217;\u00e0 cette maison, invit\u00e9e par son propri\u00e9taire, le g\u00e9n\u00e9ral Lorenzo Machado. C&#8217;est alors qu&#8217;un individu post\u00e9 en haut de la rue s&#8217;appr\u00eatait \u00e0 lui tirer dessus. Alors qu&#8217;il d\u00e9gainait son arme, un policier municipal faisant office d&#8217;escorte remarqua le mouvement. Le tireur d&#8217;\u00e9lite vit \u00e0 son tour le geste du policier qui portait la main \u00e0 son arme et renon\u00e7a \u00e0 tirer, se faufilant dans la foule. L&#8217;identit\u00e9 de l&#8217;attaquant n&#8217;a jamais \u00e9t\u00e9 connue, pas plus que d&#8217;autres d\u00e9tails sur cet \u00e9v\u00e9nement qui aurait pu changer l&#8217;histoire de l&#8217;Espagne. Un mois plus tard, Franco a organis\u00e9 le coup d&#8217;\u00c9tat qui a d\u00e9clench\u00e9 la sanglante Guerre Civile, suivie de pr\u00e8s de quatre d\u00e9cennies de r\u00e9gime franquiste. Continuons le long de la ruelle Rodapalla. Le b\u00e2timent que vous voyez en arri\u00e8re-plan est la mairie. Sur votre droite, vous verrez un jardin entour\u00e9 d&#8217;une cl\u00f4ture en fer forg\u00e9. Il s&#8217;agit de l&#8217;annexe du jardin botanique. Contournez-la jusqu&#8217;\u00e0 ce que vous trouviez la porte d&#8217;entr\u00e9e, qui se trouve de l&#8217;autre c\u00f4t\u00e9.","thumbnail_url":"https:\/\/www.laorotava.es\/sites\/default\/files\/styles\/large\/public\/rutas\/verde-10.png?itok=nbAbXuzt"}