{"id":1002503,"date":"2022-08-09T07:29:34","date_gmt":"2022-08-09T07:29:34","guid":{"rendered":"https:\/\/www.laorotava.es\/turismo\/?page_id=1002503"},"modified":"2023-03-17T12:30:38","modified_gmt":"2023-03-17T12:30:38","slug":"descubre-su-conjunto-historico-a-pie","status":"publish","type":"page","link":"https:\/\/www.laorotava.es\/turismo\/descubre-su-conjunto-historico-a-pie\/","title":{"rendered":"Descubre su Conjunto Hist\u00f3rico a Pie"},"content":{"rendered":"\t\t<div data-elementor-type=\"wp-page\" data-elementor-id=\"1002503\" class=\"elementor elementor-1002503\">\n\t\t\t\t\t\t<section class=\"elementor-section elementor-top-section elementor-element elementor-element-33b9246e elementor-section-stretched elementor-section-boxed elementor-section-height-default elementor-section-height-default wpr-particle-no wpr-jarallax-no wpr-parallax-no wpr-sticky-section-no\" data-id=\"33b9246e\" data-element_type=\"section\" data-e-type=\"section\" data-settings=\"{&quot;stretch_section&quot;:&quot;section-stretched&quot;}\">\n\t\t\t\t\t\t<div class=\"elementor-container elementor-column-gap-default\">\n\t\t\t\t\t<div class=\"elementor-column elementor-col-50 elementor-top-column elementor-element elementor-element-48405f6d custom__sidebar-menu\" data-id=\"48405f6d\" data-element_type=\"column\" data-e-type=\"column\" data-settings=\"{&quot;background_background&quot;:&quot;classic&quot;}\">\n\t\t\t<div class=\"elementor-widget-wrap elementor-element-populated\">\n\t\t\t\t\t\t<div class=\"elementor-element elementor-element-06d8b2c elementor-widget elementor-widget-heading\" data-id=\"06d8b2c\" data-element_type=\"widget\" data-e-type=\"widget\" data-widget_type=\"heading.default\">\n\t\t\t\t<div class=\"elementor-widget-container\">\n\t\t\t\t\t<h2 class=\"elementor-heading-title elementor-size-default\">DESCUBRE LA OROTAVA<\/h2>\t\t\t\t<\/div>\n\t\t\t\t<\/div>\n\t\t\t\t<div class=\"elementor-element elementor-element-d9a07cd elementor-widget elementor-widget-shortcode\" data-id=\"d9a07cd\" data-element_type=\"widget\" data-e-type=\"widget\" data-widget_type=\"shortcode.default\">\n\t\t\t\t<div class=\"elementor-widget-container\">\n\t\t\t\t\t\t\t<div class=\"elementor-shortcode\"><button class=\"bellows-menu-toggle bellows-menu-toggle-skin-none\" aria-controls=\"bellows-main-4663\"><i class=\"fa fa-bars\"><\/i> <span class=\"bellows-menu-toggle-text\">Menu<\/span><\/button><nav id=\"bellows-main-4663\" class=\"bellows bellows-nojs bellows-main bellows-source-menu bellows-align-full bellows-skin-none bellows-type- bellows-expand-current bellows-mobile-collapse\"><ul id=\"menu-descubre-la-orotava\" class=\"bellows-nav\" data-bellows-config=\"main\"><li id=\"menu-item-1002879\" class=\"bellows-menu-item bellows-menu-item-type-post_type bellows-menu-item-object-page bellows-menu-item-1002879 bellows-item-level-0\"><a  href=\"https:\/\/www.laorotava.es\/turismo\/descubre-su-conjunto-historico-a-pie\/\" class=\"bellows-target\"><span class=\"bellows-target-title bellows-target-text\">Descubre su Conjunto Hist\u00f3rico a Pie<\/span><\/a><\/li>\n<li id=\"menu-item-1001249\" class=\"bellows-menu-item bellows-menu-item-type-post_type bellows-menu-item-object-page bellows-menu-item-1001249 bellows-item-level-0\"><a  href=\"https:\/\/www.laorotava.es\/turismo\/conoce-su-historia\/\" class=\"bellows-target\"><span class=\"bellows-target-title bellows-target-text\">Conoce su historia<\/span><\/a><\/li>\n<li id=\"menu-item-1004513\" class=\"bellows-menu-item bellows-menu-item-type-custom bellows-menu-item-object-custom bellows-menu-item-has-children bellows-menu-item-1004513 bellows-item-level-0\"><a  href=\"#\" class=\"bellows-target\"><span class=\"bellows-target-title bellows-target-text\">Naturaleza y Senderismo<\/span><button class=\"bellows-subtoggle\" aria-label=\"Toggle Submenu\"><i class=\"bellows-subtoggle-icon-expand fa fa-chevron-down\"><\/i><i class=\"bellows-subtoggle-icon-collapse fa fa-chevron-up\"><\/i><\/button><\/a>\n<ul class=\"bellows-submenu\">\n\t<li id=\"menu-item-1004515\" class=\"bellows-menu-item bellows-menu-item-type-post_type bellows-menu-item-object-page bellows-menu-item-1004515 bellows-item-level-1\"><a  href=\"https:\/\/www.laorotava.es\/turismo\/naturaleza-y-senderismo\/\" class=\"bellows-target\"><span class=\"bellows-target-title bellows-target-text\">Naturaleza y senderismo<\/span><\/a><\/li>\n\t<li id=\"menu-item-1004517\" class=\"bellows-menu-item bellows-menu-item-type-post_type bellows-menu-item-object-page bellows-menu-item-1004517 bellows-item-level-1\"><a  href=\"https:\/\/www.laorotava.es\/turismo\/senderos-recomendados\/\" class=\"bellows-target\"><span class=\"bellows-target-title bellows-target-text\">Senderos Recomendados<\/span><\/a><\/li>\n\t<li id=\"menu-item-1004519\" class=\"bellows-menu-item bellows-menu-item-type-post_type bellows-menu-item-object-page bellows-menu-item-1004519 bellows-item-level-1\"><a  href=\"https:\/\/www.laorotava.es\/turismo\/litoral-costero\/\" class=\"bellows-target\"><span class=\"bellows-target-title bellows-target-text\">Costas y playas<\/span><\/a><\/li>\n\t<li id=\"menu-item-1004521\" class=\"bellows-menu-item bellows-menu-item-type-post_type bellows-menu-item-object-page bellows-menu-item-1004521 bellows-item-level-1\"><a  href=\"https:\/\/www.laorotava.es\/turismo\/medianias\/\" class=\"bellows-target\"><span class=\"bellows-target-title bellows-target-text\">Median\u00edas<\/span><\/a><\/li>\n\t<li id=\"menu-item-1004523\" class=\"bellows-menu-item bellows-menu-item-type-post_type bellows-menu-item-object-page bellows-menu-item-1004523 bellows-item-level-1\"><a  href=\"https:\/\/www.laorotava.es\/turismo\/salitre-almagre-y-azufre\/\" class=\"bellows-target\"><span class=\"bellows-target-title bellows-target-text\">Salitre Almagre y Azufre<\/span><\/a><\/li>\n\t<li id=\"menu-item-1021138\" class=\"bellows-menu-item bellows-menu-item-type-post_type bellows-menu-item-object-page bellows-menu-item-1021138 bellows-item-level-1\"><a  href=\"https:\/\/www.laorotava.es\/turismo\/arboles-emblematicos-de-la-orotava\/\" class=\"bellows-target\"><span class=\"bellows-target-title bellows-target-text\">\u00c1rboles Emblem\u00e1ticos de La Orotava<\/span><\/a><\/li>\n\t<li id=\"menu-item-1004531\" class=\"bellows-menu-item bellows-menu-item-type-post_type bellows-menu-item-object-page bellows-menu-item-1004531 bellows-item-level-1\"><a  href=\"https:\/\/www.laorotava.es\/turismo\/parque-natural-de-la-corona-forestal\/\" class=\"bellows-target\"><span class=\"bellows-target-title bellows-target-text\">Parque Natural de la Corona Forestal<\/span><\/a><\/li>\n\t<li id=\"menu-item-1004525\" class=\"bellows-menu-item bellows-menu-item-type-post_type bellows-menu-item-object-page bellows-menu-item-1004525 bellows-item-level-1\"><a  href=\"https:\/\/www.laorotava.es\/turismo\/parque-nacional-del-teide\/\" class=\"bellows-target\"><span class=\"bellows-target-title bellows-target-text\">Parque Nacional del Teide, Patrimonio Mundial UNESCO<\/span><\/a><\/li>\n\t<li id=\"menu-item-1004527\" class=\"bellows-menu-item bellows-menu-item-type-post_type bellows-menu-item-object-page bellows-menu-item-1004527 bellows-item-level-1\"><a  href=\"https:\/\/www.laorotava.es\/turismo\/acampada-y-areas-recreativas\/\" class=\"bellows-target\"><span class=\"bellows-target-title bellows-target-text\">Acampada y \u00c1reas Recreativas<\/span><\/a><\/li>\n\t<li id=\"menu-item-1004529\" class=\"bellows-menu-item bellows-menu-item-type-post_type bellows-menu-item-object-page bellows-menu-item-1004529 bellows-item-level-1\"><a  href=\"https:\/\/www.laorotava.es\/turismo\/otras-actividades-deportivas\/\" class=\"bellows-target\"><span class=\"bellows-target-title bellows-target-text\">Otras Actividades Deportivas<\/span><\/a><\/li>\n<\/ul>\n<\/li>\n<li id=\"menu-item-1007171\" class=\"bellows-menu-item bellows-menu-item-type-custom bellows-menu-item-object-custom bellows-menu-item-has-children bellows-menu-item-1007171 bellows-item-level-0\"><a  href=\"#\" class=\"bellows-target\"><span class=\"bellows-target-title bellows-target-text\">Playas<\/span><button class=\"bellows-subtoggle\" aria-label=\"Toggle Submenu\"><i class=\"bellows-subtoggle-icon-expand fa fa-chevron-down\"><\/i><i class=\"bellows-subtoggle-icon-collapse fa fa-chevron-up\"><\/i><\/button><\/a>\n<ul class=\"bellows-submenu\">\n\t<li id=\"menu-item-1007169\" class=\"bellows-menu-item bellows-menu-item-type-post_type bellows-menu-item-object-page bellows-menu-item-1007169 bellows-item-level-1\"><a  href=\"https:\/\/www.laorotava.es\/turismo\/playas\/\" class=\"bellows-target\"><span class=\"bellows-target-title bellows-target-text\">Playas<\/span><\/a><\/li>\n\t<li id=\"menu-item-1007167\" class=\"bellows-menu-item bellows-menu-item-type-post_type bellows-menu-item-object-page bellows-menu-item-1007167 bellows-item-level-1\"><a  href=\"https:\/\/www.laorotava.es\/turismo\/prevision-meteorologica-para-hoy-en-playa-el-bollullo\/\" class=\"bellows-target\"><span class=\"bellows-target-title bellows-target-text\">Previsi\u00f3n meteorol\u00f3gica para hoy en Playa El Bollullo<\/span><\/a><\/li>\n<\/ul>\n<\/li>\n<li id=\"menu-item-1007185\" class=\"bellows-menu-item bellows-menu-item-type-custom bellows-menu-item-object-custom bellows-menu-item-has-children bellows-menu-item-1007185 bellows-item-level-0\"><a  href=\"#\" class=\"bellows-target\"><span class=\"bellows-target-title bellows-target-text\">Cultura y Ocio<\/span><button class=\"bellows-subtoggle\" aria-label=\"Toggle Submenu\"><i class=\"bellows-subtoggle-icon-expand fa fa-chevron-down\"><\/i><i class=\"bellows-subtoggle-icon-collapse fa fa-chevron-up\"><\/i><\/button><\/a>\n<ul class=\"bellows-submenu\">\n\t<li id=\"menu-item-1016028\" class=\"bellows-menu-item bellows-menu-item-type-custom bellows-menu-item-object-custom bellows-menu-item-1016028 bellows-item-level-1\"><a  target=\"_blank\" href=\"https:\/\/www.laorotava.es\/es\/agenda\" class=\"bellows-target\"><span class=\"bellows-target-title bellows-target-text\">Eventos<\/span><\/a><\/li>\n\t<li id=\"menu-item-1007191\" class=\"bellows-menu-item bellows-menu-item-type-post_type bellows-menu-item-object-page bellows-menu-item-1007191 bellows-item-level-1\"><a  href=\"https:\/\/www.laorotava.es\/turismo\/espacios-culturales\/\" class=\"bellows-target\"><span class=\"bellows-target-title bellows-target-text\">Espacios Culturales<\/span><\/a><\/li>\n\t<li id=\"menu-item-1012565\" class=\"bellows-menu-item bellows-menu-item-type-post_type bellows-menu-item-object-page bellows-menu-item-1012565 bellows-item-level-1\"><a  href=\"https:\/\/www.laorotava.es\/turismo\/ir-de-compras\/\" class=\"bellows-target\"><span class=\"bellows-target-title bellows-target-text\">Ir de Compras<\/span><\/a><\/li>\n\t<li id=\"menu-item-1007193\" class=\"bellows-menu-item bellows-menu-item-type-post_type bellows-menu-item-object-page bellows-menu-item-1007193 bellows-item-level-1\"><a  href=\"https:\/\/www.laorotava.es\/turismo\/la-artesania-en-la-villa-de-la-orotava\/\" class=\"bellows-target\"><span class=\"bellows-target-title bellows-target-text\">La Artesan\u00eda en la Villa de La Orotava<\/span><\/a><\/li>\n<\/ul>\n<\/li>\n<li id=\"menu-item-1007195\" class=\"bellows-menu-item bellows-menu-item-type-post_type bellows-menu-item-object-page bellows-menu-item-1007195 bellows-item-level-0\"><a  href=\"https:\/\/www.laorotava.es\/turismo\/museos-y-centros-visitables\/\" class=\"bellows-target\"><span class=\"bellows-target-title bellows-target-text\">Museos y Centros Visitables<\/span><\/a><\/li>\n<li id=\"menu-item-1001451\" class=\"bellows-menu-item bellows-menu-item-type-post_type bellows-menu-item-object-page bellows-menu-item-1001451 bellows-item-level-0\"><a  href=\"https:\/\/www.laorotava.es\/turismo\/astroturismo-en-la-orotava\/\" class=\"bellows-target\"><span class=\"bellows-target-title bellows-target-text\">Astroturismo<\/span><\/a><\/li>\n<li id=\"menu-item-1007197\" class=\"bellows-menu-item bellows-menu-item-type-post_type bellows-menu-item-object-page bellows-menu-item-1007197 bellows-item-level-0\"><a  href=\"https:\/\/www.laorotava.es\/turismo\/tradiciones-y-fiestas\/\" class=\"bellows-target\"><span class=\"bellows-target-title bellows-target-text\">Tradiciones y Fiestas<\/span><\/a><\/li>\n<li id=\"menu-item-1007199\" class=\"bellows-menu-item bellows-menu-item-type-post_type bellows-menu-item-object-page bellows-menu-item-1007199 bellows-item-level-0\"><a  href=\"https:\/\/www.laorotava.es\/turismo\/servicios-turisticos\/\" class=\"bellows-target\"><span class=\"bellows-target-title bellows-target-text\">Servicios tur\u00edsticos<\/span><\/a><\/li>\n<li id=\"menu-item-1007201\" class=\"bellows-menu-item bellows-menu-item-type-post_type bellows-menu-item-object-page bellows-menu-item-1007201 bellows-item-level-0\"><a  href=\"https:\/\/www.laorotava.es\/turismo\/audioguia-visitlaorotava\/\" class=\"bellows-target\"><span class=\"bellows-target-title bellows-target-text\">Audiogu\u00eda VisitLaOrotava<\/span><\/a><\/li>\n<li id=\"menu-item-1020789\" class=\"bellows-menu-item bellows-menu-item-type-post_type bellows-menu-item-object-page bellows-menu-item-1020789 bellows-item-level-0\"><a  href=\"https:\/\/www.laorotava.es\/turismo\/itinerarios-didacticos-y-autoguiados\/\" class=\"bellows-target\"><span class=\"bellows-target-title bellows-target-text\">Itinerarios did\u00e1cticos y autoguiados<\/span><\/a><\/li>\n<li id=\"menu-item-1001449\" class=\"bellows-menu-item bellows-menu-item-type-post_type bellows-menu-item-object-page bellows-menu-item-1001449 bellows-item-level-0\"><a  href=\"https:\/\/www.laorotava.es\/turismo\/ruta-de-los-dragos\/\" class=\"bellows-target\"><span class=\"bellows-target-title bellows-target-text\">Ruta de los Dragos de la Villa de La Orotava<\/span><\/a><\/li>\n<li id=\"menu-item-1001447\" class=\"bellows-menu-item bellows-menu-item-type-post_type bellows-menu-item-object-page bellows-menu-item-1001447 bellows-item-level-0\"><a  href=\"https:\/\/www.laorotava.es\/turismo\/ruta-de-miradores\/\" class=\"bellows-target\"><span class=\"bellows-target-title bellows-target-text\">Ruta de Miradores<\/span><\/a><\/li>\n<\/ul><\/nav><\/div>\n\t\t\t\t\t\t<\/div>\n\t\t\t\t<\/div>\n\t\t\t\t\t<\/div>\n\t\t<\/div>\n\t\t\t\t<div class=\"elementor-column elementor-col-50 elementor-top-column elementor-element elementor-element-eb78e71\" data-id=\"eb78e71\" data-element_type=\"column\" data-e-type=\"column\">\n\t\t\t<div class=\"elementor-widget-wrap elementor-element-populated\">\n\t\t\t\t\t\t<div class=\"elementor-element elementor-element-23cf471f elementor-widget elementor-widget-heading\" data-id=\"23cf471f\" data-element_type=\"widget\" data-e-type=\"widget\" data-widget_type=\"heading.default\">\n\t\t\t\t<div class=\"elementor-widget-container\">\n\t\t\t\t\t<h2 class=\"elementor-heading-title elementor-size-default\">Descubre su Conjunto Hist\u00f3rico a Pie<\/h2>\t\t\t\t<\/div>\n\t\t\t\t<\/div>\n\t\t\t\t<div class=\"elementor-element elementor-element-371b3846 elementor-widget elementor-widget-heading\" data-id=\"371b3846\" data-element_type=\"widget\" data-e-type=\"widget\" data-widget_type=\"heading.default\">\n\t\t\t\t<div class=\"elementor-widget-container\">\n\t\t\t\t\t<h2 class=\"elementor-heading-title elementor-size-small\">Descubre su Conjunto Hist\u00f3rico a Pie<\/h2>\t\t\t\t<\/div>\n\t\t\t\t<\/div>\n\t\t\t\t<div class=\"elementor-element elementor-element-105d10ad elementor-widget-divider--view-line elementor-widget elementor-widget-divider\" data-id=\"105d10ad\" data-element_type=\"widget\" data-e-type=\"widget\" data-widget_type=\"divider.default\">\n\t\t\t\t<div class=\"elementor-widget-container\">\n\t\t\t\t\t\t\t<div class=\"elementor-divider\">\n\t\t\t<span class=\"elementor-divider-separator\">\n\t\t\t\t\t\t<\/span>\n\t\t<\/div>\n\t\t\t\t\t\t<\/div>\n\t\t\t\t<\/div>\n\t\t\t\t<section class=\"elementor-section elementor-inner-section elementor-element elementor-element-8c10610 elementor-section-boxed elementor-section-height-default elementor-section-height-default wpr-particle-no wpr-jarallax-no wpr-parallax-no wpr-sticky-section-no\" data-id=\"8c10610\" data-element_type=\"section\" data-e-type=\"section\">\n\t\t\t\t\t\t<div class=\"elementor-container elementor-column-gap-default\">\n\t\t\t\t\t<div class=\"elementor-column elementor-col-50 elementor-inner-column elementor-element elementor-element-50822536 custom__route-card custom__route-card-l\" data-id=\"50822536\" data-element_type=\"column\" data-e-type=\"column\" data-settings=\"{&quot;background_background&quot;:&quot;classic&quot;}\">\n\t\t\t<div class=\"elementor-widget-wrap elementor-element-populated\">\n\t\t\t\t\t\t<div class=\"elementor-element elementor-element-3d1d2f81 elementor-widget elementor-widget-image\" data-id=\"3d1d2f81\" data-element_type=\"widget\" data-e-type=\"widget\" data-widget_type=\"image.default\">\n\t\t\t\t<div class=\"elementor-widget-container\">\n\t\t\t\t\t\t\t\t\t\t\t\t\t\t\t<img fetchpriority=\"high\" decoding=\"async\" width=\"878\" height=\"581\" src=\"https:\/\/www.laorotava.es\/turismo\/wp-content\/uploads\/2017\/07\/captura_de_pantalla_2017-07-20_a_las_10.41.11.png\" class=\"attachment-full size-full wp-image-15071\" alt=\"captura_de_pantalla_2017-07-20_a_las_10\" srcset=\"https:\/\/www.laorotava.es\/turismo\/wp-content\/uploads\/2017\/07\/captura_de_pantalla_2017-07-20_a_las_10.41.11.png 878w, https:\/\/www.laorotava.es\/turismo\/wp-content\/uploads\/2017\/07\/captura_de_pantalla_2017-07-20_a_las_10.41.11-300x199.png 300w, https:\/\/www.laorotava.es\/turismo\/wp-content\/uploads\/2017\/07\/captura_de_pantalla_2017-07-20_a_las_10.41.11-768x508.png 768w\" sizes=\"(max-width: 878px) 100vw, 878px\" \/>\t\t\t\t\t\t\t\t\t\t\t\t\t\t\t<\/div>\n\t\t\t\t<\/div>\n\t\t\t\t<div class=\"elementor-element elementor-element-5a6a5d5f elementor-widget__width-auto elementor-widget elementor-widget-heading\" data-id=\"5a6a5d5f\" data-element_type=\"widget\" data-e-type=\"widget\" data-widget_type=\"heading.default\">\n\t\t\t\t<div class=\"elementor-widget-container\">\n\t\t\t\t\t<h2 class=\"elementor-heading-title elementor-size-default\"><a href=\"\/turismo\/01-palacio-municipal-ayuntamiento\">01.PALACIO MUNICIPAL - AYUNTAMIENTO<\/a><\/h2>\t\t\t\t<\/div>\n\t\t\t\t<\/div>\n\t\t\t\t<div class=\"elementor-element elementor-element-52f41975 elementor-widget__width-auto elementor-icon-list--layout-traditional elementor-list-item-link-full_width elementor-widget elementor-widget-icon-list\" data-id=\"52f41975\" data-element_type=\"widget\" data-e-type=\"widget\" data-widget_type=\"icon-list.default\">\n\t\t\t\t<div class=\"elementor-widget-container\">\n\t\t\t\t\t\t\t<ul class=\"elementor-icon-list-items\">\n\t\t\t\t\t\t\t<li class=\"elementor-icon-list-item\">\n\t\t\t\t\t\t\t\t\t\t\t<span class=\"elementor-icon-list-icon\">\n\t\t\t\t\t\t\t<i aria-hidden=\"true\" class=\"fas fa-mobile-alt\"><\/i>\t\t\t\t\t\t<\/span>\n\t\t\t\t\t\t\t\t\t\t<span class=\"elementor-icon-list-text\"><\/span>\n\t\t\t\t\t\t\t\t\t<\/li>\n\t\t\t\t\t\t\t\t<li class=\"elementor-icon-list-item\">\n\t\t\t\t\t\t\t\t\t\t\t<span class=\"elementor-icon-list-icon\">\n\t\t\t\t\t\t\t<i aria-hidden=\"true\" class=\"fas fa-envelope\"><\/i>\t\t\t\t\t\t<\/span>\n\t\t\t\t\t\t\t\t\t\t<span class=\"elementor-icon-list-text\"><\/span>\n\t\t\t\t\t\t\t\t\t<\/li>\n\t\t\t\t\t\t\t\t<li class=\"elementor-icon-list-item\">\n\t\t\t\t\t\t\t\t\t\t\t<a href=\"\/turismo\/01-palacio-municipal-ayuntamiento\">\n\n\t\t\t\t\t\t\t\t\t\t\t\t<span class=\"elementor-icon-list-icon\">\n\t\t\t\t\t\t\t<i aria-hidden=\"true\" class=\"fas fa-map-marker-alt\"><\/i>\t\t\t\t\t\t<\/span>\n\t\t\t\t\t\t\t\t\t\t<span class=\"elementor-icon-list-text\">Ver Mapa<\/span>\n\t\t\t\t\t\t\t\t\t\t\t<\/a>\n\t\t\t\t\t\t\t\t\t<\/li>\n\t\t\t\t\t\t<\/ul>\n\t\t\t\t\t\t<\/div>\n\t\t\t\t<\/div>\n\t\t\t\t<div class=\"elementor-element elementor-element-46dcf6ca elementor-align-right elementor-widget elementor-widget-button\" data-id=\"46dcf6ca\" data-element_type=\"widget\" data-e-type=\"widget\" data-widget_type=\"button.default\">\n\t\t\t\t<div class=\"elementor-widget-container\">\n\t\t\t\t\t\t\t\t\t<div class=\"elementor-button-wrapper\">\n\t\t\t\t\t<a class=\"elementor-button elementor-button-link elementor-size-sm\" href=\"\/turismo\/01-palacio-municipal-ayuntamiento\">\n\t\t\t\t\t\t<span class=\"elementor-button-content-wrapper\">\n\t\t\t\t\t\t\t\t\t<span class=\"elementor-button-text\">Leer m\u00e1s<\/span>\n\t\t\t\t\t<\/span>\n\t\t\t\t\t<\/a>\n\t\t\t\t<\/div>\n\t\t\t\t\t\t\t\t<\/div>\n\t\t\t\t<\/div>\n\t\t\t\t\t<\/div>\n\t\t<\/div>\n\t\t\t\t<div class=\"elementor-column elementor-col-50 elementor-inner-column elementor-element elementor-element-2599fa5 custom__route-card custom__route-card-r\" data-id=\"2599fa5\" data-element_type=\"column\" data-e-type=\"column\" data-settings=\"{&quot;background_background&quot;:&quot;classic&quot;}\">\n\t\t\t<div class=\"elementor-widget-wrap elementor-element-populated\">\n\t\t\t\t\t\t<div class=\"elementor-element elementor-element-33c833ca elementor-widget elementor-widget-image\" data-id=\"33c833ca\" data-element_type=\"widget\" data-e-type=\"widget\" data-widget_type=\"image.default\">\n\t\t\t\t<div class=\"elementor-widget-container\">\n\t\t\t\t\t\t\t\t\t\t\t\t\t\t\t<img decoding=\"async\" width=\"854\" height=\"560\" src=\"https:\/\/www.laorotava.es\/turismo\/wp-content\/uploads\/2017\/07\/captura_de_pantalla_2017-07-20_a_las_11.07.43.png\" class=\"attachment-full size-full wp-image-15095\" alt=\"captura_de_pantalla_2017-07-20_a_las_11\" srcset=\"https:\/\/www.laorotava.es\/turismo\/wp-content\/uploads\/2017\/07\/captura_de_pantalla_2017-07-20_a_las_11.07.43.png 854w, https:\/\/www.laorotava.es\/turismo\/wp-content\/uploads\/2017\/07\/captura_de_pantalla_2017-07-20_a_las_11.07.43-300x197.png 300w, https:\/\/www.laorotava.es\/turismo\/wp-content\/uploads\/2017\/07\/captura_de_pantalla_2017-07-20_a_las_11.07.43-768x504.png 768w\" sizes=\"(max-width: 854px) 100vw, 854px\" \/>\t\t\t\t\t\t\t\t\t\t\t\t\t\t\t<\/div>\n\t\t\t\t<\/div>\n\t\t\t\t<div class=\"elementor-element elementor-element-3ba13336 elementor-widget__width-auto elementor-widget elementor-widget-heading\" data-id=\"3ba13336\" data-element_type=\"widget\" data-e-type=\"widget\" data-widget_type=\"heading.default\">\n\t\t\t\t<div class=\"elementor-widget-container\">\n\t\t\t\t\t<h2 class=\"elementor-heading-title elementor-size-default\"><a href=\"\/turismo\/iglesia-de-la-concepcion-museo-de-arte-sacro-7-salas-expositivas\">04. IGLESIA DE LA CONCEPCI\u00d3N - MUSEO DE ARTE SACRO (7 SALAS EXPOSITIVAS)<\/a><\/h2>\t\t\t\t<\/div>\n\t\t\t\t<\/div>\n\t\t\t\t<div class=\"elementor-element elementor-element-2920f93d elementor-widget__width-auto elementor-icon-list--layout-traditional elementor-list-item-link-full_width elementor-widget elementor-widget-icon-list\" data-id=\"2920f93d\" data-element_type=\"widget\" data-e-type=\"widget\" data-widget_type=\"icon-list.default\">\n\t\t\t\t<div class=\"elementor-widget-container\">\n\t\t\t\t\t\t\t<ul class=\"elementor-icon-list-items\">\n\t\t\t\t\t\t\t<li class=\"elementor-icon-list-item\">\n\t\t\t\t\t\t\t\t\t\t\t<span class=\"elementor-icon-list-icon\">\n\t\t\t\t\t\t\t<i aria-hidden=\"true\" class=\"fas fa-mobile-alt\"><\/i>\t\t\t\t\t\t<\/span>\n\t\t\t\t\t\t\t\t\t\t<span class=\"elementor-icon-list-text\"><\/span>\n\t\t\t\t\t\t\t\t\t<\/li>\n\t\t\t\t\t\t\t\t<li class=\"elementor-icon-list-item\">\n\t\t\t\t\t\t\t\t\t\t\t<span class=\"elementor-icon-list-icon\">\n\t\t\t\t\t\t\t<i aria-hidden=\"true\" class=\"fas fa-envelope\"><\/i>\t\t\t\t\t\t<\/span>\n\t\t\t\t\t\t\t\t\t\t<span class=\"elementor-icon-list-text\"><\/span>\n\t\t\t\t\t\t\t\t\t<\/li>\n\t\t\t\t\t\t\t\t<li class=\"elementor-icon-list-item\">\n\t\t\t\t\t\t\t\t\t\t\t<a href=\"\/turismo\/iglesia-de-la-concepcion-museo-de-arte-sacro-7-salas-expositivas\">\n\n\t\t\t\t\t\t\t\t\t\t\t\t<span class=\"elementor-icon-list-icon\">\n\t\t\t\t\t\t\t<i aria-hidden=\"true\" class=\"fas fa-map-marker-alt\"><\/i>\t\t\t\t\t\t<\/span>\n\t\t\t\t\t\t\t\t\t\t<span class=\"elementor-icon-list-text\">Ver Mapa<\/span>\n\t\t\t\t\t\t\t\t\t\t\t<\/a>\n\t\t\t\t\t\t\t\t\t<\/li>\n\t\t\t\t\t\t<\/ul>\n\t\t\t\t\t\t<\/div>\n\t\t\t\t<\/div>\n\t\t\t\t<div class=\"elementor-element elementor-element-30ee5ab1 elementor-align-right elementor-widget elementor-widget-button\" data-id=\"30ee5ab1\" data-element_type=\"widget\" data-e-type=\"widget\" data-widget_type=\"button.default\">\n\t\t\t\t<div class=\"elementor-widget-container\">\n\t\t\t\t\t\t\t\t\t<div class=\"elementor-button-wrapper\">\n\t\t\t\t\t<a class=\"elementor-button elementor-button-link elementor-size-sm\" href=\"\/turismo\/iglesia-de-la-concepcion-museo-de-arte-sacro-7-salas-expositivas\">\n\t\t\t\t\t\t<span class=\"elementor-button-content-wrapper\">\n\t\t\t\t\t\t\t\t\t<span class=\"elementor-button-text\">Leer m\u00e1s<\/span>\n\t\t\t\t\t<\/span>\n\t\t\t\t\t<\/a>\n\t\t\t\t<\/div>\n\t\t\t\t\t\t\t\t<\/div>\n\t\t\t\t<\/div>\n\t\t\t\t\t<\/div>\n\t\t<\/div>\n\t\t\t\t\t<\/div>\n\t\t<\/section>\n\t\t\t\t<section class=\"elementor-section elementor-inner-section elementor-element elementor-element-0648e25 elementor-section-boxed elementor-section-height-default elementor-section-height-default wpr-particle-no wpr-jarallax-no wpr-parallax-no wpr-sticky-section-no\" data-id=\"0648e25\" data-element_type=\"section\" data-e-type=\"section\">\n\t\t\t\t\t\t<div class=\"elementor-container elementor-column-gap-default\">\n\t\t\t\t\t<div class=\"elementor-column elementor-col-50 elementor-inner-column elementor-element elementor-element-f65dc95 custom__route-card custom__route-card-l\" data-id=\"f65dc95\" data-element_type=\"column\" data-e-type=\"column\" data-settings=\"{&quot;background_background&quot;:&quot;classic&quot;}\">\n\t\t\t<div class=\"elementor-widget-wrap elementor-element-populated\">\n\t\t\t\t\t\t<div class=\"elementor-element elementor-element-e5664e2 elementor-widget elementor-widget-image\" data-id=\"e5664e2\" data-element_type=\"widget\" data-e-type=\"widget\" data-widget_type=\"image.default\">\n\t\t\t\t<div class=\"elementor-widget-container\">\n\t\t\t\t\t\t\t\t\t\t\t\t\t\t\t<img decoding=\"async\" width=\"857\" height=\"566\" src=\"https:\/\/www.laorotava.es\/turismo\/wp-content\/uploads\/2017\/07\/captura_de_pantalla_2017-07-20_a_las_10.42.27.png\" class=\"attachment-full size-full wp-image-15079\" alt=\"captura_de_pantalla_2017-07-20_a_las_10\" srcset=\"https:\/\/www.laorotava.es\/turismo\/wp-content\/uploads\/2017\/07\/captura_de_pantalla_2017-07-20_a_las_10.42.27.png 857w, https:\/\/www.laorotava.es\/turismo\/wp-content\/uploads\/2017\/07\/captura_de_pantalla_2017-07-20_a_las_10.42.27-300x198.png 300w, https:\/\/www.laorotava.es\/turismo\/wp-content\/uploads\/2017\/07\/captura_de_pantalla_2017-07-20_a_las_10.42.27-768x507.png 768w\" sizes=\"(max-width: 857px) 100vw, 857px\" \/>\t\t\t\t\t\t\t\t\t\t\t\t\t\t\t<\/div>\n\t\t\t\t<\/div>\n\t\t\t\t<div class=\"elementor-element elementor-element-60c494e elementor-widget__width-auto elementor-widget elementor-widget-heading\" data-id=\"60c494e\" data-element_type=\"widget\" data-e-type=\"widget\" data-widget_type=\"heading.default\">\n\t\t\t\t<div class=\"elementor-widget-container\">\n\t\t\t\t\t<h2 class=\"elementor-heading-title elementor-size-default\"><a href=\"\/turismo\/10-11-y-12-casa-de-los-balcones-centro-de-arte-efimero-alfombras-de-la-orotava-e-inmuebles-proximos\">10, 11 Y 12. CASA DE LOS BALCONES \/ CENTRO DE ARTE EF\u00cdMERO \"ALFOMBRAS DE LA OROTAVA\" E INMUEBLES PR\u00d3XIMOS.<\/a><\/h2>\t\t\t\t<\/div>\n\t\t\t\t<\/div>\n\t\t\t\t<div class=\"elementor-element elementor-element-d2134ca elementor-widget__width-auto elementor-icon-list--layout-traditional elementor-list-item-link-full_width elementor-widget elementor-widget-icon-list\" data-id=\"d2134ca\" data-element_type=\"widget\" data-e-type=\"widget\" data-widget_type=\"icon-list.default\">\n\t\t\t\t<div class=\"elementor-widget-container\">\n\t\t\t\t\t\t\t<ul class=\"elementor-icon-list-items\">\n\t\t\t\t\t\t\t<li class=\"elementor-icon-list-item\">\n\t\t\t\t\t\t\t\t\t\t\t<span class=\"elementor-icon-list-icon\">\n\t\t\t\t\t\t\t<i aria-hidden=\"true\" class=\"fas fa-mobile-alt\"><\/i>\t\t\t\t\t\t<\/span>\n\t\t\t\t\t\t\t\t\t\t<span class=\"elementor-icon-list-text\"><\/span>\n\t\t\t\t\t\t\t\t\t<\/li>\n\t\t\t\t\t\t\t\t<li class=\"elementor-icon-list-item\">\n\t\t\t\t\t\t\t\t\t\t\t<span class=\"elementor-icon-list-icon\">\n\t\t\t\t\t\t\t<i aria-hidden=\"true\" class=\"fas fa-envelope\"><\/i>\t\t\t\t\t\t<\/span>\n\t\t\t\t\t\t\t\t\t\t<span class=\"elementor-icon-list-text\"><\/span>\n\t\t\t\t\t\t\t\t\t<\/li>\n\t\t\t\t\t\t\t\t<li class=\"elementor-icon-list-item\">\n\t\t\t\t\t\t\t\t\t\t\t<a href=\"\/turismo\/10-11-y-12-casa-de-los-balcones-centro-de-arte-efimero-alfombras-de-la-orotava-e-inmuebles-proximos\">\n\n\t\t\t\t\t\t\t\t\t\t\t\t<span class=\"elementor-icon-list-icon\">\n\t\t\t\t\t\t\t<i aria-hidden=\"true\" class=\"fas fa-map-marker-alt\"><\/i>\t\t\t\t\t\t<\/span>\n\t\t\t\t\t\t\t\t\t\t<span class=\"elementor-icon-list-text\">Ver Mapa<\/span>\n\t\t\t\t\t\t\t\t\t\t\t<\/a>\n\t\t\t\t\t\t\t\t\t<\/li>\n\t\t\t\t\t\t<\/ul>\n\t\t\t\t\t\t<\/div>\n\t\t\t\t<\/div>\n\t\t\t\t<div class=\"elementor-element elementor-element-47b1a3e elementor-align-right elementor-widget elementor-widget-button\" data-id=\"47b1a3e\" data-element_type=\"widget\" data-e-type=\"widget\" data-widget_type=\"button.default\">\n\t\t\t\t<div class=\"elementor-widget-container\">\n\t\t\t\t\t\t\t\t\t<div class=\"elementor-button-wrapper\">\n\t\t\t\t\t<a class=\"elementor-button elementor-button-link elementor-size-sm\" href=\"\/turismo\/10-11-y-12-casa-de-los-balcones-centro-de-arte-efimero-alfombras-de-la-orotava-e-inmuebles-proximos\">\n\t\t\t\t\t\t<span class=\"elementor-button-content-wrapper\">\n\t\t\t\t\t\t\t\t\t<span class=\"elementor-button-text\">Leer m\u00e1s<\/span>\n\t\t\t\t\t<\/span>\n\t\t\t\t\t<\/a>\n\t\t\t\t<\/div>\n\t\t\t\t\t\t\t\t<\/div>\n\t\t\t\t<\/div>\n\t\t\t\t\t<\/div>\n\t\t<\/div>\n\t\t\t\t<div class=\"elementor-column elementor-col-50 elementor-inner-column elementor-element elementor-element-e0a786e custom__route-card custom__route-card-r\" data-id=\"e0a786e\" data-element_type=\"column\" data-e-type=\"column\" data-settings=\"{&quot;background_background&quot;:&quot;classic&quot;}\">\n\t\t\t<div class=\"elementor-widget-wrap elementor-element-populated\">\n\t\t\t\t\t\t<div class=\"elementor-element elementor-element-23ccab0 elementor-widget elementor-widget-image\" data-id=\"23ccab0\" data-element_type=\"widget\" data-e-type=\"widget\" data-widget_type=\"image.default\">\n\t\t\t\t<div class=\"elementor-widget-container\">\n\t\t\t\t\t\t\t\t\t\t\t\t\t\t\t<img loading=\"lazy\" decoding=\"async\" width=\"785\" height=\"521\" src=\"https:\/\/www.laorotava.es\/turismo\/wp-content\/uploads\/2017\/07\/captura_de_pantalla_2017-07-20_a_las_10.46.28.png\" class=\"attachment-full size-full wp-image-15087\" alt=\"captura_de_pantalla_2017-07-20_a_las_10\" srcset=\"https:\/\/www.laorotava.es\/turismo\/wp-content\/uploads\/2017\/07\/captura_de_pantalla_2017-07-20_a_las_10.46.28.png 785w, https:\/\/www.laorotava.es\/turismo\/wp-content\/uploads\/2017\/07\/captura_de_pantalla_2017-07-20_a_las_10.46.28-300x199.png 300w, https:\/\/www.laorotava.es\/turismo\/wp-content\/uploads\/2017\/07\/captura_de_pantalla_2017-07-20_a_las_10.46.28-768x510.png 768w\" sizes=\"(max-width: 785px) 100vw, 785px\" \/>\t\t\t\t\t\t\t\t\t\t\t\t\t\t\t<\/div>\n\t\t\t\t<\/div>\n\t\t\t\t<div class=\"elementor-element elementor-element-eb67705 elementor-widget__width-auto elementor-widget elementor-widget-heading\" data-id=\"eb67705\" data-element_type=\"widget\" data-e-type=\"widget\" data-widget_type=\"heading.default\">\n\t\t\t\t<div class=\"elementor-widget-container\">\n\t\t\t\t\t<h2 class=\"elementor-heading-title elementor-size-default\"><a href=\"\/turismo\/ruta-de-los-antiguos-molinos-de-agua\">16. RUTA DE LOS ANTIGUOS MOLINOS DE AGUA<\/a><\/h2>\t\t\t\t<\/div>\n\t\t\t\t<\/div>\n\t\t\t\t<div class=\"elementor-element elementor-element-59c6bd2 elementor-widget__width-auto elementor-icon-list--layout-traditional elementor-list-item-link-full_width elementor-widget elementor-widget-icon-list\" data-id=\"59c6bd2\" data-element_type=\"widget\" data-e-type=\"widget\" data-widget_type=\"icon-list.default\">\n\t\t\t\t<div class=\"elementor-widget-container\">\n\t\t\t\t\t\t\t<ul class=\"elementor-icon-list-items\">\n\t\t\t\t\t\t\t<li class=\"elementor-icon-list-item\">\n\t\t\t\t\t\t\t\t\t\t\t<span class=\"elementor-icon-list-icon\">\n\t\t\t\t\t\t\t<i aria-hidden=\"true\" class=\"fas fa-mobile-alt\"><\/i>\t\t\t\t\t\t<\/span>\n\t\t\t\t\t\t\t\t\t\t<span class=\"elementor-icon-list-text\"><\/span>\n\t\t\t\t\t\t\t\t\t<\/li>\n\t\t\t\t\t\t\t\t<li class=\"elementor-icon-list-item\">\n\t\t\t\t\t\t\t\t\t\t\t<span class=\"elementor-icon-list-icon\">\n\t\t\t\t\t\t\t<i aria-hidden=\"true\" class=\"fas fa-envelope\"><\/i>\t\t\t\t\t\t<\/span>\n\t\t\t\t\t\t\t\t\t\t<span class=\"elementor-icon-list-text\"><\/span>\n\t\t\t\t\t\t\t\t\t<\/li>\n\t\t\t\t\t\t\t\t<li class=\"elementor-icon-list-item\">\n\t\t\t\t\t\t\t\t\t\t\t<a href=\"\/turismo\/ruta-de-los-antiguos-molinos-de-agua\">\n\n\t\t\t\t\t\t\t\t\t\t\t\t<span class=\"elementor-icon-list-icon\">\n\t\t\t\t\t\t\t<i aria-hidden=\"true\" class=\"fas fa-map-marker-alt\"><\/i>\t\t\t\t\t\t<\/span>\n\t\t\t\t\t\t\t\t\t\t<span class=\"elementor-icon-list-text\">Ver Mapa<\/span>\n\t\t\t\t\t\t\t\t\t\t\t<\/a>\n\t\t\t\t\t\t\t\t\t<\/li>\n\t\t\t\t\t\t<\/ul>\n\t\t\t\t\t\t<\/div>\n\t\t\t\t<\/div>\n\t\t\t\t<div class=\"elementor-element elementor-element-f8c8709 elementor-align-right elementor-widget elementor-widget-button\" data-id=\"f8c8709\" data-element_type=\"widget\" data-e-type=\"widget\" data-widget_type=\"button.default\">\n\t\t\t\t<div class=\"elementor-widget-container\">\n\t\t\t\t\t\t\t\t\t<div class=\"elementor-button-wrapper\">\n\t\t\t\t\t<a class=\"elementor-button elementor-button-link elementor-size-sm\" href=\"\/turismo\/ruta-de-los-antiguos-molinos-de-agua\">\n\t\t\t\t\t\t<span class=\"elementor-button-content-wrapper\">\n\t\t\t\t\t\t\t\t\t<span class=\"elementor-button-text\">Leer m\u00e1s<\/span>\n\t\t\t\t\t<\/span>\n\t\t\t\t\t<\/a>\n\t\t\t\t<\/div>\n\t\t\t\t\t\t\t\t<\/div>\n\t\t\t\t<\/div>\n\t\t\t\t\t<\/div>\n\t\t<\/div>\n\t\t\t\t\t<\/div>\n\t\t<\/section>\n\t\t\t\t<section class=\"elementor-section elementor-inner-section elementor-element elementor-element-0be1861 elementor-section-boxed elementor-section-height-default elementor-section-height-default wpr-particle-no wpr-jarallax-no wpr-parallax-no wpr-sticky-section-no\" data-id=\"0be1861\" data-element_type=\"section\" data-e-type=\"section\">\n\t\t\t\t\t\t<div class=\"elementor-container elementor-column-gap-default\">\n\t\t\t\t\t<div class=\"elementor-column elementor-col-50 elementor-inner-column elementor-element elementor-element-6b69196 custom__route-card custom__route-card-l\" data-id=\"6b69196\" data-element_type=\"column\" data-e-type=\"column\" data-settings=\"{&quot;background_background&quot;:&quot;classic&quot;}\">\n\t\t\t<div class=\"elementor-widget-wrap elementor-element-populated\">\n\t\t\t\t\t\t<div class=\"elementor-element elementor-element-1a9ef6f elementor-widget elementor-widget-image\" data-id=\"1a9ef6f\" data-element_type=\"widget\" data-e-type=\"widget\" data-widget_type=\"image.default\">\n\t\t\t\t<div class=\"elementor-widget-container\">\n\t\t\t\t\t\t\t\t\t\t\t\t\t\t\t<img loading=\"lazy\" decoding=\"async\" width=\"707\" height=\"485\" src=\"https:\/\/www.laorotava.es\/turismo\/wp-content\/uploads\/2017\/07\/captura_de_pantalla_2017-07-20_a_las_10.47.21.png\" class=\"attachment-full size-full wp-image-15091\" alt=\"captura_de_pantalla_2017-07-20_a_las_10\" srcset=\"https:\/\/www.laorotava.es\/turismo\/wp-content\/uploads\/2017\/07\/captura_de_pantalla_2017-07-20_a_las_10.47.21.png 707w, https:\/\/www.laorotava.es\/turismo\/wp-content\/uploads\/2017\/07\/captura_de_pantalla_2017-07-20_a_las_10.47.21-300x206.png 300w\" sizes=\"(max-width: 707px) 100vw, 707px\" \/>\t\t\t\t\t\t\t\t\t\t\t\t\t\t\t<\/div>\n\t\t\t\t<\/div>\n\t\t\t\t<div class=\"elementor-element elementor-element-819785e elementor-widget__width-auto elementor-widget elementor-widget-heading\" data-id=\"819785e\" data-element_type=\"widget\" data-e-type=\"widget\" data-widget_type=\"heading.default\">\n\t\t\t\t<div class=\"elementor-widget-container\">\n\t\t\t\t\t<h2 class=\"elementor-heading-title elementor-size-default\"><a href=\"\/turismo\/17-iglesia-de-san-juan-bautista-5\">17. IGLESIA DE SAN JUAN BAUTISTA<\/a><\/h2>\t\t\t\t<\/div>\n\t\t\t\t<\/div>\n\t\t\t\t<div class=\"elementor-element elementor-element-3409295 elementor-widget__width-auto elementor-icon-list--layout-traditional elementor-list-item-link-full_width elementor-widget elementor-widget-icon-list\" data-id=\"3409295\" data-element_type=\"widget\" data-e-type=\"widget\" data-widget_type=\"icon-list.default\">\n\t\t\t\t<div class=\"elementor-widget-container\">\n\t\t\t\t\t\t\t<ul class=\"elementor-icon-list-items\">\n\t\t\t\t\t\t\t<li class=\"elementor-icon-list-item\">\n\t\t\t\t\t\t\t\t\t\t\t<span class=\"elementor-icon-list-icon\">\n\t\t\t\t\t\t\t<i aria-hidden=\"true\" class=\"fas fa-mobile-alt\"><\/i>\t\t\t\t\t\t<\/span>\n\t\t\t\t\t\t\t\t\t\t<span class=\"elementor-icon-list-text\"><\/span>\n\t\t\t\t\t\t\t\t\t<\/li>\n\t\t\t\t\t\t\t\t<li class=\"elementor-icon-list-item\">\n\t\t\t\t\t\t\t\t\t\t\t<span class=\"elementor-icon-list-icon\">\n\t\t\t\t\t\t\t<i aria-hidden=\"true\" class=\"fas fa-envelope\"><\/i>\t\t\t\t\t\t<\/span>\n\t\t\t\t\t\t\t\t\t\t<span class=\"elementor-icon-list-text\"><\/span>\n\t\t\t\t\t\t\t\t\t<\/li>\n\t\t\t\t\t\t\t\t<li class=\"elementor-icon-list-item\">\n\t\t\t\t\t\t\t\t\t\t\t<a href=\"\/turismo\/17-iglesia-de-san-juan-bautista-5\">\n\n\t\t\t\t\t\t\t\t\t\t\t\t<span class=\"elementor-icon-list-icon\">\n\t\t\t\t\t\t\t<i aria-hidden=\"true\" class=\"fas fa-map-marker-alt\"><\/i>\t\t\t\t\t\t<\/span>\n\t\t\t\t\t\t\t\t\t\t<span class=\"elementor-icon-list-text\">Ver Mapa<\/span>\n\t\t\t\t\t\t\t\t\t\t\t<\/a>\n\t\t\t\t\t\t\t\t\t<\/li>\n\t\t\t\t\t\t<\/ul>\n\t\t\t\t\t\t<\/div>\n\t\t\t\t<\/div>\n\t\t\t\t<div class=\"elementor-element elementor-element-3fc3491 elementor-align-right elementor-widget elementor-widget-button\" data-id=\"3fc3491\" data-element_type=\"widget\" data-e-type=\"widget\" data-widget_type=\"button.default\">\n\t\t\t\t<div class=\"elementor-widget-container\">\n\t\t\t\t\t\t\t\t\t<div class=\"elementor-button-wrapper\">\n\t\t\t\t\t<a class=\"elementor-button elementor-button-link elementor-size-sm\" href=\"\/turismo\/17-iglesia-de-san-juan-bautista-5\">\n\t\t\t\t\t\t<span class=\"elementor-button-content-wrapper\">\n\t\t\t\t\t\t\t\t\t<span class=\"elementor-button-text\">Leer m\u00e1s<\/span>\n\t\t\t\t\t<\/span>\n\t\t\t\t\t<\/a>\n\t\t\t\t<\/div>\n\t\t\t\t\t\t\t\t<\/div>\n\t\t\t\t<\/div>\n\t\t\t\t\t<\/div>\n\t\t<\/div>\n\t\t\t\t<div class=\"elementor-column elementor-col-50 elementor-inner-column elementor-element elementor-element-069d0c1 custom__route-card custom__route-card-r\" data-id=\"069d0c1\" data-element_type=\"column\" data-e-type=\"column\" data-settings=\"{&quot;background_background&quot;:&quot;classic&quot;}\">\n\t\t\t<div class=\"elementor-widget-wrap elementor-element-populated\">\n\t\t\t\t\t\t<div class=\"elementor-element elementor-element-5216c6d elementor-widget elementor-widget-image\" data-id=\"5216c6d\" data-element_type=\"widget\" data-e-type=\"widget\" data-widget_type=\"image.default\">\n\t\t\t\t<div class=\"elementor-widget-container\">\n\t\t\t\t\t\t\t\t\t\t\t\t\t\t\t<img loading=\"lazy\" decoding=\"async\" width=\"715\" height=\"507\" src=\"https:\/\/www.laorotava.es\/turismo\/wp-content\/uploads\/2017\/07\/captura_de_pantalla_2017-07-20_a_las_10.49.16.png\" class=\"attachment-full size-full wp-image-15063\" alt=\"captura_de_pantalla_2017-07-20_a_las_10\" srcset=\"https:\/\/www.laorotava.es\/turismo\/wp-content\/uploads\/2017\/07\/captura_de_pantalla_2017-07-20_a_las_10.49.16.png 715w, https:\/\/www.laorotava.es\/turismo\/wp-content\/uploads\/2017\/07\/captura_de_pantalla_2017-07-20_a_las_10.49.16-300x213.png 300w\" sizes=\"(max-width: 715px) 100vw, 715px\" \/>\t\t\t\t\t\t\t\t\t\t\t\t\t\t\t<\/div>\n\t\t\t\t<\/div>\n\t\t\t\t<div class=\"elementor-element elementor-element-b869e9d elementor-widget__width-auto elementor-widget elementor-widget-heading\" data-id=\"b869e9d\" data-element_type=\"widget\" data-e-type=\"widget\" data-widget_type=\"heading.default\">\n\t\t\t\t<div class=\"elementor-widget-container\">\n\t\t\t\t\t<h2 class=\"elementor-heading-title elementor-size-default\"><a href=\"\/turismo\/21-jardines-victoria-mausoleo-masonico-panteon-de-la-quinta-roja\">21. JARDINES VICTORIA \/ MAUSOLEO MAS\u00d3NICO \/ PANTE\u00d3N DE LA QUINTA ROJA<\/a><\/h2>\t\t\t\t<\/div>\n\t\t\t\t<\/div>\n\t\t\t\t<div class=\"elementor-element elementor-element-bd99b6a elementor-widget__width-auto elementor-icon-list--layout-traditional elementor-list-item-link-full_width elementor-widget elementor-widget-icon-list\" data-id=\"bd99b6a\" data-element_type=\"widget\" data-e-type=\"widget\" data-widget_type=\"icon-list.default\">\n\t\t\t\t<div class=\"elementor-widget-container\">\n\t\t\t\t\t\t\t<ul class=\"elementor-icon-list-items\">\n\t\t\t\t\t\t\t<li class=\"elementor-icon-list-item\">\n\t\t\t\t\t\t\t\t\t\t\t<span class=\"elementor-icon-list-icon\">\n\t\t\t\t\t\t\t<i aria-hidden=\"true\" class=\"fas fa-mobile-alt\"><\/i>\t\t\t\t\t\t<\/span>\n\t\t\t\t\t\t\t\t\t\t<span class=\"elementor-icon-list-text\"><\/span>\n\t\t\t\t\t\t\t\t\t<\/li>\n\t\t\t\t\t\t\t\t<li class=\"elementor-icon-list-item\">\n\t\t\t\t\t\t\t\t\t\t\t<span class=\"elementor-icon-list-icon\">\n\t\t\t\t\t\t\t<i aria-hidden=\"true\" class=\"fas fa-envelope\"><\/i>\t\t\t\t\t\t<\/span>\n\t\t\t\t\t\t\t\t\t\t<span class=\"elementor-icon-list-text\"><\/span>\n\t\t\t\t\t\t\t\t\t<\/li>\n\t\t\t\t\t\t\t\t<li class=\"elementor-icon-list-item\">\n\t\t\t\t\t\t\t\t\t\t\t<a href=\"\/turismo\/21-jardines-victoria-mausoleo-masonico-panteon-de-la-quinta-roja\">\n\n\t\t\t\t\t\t\t\t\t\t\t\t<span class=\"elementor-icon-list-icon\">\n\t\t\t\t\t\t\t<i aria-hidden=\"true\" class=\"fas fa-map-marker-alt\"><\/i>\t\t\t\t\t\t<\/span>\n\t\t\t\t\t\t\t\t\t\t<span class=\"elementor-icon-list-text\">Ver Mapa<\/span>\n\t\t\t\t\t\t\t\t\t\t\t<\/a>\n\t\t\t\t\t\t\t\t\t<\/li>\n\t\t\t\t\t\t<\/ul>\n\t\t\t\t\t\t<\/div>\n\t\t\t\t<\/div>\n\t\t\t\t<div class=\"elementor-element elementor-element-6d5226d elementor-align-right elementor-widget elementor-widget-button\" data-id=\"6d5226d\" data-element_type=\"widget\" data-e-type=\"widget\" data-widget_type=\"button.default\">\n\t\t\t\t<div class=\"elementor-widget-container\">\n\t\t\t\t\t\t\t\t\t<div class=\"elementor-button-wrapper\">\n\t\t\t\t\t<a class=\"elementor-button elementor-button-link elementor-size-sm\" href=\"\/turismo\/21-jardines-victoria-mausoleo-masonico-panteon-de-la-quinta-roja\">\n\t\t\t\t\t\t<span class=\"elementor-button-content-wrapper\">\n\t\t\t\t\t\t\t\t\t<span class=\"elementor-button-text\">Leer m\u00e1s<\/span>\n\t\t\t\t\t<\/span>\n\t\t\t\t\t<\/a>\n\t\t\t\t<\/div>\n\t\t\t\t\t\t\t\t<\/div>\n\t\t\t\t<\/div>\n\t\t\t\t\t<\/div>\n\t\t<\/div>\n\t\t\t\t\t<\/div>\n\t\t<\/section>\n\t\t\t\t<section class=\"elementor-section elementor-inner-section elementor-element elementor-element-5a8e835 elementor-section-boxed elementor-section-height-default elementor-section-height-default wpr-particle-no wpr-jarallax-no wpr-parallax-no wpr-sticky-section-no\" data-id=\"5a8e835\" data-element_type=\"section\" data-e-type=\"section\">\n\t\t\t\t\t\t<div class=\"elementor-container elementor-column-gap-default\">\n\t\t\t\t\t<div class=\"elementor-column elementor-col-50 elementor-inner-column elementor-element elementor-element-6379799 custom__route-card custom__route-card-l\" data-id=\"6379799\" data-element_type=\"column\" data-e-type=\"column\" data-settings=\"{&quot;background_background&quot;:&quot;classic&quot;}\">\n\t\t\t<div class=\"elementor-widget-wrap elementor-element-populated\">\n\t\t\t\t\t\t<div class=\"elementor-element elementor-element-b3bbfd1 elementor-widget elementor-widget-image\" data-id=\"b3bbfd1\" data-element_type=\"widget\" data-e-type=\"widget\" data-widget_type=\"image.default\">\n\t\t\t\t<div class=\"elementor-widget-container\">\n\t\t\t\t\t\t\t\t\t\t\t\t\t\t\t<img loading=\"lazy\" decoding=\"async\" width=\"637\" height=\"428\" src=\"https:\/\/www.laorotava.es\/turismo\/wp-content\/uploads\/2017\/07\/captura_de_pantalla_2017-07-20_a_las_10.56.47.png\" class=\"attachment-full size-full wp-image-15059\" alt=\"captura_de_pantalla_2017-07-20_a_las_10\" srcset=\"https:\/\/www.laorotava.es\/turismo\/wp-content\/uploads\/2017\/07\/captura_de_pantalla_2017-07-20_a_las_10.56.47.png 637w, https:\/\/www.laorotava.es\/turismo\/wp-content\/uploads\/2017\/07\/captura_de_pantalla_2017-07-20_a_las_10.56.47-300x202.png 300w\" sizes=\"(max-width: 637px) 100vw, 637px\" \/>\t\t\t\t\t\t\t\t\t\t\t\t\t\t\t<\/div>\n\t\t\t\t<\/div>\n\t\t\t\t<div class=\"elementor-element elementor-element-74ef2b4 elementor-widget__width-auto elementor-widget elementor-widget-heading\" data-id=\"74ef2b4\" data-element_type=\"widget\" data-e-type=\"widget\" data-widget_type=\"heading.default\">\n\t\t\t\t<div class=\"elementor-widget-container\">\n\t\t\t\t\t<h2 class=\"elementor-heading-title elementor-size-default\"><a href=\"\/turismo\/22-liceo-de-taoro\">22. LICEO DE TAORO<\/a><\/h2>\t\t\t\t<\/div>\n\t\t\t\t<\/div>\n\t\t\t\t<div class=\"elementor-element elementor-element-a97cb6d elementor-widget__width-auto elementor-icon-list--layout-traditional elementor-list-item-link-full_width elementor-widget elementor-widget-icon-list\" data-id=\"a97cb6d\" data-element_type=\"widget\" data-e-type=\"widget\" data-widget_type=\"icon-list.default\">\n\t\t\t\t<div class=\"elementor-widget-container\">\n\t\t\t\t\t\t\t<ul class=\"elementor-icon-list-items\">\n\t\t\t\t\t\t\t<li class=\"elementor-icon-list-item\">\n\t\t\t\t\t\t\t\t\t\t\t<span class=\"elementor-icon-list-icon\">\n\t\t\t\t\t\t\t<i aria-hidden=\"true\" class=\"fas fa-mobile-alt\"><\/i>\t\t\t\t\t\t<\/span>\n\t\t\t\t\t\t\t\t\t\t<span class=\"elementor-icon-list-text\"><\/span>\n\t\t\t\t\t\t\t\t\t<\/li>\n\t\t\t\t\t\t\t\t<li class=\"elementor-icon-list-item\">\n\t\t\t\t\t\t\t\t\t\t\t<span class=\"elementor-icon-list-icon\">\n\t\t\t\t\t\t\t<i aria-hidden=\"true\" class=\"fas fa-envelope\"><\/i>\t\t\t\t\t\t<\/span>\n\t\t\t\t\t\t\t\t\t\t<span class=\"elementor-icon-list-text\"><\/span>\n\t\t\t\t\t\t\t\t\t<\/li>\n\t\t\t\t\t\t\t\t<li class=\"elementor-icon-list-item\">\n\t\t\t\t\t\t\t\t\t\t\t<a href=\"\/turismo\/22-liceo-de-taoro\">\n\n\t\t\t\t\t\t\t\t\t\t\t\t<span class=\"elementor-icon-list-icon\">\n\t\t\t\t\t\t\t<i aria-hidden=\"true\" class=\"fas fa-map-marker-alt\"><\/i>\t\t\t\t\t\t<\/span>\n\t\t\t\t\t\t\t\t\t\t<span class=\"elementor-icon-list-text\">Ver Mapa<\/span>\n\t\t\t\t\t\t\t\t\t\t\t<\/a>\n\t\t\t\t\t\t\t\t\t<\/li>\n\t\t\t\t\t\t<\/ul>\n\t\t\t\t\t\t<\/div>\n\t\t\t\t<\/div>\n\t\t\t\t<div class=\"elementor-element elementor-element-a3b57cf elementor-align-right elementor-widget elementor-widget-button\" data-id=\"a3b57cf\" data-element_type=\"widget\" data-e-type=\"widget\" data-widget_type=\"button.default\">\n\t\t\t\t<div class=\"elementor-widget-container\">\n\t\t\t\t\t\t\t\t\t<div class=\"elementor-button-wrapper\">\n\t\t\t\t\t<a class=\"elementor-button elementor-button-link elementor-size-sm\" href=\"\/turismo\/22-liceo-de-taoro\">\n\t\t\t\t\t\t<span class=\"elementor-button-content-wrapper\">\n\t\t\t\t\t\t\t\t\t<span class=\"elementor-button-text\">Leer m\u00e1s<\/span>\n\t\t\t\t\t<\/span>\n\t\t\t\t\t<\/a>\n\t\t\t\t<\/div>\n\t\t\t\t\t\t\t\t<\/div>\n\t\t\t\t<\/div>\n\t\t\t\t\t<\/div>\n\t\t<\/div>\n\t\t\t\t<div class=\"elementor-column elementor-col-50 elementor-inner-column elementor-element elementor-element-aff1b74 custom__route-card custom__route-card-r\" data-id=\"aff1b74\" data-element_type=\"column\" data-e-type=\"column\" data-settings=\"{&quot;background_background&quot;:&quot;classic&quot;}\">\n\t\t\t<div class=\"elementor-widget-wrap elementor-element-populated\">\n\t\t\t\t\t\t<div class=\"elementor-element elementor-element-8518631 elementor-widget elementor-widget-image\" data-id=\"8518631\" data-element_type=\"widget\" data-e-type=\"widget\" data-widget_type=\"image.default\">\n\t\t\t\t<div class=\"elementor-widget-container\">\n\t\t\t\t\t\t\t\t\t\t\t\t\t\t\t<img loading=\"lazy\" decoding=\"async\" width=\"798\" height=\"530\" src=\"https:\/\/www.laorotava.es\/turismo\/wp-content\/uploads\/2017\/07\/captura_de_pantalla_2017-07-20_a_las_10.58.21.png\" class=\"attachment-full size-full wp-image-15055\" alt=\"captura_de_pantalla_2017-07-20_a_las_10\" srcset=\"https:\/\/www.laorotava.es\/turismo\/wp-content\/uploads\/2017\/07\/captura_de_pantalla_2017-07-20_a_las_10.58.21.png 798w, https:\/\/www.laorotava.es\/turismo\/wp-content\/uploads\/2017\/07\/captura_de_pantalla_2017-07-20_a_las_10.58.21-300x199.png 300w, https:\/\/www.laorotava.es\/turismo\/wp-content\/uploads\/2017\/07\/captura_de_pantalla_2017-07-20_a_las_10.58.21-768x510.png 768w\" sizes=\"(max-width: 798px) 100vw, 798px\" \/>\t\t\t\t\t\t\t\t\t\t\t\t\t\t\t<\/div>\n\t\t\t\t<\/div>\n\t\t\t\t<div class=\"elementor-element elementor-element-752f18b elementor-widget__width-auto elementor-widget elementor-widget-heading\" data-id=\"752f18b\" data-element_type=\"widget\" data-e-type=\"widget\" data-widget_type=\"heading.default\">\n\t\t\t\t<div class=\"elementor-widget-container\">\n\t\t\t\t\t<h2 class=\"elementor-heading-title elementor-size-default\"><a href=\"\/turismo\/23-iglesia-de-san-agustin-y-casa-de-la-cultura\">23. IGLESIA DE SAN AGUST\u00cdN Y CASA DE LA CULTURA<\/a><\/h2>\t\t\t\t<\/div>\n\t\t\t\t<\/div>\n\t\t\t\t<div class=\"elementor-element elementor-element-5e117d5 elementor-widget__width-auto elementor-icon-list--layout-traditional elementor-list-item-link-full_width elementor-widget elementor-widget-icon-list\" data-id=\"5e117d5\" data-element_type=\"widget\" data-e-type=\"widget\" data-widget_type=\"icon-list.default\">\n\t\t\t\t<div class=\"elementor-widget-container\">\n\t\t\t\t\t\t\t<ul class=\"elementor-icon-list-items\">\n\t\t\t\t\t\t\t<li class=\"elementor-icon-list-item\">\n\t\t\t\t\t\t\t\t\t\t\t<span class=\"elementor-icon-list-icon\">\n\t\t\t\t\t\t\t<i aria-hidden=\"true\" class=\"fas fa-mobile-alt\"><\/i>\t\t\t\t\t\t<\/span>\n\t\t\t\t\t\t\t\t\t\t<span class=\"elementor-icon-list-text\"><\/span>\n\t\t\t\t\t\t\t\t\t<\/li>\n\t\t\t\t\t\t\t\t<li class=\"elementor-icon-list-item\">\n\t\t\t\t\t\t\t\t\t\t\t<span class=\"elementor-icon-list-icon\">\n\t\t\t\t\t\t\t<i aria-hidden=\"true\" class=\"fas fa-envelope\"><\/i>\t\t\t\t\t\t<\/span>\n\t\t\t\t\t\t\t\t\t\t<span class=\"elementor-icon-list-text\"><\/span>\n\t\t\t\t\t\t\t\t\t<\/li>\n\t\t\t\t\t\t\t\t<li class=\"elementor-icon-list-item\">\n\t\t\t\t\t\t\t\t\t\t\t<a href=\"\/turismo\/23-iglesia-de-san-agustin-y-casa-de-la-cultura\">\n\n\t\t\t\t\t\t\t\t\t\t\t\t<span class=\"elementor-icon-list-icon\">\n\t\t\t\t\t\t\t<i aria-hidden=\"true\" class=\"fas fa-map-marker-alt\"><\/i>\t\t\t\t\t\t<\/span>\n\t\t\t\t\t\t\t\t\t\t<span class=\"elementor-icon-list-text\">Ver Mapa<\/span>\n\t\t\t\t\t\t\t\t\t\t\t<\/a>\n\t\t\t\t\t\t\t\t\t<\/li>\n\t\t\t\t\t\t<\/ul>\n\t\t\t\t\t\t<\/div>\n\t\t\t\t<\/div>\n\t\t\t\t<div class=\"elementor-element elementor-element-f5aedff elementor-align-right elementor-widget elementor-widget-button\" data-id=\"f5aedff\" data-element_type=\"widget\" data-e-type=\"widget\" data-widget_type=\"button.default\">\n\t\t\t\t<div class=\"elementor-widget-container\">\n\t\t\t\t\t\t\t\t\t<div class=\"elementor-button-wrapper\">\n\t\t\t\t\t<a class=\"elementor-button elementor-button-link elementor-size-sm\" href=\"\/turismo\/23-iglesia-de-san-agustin-y-casa-de-la-cultura\">\n\t\t\t\t\t\t<span class=\"elementor-button-content-wrapper\">\n\t\t\t\t\t\t\t\t\t<span class=\"elementor-button-text\">Leer m\u00e1s<\/span>\n\t\t\t\t\t<\/span>\n\t\t\t\t\t<\/a>\n\t\t\t\t<\/div>\n\t\t\t\t\t\t\t\t<\/div>\n\t\t\t\t<\/div>\n\t\t\t\t\t<\/div>\n\t\t<\/div>\n\t\t\t\t\t<\/div>\n\t\t<\/section>\n\t\t\t\t<section class=\"elementor-section elementor-inner-section elementor-element elementor-element-41ecd8d elementor-section-boxed elementor-section-height-default elementor-section-height-default wpr-particle-no wpr-jarallax-no wpr-parallax-no wpr-sticky-section-no\" data-id=\"41ecd8d\" data-element_type=\"section\" data-e-type=\"section\">\n\t\t\t\t\t\t<div class=\"elementor-container elementor-column-gap-default\">\n\t\t\t\t\t<div class=\"elementor-column elementor-col-50 elementor-inner-column elementor-element elementor-element-43c7693 custom__route-card custom__route-card-l\" data-id=\"43c7693\" data-element_type=\"column\" data-e-type=\"column\" data-settings=\"{&quot;background_background&quot;:&quot;classic&quot;}\">\n\t\t\t<div class=\"elementor-widget-wrap elementor-element-populated\">\n\t\t\t\t\t\t<div class=\"elementor-element elementor-element-f68fa3e elementor-widget elementor-widget-image\" data-id=\"f68fa3e\" data-element_type=\"widget\" data-e-type=\"widget\" data-widget_type=\"image.default\">\n\t\t\t\t<div class=\"elementor-widget-container\">\n\t\t\t\t\t\t\t\t\t\t\t\t\t\t\t<img loading=\"lazy\" decoding=\"async\" width=\"774\" height=\"512\" src=\"https:\/\/www.laorotava.es\/turismo\/wp-content\/uploads\/2017\/07\/captura_de_pantalla_2017-07-20_a_las_11.00.18.png\" class=\"attachment-full size-full wp-image-15101\" alt=\"captura_de_pantalla_2017-07-20_a_las_11\" srcset=\"https:\/\/www.laorotava.es\/turismo\/wp-content\/uploads\/2017\/07\/captura_de_pantalla_2017-07-20_a_las_11.00.18.png 774w, https:\/\/www.laorotava.es\/turismo\/wp-content\/uploads\/2017\/07\/captura_de_pantalla_2017-07-20_a_las_11.00.18-300x198.png 300w, https:\/\/www.laorotava.es\/turismo\/wp-content\/uploads\/2017\/07\/captura_de_pantalla_2017-07-20_a_las_11.00.18-768x508.png 768w\" sizes=\"(max-width: 774px) 100vw, 774px\" \/>\t\t\t\t\t\t\t\t\t\t\t\t\t\t\t<\/div>\n\t\t\t\t<\/div>\n\t\t\t\t<div class=\"elementor-element elementor-element-c20294e elementor-widget__width-auto elementor-widget elementor-widget-heading\" data-id=\"c20294e\" data-element_type=\"widget\" data-e-type=\"widget\" data-widget_type=\"heading.default\">\n\t\t\t\t<div class=\"elementor-widget-container\">\n\t\t\t\t\t<h2 class=\"elementor-heading-title elementor-size-default\"><a href=\"\/turismo\/34-y-35-iglesia-de-santo-domingo-museo-de-artesania-iberoamericana-mait\">34 Y 35. IGLESIA DE SANTO DOMINGO \/ MUSEO DE ARTESAN\u00cdA IBEROAMERICANA (MAIT)<\/a><\/h2>\t\t\t\t<\/div>\n\t\t\t\t<\/div>\n\t\t\t\t<div class=\"elementor-element elementor-element-2d54743 elementor-widget__width-auto elementor-icon-list--layout-traditional elementor-list-item-link-full_width elementor-widget elementor-widget-icon-list\" data-id=\"2d54743\" data-element_type=\"widget\" data-e-type=\"widget\" data-widget_type=\"icon-list.default\">\n\t\t\t\t<div class=\"elementor-widget-container\">\n\t\t\t\t\t\t\t<ul class=\"elementor-icon-list-items\">\n\t\t\t\t\t\t\t<li class=\"elementor-icon-list-item\">\n\t\t\t\t\t\t\t\t\t\t\t<span class=\"elementor-icon-list-icon\">\n\t\t\t\t\t\t\t<i aria-hidden=\"true\" class=\"fas fa-mobile-alt\"><\/i>\t\t\t\t\t\t<\/span>\n\t\t\t\t\t\t\t\t\t\t<span class=\"elementor-icon-list-text\"><\/span>\n\t\t\t\t\t\t\t\t\t<\/li>\n\t\t\t\t\t\t\t\t<li class=\"elementor-icon-list-item\">\n\t\t\t\t\t\t\t\t\t\t\t<span class=\"elementor-icon-list-icon\">\n\t\t\t\t\t\t\t<i aria-hidden=\"true\" class=\"fas fa-envelope\"><\/i>\t\t\t\t\t\t<\/span>\n\t\t\t\t\t\t\t\t\t\t<span class=\"elementor-icon-list-text\"><\/span>\n\t\t\t\t\t\t\t\t\t<\/li>\n\t\t\t\t\t\t\t\t<li class=\"elementor-icon-list-item\">\n\t\t\t\t\t\t\t\t\t\t\t<a href=\"\/turismo\/34-y-35-iglesia-de-santo-domingo-museo-de-artesania-iberoamericana-mait\">\n\n\t\t\t\t\t\t\t\t\t\t\t\t<span class=\"elementor-icon-list-icon\">\n\t\t\t\t\t\t\t<i aria-hidden=\"true\" class=\"fas fa-map-marker-alt\"><\/i>\t\t\t\t\t\t<\/span>\n\t\t\t\t\t\t\t\t\t\t<span class=\"elementor-icon-list-text\">Ver Mapa<\/span>\n\t\t\t\t\t\t\t\t\t\t\t<\/a>\n\t\t\t\t\t\t\t\t\t<\/li>\n\t\t\t\t\t\t<\/ul>\n\t\t\t\t\t\t<\/div>\n\t\t\t\t<\/div>\n\t\t\t\t<div class=\"elementor-element elementor-element-43ec5b5 elementor-align-right elementor-widget elementor-widget-button\" data-id=\"43ec5b5\" data-element_type=\"widget\" data-e-type=\"widget\" data-widget_type=\"button.default\">\n\t\t\t\t<div class=\"elementor-widget-container\">\n\t\t\t\t\t\t\t\t\t<div class=\"elementor-button-wrapper\">\n\t\t\t\t\t<a class=\"elementor-button elementor-button-link elementor-size-sm\" href=\"\/turismo\/34-y-35-iglesia-de-santo-domingo-museo-de-artesania-iberoamericana-mait\">\n\t\t\t\t\t\t<span class=\"elementor-button-content-wrapper\">\n\t\t\t\t\t\t\t\t\t<span class=\"elementor-button-text\">Leer m\u00e1s<\/span>\n\t\t\t\t\t<\/span>\n\t\t\t\t\t<\/a>\n\t\t\t\t<\/div>\n\t\t\t\t\t\t\t\t<\/div>\n\t\t\t\t<\/div>\n\t\t\t\t\t<\/div>\n\t\t<\/div>\n\t\t\t\t<div class=\"elementor-column elementor-col-50 elementor-inner-column elementor-element elementor-element-7aef991 custom__route-card custom__route-card-r\" data-id=\"7aef991\" data-element_type=\"column\" data-e-type=\"column\" data-settings=\"{&quot;background_background&quot;:&quot;classic&quot;}\">\n\t\t\t<div class=\"elementor-widget-wrap elementor-element-populated\">\n\t\t\t\t\t\t<div class=\"elementor-element elementor-element-63ecc6c elementor-widget elementor-widget-image\" data-id=\"63ecc6c\" data-element_type=\"widget\" data-e-type=\"widget\" data-widget_type=\"image.default\">\n\t\t\t\t<div class=\"elementor-widget-container\">\n\t\t\t\t\t\t\t\t\t\t\t\t\t\t\t<img loading=\"lazy\" decoding=\"async\" width=\"651\" height=\"460\" src=\"https:\/\/www.laorotava.es\/turismo\/wp-content\/uploads\/2017\/07\/captura_de_pantalla_2017-07-20_a_las_11.05.06.png\" class=\"attachment-full size-full wp-image-15105\" alt=\"captura_de_pantalla_2017-07-20_a_las_11\" srcset=\"https:\/\/www.laorotava.es\/turismo\/wp-content\/uploads\/2017\/07\/captura_de_pantalla_2017-07-20_a_las_11.05.06.png 651w, https:\/\/www.laorotava.es\/turismo\/wp-content\/uploads\/2017\/07\/captura_de_pantalla_2017-07-20_a_las_11.05.06-300x212.png 300w\" sizes=\"(max-width: 651px) 100vw, 651px\" \/>\t\t\t\t\t\t\t\t\t\t\t\t\t\t\t<\/div>\n\t\t\t\t<\/div>\n\t\t\t\t<div class=\"elementor-element elementor-element-37b2925 elementor-widget__width-auto elementor-widget elementor-widget-heading\" data-id=\"37b2925\" data-element_type=\"widget\" data-e-type=\"widget\" data-widget_type=\"heading.default\">\n\t\t\t\t<div class=\"elementor-widget-container\">\n\t\t\t\t\t<h2 class=\"elementor-heading-title elementor-size-default\"><a href=\"\/turismo\/36-casa-torre-hermosa\">36. CASA TORRE HERMOSA<\/a><\/h2>\t\t\t\t<\/div>\n\t\t\t\t<\/div>\n\t\t\t\t<div class=\"elementor-element elementor-element-0e453cb elementor-widget__width-auto elementor-icon-list--layout-traditional elementor-list-item-link-full_width elementor-widget elementor-widget-icon-list\" data-id=\"0e453cb\" data-element_type=\"widget\" data-e-type=\"widget\" data-widget_type=\"icon-list.default\">\n\t\t\t\t<div class=\"elementor-widget-container\">\n\t\t\t\t\t\t\t<ul class=\"elementor-icon-list-items\">\n\t\t\t\t\t\t\t<li class=\"elementor-icon-list-item\">\n\t\t\t\t\t\t\t\t\t\t\t<span class=\"elementor-icon-list-icon\">\n\t\t\t\t\t\t\t<i aria-hidden=\"true\" class=\"fas fa-mobile-alt\"><\/i>\t\t\t\t\t\t<\/span>\n\t\t\t\t\t\t\t\t\t\t<span class=\"elementor-icon-list-text\"><\/span>\n\t\t\t\t\t\t\t\t\t<\/li>\n\t\t\t\t\t\t\t\t<li class=\"elementor-icon-list-item\">\n\t\t\t\t\t\t\t\t\t\t\t<span class=\"elementor-icon-list-icon\">\n\t\t\t\t\t\t\t<i aria-hidden=\"true\" class=\"fas fa-envelope\"><\/i>\t\t\t\t\t\t<\/span>\n\t\t\t\t\t\t\t\t\t\t<span class=\"elementor-icon-list-text\"><\/span>\n\t\t\t\t\t\t\t\t\t<\/li>\n\t\t\t\t\t\t\t\t<li class=\"elementor-icon-list-item\">\n\t\t\t\t\t\t\t\t\t\t\t<a href=\"\/turismo\/36-casa-torre-hermosa\">\n\n\t\t\t\t\t\t\t\t\t\t\t\t<span class=\"elementor-icon-list-icon\">\n\t\t\t\t\t\t\t<i aria-hidden=\"true\" class=\"fas fa-map-marker-alt\"><\/i>\t\t\t\t\t\t<\/span>\n\t\t\t\t\t\t\t\t\t\t<span class=\"elementor-icon-list-text\">Ver Mapa<\/span>\n\t\t\t\t\t\t\t\t\t\t\t<\/a>\n\t\t\t\t\t\t\t\t\t<\/li>\n\t\t\t\t\t\t<\/ul>\n\t\t\t\t\t\t<\/div>\n\t\t\t\t<\/div>\n\t\t\t\t<div class=\"elementor-element elementor-element-52b492d elementor-align-right elementor-widget elementor-widget-button\" data-id=\"52b492d\" data-element_type=\"widget\" data-e-type=\"widget\" data-widget_type=\"button.default\">\n\t\t\t\t<div class=\"elementor-widget-container\">\n\t\t\t\t\t\t\t\t\t<div class=\"elementor-button-wrapper\">\n\t\t\t\t\t<a class=\"elementor-button elementor-button-link elementor-size-sm\" href=\"\/turismo\/36-casa-torre-hermosa\">\n\t\t\t\t\t\t<span class=\"elementor-button-content-wrapper\">\n\t\t\t\t\t\t\t\t\t<span class=\"elementor-button-text\">Leer m\u00e1s<\/span>\n\t\t\t\t\t<\/span>\n\t\t\t\t\t<\/a>\n\t\t\t\t<\/div>\n\t\t\t\t\t\t\t\t<\/div>\n\t\t\t\t<\/div>\n\t\t\t\t\t<\/div>\n\t\t<\/div>\n\t\t\t\t\t<\/div>\n\t\t<\/section>\n\t\t\t\t<section class=\"elementor-section elementor-inner-section elementor-element elementor-element-cc5410c elementor-section-boxed elementor-section-height-default elementor-section-height-default wpr-particle-no wpr-jarallax-no wpr-parallax-no wpr-sticky-section-no\" data-id=\"cc5410c\" data-element_type=\"section\" data-e-type=\"section\">\n\t\t\t\t\t\t<div class=\"elementor-container elementor-column-gap-default\">\n\t\t\t\t\t<div class=\"elementor-column elementor-col-50 elementor-inner-column elementor-element elementor-element-10852c3 custom__route-card custom__route-card-l\" data-id=\"10852c3\" data-element_type=\"column\" data-e-type=\"column\" data-settings=\"{&quot;background_background&quot;:&quot;classic&quot;}\">\n\t\t\t<div class=\"elementor-widget-wrap elementor-element-populated\">\n\t\t\t\t\t\t<div class=\"elementor-element elementor-element-0535d5b elementor-widget elementor-widget-image\" data-id=\"0535d5b\" data-element_type=\"widget\" data-e-type=\"widget\" data-widget_type=\"image.default\">\n\t\t\t\t<div class=\"elementor-widget-container\">\n\t\t\t\t\t\t\t\t\t\t\t\t\t\t\t<img loading=\"lazy\" decoding=\"async\" width=\"771\" height=\"542\" src=\"https:\/\/www.laorotava.es\/turismo\/wp-content\/uploads\/2017\/07\/captura_de_pantalla_2017-07-20_a_las_11.13.59.png\" class=\"attachment-full size-full wp-image-15047\" alt=\"captura_de_pantalla_2017-07-20_a_las_11\" srcset=\"https:\/\/www.laorotava.es\/turismo\/wp-content\/uploads\/2017\/07\/captura_de_pantalla_2017-07-20_a_las_11.13.59.png 771w, https:\/\/www.laorotava.es\/turismo\/wp-content\/uploads\/2017\/07\/captura_de_pantalla_2017-07-20_a_las_11.13.59-300x211.png 300w, https:\/\/www.laorotava.es\/turismo\/wp-content\/uploads\/2017\/07\/captura_de_pantalla_2017-07-20_a_las_11.13.59-768x540.png 768w\" sizes=\"(max-width: 771px) 100vw, 771px\" \/>\t\t\t\t\t\t\t\t\t\t\t\t\t\t\t<\/div>\n\t\t\t\t<\/div>\n\t\t\t\t<div class=\"elementor-element elementor-element-7b678ad elementor-widget__width-auto elementor-widget elementor-widget-heading\" data-id=\"7b678ad\" data-element_type=\"widget\" data-e-type=\"widget\" data-widget_type=\"heading.default\">\n\t\t\t\t<div class=\"elementor-widget-container\">\n\t\t\t\t\t<h2 class=\"elementor-heading-title elementor-size-default\"><a href=\"\/turismo\/42-ermita-del-calvario\">42. ERMITA DEL CALVARIO<\/a><\/h2>\t\t\t\t<\/div>\n\t\t\t\t<\/div>\n\t\t\t\t<div class=\"elementor-element elementor-element-9a7539c elementor-widget__width-auto elementor-icon-list--layout-traditional elementor-list-item-link-full_width elementor-widget elementor-widget-icon-list\" data-id=\"9a7539c\" data-element_type=\"widget\" data-e-type=\"widget\" data-widget_type=\"icon-list.default\">\n\t\t\t\t<div class=\"elementor-widget-container\">\n\t\t\t\t\t\t\t<ul class=\"elementor-icon-list-items\">\n\t\t\t\t\t\t\t<li class=\"elementor-icon-list-item\">\n\t\t\t\t\t\t\t\t\t\t\t<span class=\"elementor-icon-list-icon\">\n\t\t\t\t\t\t\t<i aria-hidden=\"true\" class=\"fas fa-mobile-alt\"><\/i>\t\t\t\t\t\t<\/span>\n\t\t\t\t\t\t\t\t\t\t<span class=\"elementor-icon-list-text\"><\/span>\n\t\t\t\t\t\t\t\t\t<\/li>\n\t\t\t\t\t\t\t\t<li class=\"elementor-icon-list-item\">\n\t\t\t\t\t\t\t\t\t\t\t<span class=\"elementor-icon-list-icon\">\n\t\t\t\t\t\t\t<i aria-hidden=\"true\" class=\"fas fa-envelope\"><\/i>\t\t\t\t\t\t<\/span>\n\t\t\t\t\t\t\t\t\t\t<span class=\"elementor-icon-list-text\"><\/span>\n\t\t\t\t\t\t\t\t\t<\/li>\n\t\t\t\t\t\t\t\t<li class=\"elementor-icon-list-item\">\n\t\t\t\t\t\t\t\t\t\t\t<a href=\"\/turismo\/42-ermita-del-calvario\">\n\n\t\t\t\t\t\t\t\t\t\t\t\t<span class=\"elementor-icon-list-icon\">\n\t\t\t\t\t\t\t<i aria-hidden=\"true\" class=\"fas fa-map-marker-alt\"><\/i>\t\t\t\t\t\t<\/span>\n\t\t\t\t\t\t\t\t\t\t<span class=\"elementor-icon-list-text\">Ver Mapa<\/span>\n\t\t\t\t\t\t\t\t\t\t\t<\/a>\n\t\t\t\t\t\t\t\t\t<\/li>\n\t\t\t\t\t\t<\/ul>\n\t\t\t\t\t\t<\/div>\n\t\t\t\t<\/div>\n\t\t\t\t<div class=\"elementor-element elementor-element-ee292a1 elementor-align-right elementor-widget elementor-widget-button\" data-id=\"ee292a1\" data-element_type=\"widget\" data-e-type=\"widget\" data-widget_type=\"button.default\">\n\t\t\t\t<div class=\"elementor-widget-container\">\n\t\t\t\t\t\t\t\t\t<div class=\"elementor-button-wrapper\">\n\t\t\t\t\t<a class=\"elementor-button elementor-button-link elementor-size-sm\" href=\"\/turismo\/42-ermita-del-calvario\">\n\t\t\t\t\t\t<span class=\"elementor-button-content-wrapper\">\n\t\t\t\t\t\t\t\t\t<span class=\"elementor-button-text\">Leer m\u00e1s<\/span>\n\t\t\t\t\t<\/span>\n\t\t\t\t\t<\/a>\n\t\t\t\t<\/div>\n\t\t\t\t\t\t\t\t<\/div>\n\t\t\t\t<\/div>\n\t\t\t\t\t<\/div>\n\t\t<\/div>\n\t\t\t\t<div class=\"elementor-column elementor-col-50 elementor-inner-column elementor-element elementor-element-5a440c5 custom__route-card custom__route-card-r\" data-id=\"5a440c5\" data-element_type=\"column\" data-e-type=\"column\" data-settings=\"{&quot;background_background&quot;:&quot;classic&quot;}\">\n\t\t\t<div class=\"elementor-widget-wrap elementor-element-populated\">\n\t\t\t\t\t\t<div class=\"elementor-element elementor-element-1071294 elementor-widget elementor-widget-image\" data-id=\"1071294\" data-element_type=\"widget\" data-e-type=\"widget\" data-widget_type=\"image.default\">\n\t\t\t\t<div class=\"elementor-widget-container\">\n\t\t\t\t\t\t\t\t\t\t\t\t\t\t\t<img loading=\"lazy\" decoding=\"async\" width=\"968\" height=\"640\" src=\"https:\/\/www.laorotava.es\/turismo\/wp-content\/uploads\/2017\/07\/captura_de_pantalla_2017-07-20_a_las_11.15.30.png\" class=\"attachment-full size-full wp-image-15109\" alt=\"captura_de_pantalla_2017-07-20_a_las_11\" srcset=\"https:\/\/www.laorotava.es\/turismo\/wp-content\/uploads\/2017\/07\/captura_de_pantalla_2017-07-20_a_las_11.15.30.png 968w, https:\/\/www.laorotava.es\/turismo\/wp-content\/uploads\/2017\/07\/captura_de_pantalla_2017-07-20_a_las_11.15.30-300x198.png 300w, https:\/\/www.laorotava.es\/turismo\/wp-content\/uploads\/2017\/07\/captura_de_pantalla_2017-07-20_a_las_11.15.30-768x508.png 768w\" sizes=\"(max-width: 968px) 100vw, 968px\" \/>\t\t\t\t\t\t\t\t\t\t\t\t\t\t\t<\/div>\n\t\t\t\t<\/div>\n\t\t\t\t<div class=\"elementor-element elementor-element-d38ad73 elementor-widget__width-auto elementor-widget elementor-widget-heading\" data-id=\"d38ad73\" data-element_type=\"widget\" data-e-type=\"widget\" data-widget_type=\"heading.default\">\n\t\t\t\t<div class=\"elementor-widget-container\">\n\t\t\t\t\t<h2 class=\"elementor-heading-title elementor-size-default\"><a href=\"\/turismo\/43-centro-de-visitantes-del-parque-nacional-del-teide-telesforo-bravo\">43. CENTRO DE VISITANTES DEL PARQUE NACIONAL DEL TEIDE \u201cTELESFORO BRAVO\u201d<\/a><\/h2>\t\t\t\t<\/div>\n\t\t\t\t<\/div>\n\t\t\t\t<div class=\"elementor-element elementor-element-2d69ebd elementor-widget__width-auto elementor-icon-list--layout-traditional elementor-list-item-link-full_width elementor-widget elementor-widget-icon-list\" data-id=\"2d69ebd\" data-element_type=\"widget\" data-e-type=\"widget\" data-widget_type=\"icon-list.default\">\n\t\t\t\t<div class=\"elementor-widget-container\">\n\t\t\t\t\t\t\t<ul class=\"elementor-icon-list-items\">\n\t\t\t\t\t\t\t<li class=\"elementor-icon-list-item\">\n\t\t\t\t\t\t\t\t\t\t\t<span class=\"elementor-icon-list-icon\">\n\t\t\t\t\t\t\t<i aria-hidden=\"true\" class=\"fas fa-mobile-alt\"><\/i>\t\t\t\t\t\t<\/span>\n\t\t\t\t\t\t\t\t\t\t<span class=\"elementor-icon-list-text\"><\/span>\n\t\t\t\t\t\t\t\t\t<\/li>\n\t\t\t\t\t\t\t\t<li class=\"elementor-icon-list-item\">\n\t\t\t\t\t\t\t\t\t\t\t<span class=\"elementor-icon-list-icon\">\n\t\t\t\t\t\t\t<i aria-hidden=\"true\" class=\"fas fa-envelope\"><\/i>\t\t\t\t\t\t<\/span>\n\t\t\t\t\t\t\t\t\t\t<span class=\"elementor-icon-list-text\"><\/span>\n\t\t\t\t\t\t\t\t\t<\/li>\n\t\t\t\t\t\t\t\t<li class=\"elementor-icon-list-item\">\n\t\t\t\t\t\t\t\t\t\t\t<a href=\"\/turismo\/43-centro-de-visitantes-del-parque-nacional-del-teide-telesforo-bravo\">\n\n\t\t\t\t\t\t\t\t\t\t\t\t<span class=\"elementor-icon-list-icon\">\n\t\t\t\t\t\t\t<i aria-hidden=\"true\" class=\"fas fa-map-marker-alt\"><\/i>\t\t\t\t\t\t<\/span>\n\t\t\t\t\t\t\t\t\t\t<span class=\"elementor-icon-list-text\">Ver Mapa<\/span>\n\t\t\t\t\t\t\t\t\t\t\t<\/a>\n\t\t\t\t\t\t\t\t\t<\/li>\n\t\t\t\t\t\t<\/ul>\n\t\t\t\t\t\t<\/div>\n\t\t\t\t<\/div>\n\t\t\t\t<div class=\"elementor-element elementor-element-b62d789 elementor-align-right elementor-widget elementor-widget-button\" data-id=\"b62d789\" data-element_type=\"widget\" data-e-type=\"widget\" data-widget_type=\"button.default\">\n\t\t\t\t<div class=\"elementor-widget-container\">\n\t\t\t\t\t\t\t\t\t<div class=\"elementor-button-wrapper\">\n\t\t\t\t\t<a class=\"elementor-button elementor-button-link elementor-size-sm\" href=\"\/turismo\/43-centro-de-visitantes-del-parque-nacional-del-teide-telesforo-bravo\">\n\t\t\t\t\t\t<span class=\"elementor-button-content-wrapper\">\n\t\t\t\t\t\t\t\t\t<span class=\"elementor-button-text\">Leer m\u00e1s<\/span>\n\t\t\t\t\t<\/span>\n\t\t\t\t\t<\/a>\n\t\t\t\t<\/div>\n\t\t\t\t\t\t\t\t<\/div>\n\t\t\t\t<\/div>\n\t\t\t\t\t<\/div>\n\t\t<\/div>\n\t\t\t\t\t<\/div>\n\t\t<\/section>\n\t\t\t\t<section class=\"elementor-section elementor-inner-section elementor-element elementor-element-39b4abc elementor-section-boxed elementor-section-height-default elementor-section-height-default wpr-particle-no wpr-jarallax-no wpr-parallax-no wpr-sticky-section-no\" data-id=\"39b4abc\" data-element_type=\"section\" data-e-type=\"section\">\n\t\t\t\t\t\t<div class=\"elementor-container elementor-column-gap-default\">\n\t\t\t\t\t<div class=\"elementor-column elementor-col-50 elementor-inner-column elementor-element elementor-element-723981b custom__route-card custom__route-card-l\" data-id=\"723981b\" data-element_type=\"column\" data-e-type=\"column\" data-settings=\"{&quot;background_background&quot;:&quot;classic&quot;}\">\n\t\t\t<div class=\"elementor-widget-wrap elementor-element-populated\">\n\t\t\t\t\t\t<div class=\"elementor-element elementor-element-9a75eda elementor-widget elementor-widget-image\" data-id=\"9a75eda\" data-element_type=\"widget\" data-e-type=\"widget\" data-widget_type=\"image.default\">\n\t\t\t\t<div class=\"elementor-widget-container\">\n\t\t\t\t\t\t\t\t\t\t\t\t\t\t\t<img loading=\"lazy\" decoding=\"async\" width=\"475\" height=\"318\" src=\"https:\/\/www.laorotava.es\/turismo\/wp-content\/uploads\/2017\/07\/captura_de_pantalla_2017-07-20_a_las_11.16.43.png\" class=\"attachment-full size-full wp-image-15067\" alt=\"captura_de_pantalla_2017-07-20_a_las_11\" srcset=\"https:\/\/www.laorotava.es\/turismo\/wp-content\/uploads\/2017\/07\/captura_de_pantalla_2017-07-20_a_las_11.16.43.png 475w, https:\/\/www.laorotava.es\/turismo\/wp-content\/uploads\/2017\/07\/captura_de_pantalla_2017-07-20_a_las_11.16.43-300x201.png 300w\" sizes=\"(max-width: 475px) 100vw, 475px\" \/>\t\t\t\t\t\t\t\t\t\t\t\t\t\t\t<\/div>\n\t\t\t\t<\/div>\n\t\t\t\t<div class=\"elementor-element elementor-element-c299e45 elementor-widget__width-auto elementor-widget elementor-widget-heading\" data-id=\"c299e45\" data-element_type=\"widget\" data-e-type=\"widget\" data-widget_type=\"heading.default\">\n\t\t\t\t<div class=\"elementor-widget-container\">\n\t\t\t\t\t<h2 class=\"elementor-heading-title elementor-size-default\"><a href=\"\/turismo\/45-hijuela-del-jardin-botanico\">45. HIJUELA DEL JARD\u00cdN BOT\u00c1NICO<\/a><\/h2>\t\t\t\t<\/div>\n\t\t\t\t<\/div>\n\t\t\t\t<div class=\"elementor-element elementor-element-fe482b4 elementor-widget__width-auto elementor-icon-list--layout-traditional elementor-list-item-link-full_width elementor-widget elementor-widget-icon-list\" data-id=\"fe482b4\" data-element_type=\"widget\" data-e-type=\"widget\" data-widget_type=\"icon-list.default\">\n\t\t\t\t<div class=\"elementor-widget-container\">\n\t\t\t\t\t\t\t<ul class=\"elementor-icon-list-items\">\n\t\t\t\t\t\t\t<li class=\"elementor-icon-list-item\">\n\t\t\t\t\t\t\t\t\t\t\t<span class=\"elementor-icon-list-icon\">\n\t\t\t\t\t\t\t<i aria-hidden=\"true\" class=\"fas fa-mobile-alt\"><\/i>\t\t\t\t\t\t<\/span>\n\t\t\t\t\t\t\t\t\t\t<span class=\"elementor-icon-list-text\"><\/span>\n\t\t\t\t\t\t\t\t\t<\/li>\n\t\t\t\t\t\t\t\t<li class=\"elementor-icon-list-item\">\n\t\t\t\t\t\t\t\t\t\t\t<span class=\"elementor-icon-list-icon\">\n\t\t\t\t\t\t\t<i aria-hidden=\"true\" class=\"fas fa-envelope\"><\/i>\t\t\t\t\t\t<\/span>\n\t\t\t\t\t\t\t\t\t\t<span class=\"elementor-icon-list-text\"><\/span>\n\t\t\t\t\t\t\t\t\t<\/li>\n\t\t\t\t\t\t\t\t<li class=\"elementor-icon-list-item\">\n\t\t\t\t\t\t\t\t\t\t\t<a href=\"\/turismo\/45-hijuela-del-jardin-botanico\">\n\n\t\t\t\t\t\t\t\t\t\t\t\t<span class=\"elementor-icon-list-icon\">\n\t\t\t\t\t\t\t<i aria-hidden=\"true\" class=\"fas fa-map-marker-alt\"><\/i>\t\t\t\t\t\t<\/span>\n\t\t\t\t\t\t\t\t\t\t<span class=\"elementor-icon-list-text\">Ver Mapa<\/span>\n\t\t\t\t\t\t\t\t\t\t\t<\/a>\n\t\t\t\t\t\t\t\t\t<\/li>\n\t\t\t\t\t\t<\/ul>\n\t\t\t\t\t\t<\/div>\n\t\t\t\t<\/div>\n\t\t\t\t<div class=\"elementor-element elementor-element-c7a70c3 elementor-align-right elementor-widget elementor-widget-button\" data-id=\"c7a70c3\" data-element_type=\"widget\" data-e-type=\"widget\" data-widget_type=\"button.default\">\n\t\t\t\t<div class=\"elementor-widget-container\">\n\t\t\t\t\t\t\t\t\t<div class=\"elementor-button-wrapper\">\n\t\t\t\t\t<a class=\"elementor-button elementor-button-link elementor-size-sm\" href=\"\/turismo\/45-hijuela-del-jardin-botanico\">\n\t\t\t\t\t\t<span class=\"elementor-button-content-wrapper\">\n\t\t\t\t\t\t\t\t\t<span class=\"elementor-button-text\">Leer m\u00e1s<\/span>\n\t\t\t\t\t<\/span>\n\t\t\t\t\t<\/a>\n\t\t\t\t<\/div>\n\t\t\t\t\t\t\t\t<\/div>\n\t\t\t\t<\/div>\n\t\t\t\t\t<\/div>\n\t\t<\/div>\n\t\t\t\t<div class=\"elementor-column elementor-col-50 elementor-inner-column elementor-element elementor-element-ca14597 custom__route-card custom__route-card-r\" data-id=\"ca14597\" data-element_type=\"column\" data-e-type=\"column\" data-settings=\"{&quot;background_background&quot;:&quot;classic&quot;}\">\n\t\t\t<div class=\"elementor-widget-wrap elementor-element-populated\">\n\t\t\t\t\t\t<div class=\"elementor-element elementor-element-607de6d elementor-widget elementor-widget-image\" data-id=\"607de6d\" data-element_type=\"widget\" data-e-type=\"widget\" data-widget_type=\"image.default\">\n\t\t\t\t<div class=\"elementor-widget-container\">\n\t\t\t\t\t\t\t\t\t\t\t\t\t\t\t<img loading=\"lazy\" decoding=\"async\" width=\"800\" height=\"525\" src=\"https:\/\/www.laorotava.es\/turismo\/wp-content\/uploads\/2017\/07\/captura_de_pantalla_2017-07-20_a_las_11.17.59.png\" class=\"attachment-full size-full wp-image-15051\" alt=\"captura_de_pantalla_2017-07-20_a_las_11\" srcset=\"https:\/\/www.laorotava.es\/turismo\/wp-content\/uploads\/2017\/07\/captura_de_pantalla_2017-07-20_a_las_11.17.59.png 800w, https:\/\/www.laorotava.es\/turismo\/wp-content\/uploads\/2017\/07\/captura_de_pantalla_2017-07-20_a_las_11.17.59-300x197.png 300w, https:\/\/www.laorotava.es\/turismo\/wp-content\/uploads\/2017\/07\/captura_de_pantalla_2017-07-20_a_las_11.17.59-768x504.png 768w\" sizes=\"(max-width: 800px) 100vw, 800px\" \/>\t\t\t\t\t\t\t\t\t\t\t\t\t\t\t<\/div>\n\t\t\t\t<\/div>\n\t\t\t\t<div class=\"elementor-element elementor-element-91e39c7 elementor-widget__width-auto elementor-widget elementor-widget-heading\" data-id=\"91e39c7\" data-element_type=\"widget\" data-e-type=\"widget\" data-widget_type=\"heading.default\">\n\t\t\t\t<div class=\"elementor-widget-container\">\n\t\t\t\t\t<h2 class=\"elementor-heading-title elementor-size-default\"><a href=\"\/turismo\/53-parque-cultural-dona-chana\">53. PARQUE CULTURAL DO\u00d1A CHANA<\/a><\/h2>\t\t\t\t<\/div>\n\t\t\t\t<\/div>\n\t\t\t\t<div class=\"elementor-element elementor-element-287e63b elementor-widget__width-auto elementor-icon-list--layout-traditional elementor-list-item-link-full_width elementor-widget elementor-widget-icon-list\" data-id=\"287e63b\" data-element_type=\"widget\" data-e-type=\"widget\" data-widget_type=\"icon-list.default\">\n\t\t\t\t<div class=\"elementor-widget-container\">\n\t\t\t\t\t\t\t<ul class=\"elementor-icon-list-items\">\n\t\t\t\t\t\t\t<li class=\"elementor-icon-list-item\">\n\t\t\t\t\t\t\t\t\t\t\t<span class=\"elementor-icon-list-icon\">\n\t\t\t\t\t\t\t<i aria-hidden=\"true\" class=\"fas fa-mobile-alt\"><\/i>\t\t\t\t\t\t<\/span>\n\t\t\t\t\t\t\t\t\t\t<span class=\"elementor-icon-list-text\"><\/span>\n\t\t\t\t\t\t\t\t\t<\/li>\n\t\t\t\t\t\t\t\t<li class=\"elementor-icon-list-item\">\n\t\t\t\t\t\t\t\t\t\t\t<span class=\"elementor-icon-list-icon\">\n\t\t\t\t\t\t\t<i aria-hidden=\"true\" class=\"fas fa-envelope\"><\/i>\t\t\t\t\t\t<\/span>\n\t\t\t\t\t\t\t\t\t\t<span class=\"elementor-icon-list-text\"><\/span>\n\t\t\t\t\t\t\t\t\t<\/li>\n\t\t\t\t\t\t\t\t<li class=\"elementor-icon-list-item\">\n\t\t\t\t\t\t\t\t\t\t\t<a href=\"\/turismo\/53-parque-cultural-dona-chana\">\n\n\t\t\t\t\t\t\t\t\t\t\t\t<span class=\"elementor-icon-list-icon\">\n\t\t\t\t\t\t\t<i aria-hidden=\"true\" class=\"fas fa-map-marker-alt\"><\/i>\t\t\t\t\t\t<\/span>\n\t\t\t\t\t\t\t\t\t\t<span class=\"elementor-icon-list-text\">Ver Mapa<\/span>\n\t\t\t\t\t\t\t\t\t\t\t<\/a>\n\t\t\t\t\t\t\t\t\t<\/li>\n\t\t\t\t\t\t<\/ul>\n\t\t\t\t\t\t<\/div>\n\t\t\t\t<\/div>\n\t\t\t\t<div class=\"elementor-element elementor-element-87b7b87 elementor-align-right elementor-widget elementor-widget-button\" data-id=\"87b7b87\" data-element_type=\"widget\" data-e-type=\"widget\" data-widget_type=\"button.default\">\n\t\t\t\t<div class=\"elementor-widget-container\">\n\t\t\t\t\t\t\t\t\t<div class=\"elementor-button-wrapper\">\n\t\t\t\t\t<a class=\"elementor-button elementor-button-link elementor-size-sm\" href=\"\/turismo\/53-parque-cultural-dona-chana\">\n\t\t\t\t\t\t<span class=\"elementor-button-content-wrapper\">\n\t\t\t\t\t\t\t\t\t<span class=\"elementor-button-text\">Leer m\u00e1s<\/span>\n\t\t\t\t\t<\/span>\n\t\t\t\t\t<\/a>\n\t\t\t\t<\/div>\n\t\t\t\t\t\t\t\t<\/div>\n\t\t\t\t<\/div>\n\t\t\t\t\t<\/div>\n\t\t<\/div>\n\t\t\t\t\t<\/div>\n\t\t<\/section>\n\t\t\t\t<section class=\"elementor-section elementor-inner-section elementor-element elementor-element-3854afa elementor-section-boxed elementor-section-height-default elementor-section-height-default wpr-particle-no wpr-jarallax-no wpr-parallax-no wpr-sticky-section-no\" data-id=\"3854afa\" data-element_type=\"section\" data-e-type=\"section\">\n\t\t\t\t\t\t<div class=\"elementor-container elementor-column-gap-default\">\n\t\t\t\t\t<div class=\"elementor-column elementor-col-50 elementor-inner-column elementor-element elementor-element-1bb254a custom__route-card custom__route-card-l\" data-id=\"1bb254a\" data-element_type=\"column\" data-e-type=\"column\" data-settings=\"{&quot;background_background&quot;:&quot;classic&quot;}\">\n\t\t\t<div class=\"elementor-widget-wrap elementor-element-populated\">\n\t\t\t\t\t\t<div class=\"elementor-element elementor-element-a723790 elementor-widget elementor-widget-image\" data-id=\"a723790\" data-element_type=\"widget\" data-e-type=\"widget\" data-widget_type=\"image.default\">\n\t\t\t\t<div class=\"elementor-widget-container\">\n\t\t\t\t\t\t\t\t\t\t\t\t\t\t\t<img loading=\"lazy\" decoding=\"async\" width=\"688\" height=\"543\" src=\"https:\/\/www.laorotava.es\/turismo\/wp-content\/uploads\/2016\/12\/san_agustin.png\" class=\"attachment-full size-full wp-image-14683\" alt=\"san_agustin\" srcset=\"https:\/\/www.laorotava.es\/turismo\/wp-content\/uploads\/2016\/12\/san_agustin.png 688w, https:\/\/www.laorotava.es\/turismo\/wp-content\/uploads\/2016\/12\/san_agustin-300x237.png 300w\" sizes=\"(max-width: 688px) 100vw, 688px\" \/>\t\t\t\t\t\t\t\t\t\t\t\t\t\t\t<\/div>\n\t\t\t\t<\/div>\n\t\t\t\t<div class=\"elementor-element elementor-element-e17d9ab elementor-widget__width-auto elementor-widget elementor-widget-heading\" data-id=\"e17d9ab\" data-element_type=\"widget\" data-e-type=\"widget\" data-widget_type=\"heading.default\">\n\t\t\t\t<div class=\"elementor-widget-container\">\n\t\t\t\t\t<h2 class=\"elementor-heading-title elementor-size-default\"><a href=\"\/turismo\/14-iglesia-de-san-agustin\">IGLESIA SAN AGUST\u00cdN<\/a><\/h2>\t\t\t\t<\/div>\n\t\t\t\t<\/div>\n\t\t\t\t<div class=\"elementor-element elementor-element-543ba02 elementor-widget__width-auto elementor-icon-list--layout-traditional elementor-list-item-link-full_width elementor-widget elementor-widget-icon-list\" data-id=\"543ba02\" data-element_type=\"widget\" data-e-type=\"widget\" data-widget_type=\"icon-list.default\">\n\t\t\t\t<div class=\"elementor-widget-container\">\n\t\t\t\t\t\t\t<ul class=\"elementor-icon-list-items\">\n\t\t\t\t\t\t\t<li class=\"elementor-icon-list-item\">\n\t\t\t\t\t\t\t\t\t\t\t<span class=\"elementor-icon-list-icon\">\n\t\t\t\t\t\t\t<i aria-hidden=\"true\" class=\"fas fa-mobile-alt\"><\/i>\t\t\t\t\t\t<\/span>\n\t\t\t\t\t\t\t\t\t\t<span class=\"elementor-icon-list-text\"><\/span>\n\t\t\t\t\t\t\t\t\t<\/li>\n\t\t\t\t\t\t\t\t<li class=\"elementor-icon-list-item\">\n\t\t\t\t\t\t\t\t\t\t\t<span class=\"elementor-icon-list-icon\">\n\t\t\t\t\t\t\t<i aria-hidden=\"true\" class=\"fas fa-envelope\"><\/i>\t\t\t\t\t\t<\/span>\n\t\t\t\t\t\t\t\t\t\t<span class=\"elementor-icon-list-text\"><\/span>\n\t\t\t\t\t\t\t\t\t<\/li>\n\t\t\t\t\t\t\t\t<li class=\"elementor-icon-list-item\">\n\t\t\t\t\t\t\t\t\t\t\t<a href=\"\/turismo\/14-iglesia-de-san-agustin\">\n\n\t\t\t\t\t\t\t\t\t\t\t\t<span class=\"elementor-icon-list-icon\">\n\t\t\t\t\t\t\t<i aria-hidden=\"true\" class=\"fas fa-map-marker-alt\"><\/i>\t\t\t\t\t\t<\/span>\n\t\t\t\t\t\t\t\t\t\t<span class=\"elementor-icon-list-text\">Ver Mapa<\/span>\n\t\t\t\t\t\t\t\t\t\t\t<\/a>\n\t\t\t\t\t\t\t\t\t<\/li>\n\t\t\t\t\t\t<\/ul>\n\t\t\t\t\t\t<\/div>\n\t\t\t\t<\/div>\n\t\t\t\t<div class=\"elementor-element elementor-element-7899d79 elementor-align-right elementor-widget elementor-widget-button\" data-id=\"7899d79\" data-element_type=\"widget\" data-e-type=\"widget\" data-widget_type=\"button.default\">\n\t\t\t\t<div class=\"elementor-widget-container\">\n\t\t\t\t\t\t\t\t\t<div class=\"elementor-button-wrapper\">\n\t\t\t\t\t<a class=\"elementor-button elementor-button-link elementor-size-sm\" href=\"\/turismo\/14-iglesia-de-san-agustin\">\n\t\t\t\t\t\t<span class=\"elementor-button-content-wrapper\">\n\t\t\t\t\t\t\t\t\t<span class=\"elementor-button-text\">Leer m\u00e1s<\/span>\n\t\t\t\t\t<\/span>\n\t\t\t\t\t<\/a>\n\t\t\t\t<\/div>\n\t\t\t\t\t\t\t\t<\/div>\n\t\t\t\t<\/div>\n\t\t\t\t\t<\/div>\n\t\t<\/div>\n\t\t\t\t<div class=\"elementor-column elementor-col-50 elementor-inner-column elementor-element elementor-element-38d6b02 custom__route-card custom__route-card-r\" data-id=\"38d6b02\" data-element_type=\"column\" data-e-type=\"column\">\n\t\t\t<div class=\"elementor-widget-wrap\">\n\t\t\t\t\t\t\t<\/div>\n\t\t<\/div>\n\t\t\t\t\t<\/div>\n\t\t<\/section>\n\t\t\t\t<div class=\"elementor-element elementor-element-41acbed elementor-widget elementor-widget-html\" data-id=\"41acbed\" data-element_type=\"widget\" data-e-type=\"widget\" data-widget_type=\"html.default\">\n\t\t\t\t<div class=\"elementor-widget-container\">\n\t\t\t\t\t<section id=\"custom__pagination-section\">\n    <div id=\"custom__pagination\">\n        <div class='custom__pagination-button back' onclick=\"firstPage()\">\n            <<\n        <\/div>\n        <div class='custom__pagination-button back' onclick=\"previousPage()\">\n            <\n        <\/div>\n        <div id=\"custom__pagination-numbers\"><\/div>\n        <div class='custom__pagination-button next' onclick=\"nextPage()\">\n            >\n        <\/div>\n        <div class='custom__pagination-button next' onclick=\"lastPage()\">\n            >>\n        <\/div>\n    <\/div>\n    <div id=\"custom__pagination-text\">\n        \n    <\/div>\n<\/section>\n    \n<script>\nlet page = 1;\nlet totalElements = 0;\nlet totalPages = 0;\nlet elements;\n\nwindow.addEventListener(\"load\", function(event) {\n    elements = document.getElementsByClassName('custom__route-card')\n    \n    totalElements = elements.length;\n\n    if(totalElements > 12){\n        createButtons(elements, totalElements);\n    }\n    \n    showButtons();\n    showItems();\n})\n\nfunction showItems(){\n    let firstItem = (page - 1) * 12;\n    let lastItem = firstItem + 11;\n    \n    for(let i = 0; i < elements.length; i++){\n        if(i < firstItem) elements[i].style.display = \"none\";\n        if(i > firstItem && i < lastItem) elements[i].style.display = \"block\";\n        if(i == firstItem || i == lastItem) elements[i].style.display = \"block\";\n        if(i > lastItem) elements[i].style.display = \"none\";\n    }\n}\n\nfunction firstPage(){\n    page = 1;\n    showButtons();\n    showItems();\n}\n\nfunction lastPage(){\n    page = totalPages;\n    showButtons();\n    showItems();\n}\n\nfunction previousPage(){\n    if(page != 1) page--;\n    showButtons();\n    showItems();\n}\n\n\nfunction nextPage(){\n    if(page != totalPages) page++;\n    showButtons();\n    showItems();\n}\n\nfunction showButtons(){\n    let back = document.getElementsByClassName('back')\n    let next = document.getElementsByClassName('next')\n    \n    if(totalElements < 12){\n        for(let i=0; i< back.length; i++){\n            back[i].style.display = 'none';\n        }\n        for(let i=0; i< next.length; i++){\n            next[i].style.display = 'none';\n        }\n    }\n    else{\n        if(page == 1){\n            for(let i=0; i< back.length; i++){\n                back[i].style.display = 'none';\n            }\n            \n            for(let i=0; i< next.length; i++){\n                next[i].style.display = 'block';\n            }\n        }\n        \n        if(page == totalPages){\n            for(let i=0; i< next.length; i++){\n                next[i].style.display = 'none';\n            }\n            \n            for(let i=0; i< back.length; i++){\n                back[i].style.display = 'block';\n            }\n        }\n    }\n    \n}\n\nfunction createButtons(elements, totalElements){\n    totalPages = Math.ceil(totalElements \/ 12);\n    for(let i = 1; i<=totalPages; i++){\n        document.getElementById('custom__pagination-numbers').innerHTML += \"<div class='custom__pagination-button' onclick='goToPage(\" + i + \")'>\" + i + \"<\/div>\"\n        \n    }\n    \n    document.getElementById('custom__pagination-text').innerHTML += \"P\u00e1gina \" + page + \" de \" + totalPages;\n}\n\nfunction goToPage(pageSelected){\n    page = pageSelected;\n    showButtons()\n    showItems();\n}\n    \n<\/script>\t\t\t\t<\/div>\n\t\t\t\t<\/div>\n\t\t\t\t\t<\/div>\n\t\t<\/div>\n\t\t\t\t\t<\/div>\n\t\t<\/section>\n\t\t\t\t<\/div>\n\t\t","protected":false},"excerpt":{"rendered":"<p>DESCUBRE LA OROTAVA Descubre su Conjunto Hist\u00f3rico a Pie Descubre su Conjunto Hist\u00f3rico a Pie 01.PALACIO MUNICIPAL &#8211; AYUNTAMIENTO Ver Mapa Leer m\u00e1s 04. IGLESIA DE LA CONCEPCI\u00d3N &#8211; MUSEO DE ARTE SACRO (7 SALAS EXPOSITIVAS) Ver Mapa Leer m\u00e1s 10, 11 Y 12. CASA DE LOS BALCONES \/ CENTRO DE ARTE EF\u00cdMERO &#8220;ALFOMBRAS DE LA OROTAVA&#8221; E INMUEBLES PR\u00d3XIMOS. Ver Mapa Leer m\u00e1s 16. RUTA DE LOS ANTIGUOS MOLINOS DE AGUA Ver Mapa Leer m\u00e1s 17. IGLESIA DE SAN JUAN BAUTISTA Ver Mapa Leer m\u00e1s 21. JARDINES VICTORIA \/ MAUSOLEO MAS\u00d3NICO \/ PANTE\u00d3N DE LA QUINTA ROJA Ver Mapa Leer m\u00e1s 22. LICEO DE TAORO Ver Mapa Leer m\u00e1s 23. IGLESIA DE SAN AGUST\u00cdN Y CASA DE LA CULTURA Ver Mapa Leer m\u00e1s 34 Y 35. IGLESIA DE SANTO DOMINGO \/ MUSEO DE ARTESAN\u00cdA IBEROAMERICANA (MAIT) Ver Mapa Leer m\u00e1s 36. CASA TORRE HERMOSA Ver Mapa Leer m\u00e1s 42. ERMITA DEL CALVARIO Ver Mapa Leer m\u00e1s 43. CENTRO DE VISITANTES DEL PARQUE NACIONAL DEL TEIDE \u201cTELESFORO BRAVO\u201d Ver Mapa Leer m\u00e1s 45. HIJUELA DEL JARD\u00cdN BOT\u00c1NICO Ver Mapa Leer m\u00e1s 53. PARQUE CULTURAL DO\u00d1A CHANA Ver Mapa Leer m\u00e1s IGLESIA SAN AGUST\u00cdN Ver Mapa Leer m\u00e1s >><\/p>\n","protected":false},"author":3,"featured_media":0,"parent":0,"menu_order":0,"comment_status":"closed","ping_status":"closed","template":"","meta":{"_acf_changed":false,"ocean_post_layout":"","ocean_both_sidebars_style":"","ocean_both_sidebars_content_width":0,"ocean_both_sidebars_sidebars_width":0,"ocean_sidebar":"0","ocean_second_sidebar":"0","ocean_disable_margins":"enable","ocean_add_body_class":"","ocean_shortcode_before_top_bar":"","ocean_shortcode_after_top_bar":"","ocean_shortcode_before_header":"","ocean_shortcode_after_header":"","ocean_has_shortcode":"","ocean_shortcode_after_title":"","ocean_shortcode_before_footer_widgets":"","ocean_shortcode_after_footer_widgets":"","ocean_shortcode_before_footer_bottom":"","ocean_shortcode_after_footer_bottom":"","ocean_display_top_bar":"default","ocean_display_header":"default","ocean_header_style":"","ocean_center_header_left_menu":"0","ocean_custom_header_template":"0","ocean_custom_logo":0,"ocean_custom_retina_logo":0,"ocean_custom_logo_max_width":0,"ocean_custom_logo_tablet_max_width":0,"ocean_custom_logo_mobile_max_width":0,"ocean_custom_logo_max_height":0,"ocean_custom_logo_tablet_max_height":0,"ocean_custom_logo_mobile_max_height":0,"ocean_header_custom_menu":"0","ocean_menu_typo_font_family":"0","ocean_menu_typo_font_subset":"","ocean_menu_typo_font_size":0,"ocean_menu_typo_font_size_tablet":0,"ocean_menu_typo_font_size_mobile":0,"ocean_menu_typo_font_size_unit":"px","ocean_menu_typo_font_weight":"","ocean_menu_typo_font_weight_tablet":"","ocean_menu_typo_font_weight_mobile":"","ocean_menu_typo_transform":"","ocean_menu_typo_transform_tablet":"","ocean_menu_typo_transform_mobile":"","ocean_menu_typo_line_height":0,"ocean_menu_typo_line_height_tablet":0,"ocean_menu_typo_line_height_mobile":0,"ocean_menu_typo_line_height_unit":"","ocean_menu_typo_spacing":0,"ocean_menu_typo_spacing_tablet":0,"ocean_menu_typo_spacing_mobile":0,"ocean_menu_typo_spacing_unit":"","ocean_menu_link_color":"","ocean_menu_link_color_hover":"","ocean_menu_link_color_active":"","ocean_menu_link_background":"","ocean_menu_link_hover_background":"","ocean_menu_link_active_background":"","ocean_menu_social_links_bg":"","ocean_menu_social_hover_links_bg":"","ocean_menu_social_links_color":"","ocean_menu_social_hover_links_color":"","ocean_disable_title":"default","ocean_disable_heading":"on","ocean_post_title":"","ocean_post_subheading":"","ocean_post_title_style":"","ocean_post_title_background_color":"","ocean_post_title_background":0,"ocean_post_title_bg_image_position":"","ocean_post_title_bg_image_attachment":"","ocean_post_title_bg_image_repeat":"","ocean_post_title_bg_image_size":"","ocean_post_title_height":0,"ocean_post_title_bg_overlay":0.5,"ocean_post_title_bg_overlay_color":"","ocean_disable_breadcrumbs":"default","ocean_breadcrumbs_color":"","ocean_breadcrumbs_separator_color":"","ocean_breadcrumbs_links_color":"","ocean_breadcrumbs_links_hover_color":"","ocean_display_footer_widgets":"default","ocean_display_footer_bottom":"default","ocean_custom_footer_template":"0","footnotes":""},"class_list":["post-1002503","page","type-page","status-publish","hentry","entry"],"acf":[],"yoast_head":"<!-- This site is optimized with the Yoast SEO plugin v27.2 - https:\/\/yoast.com\/product\/yoast-seo-wordpress\/ -->\n<title>Descubre su Conjunto Hist\u00f3rico a Pie - Web de Turismo del Ayuntamiento de La Orotava<\/title>\n<meta name=\"robots\" content=\"index, follow, max-snippet:-1, max-image-preview:large, max-video-preview:-1\" \/>\n<link rel=\"canonical\" href=\"https:\/\/www.laorotava.es\/turismo\/descubre-su-conjunto-historico-a-pie\/\" \/>\n<meta property=\"og:locale\" content=\"es_ES\" \/>\n<meta property=\"og:type\" content=\"article\" \/>\n<meta property=\"og:title\" content=\"Descubre su Conjunto Hist\u00f3rico a Pie - Web de Turismo del Ayuntamiento de La Orotava\" \/>\n<meta property=\"og:description\" content=\"DESCUBRE LA OROTAVA Descubre su Conjunto Hist\u00f3rico a Pie Descubre su Conjunto Hist\u00f3rico a Pie 01.PALACIO MUNICIPAL &#8211; AYUNTAMIENTO Ver Mapa Leer m\u00e1s 04. IGLESIA DE LA CONCEPCI\u00d3N &#8211; MUSEO DE ARTE SACRO (7 SALAS EXPOSITIVAS) Ver Mapa Leer m\u00e1s 10, 11 Y 12. CASA DE LOS BALCONES \/ CENTRO DE ARTE EF\u00cdMERO &#8220;ALFOMBRAS DE LA OROTAVA&#8221; E INMUEBLES PR\u00d3XIMOS. Ver Mapa Leer m\u00e1s 16. RUTA DE LOS ANTIGUOS MOLINOS DE AGUA Ver Mapa Leer m\u00e1s 17. IGLESIA DE SAN JUAN BAUTISTA Ver Mapa Leer m\u00e1s 21. JARDINES VICTORIA \/ MAUSOLEO MAS\u00d3NICO \/ PANTE\u00d3N DE LA QUINTA ROJA Ver Mapa Leer m\u00e1s 22. LICEO DE TAORO Ver Mapa Leer m\u00e1s 23. IGLESIA DE SAN AGUST\u00cdN Y CASA DE LA CULTURA Ver Mapa Leer m\u00e1s 34 Y 35. IGLESIA DE SANTO DOMINGO \/ MUSEO DE ARTESAN\u00cdA IBEROAMERICANA (MAIT) Ver Mapa Leer m\u00e1s 36. CASA TORRE HERMOSA Ver Mapa Leer m\u00e1s 42. ERMITA DEL CALVARIO Ver Mapa Leer m\u00e1s 43. CENTRO DE VISITANTES DEL PARQUE NACIONAL DEL TEIDE \u201cTELESFORO BRAVO\u201d Ver Mapa Leer m\u00e1s 45. HIJUELA DEL JARD\u00cdN BOT\u00c1NICO Ver Mapa Leer m\u00e1s 53. PARQUE CULTURAL DO\u00d1A CHANA Ver Mapa Leer m\u00e1s IGLESIA SAN AGUST\u00cdN Ver Mapa Leer m\u00e1s &gt;&gt;\" \/>\n<meta property=\"og:url\" content=\"https:\/\/www.laorotava.es\/turismo\/descubre-su-conjunto-historico-a-pie\/\" \/>\n<meta property=\"og:site_name\" content=\"Web de Turismo del Ayuntamiento de La Orotava\" \/>\n<meta property=\"article:publisher\" content=\"https:\/\/www.facebook.com\/TurismoLaOrotava\/\" \/>\n<meta property=\"article:modified_time\" content=\"2023-03-17T12:30:38+00:00\" \/>\n<meta property=\"og:image\" content=\"https:\/\/www-pre.laorotava.es\/turismo\/wp-content\/uploads\/2017\/07\/captura_de_pantalla_2017-07-20_a_las_10.41.11.png\" \/>\n<meta name=\"twitter:card\" content=\"summary_large_image\" \/>\n<meta name=\"twitter:site\" content=\"@LaOrotava\" \/>\n<meta name=\"twitter:label1\" content=\"Tiempo de lectura\" \/>\n\t<meta name=\"twitter:data1\" content=\"1 minuto\" \/>\n<script type=\"application\/ld+json\" class=\"yoast-schema-graph\">{\"@context\":\"https:\/\/schema.org\",\"@graph\":[{\"@type\":\"WebPage\",\"@id\":\"https:\/\/www.laorotava.es\/turismo\/descubre-su-conjunto-historico-a-pie\/\",\"url\":\"https:\/\/www.laorotava.es\/turismo\/descubre-su-conjunto-historico-a-pie\/\",\"name\":\"Descubre su Conjunto Hist\u00f3rico a Pie - Web de Turismo del Ayuntamiento de La Orotava\",\"isPartOf\":{\"@id\":\"https:\/\/www.laorotava.es\/turismo\/#website\"},\"primaryImageOfPage\":{\"@id\":\"https:\/\/www.laorotava.es\/turismo\/descubre-su-conjunto-historico-a-pie\/#primaryimage\"},\"image\":{\"@id\":\"https:\/\/www.laorotava.es\/turismo\/descubre-su-conjunto-historico-a-pie\/#primaryimage\"},\"thumbnailUrl\":\"https:\/\/www.laorotava.es\/turismo\/wp-content\/uploads\/2017\/07\/captura_de_pantalla_2017-07-20_a_las_10.41.11.png\",\"datePublished\":\"2022-08-09T07:29:34+00:00\",\"dateModified\":\"2023-03-17T12:30:38+00:00\",\"breadcrumb\":{\"@id\":\"https:\/\/www.laorotava.es\/turismo\/descubre-su-conjunto-historico-a-pie\/#breadcrumb\"},\"inLanguage\":\"es\",\"potentialAction\":[{\"@type\":\"ReadAction\",\"target\":[\"https:\/\/www.laorotava.es\/turismo\/descubre-su-conjunto-historico-a-pie\/\"]}]},{\"@type\":\"ImageObject\",\"inLanguage\":\"es\",\"@id\":\"https:\/\/www.laorotava.es\/turismo\/descubre-su-conjunto-historico-a-pie\/#primaryimage\",\"url\":\"https:\/\/www.laorotava.es\/turismo\/wp-content\/uploads\/2017\/07\/captura_de_pantalla_2017-07-20_a_las_10.41.11.png\",\"contentUrl\":\"https:\/\/www.laorotava.es\/turismo\/wp-content\/uploads\/2017\/07\/captura_de_pantalla_2017-07-20_a_las_10.41.11.png\",\"width\":878,\"height\":581,\"caption\":\"captura_de_pantalla_2017-07-20_a_las_10\"},{\"@type\":\"BreadcrumbList\",\"@id\":\"https:\/\/www.laorotava.es\/turismo\/descubre-su-conjunto-historico-a-pie\/#breadcrumb\",\"itemListElement\":[{\"@type\":\"ListItem\",\"position\":1,\"name\":\"Portada\",\"item\":\"https:\/\/www.laorotava.es\/turismo\/\"},{\"@type\":\"ListItem\",\"position\":2,\"name\":\"Descubre su Conjunto Hist\u00f3rico a Pie\"}]},{\"@type\":\"WebSite\",\"@id\":\"https:\/\/www.laorotava.es\/turismo\/#website\",\"url\":\"https:\/\/www.laorotava.es\/turismo\/\",\"name\":\"Web de Turismo del Ayuntamiento de La Orotava\",\"description\":\"\",\"publisher\":{\"@id\":\"https:\/\/www.laorotava.es\/turismo\/#organization\"},\"potentialAction\":[{\"@type\":\"SearchAction\",\"target\":{\"@type\":\"EntryPoint\",\"urlTemplate\":\"https:\/\/www.laorotava.es\/turismo\/?s={search_term_string}\"},\"query-input\":{\"@type\":\"PropertyValueSpecification\",\"valueRequired\":true,\"valueName\":\"search_term_string\"}}],\"inLanguage\":\"es\"},{\"@type\":\"Organization\",\"@id\":\"https:\/\/www.laorotava.es\/turismo\/#organization\",\"name\":\"Ayuntamiento de La Orotava\",\"url\":\"https:\/\/www.laorotava.es\/turismo\/\",\"logo\":{\"@type\":\"ImageObject\",\"inLanguage\":\"es\",\"@id\":\"https:\/\/www.laorotava.es\/turismo\/#\/schema\/logo\/image\/\",\"url\":\"https:\/\/www.laorotava.es\/turismo\/wp-content\/uploads\/2022\/08\/logo.png\",\"contentUrl\":\"https:\/\/www.laorotava.es\/turismo\/wp-content\/uploads\/2022\/08\/logo.png\",\"width\":1195,\"height\":180,\"caption\":\"Ayuntamiento de La Orotava\"},\"image\":{\"@id\":\"https:\/\/www.laorotava.es\/turismo\/#\/schema\/logo\/image\/\"},\"sameAs\":[\"https:\/\/www.facebook.com\/TurismoLaOrotava\/\",\"https:\/\/x.com\/LaOrotava\"]}]}<\/script>\n<!-- \/ Yoast SEO plugin. -->","yoast_head_json":{"title":"Descubre su Conjunto Hist\u00f3rico a Pie - Web de Turismo del Ayuntamiento de La Orotava","robots":{"index":"index","follow":"follow","max-snippet":"max-snippet:-1","max-image-preview":"max-image-preview:large","max-video-preview":"max-video-preview:-1"},"canonical":"https:\/\/www.laorotava.es\/turismo\/descubre-su-conjunto-historico-a-pie\/","og_locale":"es_ES","og_type":"article","og_title":"Descubre su Conjunto Hist\u00f3rico a Pie - Web de Turismo del Ayuntamiento de La Orotava","og_description":"DESCUBRE LA OROTAVA Descubre su Conjunto Hist\u00f3rico a Pie Descubre su Conjunto Hist\u00f3rico a Pie 01.PALACIO MUNICIPAL &#8211; AYUNTAMIENTO Ver Mapa Leer m\u00e1s 04. IGLESIA DE LA CONCEPCI\u00d3N &#8211; MUSEO DE ARTE SACRO (7 SALAS EXPOSITIVAS) Ver Mapa Leer m\u00e1s 10, 11 Y 12. CASA DE LOS BALCONES \/ CENTRO DE ARTE EF\u00cdMERO &#8220;ALFOMBRAS DE LA OROTAVA&#8221; E INMUEBLES PR\u00d3XIMOS. Ver Mapa Leer m\u00e1s 16. RUTA DE LOS ANTIGUOS MOLINOS DE AGUA Ver Mapa Leer m\u00e1s 17. IGLESIA DE SAN JUAN BAUTISTA Ver Mapa Leer m\u00e1s 21. JARDINES VICTORIA \/ MAUSOLEO MAS\u00d3NICO \/ PANTE\u00d3N DE LA QUINTA ROJA Ver Mapa Leer m\u00e1s 22. LICEO DE TAORO Ver Mapa Leer m\u00e1s 23. IGLESIA DE SAN AGUST\u00cdN Y CASA DE LA CULTURA Ver Mapa Leer m\u00e1s 34 Y 35. IGLESIA DE SANTO DOMINGO \/ MUSEO DE ARTESAN\u00cdA IBEROAMERICANA (MAIT) Ver Mapa Leer m\u00e1s 36. CASA TORRE HERMOSA Ver Mapa Leer m\u00e1s 42. ERMITA DEL CALVARIO Ver Mapa Leer m\u00e1s 43. CENTRO DE VISITANTES DEL PARQUE NACIONAL DEL TEIDE \u201cTELESFORO BRAVO\u201d Ver Mapa Leer m\u00e1s 45. HIJUELA DEL JARD\u00cdN BOT\u00c1NICO Ver Mapa Leer m\u00e1s 53. PARQUE CULTURAL DO\u00d1A CHANA Ver Mapa Leer m\u00e1s IGLESIA SAN AGUST\u00cdN Ver Mapa Leer m\u00e1s >>","og_url":"https:\/\/www.laorotava.es\/turismo\/descubre-su-conjunto-historico-a-pie\/","og_site_name":"Web de Turismo del Ayuntamiento de La Orotava","article_publisher":"https:\/\/www.facebook.com\/TurismoLaOrotava\/","article_modified_time":"2023-03-17T12:30:38+00:00","og_image":[{"url":"https:\/\/www-pre.laorotava.es\/turismo\/wp-content\/uploads\/2017\/07\/captura_de_pantalla_2017-07-20_a_las_10.41.11.png","type":"","width":"","height":""}],"twitter_card":"summary_large_image","twitter_site":"@LaOrotava","twitter_misc":{"Tiempo de lectura":"1 minuto"},"schema":{"@context":"https:\/\/schema.org","@graph":[{"@type":"WebPage","@id":"https:\/\/www.laorotava.es\/turismo\/descubre-su-conjunto-historico-a-pie\/","url":"https:\/\/www.laorotava.es\/turismo\/descubre-su-conjunto-historico-a-pie\/","name":"Descubre su Conjunto Hist\u00f3rico a Pie - Web de Turismo del Ayuntamiento de La Orotava","isPartOf":{"@id":"https:\/\/www.laorotava.es\/turismo\/#website"},"primaryImageOfPage":{"@id":"https:\/\/www.laorotava.es\/turismo\/descubre-su-conjunto-historico-a-pie\/#primaryimage"},"image":{"@id":"https:\/\/www.laorotava.es\/turismo\/descubre-su-conjunto-historico-a-pie\/#primaryimage"},"thumbnailUrl":"https:\/\/www.laorotava.es\/turismo\/wp-content\/uploads\/2017\/07\/captura_de_pantalla_2017-07-20_a_las_10.41.11.png","datePublished":"2022-08-09T07:29:34+00:00","dateModified":"2023-03-17T12:30:38+00:00","breadcrumb":{"@id":"https:\/\/www.laorotava.es\/turismo\/descubre-su-conjunto-historico-a-pie\/#breadcrumb"},"inLanguage":"es","potentialAction":[{"@type":"ReadAction","target":["https:\/\/www.laorotava.es\/turismo\/descubre-su-conjunto-historico-a-pie\/"]}]},{"@type":"ImageObject","inLanguage":"es","@id":"https:\/\/www.laorotava.es\/turismo\/descubre-su-conjunto-historico-a-pie\/#primaryimage","url":"https:\/\/www.laorotava.es\/turismo\/wp-content\/uploads\/2017\/07\/captura_de_pantalla_2017-07-20_a_las_10.41.11.png","contentUrl":"https:\/\/www.laorotava.es\/turismo\/wp-content\/uploads\/2017\/07\/captura_de_pantalla_2017-07-20_a_las_10.41.11.png","width":878,"height":581,"caption":"captura_de_pantalla_2017-07-20_a_las_10"},{"@type":"BreadcrumbList","@id":"https:\/\/www.laorotava.es\/turismo\/descubre-su-conjunto-historico-a-pie\/#breadcrumb","itemListElement":[{"@type":"ListItem","position":1,"name":"Portada","item":"https:\/\/www.laorotava.es\/turismo\/"},{"@type":"ListItem","position":2,"name":"Descubre su Conjunto Hist\u00f3rico a Pie"}]},{"@type":"WebSite","@id":"https:\/\/www.laorotava.es\/turismo\/#website","url":"https:\/\/www.laorotava.es\/turismo\/","name":"Web de Turismo del Ayuntamiento de La Orotava","description":"","publisher":{"@id":"https:\/\/www.laorotava.es\/turismo\/#organization"},"potentialAction":[{"@type":"SearchAction","target":{"@type":"EntryPoint","urlTemplate":"https:\/\/www.laorotava.es\/turismo\/?s={search_term_string}"},"query-input":{"@type":"PropertyValueSpecification","valueRequired":true,"valueName":"search_term_string"}}],"inLanguage":"es"},{"@type":"Organization","@id":"https:\/\/www.laorotava.es\/turismo\/#organization","name":"Ayuntamiento de La Orotava","url":"https:\/\/www.laorotava.es\/turismo\/","logo":{"@type":"ImageObject","inLanguage":"es","@id":"https:\/\/www.laorotava.es\/turismo\/#\/schema\/logo\/image\/","url":"https:\/\/www.laorotava.es\/turismo\/wp-content\/uploads\/2022\/08\/logo.png","contentUrl":"https:\/\/www.laorotava.es\/turismo\/wp-content\/uploads\/2022\/08\/logo.png","width":1195,"height":180,"caption":"Ayuntamiento de La Orotava"},"image":{"@id":"https:\/\/www.laorotava.es\/turismo\/#\/schema\/logo\/image\/"},"sameAs":["https:\/\/www.facebook.com\/TurismoLaOrotava\/","https:\/\/x.com\/LaOrotava"]}]}},"_links":{"self":[{"href":"https:\/\/www.laorotava.es\/turismo\/wp-json\/wp\/v2\/pages\/1002503","targetHints":{"allow":["GET"]}}],"collection":[{"href":"https:\/\/www.laorotava.es\/turismo\/wp-json\/wp\/v2\/pages"}],"about":[{"href":"https:\/\/www.laorotava.es\/turismo\/wp-json\/wp\/v2\/types\/page"}],"author":[{"embeddable":true,"href":"https:\/\/www.laorotava.es\/turismo\/wp-json\/wp\/v2\/users\/3"}],"replies":[{"embeddable":true,"href":"https:\/\/www.laorotava.es\/turismo\/wp-json\/wp\/v2\/comments?post=1002503"}],"version-history":[{"count":24,"href":"https:\/\/www.laorotava.es\/turismo\/wp-json\/wp\/v2\/pages\/1002503\/revisions"}],"predecessor-version":[{"id":1016286,"href":"https:\/\/www.laorotava.es\/turismo\/wp-json\/wp\/v2\/pages\/1002503\/revisions\/1016286"}],"wp:attachment":[{"href":"https:\/\/www.laorotava.es\/turismo\/wp-json\/wp\/v2\/media?parent=1002503"}],"curies":[{"name":"wp","href":"https:\/\/api.w.org\/{rel}","templated":true}]}}