{"id":1006055,"date":"2022-08-22T09:53:18","date_gmt":"2022-08-22T09:53:18","guid":{"rendered":"https:\/\/www.laorotava.es\/turismo\/?page_id=1006055"},"modified":"2023-06-21T12:47:22","modified_gmt":"2023-06-21T12:47:22","slug":"tradiciones-y-fiestas","status":"publish","type":"page","link":"https:\/\/www.laorotava.es\/turismo\/tradiciones-y-fiestas\/","title":{"rendered":"Tradiciones y Fiestas"},"content":{"rendered":"\t\t<div data-elementor-type=\"wp-page\" data-elementor-id=\"1006055\" class=\"elementor elementor-1006055\">\n\t\t\t\t\t\t<section class=\"elementor-section elementor-top-section elementor-element elementor-element-5f099515 elementor-section-stretched elementor-section-boxed elementor-section-height-default elementor-section-height-default wpr-particle-no wpr-jarallax-no wpr-parallax-no wpr-sticky-section-no\" data-id=\"5f099515\" data-element_type=\"section\" data-e-type=\"section\" data-settings=\"{&quot;stretch_section&quot;:&quot;section-stretched&quot;}\">\n\t\t\t\t\t\t<div class=\"elementor-container elementor-column-gap-default\">\n\t\t\t\t\t<div class=\"elementor-column elementor-col-50 elementor-top-column elementor-element elementor-element-258b3360 custom__sidebar-menu\" data-id=\"258b3360\" data-element_type=\"column\" data-e-type=\"column\" data-settings=\"{&quot;background_background&quot;:&quot;classic&quot;}\">\n\t\t\t<div class=\"elementor-widget-wrap elementor-element-populated\">\n\t\t\t\t\t\t<div class=\"elementor-element elementor-element-2e440be0 elementor-widget elementor-widget-heading\" data-id=\"2e440be0\" data-element_type=\"widget\" data-e-type=\"widget\" data-widget_type=\"heading.default\">\n\t\t\t\t<div class=\"elementor-widget-container\">\n\t\t\t\t\t<h2 class=\"elementor-heading-title elementor-size-default\">DESCUBRE LA OROTAVA<\/h2>\t\t\t\t<\/div>\n\t\t\t\t<\/div>\n\t\t\t\t<div class=\"elementor-element elementor-element-15aa609f elementor-widget elementor-widget-shortcode\" data-id=\"15aa609f\" data-element_type=\"widget\" data-e-type=\"widget\" data-widget_type=\"shortcode.default\">\n\t\t\t\t<div class=\"elementor-widget-container\">\n\t\t\t\t\t\t\t<div class=\"elementor-shortcode\"><button class=\"bellows-menu-toggle bellows-menu-toggle-skin-none\" aria-controls=\"bellows-main-4663\"><i class=\"fa fa-bars\"><\/i> <span class=\"bellows-menu-toggle-text\">Menu<\/span><\/button><nav id=\"bellows-main-4663\" class=\"bellows bellows-nojs bellows-main bellows-source-menu bellows-align-full bellows-skin-none bellows-type- bellows-expand-current bellows-mobile-collapse\"><ul id=\"menu-descubre-la-orotava\" class=\"bellows-nav\" data-bellows-config=\"main\"><li id=\"menu-item-1002879\" class=\"bellows-menu-item bellows-menu-item-type-post_type bellows-menu-item-object-page bellows-menu-item-1002879 bellows-item-level-0\"><a  href=\"https:\/\/www.laorotava.es\/turismo\/descubre-su-conjunto-historico-a-pie\/\" class=\"bellows-target\"><span class=\"bellows-target-title bellows-target-text\">Descubre su Conjunto Hist\u00f3rico a Pie<\/span><\/a><\/li>\n<li id=\"menu-item-1001249\" class=\"bellows-menu-item bellows-menu-item-type-post_type bellows-menu-item-object-page bellows-menu-item-1001249 bellows-item-level-0\"><a  href=\"https:\/\/www.laorotava.es\/turismo\/conoce-su-historia\/\" class=\"bellows-target\"><span class=\"bellows-target-title bellows-target-text\">Conoce su historia<\/span><\/a><\/li>\n<li id=\"menu-item-1004513\" class=\"bellows-menu-item bellows-menu-item-type-custom bellows-menu-item-object-custom bellows-menu-item-has-children bellows-menu-item-1004513 bellows-item-level-0\"><a  href=\"#\" class=\"bellows-target\"><span class=\"bellows-target-title bellows-target-text\">Naturaleza y Senderismo<\/span><button class=\"bellows-subtoggle\" aria-label=\"Toggle Submenu\"><i class=\"bellows-subtoggle-icon-expand fa fa-chevron-down\"><\/i><i class=\"bellows-subtoggle-icon-collapse fa fa-chevron-up\"><\/i><\/button><\/a>\n<ul class=\"bellows-submenu\">\n\t<li id=\"menu-item-1004515\" class=\"bellows-menu-item bellows-menu-item-type-post_type bellows-menu-item-object-page bellows-menu-item-1004515 bellows-item-level-1\"><a  href=\"https:\/\/www.laorotava.es\/turismo\/naturaleza-y-senderismo\/\" class=\"bellows-target\"><span class=\"bellows-target-title bellows-target-text\">Naturaleza y senderismo<\/span><\/a><\/li>\n\t<li id=\"menu-item-1004517\" class=\"bellows-menu-item bellows-menu-item-type-post_type bellows-menu-item-object-page bellows-menu-item-1004517 bellows-item-level-1\"><a  href=\"https:\/\/www.laorotava.es\/turismo\/senderos-recomendados\/\" class=\"bellows-target\"><span class=\"bellows-target-title bellows-target-text\">Senderos Recomendados<\/span><\/a><\/li>\n\t<li id=\"menu-item-1004519\" class=\"bellows-menu-item bellows-menu-item-type-post_type bellows-menu-item-object-page bellows-menu-item-1004519 bellows-item-level-1\"><a  href=\"https:\/\/www.laorotava.es\/turismo\/litoral-costero\/\" class=\"bellows-target\"><span class=\"bellows-target-title bellows-target-text\">Costas y playas<\/span><\/a><\/li>\n\t<li id=\"menu-item-1004521\" class=\"bellows-menu-item bellows-menu-item-type-post_type bellows-menu-item-object-page bellows-menu-item-1004521 bellows-item-level-1\"><a  href=\"https:\/\/www.laorotava.es\/turismo\/medianias\/\" class=\"bellows-target\"><span class=\"bellows-target-title bellows-target-text\">Median\u00edas<\/span><\/a><\/li>\n\t<li id=\"menu-item-1004523\" class=\"bellows-menu-item bellows-menu-item-type-post_type bellows-menu-item-object-page bellows-menu-item-1004523 bellows-item-level-1\"><a  href=\"https:\/\/www.laorotava.es\/turismo\/salitre-almagre-y-azufre\/\" class=\"bellows-target\"><span class=\"bellows-target-title bellows-target-text\">Salitre Almagre y Azufre<\/span><\/a><\/li>\n\t<li id=\"menu-item-1021138\" class=\"bellows-menu-item bellows-menu-item-type-post_type bellows-menu-item-object-page bellows-menu-item-1021138 bellows-item-level-1\"><a  href=\"https:\/\/www.laorotava.es\/turismo\/arboles-emblematicos-de-la-orotava\/\" class=\"bellows-target\"><span class=\"bellows-target-title bellows-target-text\">\u00c1rboles Emblem\u00e1ticos de La Orotava<\/span><\/a><\/li>\n\t<li id=\"menu-item-1004531\" class=\"bellows-menu-item bellows-menu-item-type-post_type bellows-menu-item-object-page bellows-menu-item-1004531 bellows-item-level-1\"><a  href=\"https:\/\/www.laorotava.es\/turismo\/parque-natural-de-la-corona-forestal\/\" class=\"bellows-target\"><span class=\"bellows-target-title bellows-target-text\">Parque Natural de la Corona Forestal<\/span><\/a><\/li>\n\t<li id=\"menu-item-1004525\" class=\"bellows-menu-item bellows-menu-item-type-post_type bellows-menu-item-object-page bellows-menu-item-1004525 bellows-item-level-1\"><a  href=\"https:\/\/www.laorotava.es\/turismo\/parque-nacional-del-teide\/\" class=\"bellows-target\"><span class=\"bellows-target-title bellows-target-text\">Parque Nacional del Teide, Patrimonio Mundial UNESCO<\/span><\/a><\/li>\n\t<li id=\"menu-item-1004527\" class=\"bellows-menu-item bellows-menu-item-type-post_type bellows-menu-item-object-page bellows-menu-item-1004527 bellows-item-level-1\"><a  href=\"https:\/\/www.laorotava.es\/turismo\/acampada-y-areas-recreativas\/\" class=\"bellows-target\"><span class=\"bellows-target-title bellows-target-text\">Acampada y \u00c1reas Recreativas<\/span><\/a><\/li>\n\t<li id=\"menu-item-1004529\" class=\"bellows-menu-item bellows-menu-item-type-post_type bellows-menu-item-object-page bellows-menu-item-1004529 bellows-item-level-1\"><a  href=\"https:\/\/www.laorotava.es\/turismo\/otras-actividades-deportivas\/\" class=\"bellows-target\"><span class=\"bellows-target-title bellows-target-text\">Otras Actividades Deportivas<\/span><\/a><\/li>\n<\/ul>\n<\/li>\n<li id=\"menu-item-1007171\" class=\"bellows-menu-item bellows-menu-item-type-custom bellows-menu-item-object-custom bellows-menu-item-has-children bellows-menu-item-1007171 bellows-item-level-0\"><a  href=\"#\" class=\"bellows-target\"><span class=\"bellows-target-title bellows-target-text\">Playas<\/span><button class=\"bellows-subtoggle\" aria-label=\"Toggle Submenu\"><i class=\"bellows-subtoggle-icon-expand fa fa-chevron-down\"><\/i><i class=\"bellows-subtoggle-icon-collapse fa fa-chevron-up\"><\/i><\/button><\/a>\n<ul class=\"bellows-submenu\">\n\t<li id=\"menu-item-1007169\" class=\"bellows-menu-item bellows-menu-item-type-post_type bellows-menu-item-object-page bellows-menu-item-1007169 bellows-item-level-1\"><a  href=\"https:\/\/www.laorotava.es\/turismo\/playas\/\" class=\"bellows-target\"><span class=\"bellows-target-title bellows-target-text\">Playas<\/span><\/a><\/li>\n\t<li id=\"menu-item-1007167\" class=\"bellows-menu-item bellows-menu-item-type-post_type bellows-menu-item-object-page bellows-menu-item-1007167 bellows-item-level-1\"><a  href=\"https:\/\/www.laorotava.es\/turismo\/prevision-meteorologica-para-hoy-en-playa-el-bollullo\/\" class=\"bellows-target\"><span class=\"bellows-target-title bellows-target-text\">Previsi\u00f3n meteorol\u00f3gica para hoy en Playa El Bollullo<\/span><\/a><\/li>\n<\/ul>\n<\/li>\n<li id=\"menu-item-1007185\" class=\"bellows-menu-item bellows-menu-item-type-custom bellows-menu-item-object-custom bellows-menu-item-has-children bellows-menu-item-1007185 bellows-item-level-0\"><a  href=\"#\" class=\"bellows-target\"><span class=\"bellows-target-title bellows-target-text\">Cultura y Ocio<\/span><button class=\"bellows-subtoggle\" aria-label=\"Toggle Submenu\"><i class=\"bellows-subtoggle-icon-expand fa fa-chevron-down\"><\/i><i class=\"bellows-subtoggle-icon-collapse fa fa-chevron-up\"><\/i><\/button><\/a>\n<ul class=\"bellows-submenu\">\n\t<li id=\"menu-item-1016028\" class=\"bellows-menu-item bellows-menu-item-type-custom bellows-menu-item-object-custom bellows-menu-item-1016028 bellows-item-level-1\"><a  target=\"_blank\" href=\"https:\/\/www.laorotava.es\/es\/agenda\" class=\"bellows-target\"><span class=\"bellows-target-title bellows-target-text\">Eventos<\/span><\/a><\/li>\n\t<li id=\"menu-item-1007191\" class=\"bellows-menu-item bellows-menu-item-type-post_type bellows-menu-item-object-page bellows-menu-item-1007191 bellows-item-level-1\"><a  href=\"https:\/\/www.laorotava.es\/turismo\/espacios-culturales\/\" class=\"bellows-target\"><span class=\"bellows-target-title bellows-target-text\">Espacios Culturales<\/span><\/a><\/li>\n\t<li id=\"menu-item-1012565\" class=\"bellows-menu-item bellows-menu-item-type-post_type bellows-menu-item-object-page bellows-menu-item-1012565 bellows-item-level-1\"><a  href=\"https:\/\/www.laorotava.es\/turismo\/ir-de-compras\/\" class=\"bellows-target\"><span class=\"bellows-target-title bellows-target-text\">Ir de Compras<\/span><\/a><\/li>\n\t<li id=\"menu-item-1007193\" class=\"bellows-menu-item bellows-menu-item-type-post_type bellows-menu-item-object-page bellows-menu-item-1007193 bellows-item-level-1\"><a  href=\"https:\/\/www.laorotava.es\/turismo\/la-artesania-en-la-villa-de-la-orotava\/\" class=\"bellows-target\"><span class=\"bellows-target-title bellows-target-text\">La Artesan\u00eda en la Villa de La Orotava<\/span><\/a><\/li>\n<\/ul>\n<\/li>\n<li id=\"menu-item-1007195\" class=\"bellows-menu-item bellows-menu-item-type-post_type bellows-menu-item-object-page bellows-menu-item-1007195 bellows-item-level-0\"><a  href=\"https:\/\/www.laorotava.es\/turismo\/museos-y-centros-visitables\/\" class=\"bellows-target\"><span class=\"bellows-target-title bellows-target-text\">Museos y Centros Visitables<\/span><\/a><\/li>\n<li id=\"menu-item-1001451\" class=\"bellows-menu-item bellows-menu-item-type-post_type bellows-menu-item-object-page bellows-menu-item-1001451 bellows-item-level-0\"><a  href=\"https:\/\/www.laorotava.es\/turismo\/astroturismo-en-la-orotava\/\" class=\"bellows-target\"><span class=\"bellows-target-title bellows-target-text\">Astroturismo<\/span><\/a><\/li>\n<li id=\"menu-item-1007197\" class=\"bellows-menu-item bellows-menu-item-type-post_type bellows-menu-item-object-page bellows-menu-item-1007197 bellows-item-level-0\"><a  href=\"https:\/\/www.laorotava.es\/turismo\/tradiciones-y-fiestas\/\" class=\"bellows-target\"><span class=\"bellows-target-title bellows-target-text\">Tradiciones y Fiestas<\/span><\/a><\/li>\n<li id=\"menu-item-1007199\" class=\"bellows-menu-item bellows-menu-item-type-post_type bellows-menu-item-object-page bellows-menu-item-1007199 bellows-item-level-0\"><a  href=\"https:\/\/www.laorotava.es\/turismo\/servicios-turisticos\/\" class=\"bellows-target\"><span class=\"bellows-target-title bellows-target-text\">Servicios tur\u00edsticos<\/span><\/a><\/li>\n<li id=\"menu-item-1007201\" class=\"bellows-menu-item bellows-menu-item-type-post_type bellows-menu-item-object-page bellows-menu-item-1007201 bellows-item-level-0\"><a  href=\"https:\/\/www.laorotava.es\/turismo\/audioguia-visitlaorotava\/\" class=\"bellows-target\"><span class=\"bellows-target-title bellows-target-text\">Audiogu\u00eda VisitLaOrotava<\/span><\/a><\/li>\n<li id=\"menu-item-1020789\" class=\"bellows-menu-item bellows-menu-item-type-post_type bellows-menu-item-object-page bellows-menu-item-1020789 bellows-item-level-0\"><a  href=\"https:\/\/www.laorotava.es\/turismo\/itinerarios-didacticos-y-autoguiados\/\" class=\"bellows-target\"><span class=\"bellows-target-title bellows-target-text\">Itinerarios did\u00e1cticos y autoguiados<\/span><\/a><\/li>\n<li id=\"menu-item-1001449\" class=\"bellows-menu-item bellows-menu-item-type-post_type bellows-menu-item-object-page bellows-menu-item-1001449 bellows-item-level-0\"><a  href=\"https:\/\/www.laorotava.es\/turismo\/ruta-de-los-dragos\/\" class=\"bellows-target\"><span class=\"bellows-target-title bellows-target-text\">Ruta de los Dragos de la Villa de La Orotava<\/span><\/a><\/li>\n<li id=\"menu-item-1001447\" class=\"bellows-menu-item bellows-menu-item-type-post_type bellows-menu-item-object-page bellows-menu-item-1001447 bellows-item-level-0\"><a  href=\"https:\/\/www.laorotava.es\/turismo\/ruta-de-miradores\/\" class=\"bellows-target\"><span class=\"bellows-target-title bellows-target-text\">Ruta de Miradores<\/span><\/a><\/li>\n<\/ul><\/nav><\/div>\n\t\t\t\t\t\t<\/div>\n\t\t\t\t<\/div>\n\t\t\t\t\t<\/div>\n\t\t<\/div>\n\t\t\t\t<div class=\"elementor-column elementor-col-50 elementor-top-column elementor-element elementor-element-17c39bd\" data-id=\"17c39bd\" data-element_type=\"column\" data-e-type=\"column\">\n\t\t\t<div class=\"elementor-widget-wrap elementor-element-populated\">\n\t\t\t\t\t\t<div class=\"elementor-element elementor-element-3e073411 elementor-widget elementor-widget-heading\" data-id=\"3e073411\" data-element_type=\"widget\" data-e-type=\"widget\" data-widget_type=\"heading.default\">\n\t\t\t\t<div class=\"elementor-widget-container\">\n\t\t\t\t\t<h2 class=\"elementor-heading-title elementor-size-default\">Tradiciones y Fiestas\n<\/h2>\t\t\t\t<\/div>\n\t\t\t\t<\/div>\n\t\t\t\t<div class=\"elementor-element elementor-element-193c684f elementor-widget elementor-widget-heading\" data-id=\"193c684f\" data-element_type=\"widget\" data-e-type=\"widget\" data-widget_type=\"heading.default\">\n\t\t\t\t<div class=\"elementor-widget-container\">\n\t\t\t\t\t<h2 class=\"elementor-heading-title elementor-size-small\">Tradiciones y Fiestas\n<\/h2>\t\t\t\t<\/div>\n\t\t\t\t<\/div>\n\t\t\t\t<div class=\"elementor-element elementor-element-559df81c elementor-widget-divider--view-line elementor-widget elementor-widget-divider\" data-id=\"559df81c\" data-element_type=\"widget\" data-e-type=\"widget\" data-widget_type=\"divider.default\">\n\t\t\t\t<div class=\"elementor-widget-container\">\n\t\t\t\t\t\t\t<div class=\"elementor-divider\">\n\t\t\t<span class=\"elementor-divider-separator\">\n\t\t\t\t\t\t<\/span>\n\t\t<\/div>\n\t\t\t\t\t\t<\/div>\n\t\t\t\t<\/div>\n\t\t\t\t<section class=\"elementor-section elementor-inner-section elementor-element elementor-element-7e5b1486 elementor-section-boxed elementor-section-height-default elementor-section-height-default wpr-particle-no wpr-jarallax-no wpr-parallax-no wpr-sticky-section-no\" data-id=\"7e5b1486\" data-element_type=\"section\" data-e-type=\"section\">\n\t\t\t\t\t\t<div class=\"elementor-container elementor-column-gap-default\">\n\t\t\t\t\t<div class=\"elementor-column elementor-col-50 elementor-inner-column elementor-element elementor-element-6848b424 custom__route-card custom__route-card-l\" data-id=\"6848b424\" data-element_type=\"column\" data-e-type=\"column\" data-settings=\"{&quot;background_background&quot;:&quot;classic&quot;}\">\n\t\t\t<div class=\"elementor-widget-wrap elementor-element-populated\">\n\t\t\t\t\t\t<div class=\"elementor-element elementor-element-23ddeb38 elementor-widget elementor-widget-image\" data-id=\"23ddeb38\" data-element_type=\"widget\" data-e-type=\"widget\" data-widget_type=\"image.default\">\n\t\t\t\t<div class=\"elementor-widget-container\">\n\t\t\t\t\t\t\t\t\t\t\t\t\t\t\t<img fetchpriority=\"high\" decoding=\"async\" width=\"854\" height=\"651\" src=\"https:\/\/www.laorotava.es\/turismo\/wp-content\/uploads\/2017\/07\/captura_de_pantalla_2017-07-12_a_las_17.50.11.png\" class=\"attachment-full size-full wp-image-13969\" alt=\"captura_de_pantalla_2017-07-12_a_las_17\" srcset=\"https:\/\/www.laorotava.es\/turismo\/wp-content\/uploads\/2017\/07\/captura_de_pantalla_2017-07-12_a_las_17.50.11.png 854w, https:\/\/www.laorotava.es\/turismo\/wp-content\/uploads\/2017\/07\/captura_de_pantalla_2017-07-12_a_las_17.50.11-300x229.png 300w, https:\/\/www.laorotava.es\/turismo\/wp-content\/uploads\/2017\/07\/captura_de_pantalla_2017-07-12_a_las_17.50.11-768x585.png 768w\" sizes=\"(max-width: 854px) 100vw, 854px\" \/>\t\t\t\t\t\t\t\t\t\t\t\t\t\t\t<\/div>\n\t\t\t\t<\/div>\n\t\t\t\t<div class=\"elementor-element elementor-element-21024a7c elementor-widget__width-auto elementor-widget elementor-widget-heading\" data-id=\"21024a7c\" data-element_type=\"widget\" data-e-type=\"widget\" data-widget_type=\"heading.default\">\n\t\t\t\t<div class=\"elementor-widget-container\">\n\t\t\t\t\t<h2 class=\"elementor-heading-title elementor-size-default\"><a href=\"\/turismo\/calendario-de-fiestas-en-los-barrios\">CALENDARIO DE FIESTAS EN LOS BARRIOS\n<\/a><\/h2>\t\t\t\t<\/div>\n\t\t\t\t<\/div>\n\t\t\t\t<div class=\"elementor-element elementor-element-3d57743  custom__grid-card-text elementor-widget elementor-widget-text-editor\" data-id=\"3d57743\" data-element_type=\"widget\" data-e-type=\"widget\" data-widget_type=\"text-editor.default\">\n\t\t\t\t<div class=\"elementor-widget-container\">\n\t\t\t\t\t\t\t\t\t<p><span style=\"color: #444444;\">Adem\u00e1s de las fiestas rese\u00f1adas, en la Villa de La Orotava tambi\u00e9n se organizan otras actividades festivas en los barrios a lo largo del a\u00f1o. Aqu\u00ed las tenemos&#8230;<\/span><\/p>\t\t\t\t\t\t\t\t<\/div>\n\t\t\t\t<\/div>\n\t\t\t\t<div class=\"elementor-element elementor-element-7a1136da elementor-align-right elementor-widget elementor-widget-button\" data-id=\"7a1136da\" data-element_type=\"widget\" data-e-type=\"widget\" data-widget_type=\"button.default\">\n\t\t\t\t<div class=\"elementor-widget-container\">\n\t\t\t\t\t\t\t\t\t<div class=\"elementor-button-wrapper\">\n\t\t\t\t\t<a class=\"elementor-button elementor-button-link elementor-size-sm\" href=\"\/turismo\/calendario-de-fiestas-en-los-barrios\">\n\t\t\t\t\t\t<span class=\"elementor-button-content-wrapper\">\n\t\t\t\t\t\t\t\t\t<span class=\"elementor-button-text\">Leer m\u00e1s<\/span>\n\t\t\t\t\t<\/span>\n\t\t\t\t\t<\/a>\n\t\t\t\t<\/div>\n\t\t\t\t\t\t\t\t<\/div>\n\t\t\t\t<\/div>\n\t\t\t\t\t<\/div>\n\t\t<\/div>\n\t\t\t\t<div class=\"elementor-column elementor-col-50 elementor-inner-column elementor-element elementor-element-2c8102e1 custom__route-card custom__route-card-r\" data-id=\"2c8102e1\" data-element_type=\"column\" data-e-type=\"column\" data-settings=\"{&quot;background_background&quot;:&quot;classic&quot;}\">\n\t\t\t<div class=\"elementor-widget-wrap elementor-element-populated\">\n\t\t\t\t\t\t<div class=\"elementor-element elementor-element-293115bb elementor-widget elementor-widget-image\" data-id=\"293115bb\" data-element_type=\"widget\" data-e-type=\"widget\" data-widget_type=\"image.default\">\n\t\t\t\t<div class=\"elementor-widget-container\">\n\t\t\t\t\t\t\t\t\t\t\t\t\t\t\t<img decoding=\"async\" width=\"282\" height=\"202\" src=\"https:\/\/www.laorotava.es\/turismo\/wp-content\/uploads\/2022\/08\/benijos.jpg\" class=\"attachment-full size-full wp-image-1006079\" alt=\"\" \/>\t\t\t\t\t\t\t\t\t\t\t\t\t\t\t<\/div>\n\t\t\t\t<\/div>\n\t\t\t\t<div class=\"elementor-element elementor-element-636dd2c2 elementor-widget__width-auto elementor-widget elementor-widget-heading\" data-id=\"636dd2c2\" data-element_type=\"widget\" data-e-type=\"widget\" data-widget_type=\"heading.default\">\n\t\t\t\t<div class=\"elementor-widget-container\">\n\t\t\t\t\t<h2 class=\"elementor-heading-title elementor-size-default\"><a href=\"\/turismo\/fiestas-de-benijos\">FIESTAS DE BENIJOS\n<\/a><\/h2>\t\t\t\t<\/div>\n\t\t\t\t<\/div>\n\t\t\t\t<div class=\"elementor-element elementor-element-30efb82c  custom__grid-card-text elementor-widget elementor-widget-text-editor\" data-id=\"30efb82c\" data-element_type=\"widget\" data-e-type=\"widget\" data-widget_type=\"text-editor.default\">\n\t\t\t\t<div class=\"elementor-widget-container\">\n\t\t\t\t\t\t\t\t\t<div class=\"views-field views-field-body\"><div class=\"field-content\"><span style=\"color: #444444;\">Estos festejos, celebrados en el barrio de Benijos en los altos de La Orotava y en honor a San Isidro Labrador y Santa Mar\u00eda de la Cabeza, han ganado a pulso&#8230;<\/span><\/div><\/div>\t\t\t\t\t\t\t\t<\/div>\n\t\t\t\t<\/div>\n\t\t\t\t<div class=\"elementor-element elementor-element-3506048c elementor-align-right elementor-widget elementor-widget-button\" data-id=\"3506048c\" data-element_type=\"widget\" data-e-type=\"widget\" data-widget_type=\"button.default\">\n\t\t\t\t<div class=\"elementor-widget-container\">\n\t\t\t\t\t\t\t\t\t<div class=\"elementor-button-wrapper\">\n\t\t\t\t\t<a class=\"elementor-button elementor-button-link elementor-size-sm\" href=\"\/turismo\/fiestas-de-benijos\">\n\t\t\t\t\t\t<span class=\"elementor-button-content-wrapper\">\n\t\t\t\t\t\t\t\t\t<span class=\"elementor-button-text\">Leer m\u00e1s<\/span>\n\t\t\t\t\t<\/span>\n\t\t\t\t\t<\/a>\n\t\t\t\t<\/div>\n\t\t\t\t\t\t\t\t<\/div>\n\t\t\t\t<\/div>\n\t\t\t\t\t<\/div>\n\t\t<\/div>\n\t\t\t\t\t<\/div>\n\t\t<\/section>\n\t\t\t\t<section class=\"elementor-section elementor-inner-section elementor-element elementor-element-7f04f0b elementor-section-boxed elementor-section-height-default elementor-section-height-default wpr-particle-no wpr-jarallax-no wpr-parallax-no wpr-sticky-section-no\" data-id=\"7f04f0b\" data-element_type=\"section\" data-e-type=\"section\">\n\t\t\t\t\t\t<div class=\"elementor-container elementor-column-gap-default\">\n\t\t\t\t\t<div class=\"elementor-column elementor-col-50 elementor-inner-column elementor-element elementor-element-c286bc3 custom__route-card custom__route-card-l\" data-id=\"c286bc3\" data-element_type=\"column\" data-e-type=\"column\" data-settings=\"{&quot;background_background&quot;:&quot;classic&quot;}\">\n\t\t\t<div class=\"elementor-widget-wrap elementor-element-populated\">\n\t\t\t\t\t\t<div class=\"elementor-element elementor-element-3834830 elementor-widget elementor-widget-image\" data-id=\"3834830\" data-element_type=\"widget\" data-e-type=\"widget\" data-widget_type=\"image.default\">\n\t\t\t\t<div class=\"elementor-widget-container\">\n\t\t\t\t\t\t\t\t\t\t\t\t\t\t\t<img decoding=\"async\" width=\"432\" height=\"260\" src=\"https:\/\/www.laorotava.es\/turismo\/wp-content\/uploads\/2022\/08\/la_perdoma.jpg\" class=\"attachment-full size-full wp-image-1006081\" alt=\"\" srcset=\"https:\/\/www.laorotava.es\/turismo\/wp-content\/uploads\/2022\/08\/la_perdoma.jpg 432w, https:\/\/www.laorotava.es\/turismo\/wp-content\/uploads\/2022\/08\/la_perdoma-300x181.jpg 300w\" sizes=\"(max-width: 432px) 100vw, 432px\" \/>\t\t\t\t\t\t\t\t\t\t\t\t\t\t\t<\/div>\n\t\t\t\t<\/div>\n\t\t\t\t<div class=\"elementor-element elementor-element-da94b64 elementor-widget__width-auto elementor-widget elementor-widget-heading\" data-id=\"da94b64\" data-element_type=\"widget\" data-e-type=\"widget\" data-widget_type=\"heading.default\">\n\t\t\t\t<div class=\"elementor-widget-container\">\n\t\t\t\t\t<h2 class=\"elementor-heading-title elementor-size-default\"><a href=\"\/turismo\/fiestas-de-la-perdoma\">FIESTAS DE LA PERDOMA\n\n<\/a><\/h2>\t\t\t\t<\/div>\n\t\t\t\t<\/div>\n\t\t\t\t<div class=\"elementor-element elementor-element-8b283cd  custom__grid-card-text elementor-widget elementor-widget-text-editor\" data-id=\"8b283cd\" data-element_type=\"widget\" data-e-type=\"widget\" data-widget_type=\"text-editor.default\">\n\t\t\t\t<div class=\"elementor-widget-container\">\n\t\t\t\t\t\t\t\t\t<p><span style=\"color: #444444;\">En el populoso barrio orotavense de La Perdoma se desarrollan cada a\u00f1o en la primera semana del mes de octubre las Fiestas en honor a Nuestra Se\u00f1ora del&#8230;<\/span><\/p>\t\t\t\t\t\t\t\t<\/div>\n\t\t\t\t<\/div>\n\t\t\t\t<div class=\"elementor-element elementor-element-3ed1b2d elementor-align-right elementor-widget elementor-widget-button\" data-id=\"3ed1b2d\" data-element_type=\"widget\" data-e-type=\"widget\" data-widget_type=\"button.default\">\n\t\t\t\t<div class=\"elementor-widget-container\">\n\t\t\t\t\t\t\t\t\t<div class=\"elementor-button-wrapper\">\n\t\t\t\t\t<a class=\"elementor-button elementor-button-link elementor-size-sm\" href=\"\/turismo\/fiestas-de-la-perdoma\">\n\t\t\t\t\t\t<span class=\"elementor-button-content-wrapper\">\n\t\t\t\t\t\t\t\t\t<span class=\"elementor-button-text\">Leer m\u00e1s<\/span>\n\t\t\t\t\t<\/span>\n\t\t\t\t\t<\/a>\n\t\t\t\t<\/div>\n\t\t\t\t\t\t\t\t<\/div>\n\t\t\t\t<\/div>\n\t\t\t\t\t<\/div>\n\t\t<\/div>\n\t\t\t\t<div class=\"elementor-column elementor-col-50 elementor-inner-column elementor-element elementor-element-1213f54 custom__route-card custom__route-card-r\" data-id=\"1213f54\" data-element_type=\"column\" data-e-type=\"column\" data-settings=\"{&quot;background_background&quot;:&quot;classic&quot;}\">\n\t\t\t<div class=\"elementor-widget-wrap elementor-element-populated\">\n\t\t\t\t\t\t<div class=\"elementor-element elementor-element-960ce37 elementor-widget elementor-widget-image\" data-id=\"960ce37\" data-element_type=\"widget\" data-e-type=\"widget\" data-widget_type=\"image.default\">\n\t\t\t\t<div class=\"elementor-widget-container\">\n\t\t\t\t\t\t\t\t\t\t\t\t\t\t\t<img loading=\"lazy\" decoding=\"async\" width=\"900\" height=\"374\" src=\"https:\/\/www.laorotava.es\/turismo\/wp-content\/uploads\/2017\/07\/la_florida.jpg\" class=\"attachment-full size-full wp-image-13945\" alt=\"la_florida\" srcset=\"https:\/\/www.laorotava.es\/turismo\/wp-content\/uploads\/2017\/07\/la_florida.jpg 900w, https:\/\/www.laorotava.es\/turismo\/wp-content\/uploads\/2017\/07\/la_florida-300x125.jpg 300w, https:\/\/www.laorotava.es\/turismo\/wp-content\/uploads\/2017\/07\/la_florida-768x319.jpg 768w\" sizes=\"(max-width: 900px) 100vw, 900px\" \/>\t\t\t\t\t\t\t\t\t\t\t\t\t\t\t<\/div>\n\t\t\t\t<\/div>\n\t\t\t\t<div class=\"elementor-element elementor-element-2f4b9f5 elementor-widget__width-auto elementor-widget elementor-widget-heading\" data-id=\"2f4b9f5\" data-element_type=\"widget\" data-e-type=\"widget\" data-widget_type=\"heading.default\">\n\t\t\t\t<div class=\"elementor-widget-container\">\n\t\t\t\t\t<h2 class=\"elementor-heading-title elementor-size-default\"><a href=\"\/turismo\/fiestas-en-honor-san-antonio-abad-y-la-virgen-de-la-esperanza-de-la-florida\">Fiestas en honor a San Antonio Abad y la Virgen de La Esperanza de La Florida.\n<\/a><\/h2>\t\t\t\t<\/div>\n\t\t\t\t<\/div>\n\t\t\t\t<div class=\"elementor-element elementor-element-84a7c87  custom__grid-card-text elementor-widget elementor-widget-text-editor\" data-id=\"84a7c87\" data-element_type=\"widget\" data-e-type=\"widget\" data-widget_type=\"text-editor.default\">\n\t\t\t\t<div class=\"elementor-widget-container\">\n\t\t\t\t\t\t\t\t\t<p><span style=\"color: #444444;\">El barrio de La Florida, situado en las median\u00edas de La Orotava, celebra sus Fiestas en honor a San Antonio Abad y la Virgen de La Esperanza, en la \u00faltima&#8230;<\/span><\/p>\t\t\t\t\t\t\t\t<\/div>\n\t\t\t\t<\/div>\n\t\t\t\t<div class=\"elementor-element elementor-element-c25666d elementor-align-right elementor-widget elementor-widget-button\" data-id=\"c25666d\" data-element_type=\"widget\" data-e-type=\"widget\" data-widget_type=\"button.default\">\n\t\t\t\t<div class=\"elementor-widget-container\">\n\t\t\t\t\t\t\t\t\t<div class=\"elementor-button-wrapper\">\n\t\t\t\t\t<a class=\"elementor-button elementor-button-link elementor-size-sm\" href=\"\/turismo\/fiestas-en-honor-san-antonio-abad-y-la-virgen-de-la-esperanza-de-la-florida\">\n\t\t\t\t\t\t<span class=\"elementor-button-content-wrapper\">\n\t\t\t\t\t\t\t\t\t<span class=\"elementor-button-text\">Leer m\u00e1s<\/span>\n\t\t\t\t\t<\/span>\n\t\t\t\t\t<\/a>\n\t\t\t\t<\/div>\n\t\t\t\t\t\t\t\t<\/div>\n\t\t\t\t<\/div>\n\t\t\t\t\t<\/div>\n\t\t<\/div>\n\t\t\t\t\t<\/div>\n\t\t<\/section>\n\t\t\t\t<section class=\"elementor-section elementor-inner-section elementor-element elementor-element-70a3083 elementor-section-boxed elementor-section-height-default elementor-section-height-default wpr-particle-no wpr-jarallax-no wpr-parallax-no wpr-sticky-section-no\" data-id=\"70a3083\" data-element_type=\"section\" data-e-type=\"section\">\n\t\t\t\t\t\t<div class=\"elementor-container elementor-column-gap-default\">\n\t\t\t\t\t<div class=\"elementor-column elementor-col-50 elementor-inner-column elementor-element elementor-element-9bb6b88 custom__route-card custom__route-card-l\" data-id=\"9bb6b88\" data-element_type=\"column\" data-e-type=\"column\" data-settings=\"{&quot;background_background&quot;:&quot;classic&quot;}\">\n\t\t\t<div class=\"elementor-widget-wrap elementor-element-populated\">\n\t\t\t\t\t\t<div class=\"elementor-element elementor-element-9a1992e elementor-widget elementor-widget-image\" data-id=\"9a1992e\" data-element_type=\"widget\" data-e-type=\"widget\" data-widget_type=\"image.default\">\n\t\t\t\t<div class=\"elementor-widget-container\">\n\t\t\t\t\t\t\t\t\t\t\t\t\t\t\t<img loading=\"lazy\" decoding=\"async\" width=\"870\" height=\"653\" src=\"https:\/\/www.laorotava.es\/turismo\/wp-content\/uploads\/2017\/07\/captura_de_pantalla_2017-07-12_a_las_12.05.53.png\" class=\"attachment-full size-full wp-image-13895\" alt=\"captura_de_pantalla_2017-07-12_a_las_12\" srcset=\"https:\/\/www.laorotava.es\/turismo\/wp-content\/uploads\/2017\/07\/captura_de_pantalla_2017-07-12_a_las_12.05.53.png 870w, https:\/\/www.laorotava.es\/turismo\/wp-content\/uploads\/2017\/07\/captura_de_pantalla_2017-07-12_a_las_12.05.53-300x225.png 300w, https:\/\/www.laorotava.es\/turismo\/wp-content\/uploads\/2017\/07\/captura_de_pantalla_2017-07-12_a_las_12.05.53-768x576.png 768w\" sizes=\"(max-width: 870px) 100vw, 870px\" \/>\t\t\t\t\t\t\t\t\t\t\t\t\t\t\t<\/div>\n\t\t\t\t<\/div>\n\t\t\t\t<div class=\"elementor-element elementor-element-ae2ec35 elementor-widget__width-auto elementor-widget elementor-widget-heading\" data-id=\"ae2ec35\" data-element_type=\"widget\" data-e-type=\"widget\" data-widget_type=\"heading.default\">\n\t\t\t\t<div class=\"elementor-widget-container\">\n\t\t\t\t\t<h2 class=\"elementor-heading-title elementor-size-default\"><a href=\"\/turismo\/la-semana-santa-en-la-villa-de-la-orotava\">LA SEMANA SANTA EN LA VILLA DE LA OROTAVA.\n<\/a><\/h2>\t\t\t\t<\/div>\n\t\t\t\t<\/div>\n\t\t\t\t<div class=\"elementor-element elementor-element-79bc0e9  custom__grid-card-text elementor-widget elementor-widget-text-editor\" data-id=\"79bc0e9\" data-element_type=\"widget\" data-e-type=\"widget\" data-widget_type=\"text-editor.default\">\n\t\t\t\t<div class=\"elementor-widget-container\">\n\t\t\t\t\t\t\t\t\t<p><span style=\"color: #444444;\">La conmemoraci\u00f3n anual de la Pasi\u00f3n, Muerte y Resurrecci\u00f3n de Jesucristo en la Villa de La Orotava representa la puesta en escena de uno de los principales&#8230;<\/span><\/p>\t\t\t\t\t\t\t\t<\/div>\n\t\t\t\t<\/div>\n\t\t\t\t<div class=\"elementor-element elementor-element-3f270fd elementor-align-right elementor-widget elementor-widget-button\" data-id=\"3f270fd\" data-element_type=\"widget\" data-e-type=\"widget\" data-widget_type=\"button.default\">\n\t\t\t\t<div class=\"elementor-widget-container\">\n\t\t\t\t\t\t\t\t\t<div class=\"elementor-button-wrapper\">\n\t\t\t\t\t<a class=\"elementor-button elementor-button-link elementor-size-sm\" href=\"\/turismo\/la-semana-santa-en-la-villa-de-la-orotava\">\n\t\t\t\t\t\t<span class=\"elementor-button-content-wrapper\">\n\t\t\t\t\t\t\t\t\t<span class=\"elementor-button-text\">Leer m\u00e1s<\/span>\n\t\t\t\t\t<\/span>\n\t\t\t\t\t<\/a>\n\t\t\t\t<\/div>\n\t\t\t\t\t\t\t\t<\/div>\n\t\t\t\t<\/div>\n\t\t\t\t\t<\/div>\n\t\t<\/div>\n\t\t\t\t<div class=\"elementor-column elementor-col-50 elementor-inner-column elementor-element elementor-element-d10c2d2 custom__route-card custom__route-card-r\" data-id=\"d10c2d2\" data-element_type=\"column\" data-e-type=\"column\" data-settings=\"{&quot;background_background&quot;:&quot;classic&quot;}\">\n\t\t\t<div class=\"elementor-widget-wrap elementor-element-populated\">\n\t\t\t\t\t\t<div class=\"elementor-element elementor-element-543e417 elementor-widget elementor-widget-image\" data-id=\"543e417\" data-element_type=\"widget\" data-e-type=\"widget\" data-widget_type=\"image.default\">\n\t\t\t\t<div class=\"elementor-widget-container\">\n\t\t\t\t\t\t\t\t\t\t\t\t\t\t\t<img loading=\"lazy\" decoding=\"async\" width=\"1027\" height=\"651\" src=\"https:\/\/www.laorotava.es\/turismo\/wp-content\/uploads\/2017\/07\/captura_de_pantalla_2017-07-12_a_las_18.30.10.png\" class=\"attachment-full size-full wp-image-13973\" alt=\"captura_de_pantalla_2017-07-12_a_las_18\" srcset=\"https:\/\/www.laorotava.es\/turismo\/wp-content\/uploads\/2017\/07\/captura_de_pantalla_2017-07-12_a_las_18.30.10.png 1027w, https:\/\/www.laorotava.es\/turismo\/wp-content\/uploads\/2017\/07\/captura_de_pantalla_2017-07-12_a_las_18.30.10-300x190.png 300w, https:\/\/www.laorotava.es\/turismo\/wp-content\/uploads\/2017\/07\/captura_de_pantalla_2017-07-12_a_las_18.30.10-1024x649.png 1024w, https:\/\/www.laorotava.es\/turismo\/wp-content\/uploads\/2017\/07\/captura_de_pantalla_2017-07-12_a_las_18.30.10-768x487.png 768w\" sizes=\"(max-width: 1027px) 100vw, 1027px\" \/>\t\t\t\t\t\t\t\t\t\t\t\t\t\t\t<\/div>\n\t\t\t\t<\/div>\n\t\t\t\t<div class=\"elementor-element elementor-element-dc2188b elementor-widget__width-auto elementor-widget elementor-widget-heading\" data-id=\"dc2188b\" data-element_type=\"widget\" data-e-type=\"widget\" data-widget_type=\"heading.default\">\n\t\t\t\t<div class=\"elementor-widget-container\">\n\t\t\t\t\t<h2 class=\"elementor-heading-title elementor-size-default\"><a href=\"\/turismo\/las-fiestas-patronales-de-la-villa-de-la-orotava\">LAS FIESTAS PATRONALES DE LA VILLA DE LA OROTAVA\n<\/a><\/h2>\t\t\t\t<\/div>\n\t\t\t\t<\/div>\n\t\t\t\t<div class=\"elementor-element elementor-element-437db19  custom__grid-card-text elementor-widget elementor-widget-text-editor\" data-id=\"437db19\" data-element_type=\"widget\" data-e-type=\"widget\" data-widget_type=\"text-editor.default\">\n\t\t\t\t<div class=\"elementor-widget-container\">\n\t\t\t\t\t\t\t\t\t<p><span style=\"color: #444444;\">FIESTAS PATRONALES : Corpus Christi y Romer\u00eda de San Isidro Labrador. La primera fiesta celebrada en La Orotava, llamada todav\u00eda la Aorotava, tuvo lugar el&#8230;<\/span><\/p>\t\t\t\t\t\t\t\t<\/div>\n\t\t\t\t<\/div>\n\t\t\t\t<div class=\"elementor-element elementor-element-c95a220 elementor-align-right elementor-widget elementor-widget-button\" data-id=\"c95a220\" data-element_type=\"widget\" data-e-type=\"widget\" data-widget_type=\"button.default\">\n\t\t\t\t<div class=\"elementor-widget-container\">\n\t\t\t\t\t\t\t\t\t<div class=\"elementor-button-wrapper\">\n\t\t\t\t\t<a class=\"elementor-button elementor-button-link elementor-size-sm\" href=\"\/turismo\/las-fiestas-patronales-de-la-villa-de-la-orotava\">\n\t\t\t\t\t\t<span class=\"elementor-button-content-wrapper\">\n\t\t\t\t\t\t\t\t\t<span class=\"elementor-button-text\">Leer m\u00e1s<\/span>\n\t\t\t\t\t<\/span>\n\t\t\t\t\t<\/a>\n\t\t\t\t<\/div>\n\t\t\t\t\t\t\t\t<\/div>\n\t\t\t\t<\/div>\n\t\t\t\t\t<\/div>\n\t\t<\/div>\n\t\t\t\t\t<\/div>\n\t\t<\/section>\n\t\t\t\t<div class=\"elementor-element elementor-element-367c471f elementor-widget elementor-widget-html\" data-id=\"367c471f\" data-element_type=\"widget\" data-e-type=\"widget\" data-widget_type=\"html.default\">\n\t\t\t\t<div class=\"elementor-widget-container\">\n\t\t\t\t\t<section id=\"custom__pagination-section\">\n    <div id=\"custom__pagination\">\n        <div class='custom__pagination-button back' onclick=\"firstPage()\">\n            <<\n        <\/div>\n        <div class='custom__pagination-button back' onclick=\"previousPage()\">\n            <\n        <\/div>\n        <div id=\"custom__pagination-numbers\"><\/div>\n        <div class='custom__pagination-button next' onclick=\"nextPage()\">\n            >\n        <\/div>\n        <div class='custom__pagination-button next' onclick=\"lastPage()\">\n            >>\n        <\/div>\n    <\/div>\n    <div id=\"custom__pagination-text\">\n        \n    <\/div>\n<\/section>\n    \n<script>\nlet page = 1;\nlet totalElements = 0;\nlet totalPages = 0;\nlet elements;\n\nwindow.addEventListener(\"load\", function(event) {\n    elements = document.getElementsByClassName('custom__route-card')\n    \n    totalElements = elements.length;\n\n    if(totalElements > 12){\n        createButtons(elements, totalElements);\n    }\n    \n    showButtons();\n    showItems();\n})\n\nfunction showItems(){\n    let firstItem = (page - 1) * 12;\n    let lastItem = firstItem + 11;\n    \n    for(let i = 0; i < elements.length; i++){\n        if(i < firstItem) elements[i].style.display = \"none\";\n        if(i > firstItem && i < lastItem) elements[i].style.display = \"block\";\n        if(i == firstItem || i == lastItem) elements[i].style.display = \"block\";\n        if(i > lastItem) elements[i].style.display = \"none\";\n    }\n}\n\nfunction firstPage(){\n    page = 1;\n    showButtons();\n    showItems();\n}\n\nfunction lastPage(){\n    page = totalPages;\n    showButtons();\n    showItems();\n}\n\nfunction previousPage(){\n    if(page != 1) page--;\n    showButtons();\n    showItems();\n}\n\n\nfunction nextPage(){\n    if(page != totalPages) page++;\n    showButtons();\n    showItems();\n}\n\nfunction showButtons(){\n    let back = document.getElementsByClassName('back')\n    let next = document.getElementsByClassName('next')\n    \n    if(totalElements < 12){\n        for(let i=0; i< back.length; i++){\n            back[i].style.display = 'none';\n        }\n        for(let i=0; i< next.length; i++){\n            next[i].style.display = 'none';\n        }\n    }\n    else{\n        if(page == 1){\n            for(let i=0; i< back.length; i++){\n                back[i].style.display = 'none';\n            }\n            \n            for(let i=0; i< next.length; i++){\n                next[i].style.display = 'block';\n            }\n        }\n        \n        if(page == totalPages){\n            for(let i=0; i< next.length; i++){\n                next[i].style.display = 'none';\n            }\n            \n            for(let i=0; i< back.length; i++){\n                back[i].style.display = 'block';\n            }\n        }\n    }\n    \n}\n\nfunction createButtons(elements, totalElements){\n    totalPages = Math.ceil(totalElements \/ 12);\n    for(let i = 1; i<=totalPages; i++){\n        document.getElementById('custom__pagination-numbers').innerHTML += \"<div class='custom__pagination-button' onclick='goToPage(\" + i + \")'>\" + i + \"<\/div>\"\n        \n    }\n    \n    document.getElementById('custom__pagination-text').innerHTML += \"P\u00e1gina \" + page + \" de \" + totalPages;\n}\n\nfunction goToPage(pageSelected){\n    page = pageSelected;\n    showButtons()\n    showItems();\n}\n    \n<\/script>\t\t\t\t<\/div>\n\t\t\t\t<\/div>\n\t\t\t\t\t<\/div>\n\t\t<\/div>\n\t\t\t\t\t<\/div>\n\t\t<\/section>\n\t\t\t\t<\/div>\n\t\t","protected":false},"excerpt":{"rendered":"<p>DESCUBRE LA OROTAVA Tradiciones y Fiestas Tradiciones y Fiestas CALENDARIO DE FIESTAS EN LOS BARRIOS Adem\u00e1s de las fiestas rese\u00f1adas, en la Villa de La Orotava tambi\u00e9n se organizan otras actividades festivas en los barrios a lo largo del a\u00f1o. Aqu\u00ed las tenemos&#8230; Leer m\u00e1s FIESTAS DE BENIJOS Estos festejos, celebrados en el barrio de Benijos en los altos de La Orotava y en honor a San Isidro Labrador y Santa Mar\u00eda de la Cabeza, han ganado a pulso&#8230; Leer m\u00e1s FIESTAS DE LA PERDOMA En el populoso barrio orotavense de La Perdoma se desarrollan cada a\u00f1o en la primera semana del mes de octubre las Fiestas en honor a Nuestra Se\u00f1ora del&#8230; Leer m\u00e1s Fiestas en honor a San Antonio Abad y la Virgen de La Esperanza de La Florida. El barrio de La Florida, situado en las median\u00edas de La Orotava, celebra sus Fiestas en honor a San Antonio Abad y la Virgen de La Esperanza, en la \u00faltima&#8230; Leer m\u00e1s LA SEMANA SANTA EN LA VILLA DE LA OROTAVA. La conmemoraci\u00f3n anual de la Pasi\u00f3n, Muerte y Resurrecci\u00f3n de Jesucristo en la Villa de La Orotava representa la puesta en escena de uno de los principales&#8230; Leer m\u00e1s LAS FIESTAS PATRONALES DE LA VILLA DE LA OROTAVA FIESTAS PATRONALES : Corpus Christi y Romer\u00eda de San Isidro Labrador. La primera fiesta celebrada en La Orotava, llamada todav\u00eda la Aorotava, tuvo lugar el&#8230; Leer m\u00e1s >><\/p>\n","protected":false},"author":3,"featured_media":0,"parent":0,"menu_order":0,"comment_status":"closed","ping_status":"closed","template":"","meta":{"_acf_changed":false,"ocean_post_layout":"","ocean_both_sidebars_style":"","ocean_both_sidebars_content_width":0,"ocean_both_sidebars_sidebars_width":0,"ocean_sidebar":"0","ocean_second_sidebar":"0","ocean_disable_margins":"enable","ocean_add_body_class":"","ocean_shortcode_before_top_bar":"","ocean_shortcode_after_top_bar":"","ocean_shortcode_before_header":"","ocean_shortcode_after_header":"","ocean_has_shortcode":"","ocean_shortcode_after_title":"","ocean_shortcode_before_footer_widgets":"","ocean_shortcode_after_footer_widgets":"","ocean_shortcode_before_footer_bottom":"","ocean_shortcode_after_footer_bottom":"","ocean_display_top_bar":"default","ocean_display_header":"default","ocean_header_style":"","ocean_center_header_left_menu":"0","ocean_custom_header_template":"0","ocean_custom_logo":0,"ocean_custom_retina_logo":0,"ocean_custom_logo_max_width":0,"ocean_custom_logo_tablet_max_width":0,"ocean_custom_logo_mobile_max_width":0,"ocean_custom_logo_max_height":0,"ocean_custom_logo_tablet_max_height":0,"ocean_custom_logo_mobile_max_height":0,"ocean_header_custom_menu":"0","ocean_menu_typo_font_family":"0","ocean_menu_typo_font_subset":"","ocean_menu_typo_font_size":0,"ocean_menu_typo_font_size_tablet":0,"ocean_menu_typo_font_size_mobile":0,"ocean_menu_typo_font_size_unit":"px","ocean_menu_typo_font_weight":"","ocean_menu_typo_font_weight_tablet":"","ocean_menu_typo_font_weight_mobile":"","ocean_menu_typo_transform":"","ocean_menu_typo_transform_tablet":"","ocean_menu_typo_transform_mobile":"","ocean_menu_typo_line_height":0,"ocean_menu_typo_line_height_tablet":0,"ocean_menu_typo_line_height_mobile":0,"ocean_menu_typo_line_height_unit":"","ocean_menu_typo_spacing":0,"ocean_menu_typo_spacing_tablet":0,"ocean_menu_typo_spacing_mobile":0,"ocean_menu_typo_spacing_unit":"","ocean_menu_link_color":"","ocean_menu_link_color_hover":"","ocean_menu_link_color_active":"","ocean_menu_link_background":"","ocean_menu_link_hover_background":"","ocean_menu_link_active_background":"","ocean_menu_social_links_bg":"","ocean_menu_social_hover_links_bg":"","ocean_menu_social_links_color":"","ocean_menu_social_hover_links_color":"","ocean_disable_title":"default","ocean_disable_heading":"on","ocean_post_title":"","ocean_post_subheading":"","ocean_post_title_style":"","ocean_post_title_background_color":"","ocean_post_title_background":0,"ocean_post_title_bg_image_position":"","ocean_post_title_bg_image_attachment":"","ocean_post_title_bg_image_repeat":"","ocean_post_title_bg_image_size":"","ocean_post_title_height":0,"ocean_post_title_bg_overlay":0.5,"ocean_post_title_bg_overlay_color":"","ocean_disable_breadcrumbs":"default","ocean_breadcrumbs_color":"","ocean_breadcrumbs_separator_color":"","ocean_breadcrumbs_links_color":"","ocean_breadcrumbs_links_hover_color":"","ocean_display_footer_widgets":"default","ocean_display_footer_bottom":"default","ocean_custom_footer_template":"0","footnotes":""},"class_list":["post-1006055","page","type-page","status-publish","hentry","entry"],"acf":[],"yoast_head":"<!-- This site is optimized with the Yoast SEO plugin v27.2 - https:\/\/yoast.com\/product\/yoast-seo-wordpress\/ -->\n<title>Tradiciones y Fiestas - Web de Turismo del Ayuntamiento de La Orotava<\/title>\n<meta name=\"robots\" content=\"index, follow, max-snippet:-1, max-image-preview:large, max-video-preview:-1\" \/>\n<link rel=\"canonical\" href=\"https:\/\/www.laorotava.es\/turismo\/tradiciones-y-fiestas\/\" \/>\n<meta property=\"og:locale\" content=\"es_ES\" \/>\n<meta property=\"og:type\" content=\"article\" \/>\n<meta property=\"og:title\" content=\"Tradiciones y Fiestas - Web de Turismo del Ayuntamiento de La Orotava\" \/>\n<meta property=\"og:description\" content=\"DESCUBRE LA OROTAVA Tradiciones y Fiestas Tradiciones y Fiestas CALENDARIO DE FIESTAS EN LOS BARRIOS Adem\u00e1s de las fiestas rese\u00f1adas, en la Villa de La Orotava tambi\u00e9n se organizan otras actividades festivas en los barrios a lo largo del a\u00f1o. Aqu\u00ed las tenemos&#8230; Leer m\u00e1s FIESTAS DE BENIJOS Estos festejos, celebrados en el barrio de Benijos en los altos de La Orotava y en honor a San Isidro Labrador y Santa Mar\u00eda de la Cabeza, han ganado a pulso&#8230; Leer m\u00e1s FIESTAS DE LA PERDOMA En el populoso barrio orotavense de La Perdoma se desarrollan cada a\u00f1o en la primera semana del mes de octubre las Fiestas en honor a Nuestra Se\u00f1ora del&#8230; Leer m\u00e1s Fiestas en honor a San Antonio Abad y la Virgen de La Esperanza de La Florida. El barrio de La Florida, situado en las median\u00edas de La Orotava, celebra sus Fiestas en honor a San Antonio Abad y la Virgen de La Esperanza, en la \u00faltima&#8230; Leer m\u00e1s LA SEMANA SANTA EN LA VILLA DE LA OROTAVA. La conmemoraci\u00f3n anual de la Pasi\u00f3n, Muerte y Resurrecci\u00f3n de Jesucristo en la Villa de La Orotava representa la puesta en escena de uno de los principales&#8230; Leer m\u00e1s LAS FIESTAS PATRONALES DE LA VILLA DE LA OROTAVA FIESTAS PATRONALES : Corpus Christi y Romer\u00eda de San Isidro Labrador. La primera fiesta celebrada en La Orotava, llamada todav\u00eda la Aorotava, tuvo lugar el&#8230; Leer m\u00e1s &gt;&gt;\" \/>\n<meta property=\"og:url\" content=\"https:\/\/www.laorotava.es\/turismo\/tradiciones-y-fiestas\/\" \/>\n<meta property=\"og:site_name\" content=\"Web de Turismo del Ayuntamiento de La Orotava\" \/>\n<meta property=\"article:publisher\" content=\"https:\/\/www.facebook.com\/TurismoLaOrotava\/\" \/>\n<meta property=\"article:modified_time\" content=\"2023-06-21T12:47:22+00:00\" \/>\n<meta property=\"og:image\" content=\"https:\/\/www-pre.laorotava.es\/turismo\/wp-content\/uploads\/2017\/07\/captura_de_pantalla_2017-07-12_a_las_17.50.11.png\" \/>\n<meta name=\"twitter:card\" content=\"summary_large_image\" \/>\n<meta name=\"twitter:site\" content=\"@LaOrotava\" \/>\n<meta name=\"twitter:label1\" content=\"Tiempo de lectura\" \/>\n\t<meta name=\"twitter:data1\" content=\"4 minutos\" \/>\n<script type=\"application\/ld+json\" class=\"yoast-schema-graph\">{\"@context\":\"https:\/\/schema.org\",\"@graph\":[{\"@type\":\"WebPage\",\"@id\":\"https:\/\/www.laorotava.es\/turismo\/tradiciones-y-fiestas\/\",\"url\":\"https:\/\/www.laorotava.es\/turismo\/tradiciones-y-fiestas\/\",\"name\":\"Tradiciones y Fiestas - Web de Turismo del Ayuntamiento de La Orotava\",\"isPartOf\":{\"@id\":\"https:\/\/www.laorotava.es\/turismo\/#website\"},\"primaryImageOfPage\":{\"@id\":\"https:\/\/www.laorotava.es\/turismo\/tradiciones-y-fiestas\/#primaryimage\"},\"image\":{\"@id\":\"https:\/\/www.laorotava.es\/turismo\/tradiciones-y-fiestas\/#primaryimage\"},\"thumbnailUrl\":\"https:\/\/www.laorotava.es\/turismo\/wp-content\/uploads\/2017\/07\/captura_de_pantalla_2017-07-12_a_las_17.50.11.png\",\"datePublished\":\"2022-08-22T09:53:18+00:00\",\"dateModified\":\"2023-06-21T12:47:22+00:00\",\"breadcrumb\":{\"@id\":\"https:\/\/www.laorotava.es\/turismo\/tradiciones-y-fiestas\/#breadcrumb\"},\"inLanguage\":\"es\",\"potentialAction\":[{\"@type\":\"ReadAction\",\"target\":[\"https:\/\/www.laorotava.es\/turismo\/tradiciones-y-fiestas\/\"]}]},{\"@type\":\"ImageObject\",\"inLanguage\":\"es\",\"@id\":\"https:\/\/www.laorotava.es\/turismo\/tradiciones-y-fiestas\/#primaryimage\",\"url\":\"https:\/\/www.laorotava.es\/turismo\/wp-content\/uploads\/2017\/07\/captura_de_pantalla_2017-07-12_a_las_17.50.11.png\",\"contentUrl\":\"https:\/\/www.laorotava.es\/turismo\/wp-content\/uploads\/2017\/07\/captura_de_pantalla_2017-07-12_a_las_17.50.11.png\",\"width\":854,\"height\":651,\"caption\":\"captura_de_pantalla_2017-07-12_a_las_17\"},{\"@type\":\"BreadcrumbList\",\"@id\":\"https:\/\/www.laorotava.es\/turismo\/tradiciones-y-fiestas\/#breadcrumb\",\"itemListElement\":[{\"@type\":\"ListItem\",\"position\":1,\"name\":\"Portada\",\"item\":\"https:\/\/www.laorotava.es\/turismo\/\"},{\"@type\":\"ListItem\",\"position\":2,\"name\":\"Tradiciones y Fiestas\"}]},{\"@type\":\"WebSite\",\"@id\":\"https:\/\/www.laorotava.es\/turismo\/#website\",\"url\":\"https:\/\/www.laorotava.es\/turismo\/\",\"name\":\"Web de Turismo del Ayuntamiento de La Orotava\",\"description\":\"\",\"publisher\":{\"@id\":\"https:\/\/www.laorotava.es\/turismo\/#organization\"},\"potentialAction\":[{\"@type\":\"SearchAction\",\"target\":{\"@type\":\"EntryPoint\",\"urlTemplate\":\"https:\/\/www.laorotava.es\/turismo\/?s={search_term_string}\"},\"query-input\":{\"@type\":\"PropertyValueSpecification\",\"valueRequired\":true,\"valueName\":\"search_term_string\"}}],\"inLanguage\":\"es\"},{\"@type\":\"Organization\",\"@id\":\"https:\/\/www.laorotava.es\/turismo\/#organization\",\"name\":\"Ayuntamiento de La Orotava\",\"url\":\"https:\/\/www.laorotava.es\/turismo\/\",\"logo\":{\"@type\":\"ImageObject\",\"inLanguage\":\"es\",\"@id\":\"https:\/\/www.laorotava.es\/turismo\/#\/schema\/logo\/image\/\",\"url\":\"https:\/\/www.laorotava.es\/turismo\/wp-content\/uploads\/2022\/08\/logo.png\",\"contentUrl\":\"https:\/\/www.laorotava.es\/turismo\/wp-content\/uploads\/2022\/08\/logo.png\",\"width\":1195,\"height\":180,\"caption\":\"Ayuntamiento de La Orotava\"},\"image\":{\"@id\":\"https:\/\/www.laorotava.es\/turismo\/#\/schema\/logo\/image\/\"},\"sameAs\":[\"https:\/\/www.facebook.com\/TurismoLaOrotava\/\",\"https:\/\/x.com\/LaOrotava\"]}]}<\/script>\n<!-- \/ Yoast SEO plugin. -->","yoast_head_json":{"title":"Tradiciones y Fiestas - Web de Turismo del Ayuntamiento de La Orotava","robots":{"index":"index","follow":"follow","max-snippet":"max-snippet:-1","max-image-preview":"max-image-preview:large","max-video-preview":"max-video-preview:-1"},"canonical":"https:\/\/www.laorotava.es\/turismo\/tradiciones-y-fiestas\/","og_locale":"es_ES","og_type":"article","og_title":"Tradiciones y Fiestas - Web de Turismo del Ayuntamiento de La Orotava","og_description":"DESCUBRE LA OROTAVA Tradiciones y Fiestas Tradiciones y Fiestas CALENDARIO DE FIESTAS EN LOS BARRIOS Adem\u00e1s de las fiestas rese\u00f1adas, en la Villa de La Orotava tambi\u00e9n se organizan otras actividades festivas en los barrios a lo largo del a\u00f1o. Aqu\u00ed las tenemos&#8230; Leer m\u00e1s FIESTAS DE BENIJOS Estos festejos, celebrados en el barrio de Benijos en los altos de La Orotava y en honor a San Isidro Labrador y Santa Mar\u00eda de la Cabeza, han ganado a pulso&#8230; Leer m\u00e1s FIESTAS DE LA PERDOMA En el populoso barrio orotavense de La Perdoma se desarrollan cada a\u00f1o en la primera semana del mes de octubre las Fiestas en honor a Nuestra Se\u00f1ora del&#8230; Leer m\u00e1s Fiestas en honor a San Antonio Abad y la Virgen de La Esperanza de La Florida. El barrio de La Florida, situado en las median\u00edas de La Orotava, celebra sus Fiestas en honor a San Antonio Abad y la Virgen de La Esperanza, en la \u00faltima&#8230; Leer m\u00e1s LA SEMANA SANTA EN LA VILLA DE LA OROTAVA. La conmemoraci\u00f3n anual de la Pasi\u00f3n, Muerte y Resurrecci\u00f3n de Jesucristo en la Villa de La Orotava representa la puesta en escena de uno de los principales&#8230; Leer m\u00e1s LAS FIESTAS PATRONALES DE LA VILLA DE LA OROTAVA FIESTAS PATRONALES : Corpus Christi y Romer\u00eda de San Isidro Labrador. La primera fiesta celebrada en La Orotava, llamada todav\u00eda la Aorotava, tuvo lugar el&#8230; Leer m\u00e1s >>","og_url":"https:\/\/www.laorotava.es\/turismo\/tradiciones-y-fiestas\/","og_site_name":"Web de Turismo del Ayuntamiento de La Orotava","article_publisher":"https:\/\/www.facebook.com\/TurismoLaOrotava\/","article_modified_time":"2023-06-21T12:47:22+00:00","og_image":[{"url":"https:\/\/www-pre.laorotava.es\/turismo\/wp-content\/uploads\/2017\/07\/captura_de_pantalla_2017-07-12_a_las_17.50.11.png","type":"","width":"","height":""}],"twitter_card":"summary_large_image","twitter_site":"@LaOrotava","twitter_misc":{"Tiempo de lectura":"4 minutos"},"schema":{"@context":"https:\/\/schema.org","@graph":[{"@type":"WebPage","@id":"https:\/\/www.laorotava.es\/turismo\/tradiciones-y-fiestas\/","url":"https:\/\/www.laorotava.es\/turismo\/tradiciones-y-fiestas\/","name":"Tradiciones y Fiestas - Web de Turismo del Ayuntamiento de La Orotava","isPartOf":{"@id":"https:\/\/www.laorotava.es\/turismo\/#website"},"primaryImageOfPage":{"@id":"https:\/\/www.laorotava.es\/turismo\/tradiciones-y-fiestas\/#primaryimage"},"image":{"@id":"https:\/\/www.laorotava.es\/turismo\/tradiciones-y-fiestas\/#primaryimage"},"thumbnailUrl":"https:\/\/www.laorotava.es\/turismo\/wp-content\/uploads\/2017\/07\/captura_de_pantalla_2017-07-12_a_las_17.50.11.png","datePublished":"2022-08-22T09:53:18+00:00","dateModified":"2023-06-21T12:47:22+00:00","breadcrumb":{"@id":"https:\/\/www.laorotava.es\/turismo\/tradiciones-y-fiestas\/#breadcrumb"},"inLanguage":"es","potentialAction":[{"@type":"ReadAction","target":["https:\/\/www.laorotava.es\/turismo\/tradiciones-y-fiestas\/"]}]},{"@type":"ImageObject","inLanguage":"es","@id":"https:\/\/www.laorotava.es\/turismo\/tradiciones-y-fiestas\/#primaryimage","url":"https:\/\/www.laorotava.es\/turismo\/wp-content\/uploads\/2017\/07\/captura_de_pantalla_2017-07-12_a_las_17.50.11.png","contentUrl":"https:\/\/www.laorotava.es\/turismo\/wp-content\/uploads\/2017\/07\/captura_de_pantalla_2017-07-12_a_las_17.50.11.png","width":854,"height":651,"caption":"captura_de_pantalla_2017-07-12_a_las_17"},{"@type":"BreadcrumbList","@id":"https:\/\/www.laorotava.es\/turismo\/tradiciones-y-fiestas\/#breadcrumb","itemListElement":[{"@type":"ListItem","position":1,"name":"Portada","item":"https:\/\/www.laorotava.es\/turismo\/"},{"@type":"ListItem","position":2,"name":"Tradiciones y Fiestas"}]},{"@type":"WebSite","@id":"https:\/\/www.laorotava.es\/turismo\/#website","url":"https:\/\/www.laorotava.es\/turismo\/","name":"Web de Turismo del Ayuntamiento de La Orotava","description":"","publisher":{"@id":"https:\/\/www.laorotava.es\/turismo\/#organization"},"potentialAction":[{"@type":"SearchAction","target":{"@type":"EntryPoint","urlTemplate":"https:\/\/www.laorotava.es\/turismo\/?s={search_term_string}"},"query-input":{"@type":"PropertyValueSpecification","valueRequired":true,"valueName":"search_term_string"}}],"inLanguage":"es"},{"@type":"Organization","@id":"https:\/\/www.laorotava.es\/turismo\/#organization","name":"Ayuntamiento de La Orotava","url":"https:\/\/www.laorotava.es\/turismo\/","logo":{"@type":"ImageObject","inLanguage":"es","@id":"https:\/\/www.laorotava.es\/turismo\/#\/schema\/logo\/image\/","url":"https:\/\/www.laorotava.es\/turismo\/wp-content\/uploads\/2022\/08\/logo.png","contentUrl":"https:\/\/www.laorotava.es\/turismo\/wp-content\/uploads\/2022\/08\/logo.png","width":1195,"height":180,"caption":"Ayuntamiento de La Orotava"},"image":{"@id":"https:\/\/www.laorotava.es\/turismo\/#\/schema\/logo\/image\/"},"sameAs":["https:\/\/www.facebook.com\/TurismoLaOrotava\/","https:\/\/x.com\/LaOrotava"]}]}},"_links":{"self":[{"href":"https:\/\/www.laorotava.es\/turismo\/wp-json\/wp\/v2\/pages\/1006055","targetHints":{"allow":["GET"]}}],"collection":[{"href":"https:\/\/www.laorotava.es\/turismo\/wp-json\/wp\/v2\/pages"}],"about":[{"href":"https:\/\/www.laorotava.es\/turismo\/wp-json\/wp\/v2\/types\/page"}],"author":[{"embeddable":true,"href":"https:\/\/www.laorotava.es\/turismo\/wp-json\/wp\/v2\/users\/3"}],"replies":[{"embeddable":true,"href":"https:\/\/www.laorotava.es\/turismo\/wp-json\/wp\/v2\/comments?post=1006055"}],"version-history":[{"count":3,"href":"https:\/\/www.laorotava.es\/turismo\/wp-json\/wp\/v2\/pages\/1006055\/revisions"}],"predecessor-version":[{"id":1017609,"href":"https:\/\/www.laorotava.es\/turismo\/wp-json\/wp\/v2\/pages\/1006055\/revisions\/1017609"}],"wp:attachment":[{"href":"https:\/\/www.laorotava.es\/turismo\/wp-json\/wp\/v2\/media?parent=1006055"}],"curies":[{"name":"wp","href":"https:\/\/api.w.org\/{rel}","templated":true}]}}