{"id":1014193,"date":"2022-10-11T15:23:39","date_gmt":"2022-10-11T15:23:39","guid":{"rendered":"https:\/\/www.laorotava.es\/turismo\/?page_id=1014193"},"modified":"2022-10-11T15:25:04","modified_gmt":"2022-10-11T15:25:04","slug":"10-antiguo-colegio-jesuita","status":"publish","type":"page","link":"https:\/\/www.laorotava.es\/turismo\/10-antiguo-colegio-jesuita\/","title":{"rendered":"10. Antiguo colegio jesuita"},"content":{"rendered":"\t\t<div data-elementor-type=\"wp-page\" data-elementor-id=\"1014193\" class=\"elementor elementor-1014193\">\n\t\t\t\t\t\t<section class=\"elementor-section elementor-top-section elementor-element elementor-element-1dee1bc5 elementor-section-stretched elementor-section-boxed elementor-section-height-default elementor-section-height-default wpr-particle-no wpr-jarallax-no wpr-parallax-no wpr-sticky-section-no\" data-id=\"1dee1bc5\" data-element_type=\"section\" data-e-type=\"section\" data-settings=\"{&quot;stretch_section&quot;:&quot;section-stretched&quot;}\">\n\t\t\t\t\t\t<div class=\"elementor-container elementor-column-gap-default\">\n\t\t\t\t\t<div class=\"elementor-column elementor-col-100 elementor-top-column elementor-element elementor-element-1d6d252a\" data-id=\"1d6d252a\" data-element_type=\"column\" data-e-type=\"column\">\n\t\t\t<div class=\"elementor-widget-wrap elementor-element-populated\">\n\t\t\t\t\t\t<div class=\"elementor-element elementor-element-68b1942b elementor-widget elementor-widget-heading\" data-id=\"68b1942b\" data-element_type=\"widget\" data-e-type=\"widget\" data-widget_type=\"heading.default\">\n\t\t\t\t<div class=\"elementor-widget-container\">\n\t\t\t\t\t<h2 class=\"elementor-heading-title elementor-size-small\">10. Antiguo colegio jesuita\n<div><br><\/div><\/h2>\t\t\t\t<\/div>\n\t\t\t\t<\/div>\n\t\t\t\t<div class=\"elementor-element elementor-element-41b35242 elementor-widget-divider--view-line elementor-widget elementor-widget-divider\" data-id=\"41b35242\" data-element_type=\"widget\" data-e-type=\"widget\" data-widget_type=\"divider.default\">\n\t\t\t\t<div class=\"elementor-widget-container\">\n\t\t\t\t\t\t\t<div class=\"elementor-divider\">\n\t\t\t<span class=\"elementor-divider-separator\">\n\t\t\t\t\t\t<\/span>\n\t\t<\/div>\n\t\t\t\t\t\t<\/div>\n\t\t\t\t<\/div>\n\t\t\t\t<div class=\"elementor-element elementor-element-92572e1 elementor-widget elementor-widget-wp-widget-media_audio\" data-id=\"92572e1\" data-element_type=\"widget\" data-e-type=\"widget\" data-widget_type=\"wp-widget-media_audio.default\">\n\t\t\t\t<div class=\"elementor-widget-container\">\n\t\t\t\t\t<audio class=\"wp-audio-shortcode\" id=\"audio-1014193-1\" preload=\"none\" style=\"width: 100%;\" controls=\"controls\"><source type=\"audio\/mpeg\" src=\"https:\/\/www.laorotava.es\/turismo\/wp-content\/uploads\/2019\/03\/10_rv_antiguo_colegio_jesuita.mp3?_=1\" \/><source type=\"audio\/mpeg\" src=\"https:\/\/www.laorotava.es\/turismo\/wp-content\/uploads\/2019\/03\/10_rv_antiguo_colegio_jesuita.mp3?_=1\" \/><a href=\"https:\/\/www.laorotava.es\/turismo\/wp-content\/uploads\/2019\/03\/10_rv_antiguo_colegio_jesuita.mp3\">https:\/\/www.laorotava.es\/turismo\/wp-content\/uploads\/2019\/03\/10_rv_antiguo_colegio_jesuita.mp3<\/a><\/audio>\t\t\t\t<\/div>\n\t\t\t\t<\/div>\n\t\t\t\t<div class=\"elementor-element elementor-element-3d8ae76 elementor-widget elementor-widget-text-editor\" data-id=\"3d8ae76\" data-element_type=\"widget\" data-e-type=\"widget\" data-widget_type=\"text-editor.default\">\n\t\t\t\t<div class=\"elementor-widget-container\">\n\t\t\t\t\t\t\t\t\t<p><span style=\"color: #444444;\"><img decoding=\"async\" class=\"alignleft\" src=\"https:\/\/www.laorotava.es\/sites\/default\/files\/styles\/large\/public\/rutas\/verde-10.png?itok=nbAbXuzt\" \/><\/span><\/p><p><span style=\"color: #444444;\">Este es uno de los espacios con m\u00e1s historia de La Orotava. La actual\u00a0edificaci\u00f3n es de estilo clasicista de mediados del siglo XIX. El inmueble\u00a0anterior fue el colegio San Luis Gonzaga de los jesuitas en el siglo XVIII.<\/span><\/p><p><span style=\"color: #444444;\">La orden jesuita fue una de las de mayor poder y relevancia en Espa\u00f1a hasta\u00a0su expulsi\u00f3n en 1767. La principal se\u00f1a de identidad de la orden era su\u00a0car\u00e1cter educativo e intelectual. Este colegio dio numerosos quebraderos de\u00a0cabeza a los jesuitas: primero por problemas arquitect\u00f3nicos en su\u00a0construcci\u00f3n, luego por el escaso apoyo local a su mantenimiento y finalmente\u00a0por carecer del n\u00famero suficiente de religiosos para atenderlo.<\/span><\/p><p><span style=\"color: #444444;\">No hab\u00edan pasado ni 2 a\u00f1os desde la apertura del colegio cuando tuvieron que\u00a0cerrarlo por falta de fondos, quedando a su cuidado dos jesuitas durante los\u00a0siguientes a\u00f1os. La casualidad quiso que tras un incendio en el convento de las\u00a0catalinas, frente a La Concepci\u00f3n, las 40 monjas que lo habitaban se\u00a0trasladasen provisionalmente a una vivienda particular pr\u00f3xima al colegio.<\/span><\/p><p><span style=\"color: #444444;\">Desde la cocina de esta vivienda las monjas ve\u00edan el amplio y nada usado\u00a0colegio con envidia. Desesperadas por el retraso en la reconstrucci\u00f3n de su\u00a0convento, un buen d\u00eda decidieron asaltar el colegio provistas de cirios y\u00a0alzando un crucifijo. Cuando uno de los dos jesuitas abri\u00f3 la puerta, las monjas\u00a0invadieron inmediatamente el recinto. Los jesuitas trataron de resistirse, y los\u00a0\u00e1nimos se fueron caldeando mientras las monjas reclamaban las llaves para su\u00a0instalaci\u00f3n definitiva. En la discusi\u00f3n estuvieron a punto de agredir al padre\u00a0rector mientras una de las monjas le espetaba:\u00a0<strong>\u201cPadre, esta es mucha jaula\u00a0para tan pocos p\u00e1jaros\u201d<\/strong>. Mientras un grupo de monjas negociaba con los\u00a0jesuitas, las otras iban trasladando ollas y calderos para el almuerzo.<\/span><\/p><p><span style=\"color: #444444;\">Finalmente los jesuitas se vieron obligados a abandonar el colegio y\u00a0permanecer, durante un a\u00f1o y medio, en una vivienda particular.\u00a0Las desgracias no acabar\u00edan ah\u00ed. En 1767 la orden fue expulsada de Espa\u00f1a al\u00a0ser acusada de haber favorecido motines contra el rey Carlos III y fueron\u00a0desprovistos de todas sus posesiones. Este edificio fue utilizado como\u00a0ayuntamiento y calabozo hasta el incendio que lo destruy\u00f3 a mediados del siglo\u00a0XIX. Tras este incendio se construy\u00f3 la actual edificaci\u00f3n, que a finales del\u00a0siglo XIX, en los albores del turismo, se convirti\u00f3 en primer hotel de la Orotava,\u00a0el Hotel Hesp\u00e9rides.<\/span><\/p><p><span style=\"color: #444444;\">A\u00fan hay una \u00faltima historia ligada a este edificio sucedida durante las\u00a0fiestas del Corpus de 1936. El d\u00eda de la procesi\u00f3n de las alfombras, el por\u00a0entonces Comandante Militar de Canarias, Francisco Franco, visit\u00f3 la Villa con\u00a0intenci\u00f3n de presenciar el evento religioso m\u00e1s emblem\u00e1tico de La Orotava.<\/span><\/p><p><span style=\"color: #444444;\">Tras ser agasajado por las autoridades locales, recorri\u00f3 el itinerario de las\u00a0alfombras hasta llegar a esta casa, invitado por su propietario, el General\u00a0Lorenzo Machado. Fue entonces cuando un individuo apostado calle arriba se\u00a0dispuso a dispararle. En el momento de sacar el arma, un polic\u00eda municipal que\u00a0actuaba como escolta se percat\u00f3 del movimiento. El francotirador vio a su vez\u00a0el gesto del polic\u00eda de llevarse la mano a la pistola y renunci\u00f3 a disparar\u00a0escabull\u00e9ndose entre la gente. Jam\u00e1s se supo la identidad del atacante ni\u00a0ning\u00fan otro detalle sobre este hecho, que pudo haber cambiado la historia de\u00a0Espa\u00f1a. Solo un mes m\u00e1s tarde, Franco protagoniz\u00f3 el golpe de estado que\u00a0desencaden\u00f3 en la cruenta Guerra Civil a la que sucedieron casi cuatro\u00a0d\u00e9cadas del r\u00e9gimen franquista.<\/span><\/p><p><span style=\"color: #444444;\">Continuemos por el callej\u00f3n de Rodapalla. El edificio que ves al fondo es el\u00a0ayuntamiento. A su derecha ver\u00e1s un jard\u00edn rodeado por una verja de hierro\u00a0forjado. Es la hijuela del Jard\u00edn Bot\u00e1nico. Recorre su per\u00edmetro hasta encontrar\u00a0la puerta de entrada, que se encuentra en el lado opuesto.<\/span><\/p>\t\t\t\t\t\t\t\t<\/div>\n\t\t\t\t<\/div>\n\t\t\t\t<div class=\"elementor-element elementor-element-1f50801d elementor-widget elementor-widget-google_maps\" data-id=\"1f50801d\" data-element_type=\"widget\" data-e-type=\"widget\" data-widget_type=\"google_maps.default\">\n\t\t\t\t<div class=\"elementor-widget-container\">\n\t\t\t\t\t\t\t<div class=\"elementor-custom-embed\">\n\t\t\t<iframe loading=\"lazy\"\n\t\t\t\t\tsrc=\"https:\/\/maps.google.com\/maps?q=calle%20san%20francisco%20la%20orotava&#038;t=m&#038;z=16&#038;output=embed&#038;iwloc=near\"\n\t\t\t\t\ttitle=\"calle san francisco la orotava\"\n\t\t\t\t\taria-label=\"calle san francisco la orotava\"\n\t\t\t><\/iframe>\n\t\t<\/div>\n\t\t\t\t\t\t<\/div>\n\t\t\t\t<\/div>\n\t\t\t\t\t<\/div>\n\t\t<\/div>\n\t\t\t\t\t<\/div>\n\t\t<\/section>\n\t\t\t\t<\/div>\n\t\t","protected":false},"excerpt":{"rendered":"<p>10. Antiguo colegio jesuita Este es uno de los espacios con m\u00e1s historia de La Orotava. La actual\u00a0edificaci\u00f3n es de estilo clasicista de mediados del siglo XIX. El inmueble\u00a0anterior fue el colegio San Luis Gonzaga de los jesuitas en el siglo XVIII. La orden jesuita fue una de las de mayor poder y relevancia en Espa\u00f1a hasta\u00a0su expulsi\u00f3n en 1767. La principal se\u00f1a de identidad de la orden era su\u00a0car\u00e1cter educativo e intelectual. Este colegio dio numerosos quebraderos de\u00a0cabeza a los jesuitas: primero por problemas arquitect\u00f3nicos en su\u00a0construcci\u00f3n, luego por el escaso apoyo local a su mantenimiento y finalmente\u00a0por carecer del n\u00famero suficiente de religiosos para atenderlo. No hab\u00edan pasado ni 2 a\u00f1os desde la apertura del colegio cuando tuvieron que\u00a0cerrarlo por falta de fondos, quedando a su cuidado dos jesuitas durante los\u00a0siguientes a\u00f1os. La casualidad quiso que tras un incendio en el convento de las\u00a0catalinas, frente a La Concepci\u00f3n, las 40 monjas que lo habitaban se\u00a0trasladasen provisionalmente a una vivienda particular pr\u00f3xima al colegio. Desde la cocina de esta vivienda las monjas ve\u00edan el amplio y nada usado\u00a0colegio con envidia. Desesperadas por el retraso en la reconstrucci\u00f3n de su\u00a0convento, un buen d\u00eda decidieron asaltar el colegio provistas de cirios y\u00a0alzando un crucifijo. Cuando uno de los dos jesuitas abri\u00f3 la puerta, las monjas\u00a0invadieron inmediatamente el recinto. Los jesuitas trataron de resistirse, y los\u00a0\u00e1nimos se fueron caldeando mientras las monjas reclamaban las llaves para su\u00a0instalaci\u00f3n definitiva. En la discusi\u00f3n estuvieron a punto de agredir al padre\u00a0rector mientras una de las monjas le espetaba:\u00a0\u201cPadre, esta es mucha jaula\u00a0para tan pocos p\u00e1jaros\u201d. Mientras un grupo de monjas negociaba con los\u00a0jesuitas, las otras iban trasladando ollas y calderos para el almuerzo. Finalmente los jesuitas se vieron obligados a abandonar el colegio y\u00a0permanecer, durante un a\u00f1o y medio, en una vivienda particular.\u00a0Las desgracias no acabar\u00edan ah\u00ed. En 1767 la orden fue expulsada de Espa\u00f1a al\u00a0ser acusada de haber favorecido motines contra el rey Carlos III y fueron\u00a0desprovistos de todas sus posesiones. Este edificio fue utilizado como\u00a0ayuntamiento y calabozo hasta el incendio que lo destruy\u00f3 a mediados del siglo\u00a0XIX. Tras este incendio se construy\u00f3 la actual edificaci\u00f3n, que a finales del\u00a0siglo XIX, en los albores del turismo, se convirti\u00f3 en primer hotel de la Orotava,\u00a0el Hotel Hesp\u00e9rides. A\u00fan hay una \u00faltima historia ligada a este edificio sucedida durante las\u00a0fiestas del Corpus de 1936. El d\u00eda de la procesi\u00f3n de las alfombras, el por\u00a0entonces Comandante Militar de Canarias, Francisco Franco, visit\u00f3 la Villa con\u00a0intenci\u00f3n de presenciar el evento religioso m\u00e1s emblem\u00e1tico de La Orotava. Tras ser agasajado por las autoridades locales, recorri\u00f3 el itinerario de las\u00a0alfombras hasta llegar a esta casa, invitado por su propietario, el General\u00a0Lorenzo Machado. Fue entonces cuando un individuo apostado calle arriba se\u00a0dispuso a dispararle. En el momento de sacar el arma, un polic\u00eda municipal que\u00a0actuaba como escolta se percat\u00f3 del movimiento. El francotirador vio a su vez\u00a0el gesto del polic\u00eda de llevarse la mano a la pistola y renunci\u00f3 a disparar\u00a0escabull\u00e9ndose entre la gente. Jam\u00e1s se supo la identidad del atacante ni\u00a0ning\u00fan otro detalle sobre este hecho, que pudo haber cambiado la historia de\u00a0Espa\u00f1a. Solo un mes m\u00e1s tarde, Franco protagoniz\u00f3 el golpe de estado que\u00a0desencaden\u00f3 en la cruenta Guerra Civil a la que sucedieron casi cuatro\u00a0d\u00e9cadas del r\u00e9gimen franquista. Continuemos por el callej\u00f3n de Rodapalla. El edificio que ves al fondo es el\u00a0ayuntamiento. A su derecha ver\u00e1s un jard\u00edn rodeado por una verja de hierro\u00a0forjado. Es la hijuela del Jard\u00edn Bot\u00e1nico. Recorre su per\u00edmetro hasta encontrar\u00a0la puerta de entrada, que se encuentra en el lado opuesto.<\/p>\n","protected":false},"author":3,"featured_media":0,"parent":0,"menu_order":0,"comment_status":"closed","ping_status":"closed","template":"","meta":{"_acf_changed":false,"ocean_post_layout":"","ocean_both_sidebars_style":"","ocean_both_sidebars_content_width":0,"ocean_both_sidebars_sidebars_width":0,"ocean_sidebar":"0","ocean_second_sidebar":"0","ocean_disable_margins":"enable","ocean_add_body_class":"","ocean_shortcode_before_top_bar":"","ocean_shortcode_after_top_bar":"","ocean_shortcode_before_header":"","ocean_shortcode_after_header":"","ocean_has_shortcode":"","ocean_shortcode_after_title":"","ocean_shortcode_before_footer_widgets":"","ocean_shortcode_after_footer_widgets":"","ocean_shortcode_before_footer_bottom":"","ocean_shortcode_after_footer_bottom":"","ocean_display_top_bar":"default","ocean_display_header":"default","ocean_header_style":"","ocean_center_header_left_menu":"0","ocean_custom_header_template":"0","ocean_custom_logo":0,"ocean_custom_retina_logo":0,"ocean_custom_logo_max_width":0,"ocean_custom_logo_tablet_max_width":0,"ocean_custom_logo_mobile_max_width":0,"ocean_custom_logo_max_height":0,"ocean_custom_logo_tablet_max_height":0,"ocean_custom_logo_mobile_max_height":0,"ocean_header_custom_menu":"0","ocean_menu_typo_font_family":"0","ocean_menu_typo_font_subset":"","ocean_menu_typo_font_size":0,"ocean_menu_typo_font_size_tablet":0,"ocean_menu_typo_font_size_mobile":0,"ocean_menu_typo_font_size_unit":"px","ocean_menu_typo_font_weight":"","ocean_menu_typo_font_weight_tablet":"","ocean_menu_typo_font_weight_mobile":"","ocean_menu_typo_transform":"","ocean_menu_typo_transform_tablet":"","ocean_menu_typo_transform_mobile":"","ocean_menu_typo_line_height":0,"ocean_menu_typo_line_height_tablet":0,"ocean_menu_typo_line_height_mobile":0,"ocean_menu_typo_line_height_unit":"","ocean_menu_typo_spacing":0,"ocean_menu_typo_spacing_tablet":0,"ocean_menu_typo_spacing_mobile":0,"ocean_menu_typo_spacing_unit":"","ocean_menu_link_color":"","ocean_menu_link_color_hover":"","ocean_menu_link_color_active":"","ocean_menu_link_background":"","ocean_menu_link_hover_background":"","ocean_menu_link_active_background":"","ocean_menu_social_links_bg":"","ocean_menu_social_hover_links_bg":"","ocean_menu_social_links_color":"","ocean_menu_social_hover_links_color":"","ocean_disable_title":"on","ocean_disable_heading":"default","ocean_post_title":"","ocean_post_subheading":"","ocean_post_title_style":"","ocean_post_title_background_color":"","ocean_post_title_background":0,"ocean_post_title_bg_image_position":"","ocean_post_title_bg_image_attachment":"","ocean_post_title_bg_image_repeat":"","ocean_post_title_bg_image_size":"","ocean_post_title_height":0,"ocean_post_title_bg_overlay":0.5,"ocean_post_title_bg_overlay_color":"","ocean_disable_breadcrumbs":"default","ocean_breadcrumbs_color":"","ocean_breadcrumbs_separator_color":"","ocean_breadcrumbs_links_color":"","ocean_breadcrumbs_links_hover_color":"","ocean_display_footer_widgets":"default","ocean_display_footer_bottom":"default","ocean_custom_footer_template":"0","footnotes":""},"class_list":["post-1014193","page","type-page","status-publish","hentry","entry"],"acf":[],"yoast_head":"<!-- This site is optimized with the Yoast SEO plugin v27.2 - https:\/\/yoast.com\/product\/yoast-seo-wordpress\/ -->\n<title>10. Antiguo colegio jesuita - Web de Turismo del Ayuntamiento de La Orotava<\/title>\n<meta name=\"robots\" content=\"index, follow, max-snippet:-1, max-image-preview:large, max-video-preview:-1\" \/>\n<link rel=\"canonical\" href=\"https:\/\/www.laorotava.es\/turismo\/10-antiguo-colegio-jesuita\/\" \/>\n<meta property=\"og:locale\" content=\"es_ES\" \/>\n<meta property=\"og:type\" content=\"article\" \/>\n<meta property=\"og:title\" content=\"10. Antiguo colegio jesuita - Web de Turismo del Ayuntamiento de La Orotava\" \/>\n<meta property=\"og:description\" content=\"10. Antiguo colegio jesuita Este es uno de los espacios con m\u00e1s historia de La Orotava. La actual\u00a0edificaci\u00f3n es de estilo clasicista de mediados del siglo XIX. El inmueble\u00a0anterior fue el colegio San Luis Gonzaga de los jesuitas en el siglo XVIII. La orden jesuita fue una de las de mayor poder y relevancia en Espa\u00f1a hasta\u00a0su expulsi\u00f3n en 1767. La principal se\u00f1a de identidad de la orden era su\u00a0car\u00e1cter educativo e intelectual. Este colegio dio numerosos quebraderos de\u00a0cabeza a los jesuitas: primero por problemas arquitect\u00f3nicos en su\u00a0construcci\u00f3n, luego por el escaso apoyo local a su mantenimiento y finalmente\u00a0por carecer del n\u00famero suficiente de religiosos para atenderlo. No hab\u00edan pasado ni 2 a\u00f1os desde la apertura del colegio cuando tuvieron que\u00a0cerrarlo por falta de fondos, quedando a su cuidado dos jesuitas durante los\u00a0siguientes a\u00f1os. La casualidad quiso que tras un incendio en el convento de las\u00a0catalinas, frente a La Concepci\u00f3n, las 40 monjas que lo habitaban se\u00a0trasladasen provisionalmente a una vivienda particular pr\u00f3xima al colegio. Desde la cocina de esta vivienda las monjas ve\u00edan el amplio y nada usado\u00a0colegio con envidia. Desesperadas por el retraso en la reconstrucci\u00f3n de su\u00a0convento, un buen d\u00eda decidieron asaltar el colegio provistas de cirios y\u00a0alzando un crucifijo. Cuando uno de los dos jesuitas abri\u00f3 la puerta, las monjas\u00a0invadieron inmediatamente el recinto. Los jesuitas trataron de resistirse, y los\u00a0\u00e1nimos se fueron caldeando mientras las monjas reclamaban las llaves para su\u00a0instalaci\u00f3n definitiva. En la discusi\u00f3n estuvieron a punto de agredir al padre\u00a0rector mientras una de las monjas le espetaba:\u00a0\u201cPadre, esta es mucha jaula\u00a0para tan pocos p\u00e1jaros\u201d. Mientras un grupo de monjas negociaba con los\u00a0jesuitas, las otras iban trasladando ollas y calderos para el almuerzo. Finalmente los jesuitas se vieron obligados a abandonar el colegio y\u00a0permanecer, durante un a\u00f1o y medio, en una vivienda particular.\u00a0Las desgracias no acabar\u00edan ah\u00ed. En 1767 la orden fue expulsada de Espa\u00f1a al\u00a0ser acusada de haber favorecido motines contra el rey Carlos III y fueron\u00a0desprovistos de todas sus posesiones. Este edificio fue utilizado como\u00a0ayuntamiento y calabozo hasta el incendio que lo destruy\u00f3 a mediados del siglo\u00a0XIX. Tras este incendio se construy\u00f3 la actual edificaci\u00f3n, que a finales del\u00a0siglo XIX, en los albores del turismo, se convirti\u00f3 en primer hotel de la Orotava,\u00a0el Hotel Hesp\u00e9rides. A\u00fan hay una \u00faltima historia ligada a este edificio sucedida durante las\u00a0fiestas del Corpus de 1936. El d\u00eda de la procesi\u00f3n de las alfombras, el por\u00a0entonces Comandante Militar de Canarias, Francisco Franco, visit\u00f3 la Villa con\u00a0intenci\u00f3n de presenciar el evento religioso m\u00e1s emblem\u00e1tico de La Orotava. Tras ser agasajado por las autoridades locales, recorri\u00f3 el itinerario de las\u00a0alfombras hasta llegar a esta casa, invitado por su propietario, el General\u00a0Lorenzo Machado. Fue entonces cuando un individuo apostado calle arriba se\u00a0dispuso a dispararle. En el momento de sacar el arma, un polic\u00eda municipal que\u00a0actuaba como escolta se percat\u00f3 del movimiento. El francotirador vio a su vez\u00a0el gesto del polic\u00eda de llevarse la mano a la pistola y renunci\u00f3 a disparar\u00a0escabull\u00e9ndose entre la gente. Jam\u00e1s se supo la identidad del atacante ni\u00a0ning\u00fan otro detalle sobre este hecho, que pudo haber cambiado la historia de\u00a0Espa\u00f1a. Solo un mes m\u00e1s tarde, Franco protagoniz\u00f3 el golpe de estado que\u00a0desencaden\u00f3 en la cruenta Guerra Civil a la que sucedieron casi cuatro\u00a0d\u00e9cadas del r\u00e9gimen franquista. Continuemos por el callej\u00f3n de Rodapalla. El edificio que ves al fondo es el\u00a0ayuntamiento. A su derecha ver\u00e1s un jard\u00edn rodeado por una verja de hierro\u00a0forjado. Es la hijuela del Jard\u00edn Bot\u00e1nico. Recorre su per\u00edmetro hasta encontrar\u00a0la puerta de entrada, que se encuentra en el lado opuesto.\" \/>\n<meta property=\"og:url\" content=\"https:\/\/www.laorotava.es\/turismo\/10-antiguo-colegio-jesuita\/\" \/>\n<meta property=\"og:site_name\" content=\"Web de Turismo del Ayuntamiento de La Orotava\" \/>\n<meta property=\"article:publisher\" content=\"https:\/\/www.facebook.com\/TurismoLaOrotava\/\" \/>\n<meta property=\"article:modified_time\" content=\"2022-10-11T15:25:04+00:00\" \/>\n<meta property=\"og:image\" content=\"https:\/\/www.laorotava.es\/sites\/default\/files\/styles\/large\/public\/rutas\/verde-10.png?itok=nbAbXuzt\" \/>\n<meta name=\"twitter:card\" content=\"summary_large_image\" \/>\n<meta name=\"twitter:site\" content=\"@LaOrotava\" \/>\n<meta name=\"twitter:label1\" content=\"Tiempo de lectura\" \/>\n\t<meta name=\"twitter:data1\" content=\"3 minutos\" \/>\n<script type=\"application\/ld+json\" class=\"yoast-schema-graph\">{\"@context\":\"https:\/\/schema.org\",\"@graph\":[{\"@type\":\"WebPage\",\"@id\":\"https:\/\/www.laorotava.es\/turismo\/10-antiguo-colegio-jesuita\/\",\"url\":\"https:\/\/www.laorotava.es\/turismo\/10-antiguo-colegio-jesuita\/\",\"name\":\"10. Antiguo colegio jesuita - Web de Turismo del Ayuntamiento de La Orotava\",\"isPartOf\":{\"@id\":\"https:\/\/www.laorotava.es\/turismo\/#website\"},\"primaryImageOfPage\":{\"@id\":\"https:\/\/www.laorotava.es\/turismo\/10-antiguo-colegio-jesuita\/#primaryimage\"},\"image\":{\"@id\":\"https:\/\/www.laorotava.es\/turismo\/10-antiguo-colegio-jesuita\/#primaryimage\"},\"thumbnailUrl\":\"https:\/\/www.laorotava.es\/sites\/default\/files\/styles\/large\/public\/rutas\/verde-10.png?itok=nbAbXuzt\",\"datePublished\":\"2022-10-11T15:23:39+00:00\",\"dateModified\":\"2022-10-11T15:25:04+00:00\",\"breadcrumb\":{\"@id\":\"https:\/\/www.laorotava.es\/turismo\/10-antiguo-colegio-jesuita\/#breadcrumb\"},\"inLanguage\":\"es\",\"potentialAction\":[{\"@type\":\"ReadAction\",\"target\":[\"https:\/\/www.laorotava.es\/turismo\/10-antiguo-colegio-jesuita\/\"]}]},{\"@type\":\"ImageObject\",\"inLanguage\":\"es\",\"@id\":\"https:\/\/www.laorotava.es\/turismo\/10-antiguo-colegio-jesuita\/#primaryimage\",\"url\":\"https:\/\/www.laorotava.es\/sites\/default\/files\/styles\/large\/public\/rutas\/verde-10.png?itok=nbAbXuzt\",\"contentUrl\":\"https:\/\/www.laorotava.es\/sites\/default\/files\/styles\/large\/public\/rutas\/verde-10.png?itok=nbAbXuzt\"},{\"@type\":\"BreadcrumbList\",\"@id\":\"https:\/\/www.laorotava.es\/turismo\/10-antiguo-colegio-jesuita\/#breadcrumb\",\"itemListElement\":[{\"@type\":\"ListItem\",\"position\":1,\"name\":\"Portada\",\"item\":\"https:\/\/www.laorotava.es\/turismo\/\"},{\"@type\":\"ListItem\",\"position\":2,\"name\":\"10. Antiguo colegio jesuita\"}]},{\"@type\":\"WebSite\",\"@id\":\"https:\/\/www.laorotava.es\/turismo\/#website\",\"url\":\"https:\/\/www.laorotava.es\/turismo\/\",\"name\":\"Web de Turismo del Ayuntamiento de La Orotava\",\"description\":\"\",\"publisher\":{\"@id\":\"https:\/\/www.laorotava.es\/turismo\/#organization\"},\"potentialAction\":[{\"@type\":\"SearchAction\",\"target\":{\"@type\":\"EntryPoint\",\"urlTemplate\":\"https:\/\/www.laorotava.es\/turismo\/?s={search_term_string}\"},\"query-input\":{\"@type\":\"PropertyValueSpecification\",\"valueRequired\":true,\"valueName\":\"search_term_string\"}}],\"inLanguage\":\"es\"},{\"@type\":\"Organization\",\"@id\":\"https:\/\/www.laorotava.es\/turismo\/#organization\",\"name\":\"Ayuntamiento de La Orotava\",\"url\":\"https:\/\/www.laorotava.es\/turismo\/\",\"logo\":{\"@type\":\"ImageObject\",\"inLanguage\":\"es\",\"@id\":\"https:\/\/www.laorotava.es\/turismo\/#\/schema\/logo\/image\/\",\"url\":\"https:\/\/www.laorotava.es\/turismo\/wp-content\/uploads\/2022\/08\/logo.png\",\"contentUrl\":\"https:\/\/www.laorotava.es\/turismo\/wp-content\/uploads\/2022\/08\/logo.png\",\"width\":1195,\"height\":180,\"caption\":\"Ayuntamiento de La Orotava\"},\"image\":{\"@id\":\"https:\/\/www.laorotava.es\/turismo\/#\/schema\/logo\/image\/\"},\"sameAs\":[\"https:\/\/www.facebook.com\/TurismoLaOrotava\/\",\"https:\/\/x.com\/LaOrotava\"]}]}<\/script>\n<!-- \/ Yoast SEO plugin. -->","yoast_head_json":{"title":"10. Antiguo colegio jesuita - Web de Turismo del Ayuntamiento de La Orotava","robots":{"index":"index","follow":"follow","max-snippet":"max-snippet:-1","max-image-preview":"max-image-preview:large","max-video-preview":"max-video-preview:-1"},"canonical":"https:\/\/www.laorotava.es\/turismo\/10-antiguo-colegio-jesuita\/","og_locale":"es_ES","og_type":"article","og_title":"10. Antiguo colegio jesuita - Web de Turismo del Ayuntamiento de La Orotava","og_description":"10. Antiguo colegio jesuita Este es uno de los espacios con m\u00e1s historia de La Orotava. La actual\u00a0edificaci\u00f3n es de estilo clasicista de mediados del siglo XIX. El inmueble\u00a0anterior fue el colegio San Luis Gonzaga de los jesuitas en el siglo XVIII. La orden jesuita fue una de las de mayor poder y relevancia en Espa\u00f1a hasta\u00a0su expulsi\u00f3n en 1767. La principal se\u00f1a de identidad de la orden era su\u00a0car\u00e1cter educativo e intelectual. Este colegio dio numerosos quebraderos de\u00a0cabeza a los jesuitas: primero por problemas arquitect\u00f3nicos en su\u00a0construcci\u00f3n, luego por el escaso apoyo local a su mantenimiento y finalmente\u00a0por carecer del n\u00famero suficiente de religiosos para atenderlo. No hab\u00edan pasado ni 2 a\u00f1os desde la apertura del colegio cuando tuvieron que\u00a0cerrarlo por falta de fondos, quedando a su cuidado dos jesuitas durante los\u00a0siguientes a\u00f1os. La casualidad quiso que tras un incendio en el convento de las\u00a0catalinas, frente a La Concepci\u00f3n, las 40 monjas que lo habitaban se\u00a0trasladasen provisionalmente a una vivienda particular pr\u00f3xima al colegio. Desde la cocina de esta vivienda las monjas ve\u00edan el amplio y nada usado\u00a0colegio con envidia. Desesperadas por el retraso en la reconstrucci\u00f3n de su\u00a0convento, un buen d\u00eda decidieron asaltar el colegio provistas de cirios y\u00a0alzando un crucifijo. Cuando uno de los dos jesuitas abri\u00f3 la puerta, las monjas\u00a0invadieron inmediatamente el recinto. Los jesuitas trataron de resistirse, y los\u00a0\u00e1nimos se fueron caldeando mientras las monjas reclamaban las llaves para su\u00a0instalaci\u00f3n definitiva. En la discusi\u00f3n estuvieron a punto de agredir al padre\u00a0rector mientras una de las monjas le espetaba:\u00a0\u201cPadre, esta es mucha jaula\u00a0para tan pocos p\u00e1jaros\u201d. Mientras un grupo de monjas negociaba con los\u00a0jesuitas, las otras iban trasladando ollas y calderos para el almuerzo. Finalmente los jesuitas se vieron obligados a abandonar el colegio y\u00a0permanecer, durante un a\u00f1o y medio, en una vivienda particular.\u00a0Las desgracias no acabar\u00edan ah\u00ed. En 1767 la orden fue expulsada de Espa\u00f1a al\u00a0ser acusada de haber favorecido motines contra el rey Carlos III y fueron\u00a0desprovistos de todas sus posesiones. Este edificio fue utilizado como\u00a0ayuntamiento y calabozo hasta el incendio que lo destruy\u00f3 a mediados del siglo\u00a0XIX. Tras este incendio se construy\u00f3 la actual edificaci\u00f3n, que a finales del\u00a0siglo XIX, en los albores del turismo, se convirti\u00f3 en primer hotel de la Orotava,\u00a0el Hotel Hesp\u00e9rides. A\u00fan hay una \u00faltima historia ligada a este edificio sucedida durante las\u00a0fiestas del Corpus de 1936. El d\u00eda de la procesi\u00f3n de las alfombras, el por\u00a0entonces Comandante Militar de Canarias, Francisco Franco, visit\u00f3 la Villa con\u00a0intenci\u00f3n de presenciar el evento religioso m\u00e1s emblem\u00e1tico de La Orotava. Tras ser agasajado por las autoridades locales, recorri\u00f3 el itinerario de las\u00a0alfombras hasta llegar a esta casa, invitado por su propietario, el General\u00a0Lorenzo Machado. Fue entonces cuando un individuo apostado calle arriba se\u00a0dispuso a dispararle. En el momento de sacar el arma, un polic\u00eda municipal que\u00a0actuaba como escolta se percat\u00f3 del movimiento. El francotirador vio a su vez\u00a0el gesto del polic\u00eda de llevarse la mano a la pistola y renunci\u00f3 a disparar\u00a0escabull\u00e9ndose entre la gente. Jam\u00e1s se supo la identidad del atacante ni\u00a0ning\u00fan otro detalle sobre este hecho, que pudo haber cambiado la historia de\u00a0Espa\u00f1a. Solo un mes m\u00e1s tarde, Franco protagoniz\u00f3 el golpe de estado que\u00a0desencaden\u00f3 en la cruenta Guerra Civil a la que sucedieron casi cuatro\u00a0d\u00e9cadas del r\u00e9gimen franquista. Continuemos por el callej\u00f3n de Rodapalla. El edificio que ves al fondo es el\u00a0ayuntamiento. A su derecha ver\u00e1s un jard\u00edn rodeado por una verja de hierro\u00a0forjado. Es la hijuela del Jard\u00edn Bot\u00e1nico. Recorre su per\u00edmetro hasta encontrar\u00a0la puerta de entrada, que se encuentra en el lado opuesto.","og_url":"https:\/\/www.laorotava.es\/turismo\/10-antiguo-colegio-jesuita\/","og_site_name":"Web de Turismo del Ayuntamiento de La Orotava","article_publisher":"https:\/\/www.facebook.com\/TurismoLaOrotava\/","article_modified_time":"2022-10-11T15:25:04+00:00","og_image":[{"url":"https:\/\/www.laorotava.es\/sites\/default\/files\/styles\/large\/public\/rutas\/verde-10.png?itok=nbAbXuzt","type":"","width":"","height":""}],"twitter_card":"summary_large_image","twitter_site":"@LaOrotava","twitter_misc":{"Tiempo de lectura":"3 minutos"},"schema":{"@context":"https:\/\/schema.org","@graph":[{"@type":"WebPage","@id":"https:\/\/www.laorotava.es\/turismo\/10-antiguo-colegio-jesuita\/","url":"https:\/\/www.laorotava.es\/turismo\/10-antiguo-colegio-jesuita\/","name":"10. Antiguo colegio jesuita - Web de Turismo del Ayuntamiento de La Orotava","isPartOf":{"@id":"https:\/\/www.laorotava.es\/turismo\/#website"},"primaryImageOfPage":{"@id":"https:\/\/www.laorotava.es\/turismo\/10-antiguo-colegio-jesuita\/#primaryimage"},"image":{"@id":"https:\/\/www.laorotava.es\/turismo\/10-antiguo-colegio-jesuita\/#primaryimage"},"thumbnailUrl":"https:\/\/www.laorotava.es\/sites\/default\/files\/styles\/large\/public\/rutas\/verde-10.png?itok=nbAbXuzt","datePublished":"2022-10-11T15:23:39+00:00","dateModified":"2022-10-11T15:25:04+00:00","breadcrumb":{"@id":"https:\/\/www.laorotava.es\/turismo\/10-antiguo-colegio-jesuita\/#breadcrumb"},"inLanguage":"es","potentialAction":[{"@type":"ReadAction","target":["https:\/\/www.laorotava.es\/turismo\/10-antiguo-colegio-jesuita\/"]}]},{"@type":"ImageObject","inLanguage":"es","@id":"https:\/\/www.laorotava.es\/turismo\/10-antiguo-colegio-jesuita\/#primaryimage","url":"https:\/\/www.laorotava.es\/sites\/default\/files\/styles\/large\/public\/rutas\/verde-10.png?itok=nbAbXuzt","contentUrl":"https:\/\/www.laorotava.es\/sites\/default\/files\/styles\/large\/public\/rutas\/verde-10.png?itok=nbAbXuzt"},{"@type":"BreadcrumbList","@id":"https:\/\/www.laorotava.es\/turismo\/10-antiguo-colegio-jesuita\/#breadcrumb","itemListElement":[{"@type":"ListItem","position":1,"name":"Portada","item":"https:\/\/www.laorotava.es\/turismo\/"},{"@type":"ListItem","position":2,"name":"10. Antiguo colegio jesuita"}]},{"@type":"WebSite","@id":"https:\/\/www.laorotava.es\/turismo\/#website","url":"https:\/\/www.laorotava.es\/turismo\/","name":"Web de Turismo del Ayuntamiento de La Orotava","description":"","publisher":{"@id":"https:\/\/www.laorotava.es\/turismo\/#organization"},"potentialAction":[{"@type":"SearchAction","target":{"@type":"EntryPoint","urlTemplate":"https:\/\/www.laorotava.es\/turismo\/?s={search_term_string}"},"query-input":{"@type":"PropertyValueSpecification","valueRequired":true,"valueName":"search_term_string"}}],"inLanguage":"es"},{"@type":"Organization","@id":"https:\/\/www.laorotava.es\/turismo\/#organization","name":"Ayuntamiento de La Orotava","url":"https:\/\/www.laorotava.es\/turismo\/","logo":{"@type":"ImageObject","inLanguage":"es","@id":"https:\/\/www.laorotava.es\/turismo\/#\/schema\/logo\/image\/","url":"https:\/\/www.laorotava.es\/turismo\/wp-content\/uploads\/2022\/08\/logo.png","contentUrl":"https:\/\/www.laorotava.es\/turismo\/wp-content\/uploads\/2022\/08\/logo.png","width":1195,"height":180,"caption":"Ayuntamiento de La Orotava"},"image":{"@id":"https:\/\/www.laorotava.es\/turismo\/#\/schema\/logo\/image\/"},"sameAs":["https:\/\/www.facebook.com\/TurismoLaOrotava\/","https:\/\/x.com\/LaOrotava"]}]}},"_links":{"self":[{"href":"https:\/\/www.laorotava.es\/turismo\/wp-json\/wp\/v2\/pages\/1014193","targetHints":{"allow":["GET"]}}],"collection":[{"href":"https:\/\/www.laorotava.es\/turismo\/wp-json\/wp\/v2\/pages"}],"about":[{"href":"https:\/\/www.laorotava.es\/turismo\/wp-json\/wp\/v2\/types\/page"}],"author":[{"embeddable":true,"href":"https:\/\/www.laorotava.es\/turismo\/wp-json\/wp\/v2\/users\/3"}],"replies":[{"embeddable":true,"href":"https:\/\/www.laorotava.es\/turismo\/wp-json\/wp\/v2\/comments?post=1014193"}],"version-history":[{"count":4,"href":"https:\/\/www.laorotava.es\/turismo\/wp-json\/wp\/v2\/pages\/1014193\/revisions"}],"predecessor-version":[{"id":1014201,"href":"https:\/\/www.laorotava.es\/turismo\/wp-json\/wp\/v2\/pages\/1014193\/revisions\/1014201"}],"wp:attachment":[{"href":"https:\/\/www.laorotava.es\/turismo\/wp-json\/wp\/v2\/media?parent=1014193"}],"curies":[{"name":"wp","href":"https:\/\/api.w.org\/{rel}","templated":true}]}}