{"id":1014733,"date":"2022-10-13T11:54:58","date_gmt":"2022-10-13T11:54:58","guid":{"rendered":"https:\/\/www.laorotava.es\/turismo\/?page_id=1014733"},"modified":"2025-02-20T13:36:28","modified_gmt":"2025-02-20T13:36:28","slug":"8-eglise-de-la-conception","status":"publish","type":"page","link":"https:\/\/www.laorotava.es\/turismo\/fr\/8-eglise-de-la-conception\/","title":{"rendered":"8. \u00c9glise de La Conception"},"content":{"rendered":"\t\t<div data-elementor-type=\"wp-page\" data-elementor-id=\"1014733\" class=\"elementor elementor-1014733\">\n\t\t\t\t\t\t<section class=\"elementor-section elementor-top-section elementor-element elementor-element-23354d82 elementor-section-stretched elementor-section-boxed elementor-section-height-default elementor-section-height-default wpr-particle-no wpr-jarallax-no wpr-parallax-no wpr-sticky-section-no\" data-id=\"23354d82\" data-element_type=\"section\" data-e-type=\"section\" data-settings=\"{&quot;stretch_section&quot;:&quot;section-stretched&quot;}\">\n\t\t\t\t\t\t<div class=\"elementor-container elementor-column-gap-default\">\n\t\t\t\t\t<div class=\"elementor-column elementor-col-100 elementor-top-column elementor-element elementor-element-27860eeb\" data-id=\"27860eeb\" data-element_type=\"column\" data-e-type=\"column\">\n\t\t\t<div class=\"elementor-widget-wrap elementor-element-populated\">\n\t\t\t\t\t\t<div class=\"elementor-element elementor-element-2de3778b elementor-widget elementor-widget-heading\" data-id=\"2de3778b\" data-element_type=\"widget\" data-e-type=\"widget\" data-widget_type=\"heading.default\">\n\t\t\t\t<div class=\"elementor-widget-container\">\n\t\t\t\t\t<h2 class=\"elementor-heading-title elementor-size-small\">8. \u00c9glise de La Conception<\/h2>\t\t\t\t<\/div>\n\t\t\t\t<\/div>\n\t\t\t\t<div class=\"elementor-element elementor-element-6066a48f elementor-widget-divider--view-line elementor-widget elementor-widget-divider\" data-id=\"6066a48f\" data-element_type=\"widget\" data-e-type=\"widget\" data-widget_type=\"divider.default\">\n\t\t\t\t<div class=\"elementor-widget-container\">\n\t\t\t\t\t\t\t<div class=\"elementor-divider\">\n\t\t\t<span class=\"elementor-divider-separator\">\n\t\t\t\t\t\t<\/span>\n\t\t<\/div>\n\t\t\t\t\t\t<\/div>\n\t\t\t\t<\/div>\n\t\t\t\t<div class=\"elementor-element elementor-element-192330c elementor-widget elementor-widget-wp-widget-media_audio\" data-id=\"192330c\" data-element_type=\"widget\" data-e-type=\"widget\" data-widget_type=\"wp-widget-media_audio.default\">\n\t\t\t\t<div class=\"elementor-widget-container\">\n\t\t\t\t\t<audio class=\"wp-audio-shortcode\" id=\"audio-1014733-1\" preload=\"none\" style=\"width: 100%;\" controls=\"controls\"><source type=\"audio\/mpeg\" src=\"https:\/\/www.laorotava.es\/turismo\/wp-content\/uploads\/2025\/02\/08_pv_eglise_de_la_conception.mp3?_=1\" \/><source type=\"audio\/mpeg\" src=\"https:\/\/www.laorotava.es\/turismo\/wp-content\/uploads\/2025\/02\/08_pv_eglise_de_la_conception.mp3?_=1\" \/><a href=\"https:\/\/www.laorotava.es\/turismo\/wp-content\/uploads\/2025\/02\/08_pv_eglise_de_la_conception.mp3\">https:\/\/www.laorotava.es\/turismo\/wp-content\/uploads\/2025\/02\/08_pv_eglise_de_la_conception.mp3<\/a><\/audio>\t\t\t\t<\/div>\n\t\t\t\t<\/div>\n\t\t\t\t<div class=\"elementor-element elementor-element-67a6780 elementor-widget elementor-widget-text-editor\" data-id=\"67a6780\" data-element_type=\"widget\" data-e-type=\"widget\" data-widget_type=\"text-editor.default\">\n\t\t\t\t<div class=\"elementor-widget-container\">\n\t\t\t\t\t\t\t\t\t<p><span style=\"color: #444444;\"><img decoding=\"async\" class=\"alignleft\" src=\"https:\/\/www.laorotava.es\/sites\/default\/files\/styles\/large\/public\/rutas\/verde-08.png?itok=IITssi-m\" \/><\/span><\/p><p>C&#8217;est de cette place que l&#8217;on a la meilleure vue sur la fa\u00e7ade de la Concepci\u00f3n. Au moment de la conqu\u00eate, \u00e0 la fin du XVe si\u00e8cle, une petite \u00e9glise existait \u00e0 cet endroit. Une deuxi\u00e8me a \u00e9t\u00e9 construite au XVIe si\u00e8cle au m\u00eame endroit et enfin, apr\u00e8s les tremblements de terre de G\u00fc\u00edmar au XVIIIe si\u00e8cle, on construisit l&#8217;\u00e9difice actuel, qui a la cat\u00e9gorie de Monument National.<\/p><p>La fa\u00e7ade est l&#8217;une des fa\u00e7ades baroques les plus int\u00e9ressantes des \u00eeles Canaries. Arr\u00eatons-nous un instant pour contempler l&#8217;ext\u00e9rieur de cette \u00e9glise. Remarquez la fa\u00e7ade incurv\u00e9e qui divise les trois nefs de l&#8217;\u00e9glise et l&#8217;\u00e9l\u00e9gante fa\u00e7ade en pierre. Les tours du clocher et l&#8217;horloge se trouvent \u00e0 l&#8217;arri\u00e8re-plan. Cet ensemble de fa\u00e7ade et de tours marque la verticalit\u00e9 de l&#8217;\u00e9glise, nous donnant la sensation de rondeur et d&#8217;\u00e9l\u00e9vation. A cette verticalit\u00e9 s&#8217;ajoute la sensation de mouvement avec la corniche sinueuse et la courbe form\u00e9e par les trois nefs. Un autre \u00e9l\u00e9ment accentue la sensation de mouvement, d&#8217;agitation et d&#8217;inqui\u00e9tude : les impressionnantes gargouilles influenc\u00e9es par les bestiaires m\u00e9di\u00e9vaux et la sculpture aborig\u00e8ne am\u00e9ricaine.<\/p><p>Passons \u00e0 l&#8217;int\u00e9rieur pour observer le d\u00f4me \u00e0 tambour. Elle fournit la lumi\u00e8re tamis\u00e9e qui sugg\u00e8re le calme et l&#8217;\u00e9quilibre, en contraste symbolique avec le mouvement et l&#8217;agitation qui r\u00e8gnent \u00e0 l&#8217;ext\u00e9rieur.<\/p><p>Venez appr\u00e9cier les d\u00e9tails des grands retables baroques en bois sculpt\u00e9 et le riche tabernacle en marbre de l&#8217;\u00e9cole italienne sur l&#8217;autel principal.<\/p><p>Dans l&#8217;\u00e9glise de la Conception, vous trouverez de nombreuses \u0153uvres d&#8217;art : peintures, sculptures, textiles et \u00e9chantillons d&#8217;orf\u00e8vrerie. Si vous le souhaitez, vous pouvez visiter le mus\u00e9e <em>El Tesoro de la Concepci\u00f3n<\/em> situ\u00e9 \u00e0 l&#8217;int\u00e9rieur de l&#8217;\u00e9glise.<\/p><p>Restons encore quelques instants pour d\u00e9couvrir les symboles cach\u00e9s dans ses murs. Dirigez-vous vers les deux colonnes centrales les plus proches de l&#8217;autel principal. Sur ces colonnes se trouvent des panneaux en relief avec des symboles cach\u00e9s. Sur la colonne de droite, nous voyons l&#8217;Echelle de Jacob, qui symbolise l&#8217;ascension des anges vers le ciel ou l&#8217;ascension vers la vertu ma\u00e7onnique. Elle est surmont\u00e9e d&#8217;un triangle dont l&#8217;\u0153il central repr\u00e9sente le Delta lumineux, symbole de Dieu et de la Connaissance. Sur la colonne de gauche, \u00e0 demi cach\u00e9e sous la chaire de marbre, on retrouve cette m\u00eame figure mais invers\u00e9e, et sur le panneau lat\u00e9ral, le soleil et la lune encadrant une bananeraie. Le soleil et la lune font allusion \u00e0 l&#8217;alpha et \u00e0 l&#8217;om\u00e9ga, au d\u00e9but et \u00e0 la fin.<\/p><p>Ce symbolisme est commun au christianisme et \u00e0 la franc-ma\u00e7onnerie, c&#8217;est pourquoi le d\u00e9bat sur son origine est toujours d&#8217;actualit\u00e9. Bien que l&#8217;\u00c9glise ait condamn\u00e9 la franc-ma\u00e7onnerie d\u00e8s sa cr\u00e9ation, il n&#8217;\u00e9tait pas incompatible d&#8217;\u00eatre franc-ma\u00e7on et de professer la foi chr\u00e9tienne. La franc-ma\u00e7onnerie consid\u00e8re Dieu comme l&#8217;Architecte de l&#8217;Univers, mais son recours \u00e0 la science et \u00e0 la recherche a suscit\u00e9 les r\u00e9ticences de l&#8217;\u00c9glise, qui l&#8217;a rapidement accus\u00e9e d&#8217;\u00eatre li\u00e9e au satanisme. \u00c0 La Orotava, \u00e0 la fin du XVIIIe si\u00e8cle, la grande majorit\u00e9 des membres de la loge locale \u00e9taient des catholiques pratiquants et certains ont particip\u00e9 \u00e0 la construction de l&#8217;\u00e9glise.<\/p><p>Sortons maintenant et marchons vers l&#8217;arri\u00e8re de l&#8217;\u00e9glise. Remontons la rue Colegio vers les prochains points de notre visite. D\u00e8s que vous commencez \u00e0 monter, vous trouverez sur votre gauche la Casa Monteverde. Traversez la rue pour trouver le panneau d&#8217;itin\u00e9raire suivant.<\/p>\t\t\t\t\t\t\t\t<\/div>\n\t\t\t\t<\/div>\n\t\t\t\t<div class=\"elementor-element elementor-element-2d97f7f4 elementor-widget elementor-widget-google_maps\" data-id=\"2d97f7f4\" data-element_type=\"widget\" data-e-type=\"widget\" data-widget_type=\"google_maps.default\">\n\t\t\t\t<div class=\"elementor-widget-container\">\n\t\t\t\t\t\t\t<div class=\"elementor-custom-embed\">\n\t\t\t<iframe loading=\"lazy\"\n\t\t\t\t\tsrc=\"https:\/\/maps.google.com\/maps?q=iglesia%20de%20la%20concepcion%20la%20orotava&#038;t=m&#038;z=16&#038;output=embed&#038;iwloc=near\"\n\t\t\t\t\ttitle=\"iglesia de la concepcion la orotava\"\n\t\t\t\t\taria-label=\"iglesia de la concepcion la orotava\"\n\t\t\t><\/iframe>\n\t\t<\/div>\n\t\t\t\t\t\t<\/div>\n\t\t\t\t<\/div>\n\t\t\t\t\t<\/div>\n\t\t<\/div>\n\t\t\t\t\t<\/div>\n\t\t<\/section>\n\t\t\t\t<\/div>\n\t\t","protected":false},"excerpt":{"rendered":"<p>8. \u00c9glise de La Conception C&#8217;est de cette place que l&#8217;on a la meilleure vue sur la fa\u00e7ade de la Concepci\u00f3n. Au moment de la conqu\u00eate, \u00e0 la fin du XVe si\u00e8cle, une petite \u00e9glise existait \u00e0 cet endroit. Une deuxi\u00e8me a \u00e9t\u00e9 construite au XVIe si\u00e8cle au m\u00eame endroit et enfin, apr\u00e8s les tremblements de terre de G\u00fc\u00edmar au XVIIIe si\u00e8cle, on construisit l&#8217;\u00e9difice actuel, qui a la cat\u00e9gorie de Monument National. La fa\u00e7ade est l&#8217;une des fa\u00e7ades baroques les plus int\u00e9ressantes des \u00eeles Canaries. Arr\u00eatons-nous un instant pour contempler l&#8217;ext\u00e9rieur de cette \u00e9glise. Remarquez la fa\u00e7ade incurv\u00e9e qui divise les trois nefs de l&#8217;\u00e9glise et l&#8217;\u00e9l\u00e9gante fa\u00e7ade en pierre. Les tours du clocher et l&#8217;horloge se trouvent \u00e0 l&#8217;arri\u00e8re-plan. Cet ensemble de fa\u00e7ade et de tours marque la verticalit\u00e9 de l&#8217;\u00e9glise, nous donnant la sensation de rondeur et d&#8217;\u00e9l\u00e9vation. A cette verticalit\u00e9 s&#8217;ajoute la sensation de mouvement avec la corniche sinueuse et la courbe form\u00e9e par les trois nefs. Un autre \u00e9l\u00e9ment accentue la sensation de mouvement, d&#8217;agitation et d&#8217;inqui\u00e9tude : les impressionnantes gargouilles influenc\u00e9es par les bestiaires m\u00e9di\u00e9vaux et la sculpture aborig\u00e8ne am\u00e9ricaine. Passons \u00e0 l&#8217;int\u00e9rieur pour observer le d\u00f4me \u00e0 tambour. Elle fournit la lumi\u00e8re tamis\u00e9e qui sugg\u00e8re le calme et l&#8217;\u00e9quilibre, en contraste symbolique avec le mouvement et l&#8217;agitation qui r\u00e8gnent \u00e0 l&#8217;ext\u00e9rieur. Venez appr\u00e9cier les d\u00e9tails des grands retables baroques en bois sculpt\u00e9 et le riche tabernacle en marbre de l&#8217;\u00e9cole italienne sur l&#8217;autel principal. Dans l&#8217;\u00e9glise de la Conception, vous trouverez de nombreuses \u0153uvres d&#8217;art : peintures, sculptures, textiles et \u00e9chantillons d&#8217;orf\u00e8vrerie. Si vous le souhaitez, vous pouvez visiter le mus\u00e9e El Tesoro de la Concepci\u00f3n situ\u00e9 \u00e0 l&#8217;int\u00e9rieur de l&#8217;\u00e9glise. Restons encore quelques instants pour d\u00e9couvrir les symboles cach\u00e9s dans ses murs. Dirigez-vous vers les deux colonnes centrales les plus proches de l&#8217;autel principal. Sur ces colonnes se trouvent des panneaux en relief avec des symboles cach\u00e9s. Sur la colonne de droite, nous voyons l&#8217;Echelle de Jacob, qui symbolise l&#8217;ascension des anges vers le ciel ou l&#8217;ascension vers la vertu ma\u00e7onnique. Elle est surmont\u00e9e d&#8217;un triangle dont l&#8217;\u0153il central repr\u00e9sente le Delta lumineux, symbole de Dieu et de la Connaissance. Sur la colonne de gauche, \u00e0 demi cach\u00e9e sous la chaire de marbre, on retrouve cette m\u00eame figure mais invers\u00e9e, et sur le panneau lat\u00e9ral, le soleil et la lune encadrant une bananeraie. Le soleil et la lune font allusion \u00e0 l&#8217;alpha et \u00e0 l&#8217;om\u00e9ga, au d\u00e9but et \u00e0 la fin. Ce symbolisme est commun au christianisme et \u00e0 la franc-ma\u00e7onnerie, c&#8217;est pourquoi le d\u00e9bat sur son origine est toujours d&#8217;actualit\u00e9. Bien que l&#8217;\u00c9glise ait condamn\u00e9 la franc-ma\u00e7onnerie d\u00e8s sa cr\u00e9ation, il n&#8217;\u00e9tait pas incompatible d&#8217;\u00eatre franc-ma\u00e7on et de professer la foi chr\u00e9tienne. La franc-ma\u00e7onnerie consid\u00e8re Dieu comme l&#8217;Architecte de l&#8217;Univers, mais son recours \u00e0 la science et \u00e0 la recherche a suscit\u00e9 les r\u00e9ticences de l&#8217;\u00c9glise, qui l&#8217;a rapidement accus\u00e9e d&#8217;\u00eatre li\u00e9e au satanisme. \u00c0 La Orotava, \u00e0 la fin du XVIIIe si\u00e8cle, la grande majorit\u00e9 des membres de la loge locale \u00e9taient des catholiques pratiquants et certains ont particip\u00e9 \u00e0 la construction de l&#8217;\u00e9glise. Sortons maintenant et marchons vers l&#8217;arri\u00e8re de l&#8217;\u00e9glise. Remontons la rue Colegio vers les prochains points de notre visite. D\u00e8s que vous commencez \u00e0 monter, vous trouverez sur votre gauche la Casa Monteverde. Traversez la rue pour trouver le panneau d&#8217;itin\u00e9raire suivant.<\/p>\n","protected":false},"author":3,"featured_media":0,"parent":0,"menu_order":0,"comment_status":"closed","ping_status":"closed","template":"","meta":{"_acf_changed":false,"ocean_post_layout":"","ocean_both_sidebars_style":"","ocean_both_sidebars_content_width":0,"ocean_both_sidebars_sidebars_width":0,"ocean_sidebar":"0","ocean_second_sidebar":"0","ocean_disable_margins":"enable","ocean_add_body_class":"","ocean_shortcode_before_top_bar":"","ocean_shortcode_after_top_bar":"","ocean_shortcode_before_header":"","ocean_shortcode_after_header":"","ocean_has_shortcode":"","ocean_shortcode_after_title":"","ocean_shortcode_before_footer_widgets":"","ocean_shortcode_after_footer_widgets":"","ocean_shortcode_before_footer_bottom":"","ocean_shortcode_after_footer_bottom":"","ocean_display_top_bar":"default","ocean_display_header":"default","ocean_header_style":"","ocean_center_header_left_menu":"0","ocean_custom_header_template":"0","ocean_custom_logo":0,"ocean_custom_retina_logo":0,"ocean_custom_logo_max_width":0,"ocean_custom_logo_tablet_max_width":0,"ocean_custom_logo_mobile_max_width":0,"ocean_custom_logo_max_height":0,"ocean_custom_logo_tablet_max_height":0,"ocean_custom_logo_mobile_max_height":0,"ocean_header_custom_menu":"0","ocean_menu_typo_font_family":"0","ocean_menu_typo_font_subset":"","ocean_menu_typo_font_size":0,"ocean_menu_typo_font_size_tablet":0,"ocean_menu_typo_font_size_mobile":0,"ocean_menu_typo_font_size_unit":"px","ocean_menu_typo_font_weight":"","ocean_menu_typo_font_weight_tablet":"","ocean_menu_typo_font_weight_mobile":"","ocean_menu_typo_transform":"","ocean_menu_typo_transform_tablet":"","ocean_menu_typo_transform_mobile":"","ocean_menu_typo_line_height":0,"ocean_menu_typo_line_height_tablet":0,"ocean_menu_typo_line_height_mobile":0,"ocean_menu_typo_line_height_unit":"","ocean_menu_typo_spacing":0,"ocean_menu_typo_spacing_tablet":0,"ocean_menu_typo_spacing_mobile":0,"ocean_menu_typo_spacing_unit":"","ocean_menu_link_color":"","ocean_menu_link_color_hover":"","ocean_menu_link_color_active":"","ocean_menu_link_background":"","ocean_menu_link_hover_background":"","ocean_menu_link_active_background":"","ocean_menu_social_links_bg":"","ocean_menu_social_hover_links_bg":"","ocean_menu_social_links_color":"","ocean_menu_social_hover_links_color":"","ocean_disable_title":"on","ocean_disable_heading":"default","ocean_post_title":"","ocean_post_subheading":"","ocean_post_title_style":"","ocean_post_title_background_color":"","ocean_post_title_background":0,"ocean_post_title_bg_image_position":"","ocean_post_title_bg_image_attachment":"","ocean_post_title_bg_image_repeat":"","ocean_post_title_bg_image_size":"","ocean_post_title_height":0,"ocean_post_title_bg_overlay":0.5,"ocean_post_title_bg_overlay_color":"","ocean_disable_breadcrumbs":"default","ocean_breadcrumbs_color":"","ocean_breadcrumbs_separator_color":"","ocean_breadcrumbs_links_color":"","ocean_breadcrumbs_links_hover_color":"","ocean_display_footer_widgets":"default","ocean_display_footer_bottom":"default","ocean_custom_footer_template":"0","footnotes":""},"class_list":["post-1014733","page","type-page","status-publish","hentry","entry"],"acf":[],"yoast_head":"<!-- This site is optimized with the Yoast SEO plugin v27.2 - https:\/\/yoast.com\/product\/yoast-seo-wordpress\/ -->\n<title>8. \u00c9glise de La Conception - Web de Turismo del Ayuntamiento de La Orotava<\/title>\n<meta name=\"robots\" content=\"index, follow, max-snippet:-1, max-image-preview:large, max-video-preview:-1\" \/>\n<link rel=\"canonical\" href=\"https:\/\/www.laorotava.es\/turismo\/fr\/8-eglise-de-la-conception\/\" \/>\n<meta property=\"og:locale\" content=\"es_ES\" \/>\n<meta property=\"og:type\" content=\"article\" \/>\n<meta property=\"og:title\" content=\"8. \u00c9glise de La Conception - Web de Turismo del Ayuntamiento de La Orotava\" \/>\n<meta property=\"og:description\" content=\"8. \u00c9glise de La Conception C&#8217;est de cette place que l&#8217;on a la meilleure vue sur la fa\u00e7ade de la Concepci\u00f3n. Au moment de la conqu\u00eate, \u00e0 la fin du XVe si\u00e8cle, une petite \u00e9glise existait \u00e0 cet endroit. Une deuxi\u00e8me a \u00e9t\u00e9 construite au XVIe si\u00e8cle au m\u00eame endroit et enfin, apr\u00e8s les tremblements de terre de G\u00fc\u00edmar au XVIIIe si\u00e8cle, on construisit l&#8217;\u00e9difice actuel, qui a la cat\u00e9gorie de Monument National. La fa\u00e7ade est l&#8217;une des fa\u00e7ades baroques les plus int\u00e9ressantes des \u00eeles Canaries. Arr\u00eatons-nous un instant pour contempler l&#8217;ext\u00e9rieur de cette \u00e9glise. Remarquez la fa\u00e7ade incurv\u00e9e qui divise les trois nefs de l&#8217;\u00e9glise et l&#8217;\u00e9l\u00e9gante fa\u00e7ade en pierre. Les tours du clocher et l&#8217;horloge se trouvent \u00e0 l&#8217;arri\u00e8re-plan. Cet ensemble de fa\u00e7ade et de tours marque la verticalit\u00e9 de l&#8217;\u00e9glise, nous donnant la sensation de rondeur et d&#8217;\u00e9l\u00e9vation. A cette verticalit\u00e9 s&#8217;ajoute la sensation de mouvement avec la corniche sinueuse et la courbe form\u00e9e par les trois nefs. Un autre \u00e9l\u00e9ment accentue la sensation de mouvement, d&#8217;agitation et d&#8217;inqui\u00e9tude : les impressionnantes gargouilles influenc\u00e9es par les bestiaires m\u00e9di\u00e9vaux et la sculpture aborig\u00e8ne am\u00e9ricaine. Passons \u00e0 l&#8217;int\u00e9rieur pour observer le d\u00f4me \u00e0 tambour. Elle fournit la lumi\u00e8re tamis\u00e9e qui sugg\u00e8re le calme et l&#8217;\u00e9quilibre, en contraste symbolique avec le mouvement et l&#8217;agitation qui r\u00e8gnent \u00e0 l&#8217;ext\u00e9rieur. Venez appr\u00e9cier les d\u00e9tails des grands retables baroques en bois sculpt\u00e9 et le riche tabernacle en marbre de l&#8217;\u00e9cole italienne sur l&#8217;autel principal. Dans l&#8217;\u00e9glise de la Conception, vous trouverez de nombreuses \u0153uvres d&#8217;art : peintures, sculptures, textiles et \u00e9chantillons d&#8217;orf\u00e8vrerie. Si vous le souhaitez, vous pouvez visiter le mus\u00e9e El Tesoro de la Concepci\u00f3n situ\u00e9 \u00e0 l&#8217;int\u00e9rieur de l&#8217;\u00e9glise. Restons encore quelques instants pour d\u00e9couvrir les symboles cach\u00e9s dans ses murs. Dirigez-vous vers les deux colonnes centrales les plus proches de l&#8217;autel principal. Sur ces colonnes se trouvent des panneaux en relief avec des symboles cach\u00e9s. Sur la colonne de droite, nous voyons l&#8217;Echelle de Jacob, qui symbolise l&#8217;ascension des anges vers le ciel ou l&#8217;ascension vers la vertu ma\u00e7onnique. Elle est surmont\u00e9e d&#8217;un triangle dont l&#8217;\u0153il central repr\u00e9sente le Delta lumineux, symbole de Dieu et de la Connaissance. Sur la colonne de gauche, \u00e0 demi cach\u00e9e sous la chaire de marbre, on retrouve cette m\u00eame figure mais invers\u00e9e, et sur le panneau lat\u00e9ral, le soleil et la lune encadrant une bananeraie. Le soleil et la lune font allusion \u00e0 l&#8217;alpha et \u00e0 l&#8217;om\u00e9ga, au d\u00e9but et \u00e0 la fin. Ce symbolisme est commun au christianisme et \u00e0 la franc-ma\u00e7onnerie, c&#8217;est pourquoi le d\u00e9bat sur son origine est toujours d&#8217;actualit\u00e9. Bien que l&#8217;\u00c9glise ait condamn\u00e9 la franc-ma\u00e7onnerie d\u00e8s sa cr\u00e9ation, il n&#8217;\u00e9tait pas incompatible d&#8217;\u00eatre franc-ma\u00e7on et de professer la foi chr\u00e9tienne. La franc-ma\u00e7onnerie consid\u00e8re Dieu comme l&#8217;Architecte de l&#8217;Univers, mais son recours \u00e0 la science et \u00e0 la recherche a suscit\u00e9 les r\u00e9ticences de l&#8217;\u00c9glise, qui l&#8217;a rapidement accus\u00e9e d&#8217;\u00eatre li\u00e9e au satanisme. \u00c0 La Orotava, \u00e0 la fin du XVIIIe si\u00e8cle, la grande majorit\u00e9 des membres de la loge locale \u00e9taient des catholiques pratiquants et certains ont particip\u00e9 \u00e0 la construction de l&#8217;\u00e9glise. Sortons maintenant et marchons vers l&#8217;arri\u00e8re de l&#8217;\u00e9glise. Remontons la rue Colegio vers les prochains points de notre visite. D\u00e8s que vous commencez \u00e0 monter, vous trouverez sur votre gauche la Casa Monteverde. Traversez la rue pour trouver le panneau d&#8217;itin\u00e9raire suivant.\" \/>\n<meta property=\"og:url\" content=\"https:\/\/www.laorotava.es\/turismo\/fr\/8-eglise-de-la-conception\/\" \/>\n<meta property=\"og:site_name\" content=\"Web de Turismo del Ayuntamiento de La Orotava\" \/>\n<meta property=\"article:publisher\" content=\"https:\/\/www.facebook.com\/TurismoLaOrotava\/\" \/>\n<meta property=\"article:modified_time\" content=\"2025-02-20T13:36:28+00:00\" \/>\n<meta property=\"og:image\" content=\"https:\/\/www.laorotava.es\/sites\/default\/files\/styles\/large\/public\/rutas\/verde-08.png?itok=IITssi-m\" \/>\n<meta name=\"twitter:card\" content=\"summary_large_image\" \/>\n<meta name=\"twitter:site\" content=\"@LaOrotava\" \/>\n<meta name=\"twitter:label1\" content=\"Tiempo de lectura\" \/>\n\t<meta name=\"twitter:data1\" content=\"3 minutos\" \/>\n<script type=\"application\/ld+json\" class=\"yoast-schema-graph\">{\"@context\":\"https:\/\/schema.org\",\"@graph\":[{\"@type\":\"WebPage\",\"@id\":\"https:\/\/www.laorotava.es\/turismo\/fr\/8-eglise-de-la-conception\/\",\"url\":\"https:\/\/www.laorotava.es\/turismo\/fr\/8-eglise-de-la-conception\/\",\"name\":\"8. \u00c9glise de La Conception - Web de Turismo del Ayuntamiento de La Orotava\",\"isPartOf\":{\"@id\":\"https:\/\/www.laorotava.es\/turismo\/#website\"},\"primaryImageOfPage\":{\"@id\":\"https:\/\/www.laorotava.es\/turismo\/fr\/8-eglise-de-la-conception\/#primaryimage\"},\"image\":{\"@id\":\"https:\/\/www.laorotava.es\/turismo\/fr\/8-eglise-de-la-conception\/#primaryimage\"},\"thumbnailUrl\":\"https:\/\/www.laorotava.es\/sites\/default\/files\/styles\/large\/public\/rutas\/verde-08.png?itok=IITssi-m\",\"datePublished\":\"2022-10-13T11:54:58+00:00\",\"dateModified\":\"2025-02-20T13:36:28+00:00\",\"breadcrumb\":{\"@id\":\"https:\/\/www.laorotava.es\/turismo\/fr\/8-eglise-de-la-conception\/#breadcrumb\"},\"inLanguage\":\"es\",\"potentialAction\":[{\"@type\":\"ReadAction\",\"target\":[\"https:\/\/www.laorotava.es\/turismo\/fr\/8-eglise-de-la-conception\/\"]}]},{\"@type\":\"ImageObject\",\"inLanguage\":\"es\",\"@id\":\"https:\/\/www.laorotava.es\/turismo\/fr\/8-eglise-de-la-conception\/#primaryimage\",\"url\":\"https:\/\/www.laorotava.es\/sites\/default\/files\/styles\/large\/public\/rutas\/verde-08.png?itok=IITssi-m\",\"contentUrl\":\"https:\/\/www.laorotava.es\/sites\/default\/files\/styles\/large\/public\/rutas\/verde-08.png?itok=IITssi-m\"},{\"@type\":\"BreadcrumbList\",\"@id\":\"https:\/\/www.laorotava.es\/turismo\/fr\/8-eglise-de-la-conception\/#breadcrumb\",\"itemListElement\":[{\"@type\":\"ListItem\",\"position\":1,\"name\":\"Portada\",\"item\":\"https:\/\/www.laorotava.es\/turismo\/\"},{\"@type\":\"ListItem\",\"position\":2,\"name\":\"8. \u00c9glise de La Conception\"}]},{\"@type\":\"WebSite\",\"@id\":\"https:\/\/www.laorotava.es\/turismo\/#website\",\"url\":\"https:\/\/www.laorotava.es\/turismo\/\",\"name\":\"Web de Turismo del Ayuntamiento de La Orotava\",\"description\":\"\",\"publisher\":{\"@id\":\"https:\/\/www.laorotava.es\/turismo\/#organization\"},\"potentialAction\":[{\"@type\":\"SearchAction\",\"target\":{\"@type\":\"EntryPoint\",\"urlTemplate\":\"https:\/\/www.laorotava.es\/turismo\/?s={search_term_string}\"},\"query-input\":{\"@type\":\"PropertyValueSpecification\",\"valueRequired\":true,\"valueName\":\"search_term_string\"}}],\"inLanguage\":\"es\"},{\"@type\":\"Organization\",\"@id\":\"https:\/\/www.laorotava.es\/turismo\/#organization\",\"name\":\"Ayuntamiento de La Orotava\",\"url\":\"https:\/\/www.laorotava.es\/turismo\/\",\"logo\":{\"@type\":\"ImageObject\",\"inLanguage\":\"es\",\"@id\":\"https:\/\/www.laorotava.es\/turismo\/#\/schema\/logo\/image\/\",\"url\":\"https:\/\/www.laorotava.es\/turismo\/wp-content\/uploads\/2022\/08\/logo.png\",\"contentUrl\":\"https:\/\/www.laorotava.es\/turismo\/wp-content\/uploads\/2022\/08\/logo.png\",\"width\":1195,\"height\":180,\"caption\":\"Ayuntamiento de La Orotava\"},\"image\":{\"@id\":\"https:\/\/www.laorotava.es\/turismo\/#\/schema\/logo\/image\/\"},\"sameAs\":[\"https:\/\/www.facebook.com\/TurismoLaOrotava\/\",\"https:\/\/x.com\/LaOrotava\"]}]}<\/script>\n<!-- \/ Yoast SEO plugin. -->","yoast_head_json":{"title":"8. \u00c9glise de La Conception - Web de Turismo del Ayuntamiento de La Orotava","robots":{"index":"index","follow":"follow","max-snippet":"max-snippet:-1","max-image-preview":"max-image-preview:large","max-video-preview":"max-video-preview:-1"},"canonical":"https:\/\/www.laorotava.es\/turismo\/fr\/8-eglise-de-la-conception\/","og_locale":"es_ES","og_type":"article","og_title":"8. \u00c9glise de La Conception - Web de Turismo del Ayuntamiento de La Orotava","og_description":"8. \u00c9glise de La Conception C&#8217;est de cette place que l&#8217;on a la meilleure vue sur la fa\u00e7ade de la Concepci\u00f3n. Au moment de la conqu\u00eate, \u00e0 la fin du XVe si\u00e8cle, une petite \u00e9glise existait \u00e0 cet endroit. Une deuxi\u00e8me a \u00e9t\u00e9 construite au XVIe si\u00e8cle au m\u00eame endroit et enfin, apr\u00e8s les tremblements de terre de G\u00fc\u00edmar au XVIIIe si\u00e8cle, on construisit l&#8217;\u00e9difice actuel, qui a la cat\u00e9gorie de Monument National. La fa\u00e7ade est l&#8217;une des fa\u00e7ades baroques les plus int\u00e9ressantes des \u00eeles Canaries. Arr\u00eatons-nous un instant pour contempler l&#8217;ext\u00e9rieur de cette \u00e9glise. Remarquez la fa\u00e7ade incurv\u00e9e qui divise les trois nefs de l&#8217;\u00e9glise et l&#8217;\u00e9l\u00e9gante fa\u00e7ade en pierre. Les tours du clocher et l&#8217;horloge se trouvent \u00e0 l&#8217;arri\u00e8re-plan. Cet ensemble de fa\u00e7ade et de tours marque la verticalit\u00e9 de l&#8217;\u00e9glise, nous donnant la sensation de rondeur et d&#8217;\u00e9l\u00e9vation. A cette verticalit\u00e9 s&#8217;ajoute la sensation de mouvement avec la corniche sinueuse et la courbe form\u00e9e par les trois nefs. Un autre \u00e9l\u00e9ment accentue la sensation de mouvement, d&#8217;agitation et d&#8217;inqui\u00e9tude : les impressionnantes gargouilles influenc\u00e9es par les bestiaires m\u00e9di\u00e9vaux et la sculpture aborig\u00e8ne am\u00e9ricaine. Passons \u00e0 l&#8217;int\u00e9rieur pour observer le d\u00f4me \u00e0 tambour. Elle fournit la lumi\u00e8re tamis\u00e9e qui sugg\u00e8re le calme et l&#8217;\u00e9quilibre, en contraste symbolique avec le mouvement et l&#8217;agitation qui r\u00e8gnent \u00e0 l&#8217;ext\u00e9rieur. Venez appr\u00e9cier les d\u00e9tails des grands retables baroques en bois sculpt\u00e9 et le riche tabernacle en marbre de l&#8217;\u00e9cole italienne sur l&#8217;autel principal. Dans l&#8217;\u00e9glise de la Conception, vous trouverez de nombreuses \u0153uvres d&#8217;art : peintures, sculptures, textiles et \u00e9chantillons d&#8217;orf\u00e8vrerie. Si vous le souhaitez, vous pouvez visiter le mus\u00e9e El Tesoro de la Concepci\u00f3n situ\u00e9 \u00e0 l&#8217;int\u00e9rieur de l&#8217;\u00e9glise. Restons encore quelques instants pour d\u00e9couvrir les symboles cach\u00e9s dans ses murs. Dirigez-vous vers les deux colonnes centrales les plus proches de l&#8217;autel principal. Sur ces colonnes se trouvent des panneaux en relief avec des symboles cach\u00e9s. Sur la colonne de droite, nous voyons l&#8217;Echelle de Jacob, qui symbolise l&#8217;ascension des anges vers le ciel ou l&#8217;ascension vers la vertu ma\u00e7onnique. Elle est surmont\u00e9e d&#8217;un triangle dont l&#8217;\u0153il central repr\u00e9sente le Delta lumineux, symbole de Dieu et de la Connaissance. Sur la colonne de gauche, \u00e0 demi cach\u00e9e sous la chaire de marbre, on retrouve cette m\u00eame figure mais invers\u00e9e, et sur le panneau lat\u00e9ral, le soleil et la lune encadrant une bananeraie. Le soleil et la lune font allusion \u00e0 l&#8217;alpha et \u00e0 l&#8217;om\u00e9ga, au d\u00e9but et \u00e0 la fin. Ce symbolisme est commun au christianisme et \u00e0 la franc-ma\u00e7onnerie, c&#8217;est pourquoi le d\u00e9bat sur son origine est toujours d&#8217;actualit\u00e9. Bien que l&#8217;\u00c9glise ait condamn\u00e9 la franc-ma\u00e7onnerie d\u00e8s sa cr\u00e9ation, il n&#8217;\u00e9tait pas incompatible d&#8217;\u00eatre franc-ma\u00e7on et de professer la foi chr\u00e9tienne. La franc-ma\u00e7onnerie consid\u00e8re Dieu comme l&#8217;Architecte de l&#8217;Univers, mais son recours \u00e0 la science et \u00e0 la recherche a suscit\u00e9 les r\u00e9ticences de l&#8217;\u00c9glise, qui l&#8217;a rapidement accus\u00e9e d&#8217;\u00eatre li\u00e9e au satanisme. \u00c0 La Orotava, \u00e0 la fin du XVIIIe si\u00e8cle, la grande majorit\u00e9 des membres de la loge locale \u00e9taient des catholiques pratiquants et certains ont particip\u00e9 \u00e0 la construction de l&#8217;\u00e9glise. Sortons maintenant et marchons vers l&#8217;arri\u00e8re de l&#8217;\u00e9glise. Remontons la rue Colegio vers les prochains points de notre visite. D\u00e8s que vous commencez \u00e0 monter, vous trouverez sur votre gauche la Casa Monteverde. Traversez la rue pour trouver le panneau d&#8217;itin\u00e9raire suivant.","og_url":"https:\/\/www.laorotava.es\/turismo\/fr\/8-eglise-de-la-conception\/","og_site_name":"Web de Turismo del Ayuntamiento de La Orotava","article_publisher":"https:\/\/www.facebook.com\/TurismoLaOrotava\/","article_modified_time":"2025-02-20T13:36:28+00:00","og_image":[{"url":"https:\/\/www.laorotava.es\/sites\/default\/files\/styles\/large\/public\/rutas\/verde-08.png?itok=IITssi-m","type":"","width":"","height":""}],"twitter_card":"summary_large_image","twitter_site":"@LaOrotava","twitter_misc":{"Tiempo de lectura":"3 minutos"},"schema":{"@context":"https:\/\/schema.org","@graph":[{"@type":"WebPage","@id":"https:\/\/www.laorotava.es\/turismo\/fr\/8-eglise-de-la-conception\/","url":"https:\/\/www.laorotava.es\/turismo\/fr\/8-eglise-de-la-conception\/","name":"8. \u00c9glise de La Conception - Web de Turismo del Ayuntamiento de La Orotava","isPartOf":{"@id":"https:\/\/www.laorotava.es\/turismo\/#website"},"primaryImageOfPage":{"@id":"https:\/\/www.laorotava.es\/turismo\/fr\/8-eglise-de-la-conception\/#primaryimage"},"image":{"@id":"https:\/\/www.laorotava.es\/turismo\/fr\/8-eglise-de-la-conception\/#primaryimage"},"thumbnailUrl":"https:\/\/www.laorotava.es\/sites\/default\/files\/styles\/large\/public\/rutas\/verde-08.png?itok=IITssi-m","datePublished":"2022-10-13T11:54:58+00:00","dateModified":"2025-02-20T13:36:28+00:00","breadcrumb":{"@id":"https:\/\/www.laorotava.es\/turismo\/fr\/8-eglise-de-la-conception\/#breadcrumb"},"inLanguage":"es","potentialAction":[{"@type":"ReadAction","target":["https:\/\/www.laorotava.es\/turismo\/fr\/8-eglise-de-la-conception\/"]}]},{"@type":"ImageObject","inLanguage":"es","@id":"https:\/\/www.laorotava.es\/turismo\/fr\/8-eglise-de-la-conception\/#primaryimage","url":"https:\/\/www.laorotava.es\/sites\/default\/files\/styles\/large\/public\/rutas\/verde-08.png?itok=IITssi-m","contentUrl":"https:\/\/www.laorotava.es\/sites\/default\/files\/styles\/large\/public\/rutas\/verde-08.png?itok=IITssi-m"},{"@type":"BreadcrumbList","@id":"https:\/\/www.laorotava.es\/turismo\/fr\/8-eglise-de-la-conception\/#breadcrumb","itemListElement":[{"@type":"ListItem","position":1,"name":"Portada","item":"https:\/\/www.laorotava.es\/turismo\/"},{"@type":"ListItem","position":2,"name":"8. \u00c9glise de La Conception"}]},{"@type":"WebSite","@id":"https:\/\/www.laorotava.es\/turismo\/#website","url":"https:\/\/www.laorotava.es\/turismo\/","name":"Web de Turismo del Ayuntamiento de La Orotava","description":"","publisher":{"@id":"https:\/\/www.laorotava.es\/turismo\/#organization"},"potentialAction":[{"@type":"SearchAction","target":{"@type":"EntryPoint","urlTemplate":"https:\/\/www.laorotava.es\/turismo\/?s={search_term_string}"},"query-input":{"@type":"PropertyValueSpecification","valueRequired":true,"valueName":"search_term_string"}}],"inLanguage":"es"},{"@type":"Organization","@id":"https:\/\/www.laorotava.es\/turismo\/#organization","name":"Ayuntamiento de La Orotava","url":"https:\/\/www.laorotava.es\/turismo\/","logo":{"@type":"ImageObject","inLanguage":"es","@id":"https:\/\/www.laorotava.es\/turismo\/#\/schema\/logo\/image\/","url":"https:\/\/www.laorotava.es\/turismo\/wp-content\/uploads\/2022\/08\/logo.png","contentUrl":"https:\/\/www.laorotava.es\/turismo\/wp-content\/uploads\/2022\/08\/logo.png","width":1195,"height":180,"caption":"Ayuntamiento de La Orotava"},"image":{"@id":"https:\/\/www.laorotava.es\/turismo\/#\/schema\/logo\/image\/"},"sameAs":["https:\/\/www.facebook.com\/TurismoLaOrotava\/","https:\/\/x.com\/LaOrotava"]}]}},"_links":{"self":[{"href":"https:\/\/www.laorotava.es\/turismo\/wp-json\/wp\/v2\/pages\/1014733","targetHints":{"allow":["GET"]}}],"collection":[{"href":"https:\/\/www.laorotava.es\/turismo\/wp-json\/wp\/v2\/pages"}],"about":[{"href":"https:\/\/www.laorotava.es\/turismo\/wp-json\/wp\/v2\/types\/page"}],"author":[{"embeddable":true,"href":"https:\/\/www.laorotava.es\/turismo\/wp-json\/wp\/v2\/users\/3"}],"replies":[{"embeddable":true,"href":"https:\/\/www.laorotava.es\/turismo\/wp-json\/wp\/v2\/comments?post=1014733"}],"version-history":[{"count":7,"href":"https:\/\/www.laorotava.es\/turismo\/wp-json\/wp\/v2\/pages\/1014733\/revisions"}],"predecessor-version":[{"id":1021003,"href":"https:\/\/www.laorotava.es\/turismo\/wp-json\/wp\/v2\/pages\/1014733\/revisions\/1021003"}],"wp:attachment":[{"href":"https:\/\/www.laorotava.es\/turismo\/wp-json\/wp\/v2\/media?parent=1014733"}],"curies":[{"name":"wp","href":"https:\/\/api.w.org\/{rel}","templated":true}]}}