{"id":1017219,"date":"2023-06-20T14:13:10","date_gmt":"2023-06-20T14:13:10","guid":{"rendered":"https:\/\/www.laorotava.es\/turismo\/?page_id=1017219"},"modified":"2023-06-21T14:07:03","modified_gmt":"2023-06-21T14:07:03","slug":"archivo-municipal-de-la-orotava","status":"publish","type":"page","link":"https:\/\/www.laorotava.es\/turismo\/archivo-municipal-de-la-orotava\/","title":{"rendered":"Archivo Municipal de La Orotava"},"content":{"rendered":"<p class=\"attachment\"><a href='https:\/\/www.laorotava.es\/turismo\/wp-content\/uploads\/2023\/06\/Captura-de-pantalla-2017-07-27-a-las-16.20.59.png'><img fetchpriority=\"high\" decoding=\"async\" width=\"300\" height=\"199\" src=\"https:\/\/www.laorotava.es\/turismo\/wp-content\/uploads\/2023\/06\/Captura-de-pantalla-2017-07-27-a-las-16.20.59-300x199.png\" class=\"attachment-medium size-medium\" alt=\"\" srcset=\"https:\/\/www.laorotava.es\/turismo\/wp-content\/uploads\/2023\/06\/Captura-de-pantalla-2017-07-27-a-las-16.20.59-300x199.png 300w, https:\/\/www.laorotava.es\/turismo\/wp-content\/uploads\/2023\/06\/Captura-de-pantalla-2017-07-27-a-las-16.20.59-350x232.png 350w, https:\/\/www.laorotava.es\/turismo\/wp-content\/uploads\/2023\/06\/Captura-de-pantalla-2017-07-27-a-las-16.20.59.png 565w\" sizes=\"(max-width: 300px) 100vw, 300px\" \/><\/a><\/p>\n\t\t<div data-elementor-type=\"wp-page\" data-elementor-id=\"1017219\" class=\"elementor elementor-1017219\">\n\t\t\t\t\t\t<section class=\"elementor-section elementor-top-section elementor-element elementor-element-573666a elementor-section-boxed elementor-section-height-default elementor-section-height-default wpr-particle-no wpr-jarallax-no wpr-parallax-no wpr-sticky-section-no\" data-id=\"573666a\" data-element_type=\"section\" data-e-type=\"section\">\n\t\t\t\t\t\t<div class=\"elementor-container elementor-column-gap-default\">\n\t\t\t\t\t<div class=\"elementor-column elementor-col-100 elementor-top-column elementor-element elementor-element-1f54b04\" data-id=\"1f54b04\" data-element_type=\"column\" data-e-type=\"column\">\n\t\t\t<div class=\"elementor-widget-wrap elementor-element-populated\">\n\t\t\t\t\t\t<div class=\"elementor-element elementor-element-14c2497 elementor-widget__width-inherit elementor-widget elementor-widget-heading\" data-id=\"14c2497\" data-element_type=\"widget\" data-e-type=\"widget\" data-widget_type=\"heading.default\">\n\t\t\t\t<div class=\"elementor-widget-container\">\n\t\t\t\t\t<h1 class=\"elementor-heading-title elementor-size-default\">Archivo Municipal de La Orotava<\/h1>\t\t\t\t<\/div>\n\t\t\t\t<\/div>\n\t\t\t\t\t<\/div>\n\t\t<\/div>\n\t\t\t\t\t<\/div>\n\t\t<\/section>\n\t\t\t\t<section class=\"elementor-section elementor-top-section elementor-element elementor-element-7c0cf61 elementor-section-boxed elementor-section-height-default elementor-section-height-default wpr-particle-no wpr-jarallax-no wpr-parallax-no wpr-sticky-section-no\" data-id=\"7c0cf61\" data-element_type=\"section\" data-e-type=\"section\">\n\t\t\t\t\t\t<div class=\"elementor-container elementor-column-gap-default\">\n\t\t\t\t\t<div class=\"elementor-column elementor-col-50 elementor-top-column elementor-element elementor-element-c2d23b2 at-header-image\" data-id=\"c2d23b2\" data-element_type=\"column\" data-e-type=\"column\" data-settings=\"{&quot;background_background&quot;:&quot;classic&quot;}\">\n\t\t\t<div class=\"elementor-widget-wrap\">\n\t\t\t\t\t\t\t<\/div>\n\t\t<\/div>\n\t\t\t\t<div class=\"elementor-column elementor-col-50 elementor-top-column elementor-element elementor-element-d5fd5a3\" data-id=\"d5fd5a3\" data-element_type=\"column\" data-e-type=\"column\">\n\t\t\t<div class=\"elementor-widget-wrap elementor-element-populated\">\n\t\t\t\t\t\t<section class=\"elementor-section elementor-inner-section elementor-element elementor-element-db46c0c elementor-section-boxed elementor-section-height-default elementor-section-height-default wpr-particle-no wpr-jarallax-no wpr-parallax-no wpr-sticky-section-no\" data-id=\"db46c0c\" data-element_type=\"section\" data-e-type=\"section\">\n\t\t\t\t\t\t<div class=\"elementor-container elementor-column-gap-default\">\n\t\t\t\t\t<div class=\"elementor-column elementor-col-100 elementor-inner-column elementor-element elementor-element-559e5fb\" data-id=\"559e5fb\" data-element_type=\"column\" data-e-type=\"column\">\n\t\t\t<div class=\"elementor-widget-wrap elementor-element-populated\">\n\t\t\t\t\t\t<div class=\"elementor-element elementor-element-1094647 elementor-widget__width-auto elementor-widget elementor-widget-text-editor\" data-id=\"1094647\" data-element_type=\"widget\" data-e-type=\"widget\" data-widget_type=\"text-editor.default\">\n\t\t\t\t<div class=\"elementor-widget-container\">\n\t\t\t\t\t\t\t\t\t<p><strong>Idioma <\/strong>Espa\u00f1ol<\/p>\t\t\t\t\t\t\t\t<\/div>\n\t\t\t\t<\/div>\n\t\t\t\t\t<\/div>\n\t\t<\/div>\n\t\t\t\t\t<\/div>\n\t\t<\/section>\n\t\t\t\t<section class=\"elementor-section elementor-inner-section elementor-element elementor-element-8c3e4a6 elementor-section-boxed elementor-section-height-default elementor-section-height-default wpr-particle-no wpr-jarallax-no wpr-parallax-no wpr-sticky-section-no\" data-id=\"8c3e4a6\" data-element_type=\"section\" data-e-type=\"section\">\n\t\t\t\t\t\t<div class=\"elementor-container elementor-column-gap-default\">\n\t\t\t\t\t<div class=\"elementor-column elementor-col-100 elementor-inner-column elementor-element elementor-element-ea3351f\" data-id=\"ea3351f\" data-element_type=\"column\" data-e-type=\"column\">\n\t\t\t<div class=\"elementor-widget-wrap elementor-element-populated\">\n\t\t\t\t\t\t<div class=\"elementor-element elementor-element-b60783a elementor-widget__width-auto elementor-view-default elementor-widget elementor-widget-icon\" data-id=\"b60783a\" data-element_type=\"widget\" data-e-type=\"widget\" data-widget_type=\"icon.default\">\n\t\t\t\t<div class=\"elementor-widget-container\">\n\t\t\t\t\t\t\t<div class=\"elementor-icon-wrapper\">\n\t\t\t<div class=\"elementor-icon\">\n\t\t\t<i aria-hidden=\"true\" class=\"fas fa-mobile-alt\"><\/i>\t\t\t<\/div>\n\t\t<\/div>\n\t\t\t\t\t\t<\/div>\n\t\t\t\t<\/div>\n\t\t\t\t<div class=\"elementor-element elementor-element-76a85e5 elementor-widget__width-auto elementor-widget elementor-widget-text-editor\" data-id=\"76a85e5\" data-element_type=\"widget\" data-e-type=\"widget\" data-widget_type=\"text-editor.default\">\n\t\t\t\t<div class=\"elementor-widget-container\">\n\t\t\t\t\t\t\t\t\t<p><strong>928 323 702<\/strong><\/p>\t\t\t\t\t\t\t\t<\/div>\n\t\t\t\t<\/div>\n\t\t\t\t\t<\/div>\n\t\t<\/div>\n\t\t\t\t\t<\/div>\n\t\t<\/section>\n\t\t\t\t<section class=\"elementor-section elementor-inner-section elementor-element elementor-element-8122fad elementor-section-boxed elementor-section-height-default elementor-section-height-default wpr-particle-no wpr-jarallax-no wpr-parallax-no wpr-sticky-section-no\" data-id=\"8122fad\" data-element_type=\"section\" data-e-type=\"section\">\n\t\t\t\t\t\t<div class=\"elementor-container elementor-column-gap-default\">\n\t\t\t\t\t<div class=\"elementor-column elementor-col-100 elementor-inner-column elementor-element elementor-element-5e9e727\" data-id=\"5e9e727\" data-element_type=\"column\" data-e-type=\"column\">\n\t\t\t<div class=\"elementor-widget-wrap elementor-element-populated\">\n\t\t\t\t\t\t<div class=\"elementor-element elementor-element-3199edd elementor-widget__width-auto elementor-view-default elementor-widget elementor-widget-icon\" data-id=\"3199edd\" data-element_type=\"widget\" data-e-type=\"widget\" data-widget_type=\"icon.default\">\n\t\t\t\t<div class=\"elementor-widget-container\">\n\t\t\t\t\t\t\t<div class=\"elementor-icon-wrapper\">\n\t\t\t<div class=\"elementor-icon\">\n\t\t\t<i aria-hidden=\"true\" class=\"fas fa-envelope\"><\/i>\t\t\t<\/div>\n\t\t<\/div>\n\t\t\t\t\t\t<\/div>\n\t\t\t\t<\/div>\n\t\t\t\t<div class=\"elementor-element elementor-element-ae4f4d9 elementor-widget__width-auto elementor-widget elementor-widget-text-editor\" data-id=\"ae4f4d9\" data-element_type=\"widget\" data-e-type=\"widget\" data-widget_type=\"text-editor.default\">\n\t\t\t\t<div class=\"elementor-widget-container\">\n\t\t\t\t\t\t\t\t\t<p><a href=\"mailto:archivo@villadelaorotava.org\"><strong>archivo@villadelaorotava.org<\/strong><\/a><\/p>\t\t\t\t\t\t\t\t<\/div>\n\t\t\t\t<\/div>\n\t\t\t\t\t<\/div>\n\t\t<\/div>\n\t\t\t\t\t<\/div>\n\t\t<\/section>\n\t\t\t\t<div class=\"elementor-element elementor-element-af77877 elementor-widget elementor-widget-text-editor\" data-id=\"af77877\" data-element_type=\"widget\" data-e-type=\"widget\" data-widget_type=\"text-editor.default\">\n\t\t\t\t<div class=\"elementor-widget-container\">\n\t\t\t\t\t\t\t\t\t<p><strong>Descripci\u00f3n:<\/strong><\/p><p><span style=\"font-family: Roboto, sans-serif; font-size: 14px; font-style: normal; font-variant-ligatures: normal; font-variant-caps: normal; font-weight: 400;\">El Archivo de La Orotava es un servicio municipal que se encarga de reunir, conservar, custodiar y difundir los documentos con diversos soportes y formas, que registran actividades realizadas por las personas o entidades a lo largo de la historia de la Villa de La Orotava. Un lugar donde habita la memoria y al mismo tiempo se cuida y guarda la historia de la Villa.<\/span><\/p>\t\t\t\t\t\t\t\t<\/div>\n\t\t\t\t<\/div>\n\t\t\t\t\t<\/div>\n\t\t<\/div>\n\t\t\t\t\t<\/div>\n\t\t<\/section>\n\t\t\t\t<section class=\"elementor-section elementor-top-section elementor-element elementor-element-96b749d elementor-section-boxed elementor-section-height-default elementor-section-height-default wpr-particle-no wpr-jarallax-no wpr-parallax-no wpr-sticky-section-no\" data-id=\"96b749d\" data-element_type=\"section\" data-e-type=\"section\">\n\t\t\t\t\t\t<div class=\"elementor-container elementor-column-gap-default\">\n\t\t\t\t\t<div class=\"elementor-column elementor-col-100 elementor-top-column elementor-element elementor-element-d0e22dd\" data-id=\"d0e22dd\" data-element_type=\"column\" data-e-type=\"column\">\n\t\t\t<div class=\"elementor-widget-wrap elementor-element-populated\">\n\t\t\t\t\t\t<div class=\"elementor-element elementor-element-d37f2e2 elementor-widget elementor-widget-text-editor\" data-id=\"d37f2e2\" data-element_type=\"widget\" data-e-type=\"widget\" data-widget_type=\"text-editor.default\">\n\t\t\t\t<div class=\"elementor-widget-container\">\n\t\t\t\t\t\t\t\t\t<p><strong>EXPOSICIONES<\/strong>\u00a0<strong>Virtuales e Im\u00e1genes<\/strong><\/p><ul><li><strong>La Plaza de la Constituci\u00f3n<\/strong>. Exposici\u00f3n que muestra im\u00e1genes de un lugar emblem\u00e1tico de la Villa que debe su nombre a la Constituci\u00f3n de C\u00e1diz de 1812 .<\/li><\/ul><ul><li><strong>Nuestras Instalaciones.<\/strong>Una muestra de las instalaciones del Archivo Municipal y las distintas zonas que contienen los documentos que forman la memoria de La Villa de La Orotava<\/li><\/ul><ul><li><strong>D\u00eda Internacional de los Archivos 2012.<\/strong>Con motivo del D\u00eda Internacional de Los Archivos, el 9 de junio, se muestran un conjunto de documentos que forman parte de la historia de La Orotava<\/li><\/ul><ul><li><strong>Alfombras en La Memoria.<\/strong>Recorrido hist\u00f3rico por las alfombras de la plaza del Ayuntamiento con motivo de las fiestas del Corpus Christi y San Isidro Labrador<\/li><\/ul><ul><li><strong>La Orotava en 1912.<\/strong>Un viaje de cien a\u00f1os por una serie de acontecimientos hist\u00f3ricos que sucedieron en La Orotava en 1912.<\/li><\/ul><ul><li><strong>Donaciones 2012.<\/strong>Agradecimiento a los ciudadanos e instituciones por las donaciones y reproducciones recibidas durante el 2012, las cuales han contribuido a incrementar y enriquecer el patrimonio documental de la Villa de La Orotava, en definitiva su historia.<\/li><\/ul><ul><li><strong>Una vida dedicada a la m\u00fasica:<\/strong>\u00a0<strong>Domingo Febles.<\/strong>Homenaje a este m\u00fasico villero que ha donado su archivo personal al Archivo Municipal.<\/li><\/ul><p><strong>HISTORIA<\/strong><\/p><p>Los Archivos existen desde que se invent\u00f3 la escritura y se cre\u00f3 la necesidad de trasmitir conocimientos a las futuras generaciones. Actualmente conocemos la historia de distintas civilizaciones y pueblos por sus archivos.<\/p><p>El origen de los archivos municipales est\u00e1 en la creaci\u00f3n de los Ayuntamientos en 1812, donde los archivos jugaron un papel importante porque supon\u00edan su soporte jur\u00eddico y econ\u00f3mico. Desde la creaci\u00f3n del Ayuntamiento de La Orotava se producen documentos que conforman la historia de La Orotava. El concepto de lo que es un archivo y los motivos por los que se custodia la documentaci\u00f3n ha sufrido una evoluci\u00f3n a lo largo del tiempo. As\u00ed, en la actualidad es un servicio que combina, por una parte, su labor de gesti\u00f3n documental, imprescindible al dotar a los ciudadanos de informaci\u00f3n y a la administraci\u00f3n de instrumentos que facilitan las decisiones de sus \u00f3rganos, con su labor de fuente para el estudio de la historia del municipio.<\/p><p>El Archivo Municipal de La Orotava ha tenido diversas sedes dentro del Municipio (Calle Colegio, Calle del Agua, etc.). En la madrugada del 2 de junio de 1841 hubo un incendio en el Ayuntamiento que hizo que las llamas destruyeran la documentaci\u00f3n que hasta ese momento exist\u00eda en el Archivo. Posteriormente en 1897 se instal\u00f3 en la actual Casa Consistorial, donde tuvo varias ubicaciones hasta que la reforma del edificio del Ayuntamiento motiv\u00f3 su traslado a la Calle San Sebasti\u00e1n, n\u00ba 1 en el a\u00f1o 2000.<\/p><p>Un aspecto importante del proceso evolutivo y pieza clave en la consolidaci\u00f3n y desarrollo del Archivo ha sido la elaboraci\u00f3n de su Reglamento, aprobado en sesi\u00f3n plenaria del 25 de marzo de 2003.<\/p><p><strong>REGLAMENTO<\/strong><\/p><p><a href=\"https:\/\/www.laorotava.es\/sites\/default\/files\/reglamento_archivo_0.pdf\">Descargar reglamento del Archivo Municipal de la Villa de La Orotava<\/a><\/p><p><strong>FONDON DOCUMENTAL<\/strong><\/p><p>La documentaci\u00f3n del Archivo Municipal abarca desde mitad del siglo XIX hasta la actualidad, con una variedad de soportes y formas. As\u00ed, se pueden encontrar expedientes, libros administrativos, fotograf\u00edas, carteles, programas y folletos, dvd, cd, etc. y una colecci\u00f3n de sellos de caucho utilizados en la actividad administrativa. Documentos generados por la instituci\u00f3n municipal y una serie de documentos y fondos particulares que han sido donados. Destacan las Actas del Pleno, que est\u00e1n microfilmadas y digitalizadas (1841\u20131999), los padrones de habitantes, licencias de obras y expedientes relevantes como el de la instalaci\u00f3n del alumbrado el\u00e9ctrico (1892), concesi\u00f3n del Escudo al Ayuntamiento de La Orotava (1905), programas de las fiestas del Corpus y San Isidro Labrador (1892), etc.<\/p><p>Los documentos son organizados, conservados y sometidos a un tratamiento t\u00e9cnico para garantizar su permanencia y consulta, presente y futura, pasando a formar parte del Patrimonio Documental de la Villa de La Orotava. El fondo documental se incrementa, b\u00e1sicamente, a trav\u00e9s de transferencias de documentos administrativos desde las oficinas municipales y de donaciones de particulares e instituciones.<\/p><p><strong>CUADRO DE CLASIFICACI\u00d3N<\/strong><\/p><p><a href=\"https:\/\/www.laorotava.es\/sites\/default\/files\/cuadro-de-fondos_0.pdf\">Descargar cuadro de fondos<\/a><\/p><p><strong>CONSULTA DE LAS ACTAS DEL PLENO<\/strong><\/p><p>Las Actas de Pleno son los documentos m\u00e1s consultados del Archivo Municipal y que contienen informaci\u00f3n sobre todos los aspectos econ\u00f3micos, culturales, urban\u00edsticos, etc. del municipio. La cronolog\u00eda de esta serie abarca de 1841 a 1999, existiendo testimonios de verdad de 1820 a 1823.<\/p><p><a href=\"https:\/\/www.laorotava.es\/pleno\/acuerdos-historicos\">Ver actas del pleno siglo XIX y XX<\/a><\/p><p><strong>FONDO FOTOGR\u00c1FICO<\/strong><\/p><p>Constituido por una colecci\u00f3n de fotograf\u00edas recibidas desde las oficinas municipales, producto de la actividad administrativa municipal, y por donaciones de los ciudadanos, que han depositado sus fotograf\u00edas o nos han permitido su reproducci\u00f3n. La mayor\u00eda son de la d\u00e9cada de los setenta hasta la actualidad y con tem\u00e1tica referente a La Orotava.<\/p><p>El Archivo Municipal, como &#8220;Lugar donde habita la Memoria&#8221;, contiene documentos sobre acontecimientos de la historia de la Villa y las fotograf\u00edas son un buen testigo de ellos. En ocasiones, se encuentran arrinconadas en viejos sobres o gavetas, terminando por estropearse o perder inter\u00e9s, ignor\u00e1ndose su contenido y valor documental. Su digitalizaci\u00f3n en el Archivo ser\u00eda una oportunidad de conservaci\u00f3n de las fotograf\u00edas, al tiempo que el propietario obtendr\u00eda una copia digitalizada y servir\u00edan de apoyo gr\u00e1fico a investigaciones hist\u00f3ricas, donde se har\u00eda constar el nombre del donante y autor si se conoce, as\u00ed como las condiciones de uso. En el Archivo ver\u00edan la luz en publicaciones y exposiciones, adem\u00e1s de servir de apoyo gr\u00e1fico a investigaciones hist\u00f3ricas.<\/p><p>Desde el Archivo se anima a colaborar en esta labor y se agradece a los que han permitido digitalizar sus fotograf\u00edas, pasando a formar parte del fondo fotogr\u00e1fico de la historia de La Orotava. Para colaborar se pueden acercar al Archivo Municipal de La Orotava (AMLO) donde escanearemos sus fotograf\u00edas y tambi\u00e9n pueden enviarlas por email\u00a0<a href=\"mailto:archivo@villadelaorotava.org\"><strong>archivo@villadelaorotava.org<\/strong><\/a>o a trav\u00e9s del blog del Archivo Municipal.<\/p>\t\t\t\t\t\t\t\t<\/div>\n\t\t\t\t<\/div>\n\t\t\t\t\t<\/div>\n\t\t<\/div>\n\t\t\t\t\t<\/div>\n\t\t<\/section>\n\t\t\t\t<section class=\"elementor-section elementor-top-section elementor-element elementor-element-e13744a elementor-section-boxed elementor-section-height-default elementor-section-height-default wpr-particle-no wpr-jarallax-no wpr-parallax-no wpr-sticky-section-no\" data-id=\"e13744a\" data-element_type=\"section\" data-e-type=\"section\">\n\t\t\t\t\t\t<div class=\"elementor-container elementor-column-gap-default\">\n\t\t\t\t\t<div class=\"elementor-column elementor-col-100 elementor-top-column elementor-element elementor-element-9231d65\" data-id=\"9231d65\" data-element_type=\"column\" data-e-type=\"column\">\n\t\t\t<div class=\"elementor-widget-wrap elementor-element-populated\">\n\t\t\t\t\t\t<div class=\"elementor-element elementor-element-3933510 wpr-grid-columns-4 wpr-grid-columns--tablet3 wpr-grid-columns--mobile1 wpr-grid-pagination-center elementor-widget elementor-widget-wpr-media-grid\" data-id=\"3933510\" data-element_type=\"widget\" data-e-type=\"widget\" data-widget_type=\"wpr-media-grid.default\">\n\t\t\t\t<div class=\"elementor-widget-container\">\n\t\t\t\t\t<section class=\"wpr-grid wpr-media-grid elementor-clearfix\" data-settings=\"{&quot;layout&quot;:&quot;masonry&quot;,&quot;columns_desktop&quot;:4,&quot;gutter_hr&quot;:10,&quot;gutter_hr_mobile&quot;:10,&quot;gutter_hr_mobile_extra&quot;:10,&quot;gutter_hr_tablet&quot;:10,&quot;gutter_hr_tablet_extra&quot;:10,&quot;gutter_hr_laptop&quot;:10,&quot;gutter_hr_widescreen&quot;:10,&quot;gutter_vr&quot;:10,&quot;gutter_vr_mobile&quot;:10,&quot;gutter_vr_mobile_extra&quot;:10,&quot;gutter_vr_tablet&quot;:10,&quot;gutter_vr_tablet_extra&quot;:10,&quot;gutter_vr_laptop&quot;:10,&quot;gutter_vr_widescreen&quot;:10,&quot;animation&quot;:&quot;default&quot;,&quot;animation_duration&quot;:0.3,&quot;animation_delay&quot;:0.1,&quot;deeplinking&quot;:&quot;&quot;,&quot;filters_default_filter&quot;:&quot;&quot;,&quot;filters_linkable&quot;:&quot;no&quot;,&quot;filters_count&quot;:&quot;&quot;,&quot;filters_hide_empty&quot;:&quot;no&quot;,&quot;filters_animation&quot;:&quot;default&quot;,&quot;filters_animation_duration&quot;:0.3,&quot;filters_animation_delay&quot;:0.1,&quot;pagination_type&quot;:&quot;load-more&quot;,&quot;pagination_max_pages&quot;:1,&quot;lightbox&quot;:{&quot;selector&quot;:&quot;.wpr-grid-image-wrap&quot;,&quot;iframeMaxWidth&quot;:&quot;60%&quot;,&quot;hash&quot;:false,&quot;autoplay&quot;:&quot;true&quot;,&quot;pause&quot;:5000,&quot;progressBar&quot;:&quot;true&quot;,&quot;counter&quot;:&quot;true&quot;,&quot;controls&quot;:&quot;true&quot;,&quot;getCaptionFromTitleOrAlt&quot;:&quot;true&quot;,&quot;thumbnail&quot;:&quot;&quot;,&quot;showThumbByDefault&quot;:&quot;&quot;,&quot;share&quot;:&quot;&quot;,&quot;zoom&quot;:&quot;true&quot;,&quot;fullScreen&quot;:&quot;true&quot;,&quot;download&quot;:&quot;true&quot;}}\"><article class=\"wpr-grid-item elementor-clearfix post-1017229 attachment type-attachment status-inherit hentry entry\"><div class=\"wpr-grid-item-inner\"><div class=\"wpr-grid-media-wrap wpr-effect-size-small \"><div class=\"wpr-grid-image-wrap\" data-src=\"https:\/\/www.laorotava.es\/turismo\/wp-content\/uploads\/2023\/06\/Captura-de-pantalla-2017-07-27-a-las-16.18.35.png\"><img decoding=\"async\" src=\"https:\/\/www.laorotava.es\/turismo\/wp-content\/uploads\/2023\/06\/Captura-de-pantalla-2017-07-27-a-las-16.18.35.png\" alt=\"Captura de pantalla 2017-07-27 a las 16.18.35\" class=\"wpr-anim-timing-ease-default\"><\/div><div class=\"wpr-grid-media-hover wpr-animation-wrap\"><div class=\"wpr-grid-media-hover-bg  wpr-overlay-fade-in wpr-anim-size-large wpr-anim-timing-ease-default wpr-anim-transparency\" data-url=\"https:\/\/www.laorotava.es\/turismo\/captura-de-pantalla-2017-07-27-a-las-16-18-35\/\"><\/div><div class=\"wpr-cv-container\"><div class=\"wpr-cv-outer\"><div class=\"wpr-cv-inner\"><div class=\"wpr-grid-media-hover-middle elementor-clearfix\"><div class=\"wpr-grid-item-lightbox elementor-repeater-item-2824165 wpr-grid-item-display-block wpr-grid-item-align-center wpr-element-fade-in wpr-anim-size-large wpr-anim-timing-ease-default wpr-anim-transparency\"><div class=\"inner-block\"><span data-src=\"https:\/\/www.laorotava.es\/turismo\/wp-content\/uploads\/2023\/06\/Captura-de-pantalla-2017-07-27-a-las-16.18.35.png\"><i class=\"fas fa-search\"><\/i><\/span><div class=\"wpr-grid-lightbox-overlay\"><\/div><\/div><\/div><h2 class=\"wpr-grid-item-title elementor-repeater-item-77fc14c wpr-grid-item-display-block wpr-grid-item-align-center wpr-element-fade-in wpr-anim-size-large wpr-anim-timing-ease-default wpr-anim-transparency wpr-pointer-none wpr-pointer-line-fx wpr-pointer-fx-fade\"><div class=\"inner-block\"><a  href=\"https:\/\/www.laorotava.es\/turismo\/captura-de-pantalla-2017-07-27-a-las-16-18-35\/\">Captura de pantalla 2017-07-27 a las 16.18.35<\/a><\/div><\/h2><\/div><\/div><\/div><\/div><\/div><\/div><\/div><\/article><article class=\"wpr-grid-item elementor-clearfix post-1017230 attachment type-attachment status-inherit hentry entry\"><div class=\"wpr-grid-item-inner\"><div class=\"wpr-grid-media-wrap wpr-effect-size-small \"><div class=\"wpr-grid-image-wrap\" data-src=\"https:\/\/www.laorotava.es\/turismo\/wp-content\/uploads\/2023\/06\/Captura-de-pantalla-2017-07-27-a-las-16.18.44.png\"><img decoding=\"async\" src=\"https:\/\/www.laorotava.es\/turismo\/wp-content\/uploads\/2023\/06\/Captura-de-pantalla-2017-07-27-a-las-16.18.44.png\" alt=\"Captura de pantalla 2017-07-27 a las 16.18.44\" class=\"wpr-anim-timing-ease-default\"><\/div><div class=\"wpr-grid-media-hover wpr-animation-wrap\"><div class=\"wpr-grid-media-hover-bg  wpr-overlay-fade-in wpr-anim-size-large wpr-anim-timing-ease-default wpr-anim-transparency\" data-url=\"https:\/\/www.laorotava.es\/turismo\/captura-de-pantalla-2017-07-27-a-las-16-18-44\/\"><\/div><div class=\"wpr-cv-container\"><div class=\"wpr-cv-outer\"><div class=\"wpr-cv-inner\"><div class=\"wpr-grid-media-hover-middle elementor-clearfix\"><div class=\"wpr-grid-item-lightbox elementor-repeater-item-2824165 wpr-grid-item-display-block wpr-grid-item-align-center wpr-element-fade-in wpr-anim-size-large wpr-anim-timing-ease-default wpr-anim-transparency\"><div class=\"inner-block\"><span data-src=\"https:\/\/www.laorotava.es\/turismo\/wp-content\/uploads\/2023\/06\/Captura-de-pantalla-2017-07-27-a-las-16.18.44.png\"><i class=\"fas fa-search\"><\/i><\/span><div class=\"wpr-grid-lightbox-overlay\"><\/div><\/div><\/div><h2 class=\"wpr-grid-item-title elementor-repeater-item-77fc14c wpr-grid-item-display-block wpr-grid-item-align-center wpr-element-fade-in wpr-anim-size-large wpr-anim-timing-ease-default wpr-anim-transparency wpr-pointer-none wpr-pointer-line-fx wpr-pointer-fx-fade\"><div class=\"inner-block\"><a  href=\"https:\/\/www.laorotava.es\/turismo\/captura-de-pantalla-2017-07-27-a-las-16-18-44\/\">Captura de pantalla 2017-07-27 a las 16.18.44<\/a><\/div><\/h2><\/div><\/div><\/div><\/div><\/div><\/div><\/div><\/article><article class=\"wpr-grid-item elementor-clearfix post-1017231 attachment type-attachment status-inherit hentry entry\"><div class=\"wpr-grid-item-inner\"><div class=\"wpr-grid-media-wrap wpr-effect-size-small \"><div class=\"wpr-grid-image-wrap\" data-src=\"https:\/\/www.laorotava.es\/turismo\/wp-content\/uploads\/2023\/06\/Captura-de-pantalla-2017-07-27-a-las-16.18.53.png\"><img decoding=\"async\" src=\"https:\/\/www.laorotava.es\/turismo\/wp-content\/uploads\/2023\/06\/Captura-de-pantalla-2017-07-27-a-las-16.18.53.png\" alt=\"Captura de pantalla 2017-07-27 a las 16.18.53\" class=\"wpr-anim-timing-ease-default\"><\/div><div class=\"wpr-grid-media-hover wpr-animation-wrap\"><div class=\"wpr-grid-media-hover-bg  wpr-overlay-fade-in wpr-anim-size-large wpr-anim-timing-ease-default wpr-anim-transparency\" data-url=\"https:\/\/www.laorotava.es\/turismo\/captura-de-pantalla-2017-07-27-a-las-16-18-53\/\"><\/div><div class=\"wpr-cv-container\"><div class=\"wpr-cv-outer\"><div class=\"wpr-cv-inner\"><div class=\"wpr-grid-media-hover-middle elementor-clearfix\"><div class=\"wpr-grid-item-lightbox elementor-repeater-item-2824165 wpr-grid-item-display-block wpr-grid-item-align-center wpr-element-fade-in wpr-anim-size-large wpr-anim-timing-ease-default wpr-anim-transparency\"><div class=\"inner-block\"><span data-src=\"https:\/\/www.laorotava.es\/turismo\/wp-content\/uploads\/2023\/06\/Captura-de-pantalla-2017-07-27-a-las-16.18.53.png\"><i class=\"fas fa-search\"><\/i><\/span><div class=\"wpr-grid-lightbox-overlay\"><\/div><\/div><\/div><h2 class=\"wpr-grid-item-title elementor-repeater-item-77fc14c wpr-grid-item-display-block wpr-grid-item-align-center wpr-element-fade-in wpr-anim-size-large wpr-anim-timing-ease-default wpr-anim-transparency wpr-pointer-none wpr-pointer-line-fx wpr-pointer-fx-fade\"><div class=\"inner-block\"><a  href=\"https:\/\/www.laorotava.es\/turismo\/captura-de-pantalla-2017-07-27-a-las-16-18-53\/\">Captura de pantalla 2017-07-27 a las 16.18.53<\/a><\/div><\/h2><\/div><\/div><\/div><\/div><\/div><\/div><\/div><\/article><article class=\"wpr-grid-item elementor-clearfix post-1017232 attachment type-attachment status-inherit hentry entry\"><div class=\"wpr-grid-item-inner\"><div class=\"wpr-grid-media-wrap wpr-effect-size-small \"><div class=\"wpr-grid-image-wrap\" data-src=\"https:\/\/www.laorotava.es\/turismo\/wp-content\/uploads\/2023\/06\/Captura-de-pantalla-2017-07-27-a-las-16.19.02.png\"><img decoding=\"async\" src=\"https:\/\/www.laorotava.es\/turismo\/wp-content\/uploads\/2023\/06\/Captura-de-pantalla-2017-07-27-a-las-16.19.02.png\" alt=\"Captura de pantalla 2017-07-27 a las 16.19.02\" class=\"wpr-anim-timing-ease-default\"><\/div><div class=\"wpr-grid-media-hover wpr-animation-wrap\"><div class=\"wpr-grid-media-hover-bg  wpr-overlay-fade-in wpr-anim-size-large wpr-anim-timing-ease-default wpr-anim-transparency\" data-url=\"https:\/\/www.laorotava.es\/turismo\/captura-de-pantalla-2017-07-27-a-las-16-19-02\/\"><\/div><div class=\"wpr-cv-container\"><div class=\"wpr-cv-outer\"><div class=\"wpr-cv-inner\"><div class=\"wpr-grid-media-hover-middle elementor-clearfix\"><div class=\"wpr-grid-item-lightbox elementor-repeater-item-2824165 wpr-grid-item-display-block wpr-grid-item-align-center wpr-element-fade-in wpr-anim-size-large wpr-anim-timing-ease-default wpr-anim-transparency\"><div class=\"inner-block\"><span data-src=\"https:\/\/www.laorotava.es\/turismo\/wp-content\/uploads\/2023\/06\/Captura-de-pantalla-2017-07-27-a-las-16.19.02.png\"><i class=\"fas fa-search\"><\/i><\/span><div class=\"wpr-grid-lightbox-overlay\"><\/div><\/div><\/div><h2 class=\"wpr-grid-item-title elementor-repeater-item-77fc14c wpr-grid-item-display-block wpr-grid-item-align-center wpr-element-fade-in wpr-anim-size-large wpr-anim-timing-ease-default wpr-anim-transparency wpr-pointer-none wpr-pointer-line-fx wpr-pointer-fx-fade\"><div class=\"inner-block\"><a  href=\"https:\/\/www.laorotava.es\/turismo\/captura-de-pantalla-2017-07-27-a-las-16-19-02\/\">Captura de pantalla 2017-07-27 a las 16.19.02<\/a><\/div><\/h2><\/div><\/div><\/div><\/div><\/div><\/div><\/div><\/article><article class=\"wpr-grid-item elementor-clearfix post-1017233 attachment type-attachment status-inherit hentry entry\"><div class=\"wpr-grid-item-inner\"><div class=\"wpr-grid-media-wrap wpr-effect-size-small \"><div class=\"wpr-grid-image-wrap\" data-src=\"https:\/\/www.laorotava.es\/turismo\/wp-content\/uploads\/2023\/06\/Captura-de-pantalla-2017-07-27-a-las-16.19.10.png\"><img decoding=\"async\" src=\"https:\/\/www.laorotava.es\/turismo\/wp-content\/uploads\/2023\/06\/Captura-de-pantalla-2017-07-27-a-las-16.19.10.png\" alt=\"Captura de pantalla 2017-07-27 a las 16.19.10\" class=\"wpr-anim-timing-ease-default\"><\/div><div class=\"wpr-grid-media-hover wpr-animation-wrap\"><div class=\"wpr-grid-media-hover-bg  wpr-overlay-fade-in wpr-anim-size-large wpr-anim-timing-ease-default wpr-anim-transparency\" data-url=\"https:\/\/www.laorotava.es\/turismo\/captura-de-pantalla-2017-07-27-a-las-16-19-10\/\"><\/div><div class=\"wpr-cv-container\"><div class=\"wpr-cv-outer\"><div class=\"wpr-cv-inner\"><div class=\"wpr-grid-media-hover-middle elementor-clearfix\"><div class=\"wpr-grid-item-lightbox elementor-repeater-item-2824165 wpr-grid-item-display-block wpr-grid-item-align-center wpr-element-fade-in wpr-anim-size-large wpr-anim-timing-ease-default wpr-anim-transparency\"><div class=\"inner-block\"><span data-src=\"https:\/\/www.laorotava.es\/turismo\/wp-content\/uploads\/2023\/06\/Captura-de-pantalla-2017-07-27-a-las-16.19.10.png\"><i class=\"fas fa-search\"><\/i><\/span><div class=\"wpr-grid-lightbox-overlay\"><\/div><\/div><\/div><h2 class=\"wpr-grid-item-title elementor-repeater-item-77fc14c wpr-grid-item-display-block wpr-grid-item-align-center wpr-element-fade-in wpr-anim-size-large wpr-anim-timing-ease-default wpr-anim-transparency wpr-pointer-none wpr-pointer-line-fx wpr-pointer-fx-fade\"><div class=\"inner-block\"><a  href=\"https:\/\/www.laorotava.es\/turismo\/captura-de-pantalla-2017-07-27-a-las-16-19-10\/\">Captura de pantalla 2017-07-27 a las 16.19.10<\/a><\/div><\/h2><\/div><\/div><\/div><\/div><\/div><\/div><\/div><\/article><article class=\"wpr-grid-item elementor-clearfix post-1017234 attachment type-attachment status-inherit hentry entry\"><div class=\"wpr-grid-item-inner\"><div class=\"wpr-grid-media-wrap wpr-effect-size-small \"><div class=\"wpr-grid-image-wrap\" data-src=\"https:\/\/www.laorotava.es\/turismo\/wp-content\/uploads\/2023\/06\/Captura-de-pantalla-2017-07-27-a-las-16.19.16.png\"><img decoding=\"async\" src=\"https:\/\/www.laorotava.es\/turismo\/wp-content\/uploads\/2023\/06\/Captura-de-pantalla-2017-07-27-a-las-16.19.16.png\" alt=\"Captura de pantalla 2017-07-27 a las 16.19.16\" class=\"wpr-anim-timing-ease-default\"><\/div><div class=\"wpr-grid-media-hover wpr-animation-wrap\"><div class=\"wpr-grid-media-hover-bg  wpr-overlay-fade-in wpr-anim-size-large wpr-anim-timing-ease-default wpr-anim-transparency\" data-url=\"https:\/\/www.laorotava.es\/turismo\/captura-de-pantalla-2017-07-27-a-las-16-19-16\/\"><\/div><div class=\"wpr-cv-container\"><div class=\"wpr-cv-outer\"><div class=\"wpr-cv-inner\"><div class=\"wpr-grid-media-hover-middle elementor-clearfix\"><div class=\"wpr-grid-item-lightbox elementor-repeater-item-2824165 wpr-grid-item-display-block wpr-grid-item-align-center wpr-element-fade-in wpr-anim-size-large wpr-anim-timing-ease-default wpr-anim-transparency\"><div class=\"inner-block\"><span data-src=\"https:\/\/www.laorotava.es\/turismo\/wp-content\/uploads\/2023\/06\/Captura-de-pantalla-2017-07-27-a-las-16.19.16.png\"><i class=\"fas fa-search\"><\/i><\/span><div class=\"wpr-grid-lightbox-overlay\"><\/div><\/div><\/div><h2 class=\"wpr-grid-item-title elementor-repeater-item-77fc14c wpr-grid-item-display-block wpr-grid-item-align-center wpr-element-fade-in wpr-anim-size-large wpr-anim-timing-ease-default wpr-anim-transparency wpr-pointer-none wpr-pointer-line-fx wpr-pointer-fx-fade\"><div class=\"inner-block\"><a  href=\"https:\/\/www.laorotava.es\/turismo\/captura-de-pantalla-2017-07-27-a-las-16-19-16\/\">Captura de pantalla 2017-07-27 a las 16.19.16<\/a><\/div><\/h2><\/div><\/div><\/div><\/div><\/div><\/div><\/div><\/article><article class=\"wpr-grid-item elementor-clearfix post-1017235 attachment type-attachment status-inherit hentry entry\"><div class=\"wpr-grid-item-inner\"><div class=\"wpr-grid-media-wrap wpr-effect-size-small \"><div class=\"wpr-grid-image-wrap\" data-src=\"https:\/\/www.laorotava.es\/turismo\/wp-content\/uploads\/2023\/06\/Captura-de-pantalla-2017-07-27-a-las-16.19.25.png\"><img decoding=\"async\" src=\"https:\/\/www.laorotava.es\/turismo\/wp-content\/uploads\/2023\/06\/Captura-de-pantalla-2017-07-27-a-las-16.19.25.png\" alt=\"Captura de pantalla 2017-07-27 a las 16.19.25\" class=\"wpr-anim-timing-ease-default\"><\/div><div class=\"wpr-grid-media-hover wpr-animation-wrap\"><div class=\"wpr-grid-media-hover-bg  wpr-overlay-fade-in wpr-anim-size-large wpr-anim-timing-ease-default wpr-anim-transparency\" data-url=\"https:\/\/www.laorotava.es\/turismo\/captura-de-pantalla-2017-07-27-a-las-16-19-25\/\"><\/div><div class=\"wpr-cv-container\"><div class=\"wpr-cv-outer\"><div class=\"wpr-cv-inner\"><div class=\"wpr-grid-media-hover-middle elementor-clearfix\"><div class=\"wpr-grid-item-lightbox elementor-repeater-item-2824165 wpr-grid-item-display-block wpr-grid-item-align-center wpr-element-fade-in wpr-anim-size-large wpr-anim-timing-ease-default wpr-anim-transparency\"><div class=\"inner-block\"><span data-src=\"https:\/\/www.laorotava.es\/turismo\/wp-content\/uploads\/2023\/06\/Captura-de-pantalla-2017-07-27-a-las-16.19.25.png\"><i class=\"fas fa-search\"><\/i><\/span><div class=\"wpr-grid-lightbox-overlay\"><\/div><\/div><\/div><h2 class=\"wpr-grid-item-title elementor-repeater-item-77fc14c wpr-grid-item-display-block wpr-grid-item-align-center wpr-element-fade-in wpr-anim-size-large wpr-anim-timing-ease-default wpr-anim-transparency wpr-pointer-none wpr-pointer-line-fx wpr-pointer-fx-fade\"><div class=\"inner-block\"><a  href=\"https:\/\/www.laorotava.es\/turismo\/captura-de-pantalla-2017-07-27-a-las-16-19-25\/\">Captura de pantalla 2017-07-27 a las 16.19.25<\/a><\/div><\/h2><\/div><\/div><\/div><\/div><\/div><\/div><\/div><\/article><article class=\"wpr-grid-item elementor-clearfix post-1017236 attachment type-attachment status-inherit hentry entry\"><div class=\"wpr-grid-item-inner\"><div class=\"wpr-grid-media-wrap wpr-effect-size-small \"><div class=\"wpr-grid-image-wrap\" data-src=\"https:\/\/www.laorotava.es\/turismo\/wp-content\/uploads\/2023\/06\/Captura-de-pantalla-2017-07-27-a-las-16.19.35.png\"><img decoding=\"async\" src=\"https:\/\/www.laorotava.es\/turismo\/wp-content\/uploads\/2023\/06\/Captura-de-pantalla-2017-07-27-a-las-16.19.35.png\" alt=\"Captura de pantalla 2017-07-27 a las 16.19.35\" class=\"wpr-anim-timing-ease-default\"><\/div><div class=\"wpr-grid-media-hover wpr-animation-wrap\"><div class=\"wpr-grid-media-hover-bg  wpr-overlay-fade-in wpr-anim-size-large wpr-anim-timing-ease-default wpr-anim-transparency\" data-url=\"https:\/\/www.laorotava.es\/turismo\/captura-de-pantalla-2017-07-27-a-las-16-19-35\/\"><\/div><div class=\"wpr-cv-container\"><div class=\"wpr-cv-outer\"><div class=\"wpr-cv-inner\"><div class=\"wpr-grid-media-hover-middle elementor-clearfix\"><div class=\"wpr-grid-item-lightbox elementor-repeater-item-2824165 wpr-grid-item-display-block wpr-grid-item-align-center wpr-element-fade-in wpr-anim-size-large wpr-anim-timing-ease-default wpr-anim-transparency\"><div class=\"inner-block\"><span data-src=\"https:\/\/www.laorotava.es\/turismo\/wp-content\/uploads\/2023\/06\/Captura-de-pantalla-2017-07-27-a-las-16.19.35.png\"><i class=\"fas fa-search\"><\/i><\/span><div class=\"wpr-grid-lightbox-overlay\"><\/div><\/div><\/div><h2 class=\"wpr-grid-item-title elementor-repeater-item-77fc14c wpr-grid-item-display-block wpr-grid-item-align-center wpr-element-fade-in wpr-anim-size-large wpr-anim-timing-ease-default wpr-anim-transparency wpr-pointer-none wpr-pointer-line-fx wpr-pointer-fx-fade\"><div class=\"inner-block\"><a  href=\"https:\/\/www.laorotava.es\/turismo\/captura-de-pantalla-2017-07-27-a-las-16-19-35\/\">Captura de pantalla 2017-07-27 a las 16.19.35<\/a><\/div><\/h2><\/div><\/div><\/div><\/div><\/div><\/div><\/div><\/article><article class=\"wpr-grid-item elementor-clearfix post-1017237 attachment type-attachment status-inherit hentry entry\"><div class=\"wpr-grid-item-inner\"><div class=\"wpr-grid-media-wrap wpr-effect-size-small \"><div class=\"wpr-grid-image-wrap\" data-src=\"https:\/\/www.laorotava.es\/turismo\/wp-content\/uploads\/2023\/06\/Captura-de-pantalla-2017-07-27-a-las-16.19.48.png\"><img decoding=\"async\" src=\"https:\/\/www.laorotava.es\/turismo\/wp-content\/uploads\/2023\/06\/Captura-de-pantalla-2017-07-27-a-las-16.19.48.png\" alt=\"Captura de pantalla 2017-07-27 a las 16.19.48\" class=\"wpr-anim-timing-ease-default\"><\/div><div class=\"wpr-grid-media-hover wpr-animation-wrap\"><div class=\"wpr-grid-media-hover-bg  wpr-overlay-fade-in wpr-anim-size-large wpr-anim-timing-ease-default wpr-anim-transparency\" data-url=\"https:\/\/www.laorotava.es\/turismo\/captura-de-pantalla-2017-07-27-a-las-16-19-48\/\"><\/div><div class=\"wpr-cv-container\"><div class=\"wpr-cv-outer\"><div class=\"wpr-cv-inner\"><div class=\"wpr-grid-media-hover-middle elementor-clearfix\"><div class=\"wpr-grid-item-lightbox elementor-repeater-item-2824165 wpr-grid-item-display-block wpr-grid-item-align-center wpr-element-fade-in wpr-anim-size-large wpr-anim-timing-ease-default wpr-anim-transparency\"><div class=\"inner-block\"><span data-src=\"https:\/\/www.laorotava.es\/turismo\/wp-content\/uploads\/2023\/06\/Captura-de-pantalla-2017-07-27-a-las-16.19.48.png\"><i class=\"fas fa-search\"><\/i><\/span><div class=\"wpr-grid-lightbox-overlay\"><\/div><\/div><\/div><h2 class=\"wpr-grid-item-title elementor-repeater-item-77fc14c wpr-grid-item-display-block wpr-grid-item-align-center wpr-element-fade-in wpr-anim-size-large wpr-anim-timing-ease-default wpr-anim-transparency wpr-pointer-none wpr-pointer-line-fx wpr-pointer-fx-fade\"><div class=\"inner-block\"><a  href=\"https:\/\/www.laorotava.es\/turismo\/captura-de-pantalla-2017-07-27-a-las-16-19-48\/\">Captura de pantalla 2017-07-27 a las 16.19.48<\/a><\/div><\/h2><\/div><\/div><\/div><\/div><\/div><\/div><\/div><\/article><article class=\"wpr-grid-item elementor-clearfix post-1017238 attachment type-attachment status-inherit hentry entry\"><div class=\"wpr-grid-item-inner\"><div class=\"wpr-grid-media-wrap wpr-effect-size-small \"><div class=\"wpr-grid-image-wrap\" data-src=\"https:\/\/www.laorotava.es\/turismo\/wp-content\/uploads\/2023\/06\/Captura-de-pantalla-2017-07-27-a-las-16.19.55.png\"><img decoding=\"async\" src=\"https:\/\/www.laorotava.es\/turismo\/wp-content\/uploads\/2023\/06\/Captura-de-pantalla-2017-07-27-a-las-16.19.55.png\" alt=\"Captura de pantalla 2017-07-27 a las 16.19.55\" class=\"wpr-anim-timing-ease-default\"><\/div><div class=\"wpr-grid-media-hover wpr-animation-wrap\"><div class=\"wpr-grid-media-hover-bg  wpr-overlay-fade-in wpr-anim-size-large wpr-anim-timing-ease-default wpr-anim-transparency\" data-url=\"https:\/\/www.laorotava.es\/turismo\/captura-de-pantalla-2017-07-27-a-las-16-19-55\/\"><\/div><div class=\"wpr-cv-container\"><div class=\"wpr-cv-outer\"><div class=\"wpr-cv-inner\"><div class=\"wpr-grid-media-hover-middle elementor-clearfix\"><div class=\"wpr-grid-item-lightbox elementor-repeater-item-2824165 wpr-grid-item-display-block wpr-grid-item-align-center wpr-element-fade-in wpr-anim-size-large wpr-anim-timing-ease-default wpr-anim-transparency\"><div class=\"inner-block\"><span data-src=\"https:\/\/www.laorotava.es\/turismo\/wp-content\/uploads\/2023\/06\/Captura-de-pantalla-2017-07-27-a-las-16.19.55.png\"><i class=\"fas fa-search\"><\/i><\/span><div class=\"wpr-grid-lightbox-overlay\"><\/div><\/div><\/div><h2 class=\"wpr-grid-item-title elementor-repeater-item-77fc14c wpr-grid-item-display-block wpr-grid-item-align-center wpr-element-fade-in wpr-anim-size-large wpr-anim-timing-ease-default wpr-anim-transparency wpr-pointer-none wpr-pointer-line-fx wpr-pointer-fx-fade\"><div class=\"inner-block\"><a  href=\"https:\/\/www.laorotava.es\/turismo\/captura-de-pantalla-2017-07-27-a-las-16-19-55\/\">Captura de pantalla 2017-07-27 a las 16.19.55<\/a><\/div><\/h2><\/div><\/div><\/div><\/div><\/div><\/div><\/div><\/article><article class=\"wpr-grid-item elementor-clearfix post-1017239 attachment type-attachment status-inherit hentry entry\"><div class=\"wpr-grid-item-inner\"><div class=\"wpr-grid-media-wrap wpr-effect-size-small \"><div class=\"wpr-grid-image-wrap\" data-src=\"https:\/\/www.laorotava.es\/turismo\/wp-content\/uploads\/2023\/06\/Captura-de-pantalla-2017-07-27-a-las-16.20.02.png\"><img decoding=\"async\" src=\"https:\/\/www.laorotava.es\/turismo\/wp-content\/uploads\/2023\/06\/Captura-de-pantalla-2017-07-27-a-las-16.20.02.png\" alt=\"Captura de pantalla 2017-07-27 a las 16.20.02\" class=\"wpr-anim-timing-ease-default\"><\/div><div class=\"wpr-grid-media-hover wpr-animation-wrap\"><div class=\"wpr-grid-media-hover-bg  wpr-overlay-fade-in wpr-anim-size-large wpr-anim-timing-ease-default wpr-anim-transparency\" data-url=\"https:\/\/www.laorotava.es\/turismo\/captura-de-pantalla-2017-07-27-a-las-16-20-02\/\"><\/div><div class=\"wpr-cv-container\"><div class=\"wpr-cv-outer\"><div class=\"wpr-cv-inner\"><div class=\"wpr-grid-media-hover-middle elementor-clearfix\"><div class=\"wpr-grid-item-lightbox elementor-repeater-item-2824165 wpr-grid-item-display-block wpr-grid-item-align-center wpr-element-fade-in wpr-anim-size-large wpr-anim-timing-ease-default wpr-anim-transparency\"><div class=\"inner-block\"><span data-src=\"https:\/\/www.laorotava.es\/turismo\/wp-content\/uploads\/2023\/06\/Captura-de-pantalla-2017-07-27-a-las-16.20.02.png\"><i class=\"fas fa-search\"><\/i><\/span><div class=\"wpr-grid-lightbox-overlay\"><\/div><\/div><\/div><h2 class=\"wpr-grid-item-title elementor-repeater-item-77fc14c wpr-grid-item-display-block wpr-grid-item-align-center wpr-element-fade-in wpr-anim-size-large wpr-anim-timing-ease-default wpr-anim-transparency wpr-pointer-none wpr-pointer-line-fx wpr-pointer-fx-fade\"><div class=\"inner-block\"><a  href=\"https:\/\/www.laorotava.es\/turismo\/captura-de-pantalla-2017-07-27-a-las-16-20-02\/\">Captura de pantalla 2017-07-27 a las 16.20.02<\/a><\/div><\/h2><\/div><\/div><\/div><\/div><\/div><\/div><\/div><\/article><article class=\"wpr-grid-item elementor-clearfix post-1017240 attachment type-attachment status-inherit hentry entry\"><div class=\"wpr-grid-item-inner\"><div class=\"wpr-grid-media-wrap wpr-effect-size-small \"><div class=\"wpr-grid-image-wrap\" data-src=\"https:\/\/www.laorotava.es\/turismo\/wp-content\/uploads\/2023\/06\/Captura-de-pantalla-2017-07-27-a-las-16.20.14.png\"><img decoding=\"async\" src=\"https:\/\/www.laorotava.es\/turismo\/wp-content\/uploads\/2023\/06\/Captura-de-pantalla-2017-07-27-a-las-16.20.14.png\" alt=\"Captura de pantalla 2017-07-27 a las 16.20.14\" class=\"wpr-anim-timing-ease-default\"><\/div><div class=\"wpr-grid-media-hover wpr-animation-wrap\"><div class=\"wpr-grid-media-hover-bg  wpr-overlay-fade-in wpr-anim-size-large wpr-anim-timing-ease-default wpr-anim-transparency\" data-url=\"https:\/\/www.laorotava.es\/turismo\/captura-de-pantalla-2017-07-27-a-las-16-20-14\/\"><\/div><div class=\"wpr-cv-container\"><div class=\"wpr-cv-outer\"><div class=\"wpr-cv-inner\"><div class=\"wpr-grid-media-hover-middle elementor-clearfix\"><div class=\"wpr-grid-item-lightbox elementor-repeater-item-2824165 wpr-grid-item-display-block wpr-grid-item-align-center wpr-element-fade-in wpr-anim-size-large wpr-anim-timing-ease-default wpr-anim-transparency\"><div class=\"inner-block\"><span data-src=\"https:\/\/www.laorotava.es\/turismo\/wp-content\/uploads\/2023\/06\/Captura-de-pantalla-2017-07-27-a-las-16.20.14.png\"><i class=\"fas fa-search\"><\/i><\/span><div class=\"wpr-grid-lightbox-overlay\"><\/div><\/div><\/div><h2 class=\"wpr-grid-item-title elementor-repeater-item-77fc14c wpr-grid-item-display-block wpr-grid-item-align-center wpr-element-fade-in wpr-anim-size-large wpr-anim-timing-ease-default wpr-anim-transparency wpr-pointer-none wpr-pointer-line-fx wpr-pointer-fx-fade\"><div class=\"inner-block\"><a  href=\"https:\/\/www.laorotava.es\/turismo\/captura-de-pantalla-2017-07-27-a-las-16-20-14\/\">Captura de pantalla 2017-07-27 a las 16.20.14<\/a><\/div><\/h2><\/div><\/div><\/div><\/div><\/div><\/div><\/div><\/article><article class=\"wpr-grid-item elementor-clearfix post-1017241 attachment type-attachment status-inherit hentry entry\"><div class=\"wpr-grid-item-inner\"><div class=\"wpr-grid-media-wrap wpr-effect-size-small \"><div class=\"wpr-grid-image-wrap\" data-src=\"https:\/\/www.laorotava.es\/turismo\/wp-content\/uploads\/2023\/06\/Captura-de-pantalla-2017-07-27-a-las-16.20.22.png\"><img decoding=\"async\" src=\"https:\/\/www.laorotava.es\/turismo\/wp-content\/uploads\/2023\/06\/Captura-de-pantalla-2017-07-27-a-las-16.20.22.png\" alt=\"Captura de pantalla 2017-07-27 a las 16.20.22\" class=\"wpr-anim-timing-ease-default\"><\/div><div class=\"wpr-grid-media-hover wpr-animation-wrap\"><div class=\"wpr-grid-media-hover-bg  wpr-overlay-fade-in wpr-anim-size-large wpr-anim-timing-ease-default wpr-anim-transparency\" data-url=\"https:\/\/www.laorotava.es\/turismo\/captura-de-pantalla-2017-07-27-a-las-16-20-22\/\"><\/div><div class=\"wpr-cv-container\"><div class=\"wpr-cv-outer\"><div class=\"wpr-cv-inner\"><div class=\"wpr-grid-media-hover-middle elementor-clearfix\"><div class=\"wpr-grid-item-lightbox elementor-repeater-item-2824165 wpr-grid-item-display-block wpr-grid-item-align-center wpr-element-fade-in wpr-anim-size-large wpr-anim-timing-ease-default wpr-anim-transparency\"><div class=\"inner-block\"><span data-src=\"https:\/\/www.laorotava.es\/turismo\/wp-content\/uploads\/2023\/06\/Captura-de-pantalla-2017-07-27-a-las-16.20.22.png\"><i class=\"fas fa-search\"><\/i><\/span><div class=\"wpr-grid-lightbox-overlay\"><\/div><\/div><\/div><h2 class=\"wpr-grid-item-title elementor-repeater-item-77fc14c wpr-grid-item-display-block wpr-grid-item-align-center wpr-element-fade-in wpr-anim-size-large wpr-anim-timing-ease-default wpr-anim-transparency wpr-pointer-none wpr-pointer-line-fx wpr-pointer-fx-fade\"><div class=\"inner-block\"><a  href=\"https:\/\/www.laorotava.es\/turismo\/captura-de-pantalla-2017-07-27-a-las-16-20-22\/\">Captura de pantalla 2017-07-27 a las 16.20.22<\/a><\/div><\/h2><\/div><\/div><\/div><\/div><\/div><\/div><\/div><\/article><article class=\"wpr-grid-item elementor-clearfix post-1017242 attachment type-attachment status-inherit hentry entry\"><div class=\"wpr-grid-item-inner\"><div class=\"wpr-grid-media-wrap wpr-effect-size-small \"><div class=\"wpr-grid-image-wrap\" data-src=\"https:\/\/www.laorotava.es\/turismo\/wp-content\/uploads\/2023\/06\/Captura-de-pantalla-2017-07-27-a-las-16.20.30.png\"><img decoding=\"async\" src=\"https:\/\/www.laorotava.es\/turismo\/wp-content\/uploads\/2023\/06\/Captura-de-pantalla-2017-07-27-a-las-16.20.30.png\" alt=\"Captura de pantalla 2017-07-27 a las 16.20.30\" class=\"wpr-anim-timing-ease-default\"><\/div><div class=\"wpr-grid-media-hover wpr-animation-wrap\"><div class=\"wpr-grid-media-hover-bg  wpr-overlay-fade-in wpr-anim-size-large wpr-anim-timing-ease-default wpr-anim-transparency\" data-url=\"https:\/\/www.laorotava.es\/turismo\/captura-de-pantalla-2017-07-27-a-las-16-20-30\/\"><\/div><div class=\"wpr-cv-container\"><div class=\"wpr-cv-outer\"><div class=\"wpr-cv-inner\"><div class=\"wpr-grid-media-hover-middle elementor-clearfix\"><div class=\"wpr-grid-item-lightbox elementor-repeater-item-2824165 wpr-grid-item-display-block wpr-grid-item-align-center wpr-element-fade-in wpr-anim-size-large wpr-anim-timing-ease-default wpr-anim-transparency\"><div class=\"inner-block\"><span data-src=\"https:\/\/www.laorotava.es\/turismo\/wp-content\/uploads\/2023\/06\/Captura-de-pantalla-2017-07-27-a-las-16.20.30.png\"><i class=\"fas fa-search\"><\/i><\/span><div class=\"wpr-grid-lightbox-overlay\"><\/div><\/div><\/div><h2 class=\"wpr-grid-item-title elementor-repeater-item-77fc14c wpr-grid-item-display-block wpr-grid-item-align-center wpr-element-fade-in wpr-anim-size-large wpr-anim-timing-ease-default wpr-anim-transparency wpr-pointer-none wpr-pointer-line-fx wpr-pointer-fx-fade\"><div class=\"inner-block\"><a  href=\"https:\/\/www.laorotava.es\/turismo\/captura-de-pantalla-2017-07-27-a-las-16-20-30\/\">Captura de pantalla 2017-07-27 a las 16.20.30<\/a><\/div><\/h2><\/div><\/div><\/div><\/div><\/div><\/div><\/div><\/article><article class=\"wpr-grid-item elementor-clearfix post-1017243 attachment type-attachment status-inherit hentry entry\"><div class=\"wpr-grid-item-inner\"><div class=\"wpr-grid-media-wrap wpr-effect-size-small \"><div class=\"wpr-grid-image-wrap\" data-src=\"https:\/\/www.laorotava.es\/turismo\/wp-content\/uploads\/2023\/06\/Captura-de-pantalla-2017-07-27-a-las-16.20.36.png\"><img decoding=\"async\" src=\"https:\/\/www.laorotava.es\/turismo\/wp-content\/uploads\/2023\/06\/Captura-de-pantalla-2017-07-27-a-las-16.20.36.png\" alt=\"Captura de pantalla 2017-07-27 a las 16.20.36\" class=\"wpr-anim-timing-ease-default\"><\/div><div class=\"wpr-grid-media-hover wpr-animation-wrap\"><div class=\"wpr-grid-media-hover-bg  wpr-overlay-fade-in wpr-anim-size-large wpr-anim-timing-ease-default wpr-anim-transparency\" data-url=\"https:\/\/www.laorotava.es\/turismo\/captura-de-pantalla-2017-07-27-a-las-16-20-36\/\"><\/div><div class=\"wpr-cv-container\"><div class=\"wpr-cv-outer\"><div class=\"wpr-cv-inner\"><div class=\"wpr-grid-media-hover-middle elementor-clearfix\"><div class=\"wpr-grid-item-lightbox elementor-repeater-item-2824165 wpr-grid-item-display-block wpr-grid-item-align-center wpr-element-fade-in wpr-anim-size-large wpr-anim-timing-ease-default wpr-anim-transparency\"><div class=\"inner-block\"><span data-src=\"https:\/\/www.laorotava.es\/turismo\/wp-content\/uploads\/2023\/06\/Captura-de-pantalla-2017-07-27-a-las-16.20.36.png\"><i class=\"fas fa-search\"><\/i><\/span><div class=\"wpr-grid-lightbox-overlay\"><\/div><\/div><\/div><h2 class=\"wpr-grid-item-title elementor-repeater-item-77fc14c wpr-grid-item-display-block wpr-grid-item-align-center wpr-element-fade-in wpr-anim-size-large wpr-anim-timing-ease-default wpr-anim-transparency wpr-pointer-none wpr-pointer-line-fx wpr-pointer-fx-fade\"><div class=\"inner-block\"><a  href=\"https:\/\/www.laorotava.es\/turismo\/captura-de-pantalla-2017-07-27-a-las-16-20-36\/\">Captura de pantalla 2017-07-27 a las 16.20.36<\/a><\/div><\/h2><\/div><\/div><\/div><\/div><\/div><\/div><\/div><\/article><article class=\"wpr-grid-item elementor-clearfix post-1017244 attachment type-attachment status-inherit hentry entry\"><div class=\"wpr-grid-item-inner\"><div class=\"wpr-grid-media-wrap wpr-effect-size-small \"><div class=\"wpr-grid-image-wrap\" data-src=\"https:\/\/www.laorotava.es\/turismo\/wp-content\/uploads\/2023\/06\/Captura-de-pantalla-2017-07-27-a-las-16.20.44.png\"><img decoding=\"async\" src=\"https:\/\/www.laorotava.es\/turismo\/wp-content\/uploads\/2023\/06\/Captura-de-pantalla-2017-07-27-a-las-16.20.44.png\" alt=\"Captura de pantalla 2017-07-27 a las 16.20.44\" class=\"wpr-anim-timing-ease-default\"><\/div><div class=\"wpr-grid-media-hover wpr-animation-wrap\"><div class=\"wpr-grid-media-hover-bg  wpr-overlay-fade-in wpr-anim-size-large wpr-anim-timing-ease-default wpr-anim-transparency\" data-url=\"https:\/\/www.laorotava.es\/turismo\/captura-de-pantalla-2017-07-27-a-las-16-20-44\/\"><\/div><div class=\"wpr-cv-container\"><div class=\"wpr-cv-outer\"><div class=\"wpr-cv-inner\"><div class=\"wpr-grid-media-hover-middle elementor-clearfix\"><div class=\"wpr-grid-item-lightbox elementor-repeater-item-2824165 wpr-grid-item-display-block wpr-grid-item-align-center wpr-element-fade-in wpr-anim-size-large wpr-anim-timing-ease-default wpr-anim-transparency\"><div class=\"inner-block\"><span data-src=\"https:\/\/www.laorotava.es\/turismo\/wp-content\/uploads\/2023\/06\/Captura-de-pantalla-2017-07-27-a-las-16.20.44.png\"><i class=\"fas fa-search\"><\/i><\/span><div class=\"wpr-grid-lightbox-overlay\"><\/div><\/div><\/div><h2 class=\"wpr-grid-item-title elementor-repeater-item-77fc14c wpr-grid-item-display-block wpr-grid-item-align-center wpr-element-fade-in wpr-anim-size-large wpr-anim-timing-ease-default wpr-anim-transparency wpr-pointer-none wpr-pointer-line-fx wpr-pointer-fx-fade\"><div class=\"inner-block\"><a  href=\"https:\/\/www.laorotava.es\/turismo\/captura-de-pantalla-2017-07-27-a-las-16-20-44\/\">Captura de pantalla 2017-07-27 a las 16.20.44<\/a><\/div><\/h2><\/div><\/div><\/div><\/div><\/div><\/div><\/div><\/article><article class=\"wpr-grid-item elementor-clearfix post-1017245 attachment type-attachment status-inherit hentry entry\"><div class=\"wpr-grid-item-inner\"><div class=\"wpr-grid-media-wrap wpr-effect-size-small \"><div class=\"wpr-grid-image-wrap\" data-src=\"https:\/\/www.laorotava.es\/turismo\/wp-content\/uploads\/2023\/06\/Captura-de-pantalla-2017-07-27-a-las-16.20.51.png\"><img decoding=\"async\" src=\"https:\/\/www.laorotava.es\/turismo\/wp-content\/uploads\/2023\/06\/Captura-de-pantalla-2017-07-27-a-las-16.20.51.png\" alt=\"Captura de pantalla 2017-07-27 a las 16.20.51\" class=\"wpr-anim-timing-ease-default\"><\/div><div class=\"wpr-grid-media-hover wpr-animation-wrap\"><div class=\"wpr-grid-media-hover-bg  wpr-overlay-fade-in wpr-anim-size-large wpr-anim-timing-ease-default wpr-anim-transparency\" data-url=\"https:\/\/www.laorotava.es\/turismo\/captura-de-pantalla-2017-07-27-a-las-16-20-51\/\"><\/div><div class=\"wpr-cv-container\"><div class=\"wpr-cv-outer\"><div class=\"wpr-cv-inner\"><div class=\"wpr-grid-media-hover-middle elementor-clearfix\"><div class=\"wpr-grid-item-lightbox elementor-repeater-item-2824165 wpr-grid-item-display-block wpr-grid-item-align-center wpr-element-fade-in wpr-anim-size-large wpr-anim-timing-ease-default wpr-anim-transparency\"><div class=\"inner-block\"><span data-src=\"https:\/\/www.laorotava.es\/turismo\/wp-content\/uploads\/2023\/06\/Captura-de-pantalla-2017-07-27-a-las-16.20.51.png\"><i class=\"fas fa-search\"><\/i><\/span><div class=\"wpr-grid-lightbox-overlay\"><\/div><\/div><\/div><h2 class=\"wpr-grid-item-title elementor-repeater-item-77fc14c wpr-grid-item-display-block wpr-grid-item-align-center wpr-element-fade-in wpr-anim-size-large wpr-anim-timing-ease-default wpr-anim-transparency wpr-pointer-none wpr-pointer-line-fx wpr-pointer-fx-fade\"><div class=\"inner-block\"><a  href=\"https:\/\/www.laorotava.es\/turismo\/captura-de-pantalla-2017-07-27-a-las-16-20-51\/\">Captura de pantalla 2017-07-27 a las 16.20.51<\/a><\/div><\/h2><\/div><\/div><\/div><\/div><\/div><\/div><\/div><\/article><article class=\"wpr-grid-item elementor-clearfix post-1017246 attachment type-attachment status-inherit hentry entry\"><div class=\"wpr-grid-item-inner\"><div class=\"wpr-grid-media-wrap wpr-effect-size-small \"><div class=\"wpr-grid-image-wrap\" data-src=\"https:\/\/www.laorotava.es\/turismo\/wp-content\/uploads\/2023\/06\/Captura-de-pantalla-2017-07-27-a-las-16.20.59.png\"><img decoding=\"async\" src=\"https:\/\/www.laorotava.es\/turismo\/wp-content\/uploads\/2023\/06\/Captura-de-pantalla-2017-07-27-a-las-16.20.59.png\" alt=\"Captura de pantalla 2017-07-27 a las 16.20.59\" class=\"wpr-anim-timing-ease-default\"><\/div><div class=\"wpr-grid-media-hover wpr-animation-wrap\"><div class=\"wpr-grid-media-hover-bg  wpr-overlay-fade-in wpr-anim-size-large wpr-anim-timing-ease-default wpr-anim-transparency\" data-url=\"https:\/\/www.laorotava.es\/turismo\/captura-de-pantalla-2017-07-27-a-las-16-20-59\/\"><\/div><div class=\"wpr-cv-container\"><div class=\"wpr-cv-outer\"><div class=\"wpr-cv-inner\"><div class=\"wpr-grid-media-hover-middle elementor-clearfix\"><div class=\"wpr-grid-item-lightbox elementor-repeater-item-2824165 wpr-grid-item-display-block wpr-grid-item-align-center wpr-element-fade-in wpr-anim-size-large wpr-anim-timing-ease-default wpr-anim-transparency\"><div class=\"inner-block\"><span data-src=\"https:\/\/www.laorotava.es\/turismo\/wp-content\/uploads\/2023\/06\/Captura-de-pantalla-2017-07-27-a-las-16.20.59.png\"><i class=\"fas fa-search\"><\/i><\/span><div class=\"wpr-grid-lightbox-overlay\"><\/div><\/div><\/div><h2 class=\"wpr-grid-item-title elementor-repeater-item-77fc14c wpr-grid-item-display-block wpr-grid-item-align-center wpr-element-fade-in wpr-anim-size-large wpr-anim-timing-ease-default wpr-anim-transparency wpr-pointer-none wpr-pointer-line-fx wpr-pointer-fx-fade\"><div class=\"inner-block\"><a  href=\"https:\/\/www.laorotava.es\/turismo\/captura-de-pantalla-2017-07-27-a-las-16-20-59\/\">Captura de pantalla 2017-07-27 a las 16.20.59<\/a><\/div><\/h2><\/div><\/div><\/div><\/div><\/div><\/div><\/div><\/article><\/section>\t\t\t\t<\/div>\n\t\t\t\t<\/div>\n\t\t\t\t\t<\/div>\n\t\t<\/div>\n\t\t\t\t\t<\/div>\n\t\t<\/section>\n\t\t\t\t<section class=\"elementor-section elementor-top-section elementor-element elementor-element-f1b41f7 elementor-section-boxed elementor-section-height-default elementor-section-height-default wpr-particle-no wpr-jarallax-no wpr-parallax-no wpr-sticky-section-no\" data-id=\"f1b41f7\" data-element_type=\"section\" data-e-type=\"section\">\n\t\t\t\t\t\t<div class=\"elementor-container elementor-column-gap-default\">\n\t\t\t\t\t<div class=\"elementor-column elementor-col-100 elementor-top-column elementor-element elementor-element-cf64e12\" data-id=\"cf64e12\" data-element_type=\"column\" data-e-type=\"column\">\n\t\t\t<div class=\"elementor-widget-wrap elementor-element-populated\">\n\t\t\t\t\t\t<div class=\"elementor-element elementor-element-0d32e06 elementor-widget elementor-widget-text-editor\" data-id=\"0d32e06\" data-element_type=\"widget\" data-e-type=\"widget\" data-widget_type=\"text-editor.default\">\n\t\t\t\t<div class=\"elementor-widget-container\">\n\t\t\t\t\t\t\t\t\t<p><span style=\"color: rgb(68, 68, 68); font-family: &quot;Titillium Web&quot;, sans-serif; font-size: 14px; font-style: normal; font-variant-ligatures: normal; font-variant-caps: normal; font-weight: 400; text-align: justify;\">Colecci\u00f3n de Carteles, Programas y Folletos<\/span><\/p><p style=\"margin-bottom: 25px; color: rgb(68, 68, 68); font-family: &quot;Titillium Web&quot;, sans-serif; font-size: 14px; font-style: normal; font-variant-ligatures: normal; font-variant-caps: normal; font-weight: 400; text-align: justify;\">Colecciones que contienen una importante informaci\u00f3n sobre el abanico cultural, religioso, deportivo, comercial, festivo, social, etc. que se ha llevado a cabo en el municipio a lo largo de los a\u00f1os, siendo un testigo en el tiempo de dichas actividades. Cada a\u00f1o aumentan como consecuencia de las numerosas actividades que se desarrollan y se incrementan tanto por la aportaci\u00f3n de la entidad que los genera como por la voluntad de los particulares que donan material al Archivo Municipal.<\/p><p style=\"margin-bottom: 25px; color: rgb(68, 68, 68); font-family: &quot;Titillium Web&quot;, sans-serif; font-size: 14px; font-style: normal; font-variant-ligatures: normal; font-variant-caps: normal; font-weight: 400; text-align: justify;\"><span style=\"font-weight: 700;\">SERVICIOS<\/span><\/p><p style=\"margin-bottom: 25px; color: rgb(68, 68, 68); font-family: &quot;Titillium Web&quot;, sans-serif; font-size: 14px; font-style: normal; font-variant-ligatures: normal; font-variant-caps: normal; font-weight: 400; text-align: justify;\">El Archivo Municipal de la Villa de La Orotava es un archivo de titularidad municipal, gestionado por el Ayuntamiento de La Orotava, al servicio de los ciudadanos y de la Administraci\u00f3n.<\/p><p style=\"margin-bottom: 25px; color: rgb(68, 68, 68); font-family: &quot;Titillium Web&quot;, sans-serif; font-size: 14px; font-style: normal; font-variant-ligatures: normal; font-variant-caps: normal; font-weight: 400; text-align: justify;\"><span style=\"font-weight: 700;\">Informaci\u00f3n y asesoramiento a los usuarios.<\/span><\/p><ul style=\"margin-top: 0px; margin-bottom: 10px; color: rgb(68, 68, 68); font-family: &quot;Titillium Web&quot;, sans-serif; font-size: 14px; font-style: normal; font-variant-ligatures: normal; font-variant-caps: normal; font-weight: 400; text-align: justify;\"><li style=\"list-style-type: square;\"><span style=\"font-weight: 700;\">Consulta de documentos<\/span>. Se garantiza el acceso a los documentos exceptuando las restricciones establecidas por la legislaci\u00f3n o su conservaci\u00f3n. La consulta ser\u00e1 libre, excepto en los supuestos recogidos en el art. 18 de la Constituci\u00f3n u otras leyes que lo determinen.<\/li><li style=\"list-style-type: square;\"><span style=\"font-weight: 700;\">Reproducci\u00f3n y digitalizaci\u00f3n de documentos<\/span>(papel y digital). El Archivo realizar\u00e1 reproducciones de aquellos documentos de acceso p\u00fablico y cuando carezcan de limitaciones legales, previa solicitud y pago de las correspondientes tasas municipales.<\/li><li style=\"list-style-type: square;\"><span style=\"font-weight: 700;\">Informaci\u00f3n bibliogr\u00e1fica<\/span>. Especializada en historia local y archiv\u00edstica, que complementa a las fuentes documentales del Archivo<\/li><li style=\"list-style-type: square;\"><span style=\"font-weight: 700;\">Visitas en grupo (escolares y colectivos).<\/span>Las visitas consisten en una introducci\u00f3n sobre la labor del Archivo y una muestra de documentos destacados de la historia de La Orotava, junto a material complementario que se ha utilizado como medio de reproducci\u00f3n documental en otras etapas.<\/li><\/ul><p style=\"margin-bottom: 25px; color: rgb(68, 68, 68); font-family: &quot;Titillium Web&quot;, sans-serif; font-size: 14px; font-style: normal; font-variant-ligatures: normal; font-variant-caps: normal; font-weight: 400; text-align: justify;\"><span style=\"font-weight: 700;\">DONACIONES<\/span><\/p><p style=\"margin-bottom: 25px; color: rgb(68, 68, 68); font-family: &quot;Titillium Web&quot;, sans-serif; font-size: 14px; font-style: normal; font-variant-ligatures: normal; font-variant-caps: normal; font-weight: 400; text-align: justify;\">Desde el Archivo Municipal se destaca y anima a la colaboraci\u00f3n de todos los ciudadanos e instituciones en esta labor de contribuir a concentrar, conservar y difundir el patrimonio documental de la Villa y agradecemos, a todo aquel que desee compartir su informaci\u00f3n o documentos, los done, permiti\u00e9ndonos digitalizar fotograf\u00edas, carteles, etc. De esta forma, se garantiza la conservaci\u00f3n, dep\u00f3sito, reproducci\u00f3n y organizaci\u00f3n de los mismos.&nbsp; Para colaborar acercarse al Archivo Municipal o ponerse en contacto con el mismo.<\/p><p style=\"margin-bottom: 25px; color: rgb(68, 68, 68); font-family: &quot;Titillium Web&quot;, sans-serif; font-size: 14px; font-style: normal; font-variant-ligatures: normal; font-variant-caps: normal; font-weight: 400; text-align: justify;\"><span style=\"font-weight: 700;\">BIBLIOTECA AUXILIAR<\/span><\/p><p style=\"margin-bottom: 25px; color: rgb(68, 68, 68); font-family: &quot;Titillium Web&quot;, sans-serif; font-size: 14px; font-style: normal; font-variant-ligatures: normal; font-variant-caps: normal; font-weight: 400; text-align: justify;\">El Archivo cuenta con una biblioteca auxiliar especializada en historia local y archiv\u00edstica y es complemento a la informaci\u00f3n que contienen los documentos, sirviendo en numerosas ocasiones de gu\u00eda en la localizaci\u00f3n de datos en los documentos.<\/p><p style=\"margin-bottom: 25px; color: rgb(68, 68, 68); font-family: &quot;Titillium Web&quot;, sans-serif; font-size: 14px; font-style: normal; font-variant-ligatures: normal; font-variant-caps: normal; font-weight: 400; text-align: justify;\">Para m\u00e1s informaci\u00f3n consulta la&nbsp;<a href=\"http:\/\/archivoorotava.es\/\" target=\"_blank\" rel=\"noopener noreferrer\" style=\"background-image: initial; background-position: 0px 0px; background-size: initial; background-repeat: initial; background-attachment: initial; background-origin: initial; background-clip: initial; color: rgb(74, 145, 29); transition-timing-function: ease-in-out;\"><span style=\"font-weight: 700;\">WEB<\/span>&nbsp;del archivo municipal<\/a>.<\/p><h3 style=\"font-family: Lato, sans-serif; font-weight: normal; line-height: 28.8px; color: rgb(68, 68, 68); margin-top: 20px; margin-bottom: 10px; font-size: 24px; font-style: normal; font-variant-ligatures: normal; font-variant-caps: normal; text-align: justify;\"><span style=\"font-weight: 700;\">Vis\u00edtanos<\/span><\/h3><p style=\"margin-bottom: 25px; color: rgb(68, 68, 68); font-family: &quot;Titillium Web&quot;, sans-serif; font-size: 14px; font-style: normal; font-variant-ligatures: normal; font-variant-caps: normal; font-weight: 400; text-align: justify;\">El Archivo ofrece la realizaci\u00f3n de visitas con el objetivo de dar a conocer los fondos documentales y sus posibilidades de informaci\u00f3n hist\u00f3rica y administrativa. Para m\u00e1s informaci\u00f3n contactar.<\/p>\t\t\t\t\t\t\t\t<\/div>\n\t\t\t\t<\/div>\n\t\t\t\t<div class=\"elementor-element elementor-element-219f10b elementor-widget elementor-widget-google_maps\" data-id=\"219f10b\" data-element_type=\"widget\" data-e-type=\"widget\" data-widget_type=\"google_maps.default\">\n\t\t\t\t<div class=\"elementor-widget-container\">\n\t\t\t\t\t\t\t<div class=\"elementor-custom-embed\">\n\t\t\t<iframe loading=\"lazy\"\n\t\t\t\t\tsrc=\"https:\/\/maps.google.com\/maps?q=Archivo%20municipal%20la%20orotava&#038;t=m&#038;z=14&#038;output=embed&#038;iwloc=near\"\n\t\t\t\t\ttitle=\"Archivo municipal la orotava\"\n\t\t\t\t\taria-label=\"Archivo municipal la orotava\"\n\t\t\t><\/iframe>\n\t\t<\/div>\n\t\t\t\t\t\t<\/div>\n\t\t\t\t<\/div>\n\t\t\t\t\t<\/div>\n\t\t<\/div>\n\t\t\t\t\t<\/div>\n\t\t<\/section>\n\t\t\t\t<\/div>\n\t\t","protected":false},"excerpt":{"rendered":"<p>Archivo Municipal de La Orotava Idioma Espa\u00f1ol 928 323 702 archivo@villadelaorotava.org Descripci\u00f3n: El Archivo de La Orotava es un servicio municipal que se encarga de reunir, conservar, custodiar y difundir los documentos con diversos soportes y formas, que registran actividades realizadas por las personas o entidades a lo largo de la historia de la Villa de La Orotava. Un lugar donde habita la memoria y al mismo tiempo se cuida y guarda la historia de la Villa. EXPOSICIONES\u00a0Virtuales e Im\u00e1genes La Plaza de la Constituci\u00f3n. Exposici\u00f3n que muestra im\u00e1genes de un lugar emblem\u00e1tico de la Villa que debe su nombre a la Constituci\u00f3n de C\u00e1diz de 1812 . Nuestras Instalaciones.Una muestra de las instalaciones del Archivo Municipal y las distintas zonas que contienen los documentos que forman la memoria de La Villa de La Orotava D\u00eda Internacional de los Archivos 2012.Con motivo del D\u00eda Internacional de Los Archivos, el 9 de junio, se muestran un conjunto de documentos que forman parte de la historia de La Orotava Alfombras en La Memoria.Recorrido hist\u00f3rico por las alfombras de la plaza del Ayuntamiento con motivo de las fiestas del Corpus Christi y San Isidro Labrador La Orotava en 1912.Un viaje de cien a\u00f1os por una serie de acontecimientos hist\u00f3ricos que sucedieron en La Orotava en 1912. Donaciones 2012.Agradecimiento a los ciudadanos e instituciones por las donaciones y reproducciones recibidas durante el 2012, las cuales han contribuido a incrementar y enriquecer el patrimonio documental de la Villa de La Orotava, en definitiva su historia. Una vida dedicada a la m\u00fasica:\u00a0Domingo Febles.Homenaje a este m\u00fasico villero que ha donado su archivo personal al Archivo Municipal. HISTORIA Los Archivos existen desde que se invent\u00f3 la escritura y se cre\u00f3 la necesidad de trasmitir conocimientos a las futuras generaciones. Actualmente conocemos la historia de distintas civilizaciones y pueblos por sus archivos. El origen de los archivos municipales est\u00e1 en la creaci\u00f3n de los Ayuntamientos en 1812, donde los archivos jugaron un papel importante porque supon\u00edan su soporte jur\u00eddico y econ\u00f3mico. Desde la creaci\u00f3n del Ayuntamiento de La Orotava se producen documentos que conforman la historia de La Orotava. El concepto de lo que es un archivo y los motivos por los que se custodia la documentaci\u00f3n ha sufrido una evoluci\u00f3n a lo largo del tiempo. As\u00ed, en la actualidad es un servicio que combina, por una parte, su labor de gesti\u00f3n documental, imprescindible al dotar a los ciudadanos de informaci\u00f3n y a la administraci\u00f3n de instrumentos que facilitan las decisiones de sus \u00f3rganos, con su labor de fuente para el estudio de la historia del municipio. El Archivo Municipal de La Orotava ha tenido diversas sedes dentro del Municipio (Calle Colegio, Calle del Agua, etc.). En la madrugada del 2 de junio de 1841 hubo un incendio en el Ayuntamiento que hizo que las llamas destruyeran la documentaci\u00f3n que hasta ese momento exist\u00eda en el Archivo. Posteriormente en 1897 se instal\u00f3 en la actual Casa Consistorial, donde tuvo varias ubicaciones hasta que la reforma del edificio del Ayuntamiento motiv\u00f3 su traslado a la Calle San Sebasti\u00e1n, n\u00ba 1 en el a\u00f1o 2000. Un aspecto importante del proceso evolutivo y pieza clave en la consolidaci\u00f3n y desarrollo del Archivo ha sido la elaboraci\u00f3n de su Reglamento, aprobado en sesi\u00f3n plenaria del 25 de marzo de 2003. REGLAMENTO Descargar reglamento del Archivo Municipal de la Villa de La Orotava FONDON DOCUMENTAL La documentaci\u00f3n del Archivo Municipal abarca desde mitad del siglo XIX hasta la actualidad, con una variedad de soportes y formas. As\u00ed, se pueden encontrar expedientes, libros administrativos, fotograf\u00edas, carteles, programas y folletos, dvd, cd, etc. y una colecci\u00f3n de sellos de caucho utilizados en la actividad administrativa. Documentos generados por la instituci\u00f3n municipal y una serie de documentos y fondos particulares que han sido donados. Destacan las Actas del Pleno, que est\u00e1n microfilmadas y digitalizadas (1841\u20131999), los padrones de habitantes, licencias de obras y expedientes relevantes como el de la instalaci\u00f3n del alumbrado el\u00e9ctrico (1892), concesi\u00f3n del Escudo al Ayuntamiento de La Orotava (1905), programas de las fiestas del Corpus y San Isidro Labrador (1892), etc. Los documentos son organizados, conservados y sometidos a un tratamiento t\u00e9cnico para garantizar su permanencia y consulta, presente y futura, pasando a formar parte del Patrimonio Documental de la Villa de La Orotava. El fondo documental se incrementa, b\u00e1sicamente, a trav\u00e9s de transferencias de documentos administrativos desde las oficinas municipales y de donaciones de particulares e instituciones. CUADRO DE CLASIFICACI\u00d3N Descargar cuadro de fondos CONSULTA DE LAS ACTAS DEL PLENO Las Actas de Pleno son los documentos m\u00e1s consultados del Archivo Municipal y que contienen informaci\u00f3n sobre todos los aspectos econ\u00f3micos, culturales, urban\u00edsticos, etc. del municipio. La cronolog\u00eda de esta serie abarca de 1841 a 1999, existiendo testimonios de verdad de 1820 a 1823. Ver actas del pleno siglo XIX y XX FONDO FOTOGR\u00c1FICO Constituido por una colecci\u00f3n de fotograf\u00edas recibidas desde las oficinas municipales, producto de la actividad administrativa municipal, y por donaciones de los ciudadanos, que han depositado sus fotograf\u00edas o nos han permitido su reproducci\u00f3n. La mayor\u00eda son de la d\u00e9cada de los setenta hasta la actualidad y con tem\u00e1tica referente a La Orotava. El Archivo Municipal, como &#8220;Lugar donde habita la Memoria&#8221;, contiene documentos sobre acontecimientos de la historia de la Villa y las fotograf\u00edas son un buen testigo de ellos. En ocasiones, se encuentran arrinconadas en viejos sobres o gavetas, terminando por estropearse o perder inter\u00e9s, ignor\u00e1ndose su contenido y valor documental. Su digitalizaci\u00f3n en el Archivo ser\u00eda una oportunidad de conservaci\u00f3n de las fotograf\u00edas, al tiempo que el propietario obtendr\u00eda una copia digitalizada y servir\u00edan de apoyo gr\u00e1fico a investigaciones hist\u00f3ricas, donde se har\u00eda constar el nombre del donante y autor si se conoce, as\u00ed como las condiciones de uso. En el Archivo ver\u00edan la luz en publicaciones y exposiciones, adem\u00e1s de servir de apoyo gr\u00e1fico a investigaciones hist\u00f3ricas. Desde el Archivo se anima a colaborar en esta labor y se agradece a los que han permitido digitalizar sus fotograf\u00edas, pasando a formar parte<\/p>\n","protected":false},"author":3,"featured_media":0,"parent":0,"menu_order":0,"comment_status":"closed","ping_status":"closed","template":"","meta":{"_acf_changed":false,"ocean_post_layout":"","ocean_both_sidebars_style":"","ocean_both_sidebars_content_width":0,"ocean_both_sidebars_sidebars_width":0,"ocean_sidebar":"sidebar-2","ocean_second_sidebar":"0","ocean_disable_margins":"enable","ocean_add_body_class":"","ocean_shortcode_before_top_bar":"","ocean_shortcode_after_top_bar":"","ocean_shortcode_before_header":"","ocean_shortcode_after_header":"","ocean_has_shortcode":"","ocean_shortcode_after_title":"","ocean_shortcode_before_footer_widgets":"","ocean_shortcode_after_footer_widgets":"","ocean_shortcode_before_footer_bottom":"","ocean_shortcode_after_footer_bottom":"","ocean_display_top_bar":"default","ocean_display_header":"default","ocean_header_style":"","ocean_center_header_left_menu":"0","ocean_custom_header_template":"0","ocean_custom_logo":0,"ocean_custom_retina_logo":0,"ocean_custom_logo_max_width":0,"ocean_custom_logo_tablet_max_width":0,"ocean_custom_logo_mobile_max_width":0,"ocean_custom_logo_max_height":0,"ocean_custom_logo_tablet_max_height":0,"ocean_custom_logo_mobile_max_height":0,"ocean_header_custom_menu":"0","ocean_menu_typo_font_family":"0","ocean_menu_typo_font_subset":"","ocean_menu_typo_font_size":0,"ocean_menu_typo_font_size_tablet":0,"ocean_menu_typo_font_size_mobile":0,"ocean_menu_typo_font_size_unit":"px","ocean_menu_typo_font_weight":"","ocean_menu_typo_font_weight_tablet":"","ocean_menu_typo_font_weight_mobile":"","ocean_menu_typo_transform":"","ocean_menu_typo_transform_tablet":"","ocean_menu_typo_transform_mobile":"","ocean_menu_typo_line_height":0,"ocean_menu_typo_line_height_tablet":0,"ocean_menu_typo_line_height_mobile":0,"ocean_menu_typo_line_height_unit":"","ocean_menu_typo_spacing":0,"ocean_menu_typo_spacing_tablet":0,"ocean_menu_typo_spacing_mobile":0,"ocean_menu_typo_spacing_unit":"","ocean_menu_link_color":"","ocean_menu_link_color_hover":"","ocean_menu_link_color_active":"","ocean_menu_link_background":"","ocean_menu_link_hover_background":"","ocean_menu_link_active_background":"","ocean_menu_social_links_bg":"","ocean_menu_social_hover_links_bg":"","ocean_menu_social_links_color":"","ocean_menu_social_hover_links_color":"","ocean_disable_title":"default","ocean_disable_heading":"on","ocean_post_title":"","ocean_post_subheading":"","ocean_post_title_style":"","ocean_post_title_background_color":"","ocean_post_title_background":0,"ocean_post_title_bg_image_position":"","ocean_post_title_bg_image_attachment":"","ocean_post_title_bg_image_repeat":"","ocean_post_title_bg_image_size":"","ocean_post_title_height":0,"ocean_post_title_bg_overlay":0.5,"ocean_post_title_bg_overlay_color":"","ocean_disable_breadcrumbs":"default","ocean_breadcrumbs_color":"","ocean_breadcrumbs_separator_color":"","ocean_breadcrumbs_links_color":"","ocean_breadcrumbs_links_hover_color":"","ocean_display_footer_widgets":"default","ocean_display_footer_bottom":"default","ocean_custom_footer_template":"0","footnotes":""},"class_list":["post-1017219","page","type-page","status-publish","hentry","entry"],"acf":[],"yoast_head":"<!-- This site is optimized with the Yoast SEO plugin v27.2 - https:\/\/yoast.com\/product\/yoast-seo-wordpress\/ -->\n<title>Archivo Municipal de La Orotava - Web de Turismo del Ayuntamiento de La Orotava<\/title>\n<meta name=\"robots\" content=\"index, follow, max-snippet:-1, max-image-preview:large, max-video-preview:-1\" \/>\n<link rel=\"canonical\" href=\"https:\/\/www.laorotava.es\/turismo\/archivo-municipal-de-la-orotava\/\" \/>\n<meta property=\"og:locale\" content=\"es_ES\" \/>\n<meta property=\"og:type\" content=\"article\" \/>\n<meta property=\"og:title\" content=\"Archivo Municipal de La Orotava - Web de Turismo del Ayuntamiento de La Orotava\" \/>\n<meta property=\"og:description\" content=\"Archivo Municipal de La Orotava Idioma Espa\u00f1ol 928 323 702 archivo@villadelaorotava.org Descripci\u00f3n: El Archivo de La Orotava es un servicio municipal que se encarga de reunir, conservar, custodiar y difundir los documentos con diversos soportes y formas, que registran actividades realizadas por las personas o entidades a lo largo de la historia de la Villa de La Orotava. Un lugar donde habita la memoria y al mismo tiempo se cuida y guarda la historia de la Villa. EXPOSICIONES\u00a0Virtuales e Im\u00e1genes La Plaza de la Constituci\u00f3n. Exposici\u00f3n que muestra im\u00e1genes de un lugar emblem\u00e1tico de la Villa que debe su nombre a la Constituci\u00f3n de C\u00e1diz de 1812 . Nuestras Instalaciones.Una muestra de las instalaciones del Archivo Municipal y las distintas zonas que contienen los documentos que forman la memoria de La Villa de La Orotava D\u00eda Internacional de los Archivos 2012.Con motivo del D\u00eda Internacional de Los Archivos, el 9 de junio, se muestran un conjunto de documentos que forman parte de la historia de La Orotava Alfombras en La Memoria.Recorrido hist\u00f3rico por las alfombras de la plaza del Ayuntamiento con motivo de las fiestas del Corpus Christi y San Isidro Labrador La Orotava en 1912.Un viaje de cien a\u00f1os por una serie de acontecimientos hist\u00f3ricos que sucedieron en La Orotava en 1912. Donaciones 2012.Agradecimiento a los ciudadanos e instituciones por las donaciones y reproducciones recibidas durante el 2012, las cuales han contribuido a incrementar y enriquecer el patrimonio documental de la Villa de La Orotava, en definitiva su historia. Una vida dedicada a la m\u00fasica:\u00a0Domingo Febles.Homenaje a este m\u00fasico villero que ha donado su archivo personal al Archivo Municipal. HISTORIA Los Archivos existen desde que se invent\u00f3 la escritura y se cre\u00f3 la necesidad de trasmitir conocimientos a las futuras generaciones. Actualmente conocemos la historia de distintas civilizaciones y pueblos por sus archivos. El origen de los archivos municipales est\u00e1 en la creaci\u00f3n de los Ayuntamientos en 1812, donde los archivos jugaron un papel importante porque supon\u00edan su soporte jur\u00eddico y econ\u00f3mico. Desde la creaci\u00f3n del Ayuntamiento de La Orotava se producen documentos que conforman la historia de La Orotava. El concepto de lo que es un archivo y los motivos por los que se custodia la documentaci\u00f3n ha sufrido una evoluci\u00f3n a lo largo del tiempo. As\u00ed, en la actualidad es un servicio que combina, por una parte, su labor de gesti\u00f3n documental, imprescindible al dotar a los ciudadanos de informaci\u00f3n y a la administraci\u00f3n de instrumentos que facilitan las decisiones de sus \u00f3rganos, con su labor de fuente para el estudio de la historia del municipio. El Archivo Municipal de La Orotava ha tenido diversas sedes dentro del Municipio (Calle Colegio, Calle del Agua, etc.). En la madrugada del 2 de junio de 1841 hubo un incendio en el Ayuntamiento que hizo que las llamas destruyeran la documentaci\u00f3n que hasta ese momento exist\u00eda en el Archivo. Posteriormente en 1897 se instal\u00f3 en la actual Casa Consistorial, donde tuvo varias ubicaciones hasta que la reforma del edificio del Ayuntamiento motiv\u00f3 su traslado a la Calle San Sebasti\u00e1n, n\u00ba 1 en el a\u00f1o 2000. Un aspecto importante del proceso evolutivo y pieza clave en la consolidaci\u00f3n y desarrollo del Archivo ha sido la elaboraci\u00f3n de su Reglamento, aprobado en sesi\u00f3n plenaria del 25 de marzo de 2003. REGLAMENTO Descargar reglamento del Archivo Municipal de la Villa de La Orotava FONDON DOCUMENTAL La documentaci\u00f3n del Archivo Municipal abarca desde mitad del siglo XIX hasta la actualidad, con una variedad de soportes y formas. As\u00ed, se pueden encontrar expedientes, libros administrativos, fotograf\u00edas, carteles, programas y folletos, dvd, cd, etc. y una colecci\u00f3n de sellos de caucho utilizados en la actividad administrativa. Documentos generados por la instituci\u00f3n municipal y una serie de documentos y fondos particulares que han sido donados. Destacan las Actas del Pleno, que est\u00e1n microfilmadas y digitalizadas (1841\u20131999), los padrones de habitantes, licencias de obras y expedientes relevantes como el de la instalaci\u00f3n del alumbrado el\u00e9ctrico (1892), concesi\u00f3n del Escudo al Ayuntamiento de La Orotava (1905), programas de las fiestas del Corpus y San Isidro Labrador (1892), etc. Los documentos son organizados, conservados y sometidos a un tratamiento t\u00e9cnico para garantizar su permanencia y consulta, presente y futura, pasando a formar parte del Patrimonio Documental de la Villa de La Orotava. El fondo documental se incrementa, b\u00e1sicamente, a trav\u00e9s de transferencias de documentos administrativos desde las oficinas municipales y de donaciones de particulares e instituciones. CUADRO DE CLASIFICACI\u00d3N Descargar cuadro de fondos CONSULTA DE LAS ACTAS DEL PLENO Las Actas de Pleno son los documentos m\u00e1s consultados del Archivo Municipal y que contienen informaci\u00f3n sobre todos los aspectos econ\u00f3micos, culturales, urban\u00edsticos, etc. del municipio. La cronolog\u00eda de esta serie abarca de 1841 a 1999, existiendo testimonios de verdad de 1820 a 1823. Ver actas del pleno siglo XIX y XX FONDO FOTOGR\u00c1FICO Constituido por una colecci\u00f3n de fotograf\u00edas recibidas desde las oficinas municipales, producto de la actividad administrativa municipal, y por donaciones de los ciudadanos, que han depositado sus fotograf\u00edas o nos han permitido su reproducci\u00f3n. La mayor\u00eda son de la d\u00e9cada de los setenta hasta la actualidad y con tem\u00e1tica referente a La Orotava. El Archivo Municipal, como &#8220;Lugar donde habita la Memoria&#8221;, contiene documentos sobre acontecimientos de la historia de la Villa y las fotograf\u00edas son un buen testigo de ellos. En ocasiones, se encuentran arrinconadas en viejos sobres o gavetas, terminando por estropearse o perder inter\u00e9s, ignor\u00e1ndose su contenido y valor documental. Su digitalizaci\u00f3n en el Archivo ser\u00eda una oportunidad de conservaci\u00f3n de las fotograf\u00edas, al tiempo que el propietario obtendr\u00eda una copia digitalizada y servir\u00edan de apoyo gr\u00e1fico a investigaciones hist\u00f3ricas, donde se har\u00eda constar el nombre del donante y autor si se conoce, as\u00ed como las condiciones de uso. En el Archivo ver\u00edan la luz en publicaciones y exposiciones, adem\u00e1s de servir de apoyo gr\u00e1fico a investigaciones hist\u00f3ricas. Desde el Archivo se anima a colaborar en esta labor y se agradece a los que han permitido digitalizar sus fotograf\u00edas, pasando a formar parte\" \/>\n<meta property=\"og:url\" content=\"https:\/\/www.laorotava.es\/turismo\/archivo-municipal-de-la-orotava\/\" \/>\n<meta property=\"og:site_name\" content=\"Web de Turismo del Ayuntamiento de La Orotava\" \/>\n<meta property=\"article:publisher\" content=\"https:\/\/www.facebook.com\/TurismoLaOrotava\/\" \/>\n<meta property=\"article:modified_time\" content=\"2023-06-21T14:07:03+00:00\" \/>\n<meta property=\"og:image\" content=\"https:\/\/www-pre.laorotava.es\/turismo\/wp-content\/uploads\/2023\/06\/Captura-de-pantalla-2017-07-27-a-las-16.18.35.png\" \/>\n<meta name=\"twitter:card\" content=\"summary_large_image\" \/>\n<meta name=\"twitter:site\" content=\"@LaOrotava\" \/>\n<meta name=\"twitter:label1\" content=\"Tiempo de lectura\" \/>\n\t<meta name=\"twitter:data1\" content=\"11 minutos\" \/>\n<script type=\"application\/ld+json\" class=\"yoast-schema-graph\">{\"@context\":\"https:\/\/schema.org\",\"@graph\":[{\"@type\":\"WebPage\",\"@id\":\"https:\/\/www.laorotava.es\/turismo\/archivo-municipal-de-la-orotava\/\",\"url\":\"https:\/\/www.laorotava.es\/turismo\/archivo-municipal-de-la-orotava\/\",\"name\":\"Archivo Municipal de La Orotava - Web de Turismo del Ayuntamiento de La Orotava\",\"isPartOf\":{\"@id\":\"https:\/\/www.laorotava.es\/turismo\/#website\"},\"primaryImageOfPage\":{\"@id\":\"https:\/\/www.laorotava.es\/turismo\/archivo-municipal-de-la-orotava\/#primaryimage\"},\"image\":{\"@id\":\"https:\/\/www.laorotava.es\/turismo\/archivo-municipal-de-la-orotava\/#primaryimage\"},\"thumbnailUrl\":\"https:\/\/www.laorotava.es\/turismo\/wp-content\/uploads\/2023\/06\/Captura-de-pantalla-2017-07-27-a-las-16.18.35.png\",\"datePublished\":\"2023-06-20T14:13:10+00:00\",\"dateModified\":\"2023-06-21T14:07:03+00:00\",\"breadcrumb\":{\"@id\":\"https:\/\/www.laorotava.es\/turismo\/archivo-municipal-de-la-orotava\/#breadcrumb\"},\"inLanguage\":\"es\",\"potentialAction\":[{\"@type\":\"ReadAction\",\"target\":[\"https:\/\/www.laorotava.es\/turismo\/archivo-municipal-de-la-orotava\/\"]}]},{\"@type\":\"ImageObject\",\"inLanguage\":\"es\",\"@id\":\"https:\/\/www.laorotava.es\/turismo\/archivo-municipal-de-la-orotava\/#primaryimage\",\"url\":\"https:\/\/www.laorotava.es\/turismo\/wp-content\/uploads\/2023\/06\/Captura-de-pantalla-2017-07-27-a-las-16.18.35.png\",\"contentUrl\":\"https:\/\/www.laorotava.es\/turismo\/wp-content\/uploads\/2023\/06\/Captura-de-pantalla-2017-07-27-a-las-16.18.35.png\",\"width\":567,\"height\":376},{\"@type\":\"BreadcrumbList\",\"@id\":\"https:\/\/www.laorotava.es\/turismo\/archivo-municipal-de-la-orotava\/#breadcrumb\",\"itemListElement\":[{\"@type\":\"ListItem\",\"position\":1,\"name\":\"Portada\",\"item\":\"https:\/\/www.laorotava.es\/turismo\/\"},{\"@type\":\"ListItem\",\"position\":2,\"name\":\"Archivo Municipal de La Orotava\"}]},{\"@type\":\"WebSite\",\"@id\":\"https:\/\/www.laorotava.es\/turismo\/#website\",\"url\":\"https:\/\/www.laorotava.es\/turismo\/\",\"name\":\"Web de Turismo del Ayuntamiento de La Orotava\",\"description\":\"\",\"publisher\":{\"@id\":\"https:\/\/www.laorotava.es\/turismo\/#organization\"},\"potentialAction\":[{\"@type\":\"SearchAction\",\"target\":{\"@type\":\"EntryPoint\",\"urlTemplate\":\"https:\/\/www.laorotava.es\/turismo\/?s={search_term_string}\"},\"query-input\":{\"@type\":\"PropertyValueSpecification\",\"valueRequired\":true,\"valueName\":\"search_term_string\"}}],\"inLanguage\":\"es\"},{\"@type\":\"Organization\",\"@id\":\"https:\/\/www.laorotava.es\/turismo\/#organization\",\"name\":\"Ayuntamiento de La Orotava\",\"url\":\"https:\/\/www.laorotava.es\/turismo\/\",\"logo\":{\"@type\":\"ImageObject\",\"inLanguage\":\"es\",\"@id\":\"https:\/\/www.laorotava.es\/turismo\/#\/schema\/logo\/image\/\",\"url\":\"https:\/\/www.laorotava.es\/turismo\/wp-content\/uploads\/2022\/08\/logo.png\",\"contentUrl\":\"https:\/\/www.laorotava.es\/turismo\/wp-content\/uploads\/2022\/08\/logo.png\",\"width\":1195,\"height\":180,\"caption\":\"Ayuntamiento de La Orotava\"},\"image\":{\"@id\":\"https:\/\/www.laorotava.es\/turismo\/#\/schema\/logo\/image\/\"},\"sameAs\":[\"https:\/\/www.facebook.com\/TurismoLaOrotava\/\",\"https:\/\/x.com\/LaOrotava\"]}]}<\/script>\n<!-- \/ Yoast SEO plugin. -->","yoast_head_json":{"title":"Archivo Municipal de La Orotava - Web de Turismo del Ayuntamiento de La Orotava","robots":{"index":"index","follow":"follow","max-snippet":"max-snippet:-1","max-image-preview":"max-image-preview:large","max-video-preview":"max-video-preview:-1"},"canonical":"https:\/\/www.laorotava.es\/turismo\/archivo-municipal-de-la-orotava\/","og_locale":"es_ES","og_type":"article","og_title":"Archivo Municipal de La Orotava - Web de Turismo del Ayuntamiento de La Orotava","og_description":"Archivo Municipal de La Orotava Idioma Espa\u00f1ol 928 323 702 archivo@villadelaorotava.org Descripci\u00f3n: El Archivo de La Orotava es un servicio municipal que se encarga de reunir, conservar, custodiar y difundir los documentos con diversos soportes y formas, que registran actividades realizadas por las personas o entidades a lo largo de la historia de la Villa de La Orotava. Un lugar donde habita la memoria y al mismo tiempo se cuida y guarda la historia de la Villa. EXPOSICIONES\u00a0Virtuales e Im\u00e1genes La Plaza de la Constituci\u00f3n. Exposici\u00f3n que muestra im\u00e1genes de un lugar emblem\u00e1tico de la Villa que debe su nombre a la Constituci\u00f3n de C\u00e1diz de 1812 . Nuestras Instalaciones.Una muestra de las instalaciones del Archivo Municipal y las distintas zonas que contienen los documentos que forman la memoria de La Villa de La Orotava D\u00eda Internacional de los Archivos 2012.Con motivo del D\u00eda Internacional de Los Archivos, el 9 de junio, se muestran un conjunto de documentos que forman parte de la historia de La Orotava Alfombras en La Memoria.Recorrido hist\u00f3rico por las alfombras de la plaza del Ayuntamiento con motivo de las fiestas del Corpus Christi y San Isidro Labrador La Orotava en 1912.Un viaje de cien a\u00f1os por una serie de acontecimientos hist\u00f3ricos que sucedieron en La Orotava en 1912. Donaciones 2012.Agradecimiento a los ciudadanos e instituciones por las donaciones y reproducciones recibidas durante el 2012, las cuales han contribuido a incrementar y enriquecer el patrimonio documental de la Villa de La Orotava, en definitiva su historia. Una vida dedicada a la m\u00fasica:\u00a0Domingo Febles.Homenaje a este m\u00fasico villero que ha donado su archivo personal al Archivo Municipal. HISTORIA Los Archivos existen desde que se invent\u00f3 la escritura y se cre\u00f3 la necesidad de trasmitir conocimientos a las futuras generaciones. Actualmente conocemos la historia de distintas civilizaciones y pueblos por sus archivos. El origen de los archivos municipales est\u00e1 en la creaci\u00f3n de los Ayuntamientos en 1812, donde los archivos jugaron un papel importante porque supon\u00edan su soporte jur\u00eddico y econ\u00f3mico. Desde la creaci\u00f3n del Ayuntamiento de La Orotava se producen documentos que conforman la historia de La Orotava. El concepto de lo que es un archivo y los motivos por los que se custodia la documentaci\u00f3n ha sufrido una evoluci\u00f3n a lo largo del tiempo. As\u00ed, en la actualidad es un servicio que combina, por una parte, su labor de gesti\u00f3n documental, imprescindible al dotar a los ciudadanos de informaci\u00f3n y a la administraci\u00f3n de instrumentos que facilitan las decisiones de sus \u00f3rganos, con su labor de fuente para el estudio de la historia del municipio. El Archivo Municipal de La Orotava ha tenido diversas sedes dentro del Municipio (Calle Colegio, Calle del Agua, etc.). En la madrugada del 2 de junio de 1841 hubo un incendio en el Ayuntamiento que hizo que las llamas destruyeran la documentaci\u00f3n que hasta ese momento exist\u00eda en el Archivo. Posteriormente en 1897 se instal\u00f3 en la actual Casa Consistorial, donde tuvo varias ubicaciones hasta que la reforma del edificio del Ayuntamiento motiv\u00f3 su traslado a la Calle San Sebasti\u00e1n, n\u00ba 1 en el a\u00f1o 2000. Un aspecto importante del proceso evolutivo y pieza clave en la consolidaci\u00f3n y desarrollo del Archivo ha sido la elaboraci\u00f3n de su Reglamento, aprobado en sesi\u00f3n plenaria del 25 de marzo de 2003. REGLAMENTO Descargar reglamento del Archivo Municipal de la Villa de La Orotava FONDON DOCUMENTAL La documentaci\u00f3n del Archivo Municipal abarca desde mitad del siglo XIX hasta la actualidad, con una variedad de soportes y formas. As\u00ed, se pueden encontrar expedientes, libros administrativos, fotograf\u00edas, carteles, programas y folletos, dvd, cd, etc. y una colecci\u00f3n de sellos de caucho utilizados en la actividad administrativa. Documentos generados por la instituci\u00f3n municipal y una serie de documentos y fondos particulares que han sido donados. Destacan las Actas del Pleno, que est\u00e1n microfilmadas y digitalizadas (1841\u20131999), los padrones de habitantes, licencias de obras y expedientes relevantes como el de la instalaci\u00f3n del alumbrado el\u00e9ctrico (1892), concesi\u00f3n del Escudo al Ayuntamiento de La Orotava (1905), programas de las fiestas del Corpus y San Isidro Labrador (1892), etc. Los documentos son organizados, conservados y sometidos a un tratamiento t\u00e9cnico para garantizar su permanencia y consulta, presente y futura, pasando a formar parte del Patrimonio Documental de la Villa de La Orotava. El fondo documental se incrementa, b\u00e1sicamente, a trav\u00e9s de transferencias de documentos administrativos desde las oficinas municipales y de donaciones de particulares e instituciones. CUADRO DE CLASIFICACI\u00d3N Descargar cuadro de fondos CONSULTA DE LAS ACTAS DEL PLENO Las Actas de Pleno son los documentos m\u00e1s consultados del Archivo Municipal y que contienen informaci\u00f3n sobre todos los aspectos econ\u00f3micos, culturales, urban\u00edsticos, etc. del municipio. La cronolog\u00eda de esta serie abarca de 1841 a 1999, existiendo testimonios de verdad de 1820 a 1823. Ver actas del pleno siglo XIX y XX FONDO FOTOGR\u00c1FICO Constituido por una colecci\u00f3n de fotograf\u00edas recibidas desde las oficinas municipales, producto de la actividad administrativa municipal, y por donaciones de los ciudadanos, que han depositado sus fotograf\u00edas o nos han permitido su reproducci\u00f3n. La mayor\u00eda son de la d\u00e9cada de los setenta hasta la actualidad y con tem\u00e1tica referente a La Orotava. El Archivo Municipal, como &#8220;Lugar donde habita la Memoria&#8221;, contiene documentos sobre acontecimientos de la historia de la Villa y las fotograf\u00edas son un buen testigo de ellos. En ocasiones, se encuentran arrinconadas en viejos sobres o gavetas, terminando por estropearse o perder inter\u00e9s, ignor\u00e1ndose su contenido y valor documental. Su digitalizaci\u00f3n en el Archivo ser\u00eda una oportunidad de conservaci\u00f3n de las fotograf\u00edas, al tiempo que el propietario obtendr\u00eda una copia digitalizada y servir\u00edan de apoyo gr\u00e1fico a investigaciones hist\u00f3ricas, donde se har\u00eda constar el nombre del donante y autor si se conoce, as\u00ed como las condiciones de uso. En el Archivo ver\u00edan la luz en publicaciones y exposiciones, adem\u00e1s de servir de apoyo gr\u00e1fico a investigaciones hist\u00f3ricas. Desde el Archivo se anima a colaborar en esta labor y se agradece a los que han permitido digitalizar sus fotograf\u00edas, pasando a formar parte","og_url":"https:\/\/www.laorotava.es\/turismo\/archivo-municipal-de-la-orotava\/","og_site_name":"Web de Turismo del Ayuntamiento de La Orotava","article_publisher":"https:\/\/www.facebook.com\/TurismoLaOrotava\/","article_modified_time":"2023-06-21T14:07:03+00:00","og_image":[{"url":"https:\/\/www-pre.laorotava.es\/turismo\/wp-content\/uploads\/2023\/06\/Captura-de-pantalla-2017-07-27-a-las-16.18.35.png","type":"","width":"","height":""}],"twitter_card":"summary_large_image","twitter_site":"@LaOrotava","twitter_misc":{"Tiempo de lectura":"11 minutos"},"schema":{"@context":"https:\/\/schema.org","@graph":[{"@type":"WebPage","@id":"https:\/\/www.laorotava.es\/turismo\/archivo-municipal-de-la-orotava\/","url":"https:\/\/www.laorotava.es\/turismo\/archivo-municipal-de-la-orotava\/","name":"Archivo Municipal de La Orotava - Web de Turismo del Ayuntamiento de La Orotava","isPartOf":{"@id":"https:\/\/www.laorotava.es\/turismo\/#website"},"primaryImageOfPage":{"@id":"https:\/\/www.laorotava.es\/turismo\/archivo-municipal-de-la-orotava\/#primaryimage"},"image":{"@id":"https:\/\/www.laorotava.es\/turismo\/archivo-municipal-de-la-orotava\/#primaryimage"},"thumbnailUrl":"https:\/\/www.laorotava.es\/turismo\/wp-content\/uploads\/2023\/06\/Captura-de-pantalla-2017-07-27-a-las-16.18.35.png","datePublished":"2023-06-20T14:13:10+00:00","dateModified":"2023-06-21T14:07:03+00:00","breadcrumb":{"@id":"https:\/\/www.laorotava.es\/turismo\/archivo-municipal-de-la-orotava\/#breadcrumb"},"inLanguage":"es","potentialAction":[{"@type":"ReadAction","target":["https:\/\/www.laorotava.es\/turismo\/archivo-municipal-de-la-orotava\/"]}]},{"@type":"ImageObject","inLanguage":"es","@id":"https:\/\/www.laorotava.es\/turismo\/archivo-municipal-de-la-orotava\/#primaryimage","url":"https:\/\/www.laorotava.es\/turismo\/wp-content\/uploads\/2023\/06\/Captura-de-pantalla-2017-07-27-a-las-16.18.35.png","contentUrl":"https:\/\/www.laorotava.es\/turismo\/wp-content\/uploads\/2023\/06\/Captura-de-pantalla-2017-07-27-a-las-16.18.35.png","width":567,"height":376},{"@type":"BreadcrumbList","@id":"https:\/\/www.laorotava.es\/turismo\/archivo-municipal-de-la-orotava\/#breadcrumb","itemListElement":[{"@type":"ListItem","position":1,"name":"Portada","item":"https:\/\/www.laorotava.es\/turismo\/"},{"@type":"ListItem","position":2,"name":"Archivo Municipal de La Orotava"}]},{"@type":"WebSite","@id":"https:\/\/www.laorotava.es\/turismo\/#website","url":"https:\/\/www.laorotava.es\/turismo\/","name":"Web de Turismo del Ayuntamiento de La Orotava","description":"","publisher":{"@id":"https:\/\/www.laorotava.es\/turismo\/#organization"},"potentialAction":[{"@type":"SearchAction","target":{"@type":"EntryPoint","urlTemplate":"https:\/\/www.laorotava.es\/turismo\/?s={search_term_string}"},"query-input":{"@type":"PropertyValueSpecification","valueRequired":true,"valueName":"search_term_string"}}],"inLanguage":"es"},{"@type":"Organization","@id":"https:\/\/www.laorotava.es\/turismo\/#organization","name":"Ayuntamiento de La Orotava","url":"https:\/\/www.laorotava.es\/turismo\/","logo":{"@type":"ImageObject","inLanguage":"es","@id":"https:\/\/www.laorotava.es\/turismo\/#\/schema\/logo\/image\/","url":"https:\/\/www.laorotava.es\/turismo\/wp-content\/uploads\/2022\/08\/logo.png","contentUrl":"https:\/\/www.laorotava.es\/turismo\/wp-content\/uploads\/2022\/08\/logo.png","width":1195,"height":180,"caption":"Ayuntamiento de La Orotava"},"image":{"@id":"https:\/\/www.laorotava.es\/turismo\/#\/schema\/logo\/image\/"},"sameAs":["https:\/\/www.facebook.com\/TurismoLaOrotava\/","https:\/\/x.com\/LaOrotava"]}]}},"_links":{"self":[{"href":"https:\/\/www.laorotava.es\/turismo\/wp-json\/wp\/v2\/pages\/1017219","targetHints":{"allow":["GET"]}}],"collection":[{"href":"https:\/\/www.laorotava.es\/turismo\/wp-json\/wp\/v2\/pages"}],"about":[{"href":"https:\/\/www.laorotava.es\/turismo\/wp-json\/wp\/v2\/types\/page"}],"author":[{"embeddable":true,"href":"https:\/\/www.laorotava.es\/turismo\/wp-json\/wp\/v2\/users\/3"}],"replies":[{"embeddable":true,"href":"https:\/\/www.laorotava.es\/turismo\/wp-json\/wp\/v2\/comments?post=1017219"}],"version-history":[{"count":55,"href":"https:\/\/www.laorotava.es\/turismo\/wp-json\/wp\/v2\/pages\/1017219\/revisions"}],"predecessor-version":[{"id":1017677,"href":"https:\/\/www.laorotava.es\/turismo\/wp-json\/wp\/v2\/pages\/1017219\/revisions\/1017677"}],"wp:attachment":[{"href":"https:\/\/www.laorotava.es\/turismo\/wp-json\/wp\/v2\/media?parent=1017219"}],"curies":[{"name":"wp","href":"https:\/\/api.w.org\/{rel}","templated":true}]}}