{"id":1017502,"date":"2023-06-21T11:37:27","date_gmt":"2023-06-21T11:37:27","guid":{"rendered":"https:\/\/www.laorotava.es\/turismo\/?page_id=1017502"},"modified":"2023-06-21T11:52:34","modified_gmt":"2023-06-21T11:52:34","slug":"sala-de-exposiciones-de-la-casa-de-la-cultura-de-san-agustin","status":"publish","type":"page","link":"https:\/\/www.laorotava.es\/turismo\/sala-de-exposiciones-de-la-casa-de-la-cultura-de-san-agustin\/","title":{"rendered":"Sala de Exposiciones de la Casa de La Cultura de San Agust\u00edn"},"content":{"rendered":"\t\t<div data-elementor-type=\"wp-page\" data-elementor-id=\"1017502\" class=\"elementor elementor-1017502\">\n\t\t\t\t\t\t<section class=\"elementor-section elementor-top-section elementor-element elementor-element-573666a elementor-section-boxed elementor-section-height-default elementor-section-height-default wpr-particle-no wpr-jarallax-no wpr-parallax-no wpr-sticky-section-no\" data-id=\"573666a\" data-element_type=\"section\" data-e-type=\"section\">\n\t\t\t\t\t\t<div class=\"elementor-container elementor-column-gap-default\">\n\t\t\t\t\t<div class=\"elementor-column elementor-col-100 elementor-top-column elementor-element elementor-element-1f54b04\" data-id=\"1f54b04\" data-element_type=\"column\" data-e-type=\"column\">\n\t\t\t<div class=\"elementor-widget-wrap elementor-element-populated\">\n\t\t\t\t\t\t<div class=\"elementor-element elementor-element-14c2497 elementor-widget__width-inherit elementor-widget elementor-widget-heading\" data-id=\"14c2497\" data-element_type=\"widget\" data-e-type=\"widget\" data-widget_type=\"heading.default\">\n\t\t\t\t<div class=\"elementor-widget-container\">\n\t\t\t\t\t<h1 class=\"elementor-heading-title elementor-size-default\">Sala de Exposiciones de la Casa de La Cultura de San Agust\u00edn<\/h1>\t\t\t\t<\/div>\n\t\t\t\t<\/div>\n\t\t\t\t\t<\/div>\n\t\t<\/div>\n\t\t\t\t\t<\/div>\n\t\t<\/section>\n\t\t\t\t<section class=\"elementor-section elementor-top-section elementor-element elementor-element-7c0cf61 elementor-section-boxed elementor-section-height-default elementor-section-height-default wpr-particle-no wpr-jarallax-no wpr-parallax-no wpr-sticky-section-no\" data-id=\"7c0cf61\" data-element_type=\"section\" data-e-type=\"section\">\n\t\t\t\t\t\t<div class=\"elementor-container elementor-column-gap-default\">\n\t\t\t\t\t<div class=\"elementor-column elementor-col-50 elementor-top-column elementor-element elementor-element-c2d23b2 at-header-image\" data-id=\"c2d23b2\" data-element_type=\"column\" data-e-type=\"column\" data-settings=\"{&quot;background_background&quot;:&quot;classic&quot;}\">\n\t\t\t<div class=\"elementor-widget-wrap\">\n\t\t\t\t\t<div class=\"elementor-background-overlay\"><\/div>\n\t\t\t\t\t\t\t<\/div>\n\t\t<\/div>\n\t\t\t\t<div class=\"elementor-column elementor-col-50 elementor-top-column elementor-element elementor-element-d5fd5a3\" data-id=\"d5fd5a3\" data-element_type=\"column\" data-e-type=\"column\">\n\t\t\t<div class=\"elementor-widget-wrap elementor-element-populated\">\n\t\t\t\t\t\t<section class=\"elementor-section elementor-inner-section elementor-element elementor-element-db46c0c elementor-section-boxed elementor-section-height-default elementor-section-height-default wpr-particle-no wpr-jarallax-no wpr-parallax-no wpr-sticky-section-no\" data-id=\"db46c0c\" data-element_type=\"section\" data-e-type=\"section\">\n\t\t\t\t\t\t<div class=\"elementor-container elementor-column-gap-default\">\n\t\t\t\t\t<div class=\"elementor-column elementor-col-100 elementor-inner-column elementor-element elementor-element-559e5fb\" data-id=\"559e5fb\" data-element_type=\"column\" data-e-type=\"column\">\n\t\t\t<div class=\"elementor-widget-wrap elementor-element-populated\">\n\t\t\t\t\t\t<div class=\"elementor-element elementor-element-1094647 elementor-widget__width-auto elementor-widget elementor-widget-text-editor\" data-id=\"1094647\" data-element_type=\"widget\" data-e-type=\"widget\" data-widget_type=\"text-editor.default\">\n\t\t\t\t<div class=\"elementor-widget-container\">\n\t\t\t\t\t\t\t\t\t<p><strong>Idioma <\/strong>Espa\u00f1ol<\/p>\t\t\t\t\t\t\t\t<\/div>\n\t\t\t\t<\/div>\n\t\t\t\t\t<\/div>\n\t\t<\/div>\n\t\t\t\t\t<\/div>\n\t\t<\/section>\n\t\t\t\t<section class=\"elementor-section elementor-inner-section elementor-element elementor-element-c3b4f10 elementor-section-boxed elementor-section-height-default elementor-section-height-default wpr-particle-no wpr-jarallax-no wpr-parallax-no wpr-sticky-section-no\" data-id=\"c3b4f10\" data-element_type=\"section\" data-e-type=\"section\">\n\t\t\t\t\t\t<div class=\"elementor-container elementor-column-gap-default\">\n\t\t\t\t\t<div class=\"elementor-column elementor-col-100 elementor-inner-column elementor-element elementor-element-fa26b2d\" data-id=\"fa26b2d\" data-element_type=\"column\" data-e-type=\"column\">\n\t\t\t<div class=\"elementor-widget-wrap elementor-element-populated\">\n\t\t\t\t\t\t<div class=\"elementor-element elementor-element-62e5bab elementor-widget__width-auto elementor-view-default elementor-widget elementor-widget-icon\" data-id=\"62e5bab\" data-element_type=\"widget\" data-e-type=\"widget\" data-widget_type=\"icon.default\">\n\t\t\t\t<div class=\"elementor-widget-container\">\n\t\t\t\t\t\t\t<div class=\"elementor-icon-wrapper\">\n\t\t\t<div class=\"elementor-icon\">\n\t\t\t<i aria-hidden=\"true\" class=\"fas fa-mobile-alt\"><\/i>\t\t\t<\/div>\n\t\t<\/div>\n\t\t\t\t\t\t<\/div>\n\t\t\t\t<\/div>\n\t\t\t\t<div class=\"elementor-element elementor-element-3748135 elementor-widget__width-auto elementor-widget elementor-widget-text-editor\" data-id=\"3748135\" data-element_type=\"widget\" data-e-type=\"widget\" data-widget_type=\"text-editor.default\">\n\t\t\t\t<div class=\"elementor-widget-container\">\n\t\t\t\t\t\t\t\t\t<strong>922 324 444<\/strong>\t\t\t\t\t\t\t\t<\/div>\n\t\t\t\t<\/div>\n\t\t\t\t\t<\/div>\n\t\t<\/div>\n\t\t\t\t\t<\/div>\n\t\t<\/section>\n\t\t\t\t<div class=\"elementor-element elementor-element-af77877 elementor-widget elementor-widget-text-editor\" data-id=\"af77877\" data-element_type=\"widget\" data-e-type=\"widget\" data-widget_type=\"text-editor.default\">\n\t\t\t\t<div class=\"elementor-widget-container\">\n\t\t\t\t\t\t\t\t\t<p><strong>Descripci\u00f3n:<\/strong><\/p><p>Horarios: Horarios: L-V de 9 a 22 horas.<\/p><p>Dimensiones: Dimensiones: 20 metros de largo x 3.6 de ancho x 5.6 de altura.<\/p><p>Superficie para exponer: 26.6 metros.<\/p><p>Color de Pared: Blanco.<\/p>\t\t\t\t\t\t\t\t<\/div>\n\t\t\t\t<\/div>\n\t\t\t\t\t<\/div>\n\t\t<\/div>\n\t\t\t\t\t<\/div>\n\t\t<\/section>\n\t\t\t\t<section class=\"elementor-section elementor-top-section elementor-element elementor-element-bde2487 elementor-section-boxed elementor-section-height-default elementor-section-height-default wpr-particle-no wpr-jarallax-no wpr-parallax-no wpr-sticky-section-no\" data-id=\"bde2487\" data-element_type=\"section\" data-e-type=\"section\">\n\t\t\t\t\t\t<div class=\"elementor-container elementor-column-gap-default\">\n\t\t\t\t\t<div class=\"elementor-column elementor-col-100 elementor-top-column elementor-element elementor-element-2e0bcc6\" data-id=\"2e0bcc6\" data-element_type=\"column\" data-e-type=\"column\">\n\t\t\t<div class=\"elementor-widget-wrap elementor-element-populated\">\n\t\t\t\t\t\t<div class=\"elementor-element elementor-element-32eabf4 elementor-widget elementor-widget-text-editor\" data-id=\"32eabf4\" data-element_type=\"widget\" data-e-type=\"widget\" data-widget_type=\"text-editor.default\">\n\t\t\t\t<div class=\"elementor-widget-container\">\n\t\t\t\t\t\t\t\t\t<div class=\"field field-name-body field-type-text-with-summary field-label-above\"><div class=\"field-items\"><div class=\"field-item even\"><p>Iluminaci\u00f3n: Iluminaci\u00f3n natural. Cuenta con ventanales en una de las paredes. Como medida de protecci\u00f3n ante la iluminaci\u00f3n natural se han habilitado en los cristales unas l\u00e1minas de control solar que impiden la entrada de calor en un 60% y en un 99 el efecto de los rayos ultravioleta. Iluminaci\u00f3n artificial. La Sala est\u00e1 dotada de focos direccionables incandescentes.<\/p><p>Sistema de anclaje de obras: Las obras se colgar\u00e1n con hilo de nylon terminando en un colgador Zipper de 10 Kg.<\/p><p>Seguridad: La Sala no cuenta con personal dedicado a su seguridad.<\/p><\/div><\/div><\/div>\t\t\t\t\t\t\t\t<\/div>\n\t\t\t\t<\/div>\n\t\t\t\t\t<\/div>\n\t\t<\/div>\n\t\t\t\t\t<\/div>\n\t\t<\/section>\n\t\t\t\t<section class=\"elementor-section elementor-top-section elementor-element elementor-element-d964f1b elementor-section-boxed elementor-section-height-default elementor-section-height-default wpr-particle-no wpr-jarallax-no wpr-parallax-no wpr-sticky-section-no\" data-id=\"d964f1b\" data-element_type=\"section\" data-e-type=\"section\">\n\t\t\t\t\t\t<div class=\"elementor-container elementor-column-gap-default\">\n\t\t\t\t\t<div class=\"elementor-column elementor-col-100 elementor-top-column elementor-element elementor-element-cb8a17c\" data-id=\"cb8a17c\" data-element_type=\"column\" data-e-type=\"column\">\n\t\t\t<div class=\"elementor-widget-wrap elementor-element-populated\">\n\t\t\t\t\t\t<div class=\"elementor-element elementor-element-c8db76d elementor-widget elementor-widget-google_maps\" data-id=\"c8db76d\" data-element_type=\"widget\" data-e-type=\"widget\" data-widget_type=\"google_maps.default\">\n\t\t\t\t<div class=\"elementor-widget-container\">\n\t\t\t\t\t\t\t<div class=\"elementor-custom-embed\">\n\t\t\t<iframe loading=\"lazy\"\n\t\t\t\t\tsrc=\"https:\/\/maps.google.com\/maps?q=C.%20San%20Agust%C3%ADn%2C%2038300%20La%20Orotava%2C%20Santa%20Cruz%20de%20Tenerife&#038;t=m&#038;z=16&#038;output=embed&#038;iwloc=near\"\n\t\t\t\t\ttitle=\"C. San Agust\u00edn, 38300 La Orotava, Santa Cruz de Tenerife\"\n\t\t\t\t\taria-label=\"C. San Agust\u00edn, 38300 La Orotava, Santa Cruz de Tenerife\"\n\t\t\t><\/iframe>\n\t\t<\/div>\n\t\t\t\t\t\t<\/div>\n\t\t\t\t<\/div>\n\t\t\t\t\t<\/div>\n\t\t<\/div>\n\t\t\t\t\t<\/div>\n\t\t<\/section>\n\t\t\t\t<\/div>\n\t\t","protected":false},"excerpt":{"rendered":"<p>Sala de Exposiciones de la Casa de La Cultura de San Agust\u00edn Idioma Espa\u00f1ol 922 324 444 Descripci\u00f3n: Horarios: Horarios: L-V de 9 a 22 horas. Dimensiones: Dimensiones: 20 metros de largo x 3.6 de ancho x 5.6 de altura. Superficie para exponer: 26.6 metros. Color de Pared: Blanco. Iluminaci\u00f3n: Iluminaci\u00f3n natural. Cuenta con ventanales en una de las paredes. Como medida de protecci\u00f3n ante la iluminaci\u00f3n natural se han habilitado en los cristales unas l\u00e1minas de control solar que impiden la entrada de calor en un 60% y en un 99 el efecto de los rayos ultravioleta. Iluminaci\u00f3n artificial. La Sala est\u00e1 dotada de focos direccionables incandescentes. Sistema de anclaje de obras: Las obras se colgar\u00e1n con hilo de nylon terminando en un colgador Zipper de 10 Kg. Seguridad: La Sala no cuenta con personal dedicado a su seguridad.<\/p>\n","protected":false},"author":3,"featured_media":0,"parent":0,"menu_order":0,"comment_status":"closed","ping_status":"closed","template":"","meta":{"_acf_changed":false,"ocean_post_layout":"","ocean_both_sidebars_style":"","ocean_both_sidebars_content_width":0,"ocean_both_sidebars_sidebars_width":0,"ocean_sidebar":"sidebar-2","ocean_second_sidebar":"0","ocean_disable_margins":"enable","ocean_add_body_class":"","ocean_shortcode_before_top_bar":"","ocean_shortcode_after_top_bar":"","ocean_shortcode_before_header":"","ocean_shortcode_after_header":"","ocean_has_shortcode":"","ocean_shortcode_after_title":"","ocean_shortcode_before_footer_widgets":"","ocean_shortcode_after_footer_widgets":"","ocean_shortcode_before_footer_bottom":"","ocean_shortcode_after_footer_bottom":"","ocean_display_top_bar":"default","ocean_display_header":"default","ocean_header_style":"","ocean_center_header_left_menu":"0","ocean_custom_header_template":"0","ocean_custom_logo":0,"ocean_custom_retina_logo":0,"ocean_custom_logo_max_width":0,"ocean_custom_logo_tablet_max_width":0,"ocean_custom_logo_mobile_max_width":0,"ocean_custom_logo_max_height":0,"ocean_custom_logo_tablet_max_height":0,"ocean_custom_logo_mobile_max_height":0,"ocean_header_custom_menu":"0","ocean_menu_typo_font_family":"0","ocean_menu_typo_font_subset":"","ocean_menu_typo_font_size":0,"ocean_menu_typo_font_size_tablet":0,"ocean_menu_typo_font_size_mobile":0,"ocean_menu_typo_font_size_unit":"px","ocean_menu_typo_font_weight":"","ocean_menu_typo_font_weight_tablet":"","ocean_menu_typo_font_weight_mobile":"","ocean_menu_typo_transform":"","ocean_menu_typo_transform_tablet":"","ocean_menu_typo_transform_mobile":"","ocean_menu_typo_line_height":0,"ocean_menu_typo_line_height_tablet":0,"ocean_menu_typo_line_height_mobile":0,"ocean_menu_typo_line_height_unit":"","ocean_menu_typo_spacing":0,"ocean_menu_typo_spacing_tablet":0,"ocean_menu_typo_spacing_mobile":0,"ocean_menu_typo_spacing_unit":"","ocean_menu_link_color":"","ocean_menu_link_color_hover":"","ocean_menu_link_color_active":"","ocean_menu_link_background":"","ocean_menu_link_hover_background":"","ocean_menu_link_active_background":"","ocean_menu_social_links_bg":"","ocean_menu_social_hover_links_bg":"","ocean_menu_social_links_color":"","ocean_menu_social_hover_links_color":"","ocean_disable_title":"default","ocean_disable_heading":"on","ocean_post_title":"","ocean_post_subheading":"","ocean_post_title_style":"","ocean_post_title_background_color":"","ocean_post_title_background":0,"ocean_post_title_bg_image_position":"","ocean_post_title_bg_image_attachment":"","ocean_post_title_bg_image_repeat":"","ocean_post_title_bg_image_size":"","ocean_post_title_height":0,"ocean_post_title_bg_overlay":0.5,"ocean_post_title_bg_overlay_color":"","ocean_disable_breadcrumbs":"default","ocean_breadcrumbs_color":"","ocean_breadcrumbs_separator_color":"","ocean_breadcrumbs_links_color":"","ocean_breadcrumbs_links_hover_color":"","ocean_display_footer_widgets":"default","ocean_display_footer_bottom":"default","ocean_custom_footer_template":"0","footnotes":""},"class_list":["post-1017502","page","type-page","status-publish","hentry","entry"],"acf":[],"yoast_head":"<!-- This site is optimized with the Yoast SEO plugin v27.2 - https:\/\/yoast.com\/product\/yoast-seo-wordpress\/ -->\n<title>Sala de Exposiciones de la Casa de La Cultura de San Agust\u00edn - Web de Turismo del Ayuntamiento de La Orotava<\/title>\n<meta name=\"robots\" content=\"index, follow, max-snippet:-1, max-image-preview:large, max-video-preview:-1\" \/>\n<link rel=\"canonical\" href=\"https:\/\/www.laorotava.es\/turismo\/sala-de-exposiciones-de-la-casa-de-la-cultura-de-san-agustin\/\" \/>\n<meta property=\"og:locale\" content=\"es_ES\" \/>\n<meta property=\"og:type\" content=\"article\" \/>\n<meta property=\"og:title\" content=\"Sala de Exposiciones de la Casa de La Cultura de San Agust\u00edn - Web de Turismo del Ayuntamiento de La Orotava\" \/>\n<meta property=\"og:description\" content=\"Sala de Exposiciones de la Casa de La Cultura de San Agust\u00edn Idioma Espa\u00f1ol 922 324 444 Descripci\u00f3n: Horarios: Horarios: L-V de 9 a 22 horas. Dimensiones: Dimensiones: 20 metros de largo x 3.6 de ancho x 5.6 de altura. Superficie para exponer: 26.6 metros. Color de Pared: Blanco. Iluminaci\u00f3n: Iluminaci\u00f3n natural. Cuenta con ventanales en una de las paredes. Como medida de protecci\u00f3n ante la iluminaci\u00f3n natural se han habilitado en los cristales unas l\u00e1minas de control solar que impiden la entrada de calor en un 60% y en un 99 el efecto de los rayos ultravioleta. Iluminaci\u00f3n artificial. La Sala est\u00e1 dotada de focos direccionables incandescentes. Sistema de anclaje de obras: Las obras se colgar\u00e1n con hilo de nylon terminando en un colgador Zipper de 10 Kg. Seguridad: La Sala no cuenta con personal dedicado a su seguridad.\" \/>\n<meta property=\"og:url\" content=\"https:\/\/www.laorotava.es\/turismo\/sala-de-exposiciones-de-la-casa-de-la-cultura-de-san-agustin\/\" \/>\n<meta property=\"og:site_name\" content=\"Web de Turismo del Ayuntamiento de La Orotava\" \/>\n<meta property=\"article:publisher\" content=\"https:\/\/www.facebook.com\/TurismoLaOrotava\/\" \/>\n<meta property=\"article:modified_time\" content=\"2023-06-21T11:52:34+00:00\" \/>\n<meta name=\"twitter:card\" content=\"summary_large_image\" \/>\n<meta name=\"twitter:site\" content=\"@LaOrotava\" \/>\n<meta name=\"twitter:label1\" content=\"Tiempo de lectura\" \/>\n\t<meta name=\"twitter:data1\" content=\"1 minuto\" \/>\n<script type=\"application\/ld+json\" class=\"yoast-schema-graph\">{\"@context\":\"https:\/\/schema.org\",\"@graph\":[{\"@type\":\"WebPage\",\"@id\":\"https:\/\/www.laorotava.es\/turismo\/sala-de-exposiciones-de-la-casa-de-la-cultura-de-san-agustin\/\",\"url\":\"https:\/\/www.laorotava.es\/turismo\/sala-de-exposiciones-de-la-casa-de-la-cultura-de-san-agustin\/\",\"name\":\"Sala de Exposiciones de la Casa de La Cultura de San Agust\u00edn - Web de Turismo del Ayuntamiento de La Orotava\",\"isPartOf\":{\"@id\":\"https:\/\/www.laorotava.es\/turismo\/#website\"},\"datePublished\":\"2023-06-21T11:37:27+00:00\",\"dateModified\":\"2023-06-21T11:52:34+00:00\",\"breadcrumb\":{\"@id\":\"https:\/\/www.laorotava.es\/turismo\/sala-de-exposiciones-de-la-casa-de-la-cultura-de-san-agustin\/#breadcrumb\"},\"inLanguage\":\"es\",\"potentialAction\":[{\"@type\":\"ReadAction\",\"target\":[\"https:\/\/www.laorotava.es\/turismo\/sala-de-exposiciones-de-la-casa-de-la-cultura-de-san-agustin\/\"]}]},{\"@type\":\"BreadcrumbList\",\"@id\":\"https:\/\/www.laorotava.es\/turismo\/sala-de-exposiciones-de-la-casa-de-la-cultura-de-san-agustin\/#breadcrumb\",\"itemListElement\":[{\"@type\":\"ListItem\",\"position\":1,\"name\":\"Portada\",\"item\":\"https:\/\/www.laorotava.es\/turismo\/\"},{\"@type\":\"ListItem\",\"position\":2,\"name\":\"Sala de Exposiciones de la Casa de La Cultura de San Agust\u00edn\"}]},{\"@type\":\"WebSite\",\"@id\":\"https:\/\/www.laorotava.es\/turismo\/#website\",\"url\":\"https:\/\/www.laorotava.es\/turismo\/\",\"name\":\"Web de Turismo del Ayuntamiento de La Orotava\",\"description\":\"\",\"publisher\":{\"@id\":\"https:\/\/www.laorotava.es\/turismo\/#organization\"},\"potentialAction\":[{\"@type\":\"SearchAction\",\"target\":{\"@type\":\"EntryPoint\",\"urlTemplate\":\"https:\/\/www.laorotava.es\/turismo\/?s={search_term_string}\"},\"query-input\":{\"@type\":\"PropertyValueSpecification\",\"valueRequired\":true,\"valueName\":\"search_term_string\"}}],\"inLanguage\":\"es\"},{\"@type\":\"Organization\",\"@id\":\"https:\/\/www.laorotava.es\/turismo\/#organization\",\"name\":\"Ayuntamiento de La Orotava\",\"url\":\"https:\/\/www.laorotava.es\/turismo\/\",\"logo\":{\"@type\":\"ImageObject\",\"inLanguage\":\"es\",\"@id\":\"https:\/\/www.laorotava.es\/turismo\/#\/schema\/logo\/image\/\",\"url\":\"https:\/\/www.laorotava.es\/turismo\/wp-content\/uploads\/2022\/08\/logo.png\",\"contentUrl\":\"https:\/\/www.laorotava.es\/turismo\/wp-content\/uploads\/2022\/08\/logo.png\",\"width\":1195,\"height\":180,\"caption\":\"Ayuntamiento de La Orotava\"},\"image\":{\"@id\":\"https:\/\/www.laorotava.es\/turismo\/#\/schema\/logo\/image\/\"},\"sameAs\":[\"https:\/\/www.facebook.com\/TurismoLaOrotava\/\",\"https:\/\/x.com\/LaOrotava\"]}]}<\/script>\n<!-- \/ Yoast SEO plugin. -->","yoast_head_json":{"title":"Sala de Exposiciones de la Casa de La Cultura de San Agust\u00edn - Web de Turismo del Ayuntamiento de La Orotava","robots":{"index":"index","follow":"follow","max-snippet":"max-snippet:-1","max-image-preview":"max-image-preview:large","max-video-preview":"max-video-preview:-1"},"canonical":"https:\/\/www.laorotava.es\/turismo\/sala-de-exposiciones-de-la-casa-de-la-cultura-de-san-agustin\/","og_locale":"es_ES","og_type":"article","og_title":"Sala de Exposiciones de la Casa de La Cultura de San Agust\u00edn - Web de Turismo del Ayuntamiento de La Orotava","og_description":"Sala de Exposiciones de la Casa de La Cultura de San Agust\u00edn Idioma Espa\u00f1ol 922 324 444 Descripci\u00f3n: Horarios: Horarios: L-V de 9 a 22 horas. Dimensiones: Dimensiones: 20 metros de largo x 3.6 de ancho x 5.6 de altura. Superficie para exponer: 26.6 metros. Color de Pared: Blanco. Iluminaci\u00f3n: Iluminaci\u00f3n natural. Cuenta con ventanales en una de las paredes. Como medida de protecci\u00f3n ante la iluminaci\u00f3n natural se han habilitado en los cristales unas l\u00e1minas de control solar que impiden la entrada de calor en un 60% y en un 99 el efecto de los rayos ultravioleta. Iluminaci\u00f3n artificial. La Sala est\u00e1 dotada de focos direccionables incandescentes. Sistema de anclaje de obras: Las obras se colgar\u00e1n con hilo de nylon terminando en un colgador Zipper de 10 Kg. Seguridad: La Sala no cuenta con personal dedicado a su seguridad.","og_url":"https:\/\/www.laorotava.es\/turismo\/sala-de-exposiciones-de-la-casa-de-la-cultura-de-san-agustin\/","og_site_name":"Web de Turismo del Ayuntamiento de La Orotava","article_publisher":"https:\/\/www.facebook.com\/TurismoLaOrotava\/","article_modified_time":"2023-06-21T11:52:34+00:00","twitter_card":"summary_large_image","twitter_site":"@LaOrotava","twitter_misc":{"Tiempo de lectura":"1 minuto"},"schema":{"@context":"https:\/\/schema.org","@graph":[{"@type":"WebPage","@id":"https:\/\/www.laorotava.es\/turismo\/sala-de-exposiciones-de-la-casa-de-la-cultura-de-san-agustin\/","url":"https:\/\/www.laorotava.es\/turismo\/sala-de-exposiciones-de-la-casa-de-la-cultura-de-san-agustin\/","name":"Sala de Exposiciones de la Casa de La Cultura de San Agust\u00edn - Web de Turismo del Ayuntamiento de La Orotava","isPartOf":{"@id":"https:\/\/www.laorotava.es\/turismo\/#website"},"datePublished":"2023-06-21T11:37:27+00:00","dateModified":"2023-06-21T11:52:34+00:00","breadcrumb":{"@id":"https:\/\/www.laorotava.es\/turismo\/sala-de-exposiciones-de-la-casa-de-la-cultura-de-san-agustin\/#breadcrumb"},"inLanguage":"es","potentialAction":[{"@type":"ReadAction","target":["https:\/\/www.laorotava.es\/turismo\/sala-de-exposiciones-de-la-casa-de-la-cultura-de-san-agustin\/"]}]},{"@type":"BreadcrumbList","@id":"https:\/\/www.laorotava.es\/turismo\/sala-de-exposiciones-de-la-casa-de-la-cultura-de-san-agustin\/#breadcrumb","itemListElement":[{"@type":"ListItem","position":1,"name":"Portada","item":"https:\/\/www.laorotava.es\/turismo\/"},{"@type":"ListItem","position":2,"name":"Sala de Exposiciones de la Casa de La Cultura de San Agust\u00edn"}]},{"@type":"WebSite","@id":"https:\/\/www.laorotava.es\/turismo\/#website","url":"https:\/\/www.laorotava.es\/turismo\/","name":"Web de Turismo del Ayuntamiento de La Orotava","description":"","publisher":{"@id":"https:\/\/www.laorotava.es\/turismo\/#organization"},"potentialAction":[{"@type":"SearchAction","target":{"@type":"EntryPoint","urlTemplate":"https:\/\/www.laorotava.es\/turismo\/?s={search_term_string}"},"query-input":{"@type":"PropertyValueSpecification","valueRequired":true,"valueName":"search_term_string"}}],"inLanguage":"es"},{"@type":"Organization","@id":"https:\/\/www.laorotava.es\/turismo\/#organization","name":"Ayuntamiento de La Orotava","url":"https:\/\/www.laorotava.es\/turismo\/","logo":{"@type":"ImageObject","inLanguage":"es","@id":"https:\/\/www.laorotava.es\/turismo\/#\/schema\/logo\/image\/","url":"https:\/\/www.laorotava.es\/turismo\/wp-content\/uploads\/2022\/08\/logo.png","contentUrl":"https:\/\/www.laorotava.es\/turismo\/wp-content\/uploads\/2022\/08\/logo.png","width":1195,"height":180,"caption":"Ayuntamiento de La Orotava"},"image":{"@id":"https:\/\/www.laorotava.es\/turismo\/#\/schema\/logo\/image\/"},"sameAs":["https:\/\/www.facebook.com\/TurismoLaOrotava\/","https:\/\/x.com\/LaOrotava"]}]}},"_links":{"self":[{"href":"https:\/\/www.laorotava.es\/turismo\/wp-json\/wp\/v2\/pages\/1017502","targetHints":{"allow":["GET"]}}],"collection":[{"href":"https:\/\/www.laorotava.es\/turismo\/wp-json\/wp\/v2\/pages"}],"about":[{"href":"https:\/\/www.laorotava.es\/turismo\/wp-json\/wp\/v2\/types\/page"}],"author":[{"embeddable":true,"href":"https:\/\/www.laorotava.es\/turismo\/wp-json\/wp\/v2\/users\/3"}],"replies":[{"embeddable":true,"href":"https:\/\/www.laorotava.es\/turismo\/wp-json\/wp\/v2\/comments?post=1017502"}],"version-history":[{"count":5,"href":"https:\/\/www.laorotava.es\/turismo\/wp-json\/wp\/v2\/pages\/1017502\/revisions"}],"predecessor-version":[{"id":1017529,"href":"https:\/\/www.laorotava.es\/turismo\/wp-json\/wp\/v2\/pages\/1017502\/revisions\/1017529"}],"wp:attachment":[{"href":"https:\/\/www.laorotava.es\/turismo\/wp-json\/wp\/v2\/media?parent=1017502"}],"curies":[{"name":"wp","href":"https:\/\/api.w.org\/{rel}","templated":true}]}}