{"id":1017508,"date":"2023-06-21T11:41:46","date_gmt":"2023-06-21T11:41:46","guid":{"rendered":"https:\/\/www.laorotava.es\/turismo\/?page_id=1017508"},"modified":"2023-06-21T11:49:21","modified_gmt":"2023-06-21T11:49:21","slug":"museo-de-artesania-iberoamericana","status":"publish","type":"page","link":"https:\/\/www.laorotava.es\/turismo\/museo-de-artesania-iberoamericana\/","title":{"rendered":"Museo de Artesan\u00eda Iberoamericana"},"content":{"rendered":"<p class=\"attachment\"><a href='https:\/\/www.laorotava.es\/turismo\/wp-content\/uploads\/2023\/06\/Captura-de-pantalla-2017-07-05-a-las-18.37.12.png'><img fetchpriority=\"high\" decoding=\"async\" width=\"300\" height=\"201\" src=\"https:\/\/www.laorotava.es\/turismo\/wp-content\/uploads\/2023\/06\/Captura-de-pantalla-2017-07-05-a-las-18.37.12-300x201.png\" class=\"attachment-medium size-medium\" alt=\"\" srcset=\"https:\/\/www.laorotava.es\/turismo\/wp-content\/uploads\/2023\/06\/Captura-de-pantalla-2017-07-05-a-las-18.37.12-300x201.png 300w, https:\/\/www.laorotava.es\/turismo\/wp-content\/uploads\/2023\/06\/Captura-de-pantalla-2017-07-05-a-las-18.37.12-1024x685.png 1024w, https:\/\/www.laorotava.es\/turismo\/wp-content\/uploads\/2023\/06\/Captura-de-pantalla-2017-07-05-a-las-18.37.12-768x514.png 768w, https:\/\/www.laorotava.es\/turismo\/wp-content\/uploads\/2023\/06\/Captura-de-pantalla-2017-07-05-a-las-18.37.12-350x234.png 350w, https:\/\/www.laorotava.es\/turismo\/wp-content\/uploads\/2023\/06\/Captura-de-pantalla-2017-07-05-a-las-18.37.12.png 1222w\" sizes=\"(max-width: 300px) 100vw, 300px\" \/><\/a><\/p>\n\t\t<div data-elementor-type=\"wp-page\" data-elementor-id=\"1017508\" class=\"elementor elementor-1017508\">\n\t\t\t\t\t\t<section class=\"elementor-section elementor-top-section elementor-element elementor-element-573666a elementor-section-boxed elementor-section-height-default elementor-section-height-default wpr-particle-no wpr-jarallax-no wpr-parallax-no wpr-sticky-section-no\" data-id=\"573666a\" data-element_type=\"section\" data-e-type=\"section\">\n\t\t\t\t\t\t<div class=\"elementor-container elementor-column-gap-default\">\n\t\t\t\t\t<div class=\"elementor-column elementor-col-100 elementor-top-column elementor-element elementor-element-1f54b04\" data-id=\"1f54b04\" data-element_type=\"column\" data-e-type=\"column\">\n\t\t\t<div class=\"elementor-widget-wrap elementor-element-populated\">\n\t\t\t\t\t\t<div class=\"elementor-element elementor-element-14c2497 elementor-widget__width-inherit elementor-widget elementor-widget-heading\" data-id=\"14c2497\" data-element_type=\"widget\" data-e-type=\"widget\" data-widget_type=\"heading.default\">\n\t\t\t\t<div class=\"elementor-widget-container\">\n\t\t\t\t\t<h1 class=\"elementor-heading-title elementor-size-default\">Museo de Artesan\u00eda Iberoamericana<\/h1>\t\t\t\t<\/div>\n\t\t\t\t<\/div>\n\t\t\t\t\t<\/div>\n\t\t<\/div>\n\t\t\t\t\t<\/div>\n\t\t<\/section>\n\t\t\t\t<section class=\"elementor-section elementor-top-section elementor-element elementor-element-7c0cf61 elementor-section-boxed elementor-section-height-default elementor-section-height-default wpr-particle-no wpr-jarallax-no wpr-parallax-no wpr-sticky-section-no\" data-id=\"7c0cf61\" data-element_type=\"section\" data-e-type=\"section\">\n\t\t\t\t\t\t<div class=\"elementor-container elementor-column-gap-default\">\n\t\t\t\t\t<div class=\"elementor-column elementor-col-50 elementor-top-column elementor-element elementor-element-c2d23b2 at-header-image\" data-id=\"c2d23b2\" data-element_type=\"column\" data-e-type=\"column\" data-settings=\"{&quot;background_background&quot;:&quot;classic&quot;}\">\n\t\t\t<div class=\"elementor-widget-wrap\">\n\t\t\t\t\t<div class=\"elementor-background-overlay\"><\/div>\n\t\t\t\t\t\t\t<\/div>\n\t\t<\/div>\n\t\t\t\t<div class=\"elementor-column elementor-col-50 elementor-top-column elementor-element elementor-element-d5fd5a3\" data-id=\"d5fd5a3\" data-element_type=\"column\" data-e-type=\"column\">\n\t\t\t<div class=\"elementor-widget-wrap elementor-element-populated\">\n\t\t\t\t\t\t<section class=\"elementor-section elementor-inner-section elementor-element elementor-element-db46c0c elementor-section-boxed elementor-section-height-default elementor-section-height-default wpr-particle-no wpr-jarallax-no wpr-parallax-no wpr-sticky-section-no\" data-id=\"db46c0c\" data-element_type=\"section\" data-e-type=\"section\">\n\t\t\t\t\t\t<div class=\"elementor-container elementor-column-gap-default\">\n\t\t\t\t\t<div class=\"elementor-column elementor-col-100 elementor-inner-column elementor-element elementor-element-559e5fb\" data-id=\"559e5fb\" data-element_type=\"column\" data-e-type=\"column\">\n\t\t\t<div class=\"elementor-widget-wrap elementor-element-populated\">\n\t\t\t\t\t\t<div class=\"elementor-element elementor-element-1094647 elementor-widget__width-auto elementor-widget elementor-widget-text-editor\" data-id=\"1094647\" data-element_type=\"widget\" data-e-type=\"widget\" data-widget_type=\"text-editor.default\">\n\t\t\t\t<div class=\"elementor-widget-container\">\n\t\t\t\t\t\t\t\t\t<p><strong>Idioma <\/strong>Espa\u00f1ol<\/p>\t\t\t\t\t\t\t\t<\/div>\n\t\t\t\t<\/div>\n\t\t\t\t\t<\/div>\n\t\t<\/div>\n\t\t\t\t\t<\/div>\n\t\t<\/section>\n\t\t\t\t<section class=\"elementor-section elementor-inner-section elementor-element elementor-element-c3b4f10 elementor-section-boxed elementor-section-height-default elementor-section-height-default wpr-particle-no wpr-jarallax-no wpr-parallax-no wpr-sticky-section-no\" data-id=\"c3b4f10\" data-element_type=\"section\" data-e-type=\"section\">\n\t\t\t\t\t\t<div class=\"elementor-container elementor-column-gap-default\">\n\t\t\t\t\t<div class=\"elementor-column elementor-col-100 elementor-inner-column elementor-element elementor-element-fa26b2d\" data-id=\"fa26b2d\" data-element_type=\"column\" data-e-type=\"column\">\n\t\t\t<div class=\"elementor-widget-wrap elementor-element-populated\">\n\t\t\t\t\t\t<div class=\"elementor-element elementor-element-62e5bab elementor-widget__width-auto elementor-view-default elementor-widget elementor-widget-icon\" data-id=\"62e5bab\" data-element_type=\"widget\" data-e-type=\"widget\" data-widget_type=\"icon.default\">\n\t\t\t\t<div class=\"elementor-widget-container\">\n\t\t\t\t\t\t\t<div class=\"elementor-icon-wrapper\">\n\t\t\t<div class=\"elementor-icon\">\n\t\t\t<i aria-hidden=\"true\" class=\"fas fa-mobile-alt\"><\/i>\t\t\t<\/div>\n\t\t<\/div>\n\t\t\t\t\t\t<\/div>\n\t\t\t\t<\/div>\n\t\t\t\t<div class=\"elementor-element elementor-element-3748135 elementor-widget__width-auto elementor-widget elementor-widget-text-editor\" data-id=\"3748135\" data-element_type=\"widget\" data-e-type=\"widget\" data-widget_type=\"text-editor.default\">\n\t\t\t\t<div class=\"elementor-widget-container\">\n\t\t\t\t\t\t\t\t\t<p><strong>922 328 160<\/strong><\/p>\t\t\t\t\t\t\t\t<\/div>\n\t\t\t\t<\/div>\n\t\t\t\t\t<\/div>\n\t\t<\/div>\n\t\t\t\t\t<\/div>\n\t\t<\/section>\n\t\t\t\t<section class=\"elementor-section elementor-inner-section elementor-element elementor-element-aefd8bf elementor-section-boxed elementor-section-height-default elementor-section-height-default wpr-particle-no wpr-jarallax-no wpr-parallax-no wpr-sticky-section-no\" data-id=\"aefd8bf\" data-element_type=\"section\" data-e-type=\"section\">\n\t\t\t\t\t\t<div class=\"elementor-container elementor-column-gap-default\">\n\t\t\t\t\t<div class=\"elementor-column elementor-col-100 elementor-inner-column elementor-element elementor-element-735b875\" data-id=\"735b875\" data-element_type=\"column\" data-e-type=\"column\">\n\t\t\t<div class=\"elementor-widget-wrap elementor-element-populated\">\n\t\t\t\t\t\t<div class=\"elementor-element elementor-element-0f4167a elementor-widget__width-auto elementor-view-default elementor-widget elementor-widget-icon\" data-id=\"0f4167a\" data-element_type=\"widget\" data-e-type=\"widget\" data-widget_type=\"icon.default\">\n\t\t\t\t<div class=\"elementor-widget-container\">\n\t\t\t\t\t\t\t<div class=\"elementor-icon-wrapper\">\n\t\t\t<div class=\"elementor-icon\">\n\t\t\t<i aria-hidden=\"true\" class=\"fas fa-envelope\"><\/i>\t\t\t<\/div>\n\t\t<\/div>\n\t\t\t\t\t\t<\/div>\n\t\t\t\t<\/div>\n\t\t\t\t<div class=\"elementor-element elementor-element-43916c7 elementor-widget__width-auto elementor-widget elementor-widget-text-editor\" data-id=\"43916c7\" data-element_type=\"widget\" data-e-type=\"widget\" data-widget_type=\"text-editor.default\">\n\t\t\t\t<div class=\"elementor-widget-container\">\n\t\t\t\t\t\t\t\t\t<p><strong><a href=\"mailto:mait@tenerife.es\">mait@tenerife.es<\/a><\/strong><\/p>\t\t\t\t\t\t\t\t<\/div>\n\t\t\t\t<\/div>\n\t\t\t\t\t<\/div>\n\t\t<\/div>\n\t\t\t\t\t<\/div>\n\t\t<\/section>\n\t\t\t\t<div class=\"elementor-element elementor-element-af77877 elementor-widget elementor-widget-text-editor\" data-id=\"af77877\" data-element_type=\"widget\" data-e-type=\"widget\" data-widget_type=\"text-editor.default\">\n\t\t\t\t<div class=\"elementor-widget-container\">\n\t\t\t\t\t\t\t\t\t<p><strong>Descripci\u00f3n:<\/strong><\/p><p>El Museo de Artesan\u00eda Iberoamericana de Tenerife-MAIT tiene su sede en la Orotava, en el ex-convento de San Benito Abad, regentado por la orden de los dominicos, del siglo XVII, y dependiente del Cabildo Insular de Tenerife (cedido en uso por el ayuntamiento de La Villa).<\/p>\t\t\t\t\t\t\t\t<\/div>\n\t\t\t\t<\/div>\n\t\t\t\t\t<\/div>\n\t\t<\/div>\n\t\t\t\t\t<\/div>\n\t\t<\/section>\n\t\t\t\t<section class=\"elementor-section elementor-top-section elementor-element elementor-element-5211b1e elementor-section-boxed elementor-section-height-default elementor-section-height-default wpr-particle-no wpr-jarallax-no wpr-parallax-no wpr-sticky-section-no\" data-id=\"5211b1e\" data-element_type=\"section\" data-e-type=\"section\">\n\t\t\t\t\t\t<div class=\"elementor-container elementor-column-gap-default\">\n\t\t\t\t\t<div class=\"elementor-column elementor-col-100 elementor-top-column elementor-element elementor-element-f0e7c1a\" data-id=\"f0e7c1a\" data-element_type=\"column\" data-e-type=\"column\">\n\t\t\t<div class=\"elementor-widget-wrap elementor-element-populated\">\n\t\t\t\t\t\t<div class=\"elementor-element elementor-element-60ee44c elementor-widget elementor-widget-text-editor\" data-id=\"60ee44c\" data-element_type=\"widget\" data-e-type=\"widget\" data-widget_type=\"text-editor.default\">\n\t\t\t\t<div class=\"elementor-widget-container\">\n\t\t\t\t\t\t\t\t\t<p>En el siglo XVIII, el Convento se convierte en uno de los m\u00e1s importantes de la provincia por la belleza de sus instalaciones (el arco de piedra de la entrada, el Claustro, los techos de madera, la escalera de piedra) que recogen parte del trabajo realizado por el arquitecto, escultor y dorador canario, Antonio de Orbar\u00e1n.<\/p>\t\t\t\t\t\t\t\t<\/div>\n\t\t\t\t<\/div>\n\t\t\t\t\t<\/div>\n\t\t<\/div>\n\t\t\t\t\t<\/div>\n\t\t<\/section>\n\t\t\t\t<section class=\"elementor-section elementor-top-section elementor-element elementor-element-e2d32fc elementor-section-boxed elementor-section-height-default elementor-section-height-default wpr-particle-no wpr-jarallax-no wpr-parallax-no wpr-sticky-section-no\" data-id=\"e2d32fc\" data-element_type=\"section\" data-e-type=\"section\">\n\t\t\t\t\t\t<div class=\"elementor-container elementor-column-gap-default\">\n\t\t\t\t\t<div class=\"elementor-column elementor-col-100 elementor-top-column elementor-element elementor-element-5593f6a\" data-id=\"5593f6a\" data-element_type=\"column\" data-e-type=\"column\">\n\t\t\t<div class=\"elementor-widget-wrap elementor-element-populated\">\n\t\t\t\t\t\t<div class=\"elementor-element elementor-element-eef34a8 wpr-grid-columns-3 wpr-grid-columns--tablet3 wpr-grid-columns--mobile1 wpr-grid-pagination-center elementor-widget elementor-widget-wpr-media-grid\" data-id=\"eef34a8\" data-element_type=\"widget\" data-e-type=\"widget\" data-widget_type=\"wpr-media-grid.default\">\n\t\t\t\t<div class=\"elementor-widget-container\">\n\t\t\t\t\t<section class=\"wpr-grid wpr-media-grid elementor-clearfix\" data-settings=\"{&quot;layout&quot;:&quot;masonry&quot;,&quot;columns_desktop&quot;:&quot;3&quot;,&quot;gutter_hr&quot;:10,&quot;gutter_hr_mobile&quot;:10,&quot;gutter_hr_mobile_extra&quot;:10,&quot;gutter_hr_tablet&quot;:10,&quot;gutter_hr_tablet_extra&quot;:10,&quot;gutter_hr_laptop&quot;:10,&quot;gutter_hr_widescreen&quot;:10,&quot;gutter_vr&quot;:10,&quot;gutter_vr_mobile&quot;:10,&quot;gutter_vr_mobile_extra&quot;:10,&quot;gutter_vr_tablet&quot;:10,&quot;gutter_vr_tablet_extra&quot;:10,&quot;gutter_vr_laptop&quot;:10,&quot;gutter_vr_widescreen&quot;:10,&quot;animation&quot;:&quot;default&quot;,&quot;animation_duration&quot;:0.3,&quot;animation_delay&quot;:0.1,&quot;deeplinking&quot;:&quot;&quot;,&quot;filters_default_filter&quot;:&quot;&quot;,&quot;filters_linkable&quot;:&quot;no&quot;,&quot;filters_count&quot;:&quot;&quot;,&quot;filters_hide_empty&quot;:&quot;no&quot;,&quot;filters_animation&quot;:&quot;default&quot;,&quot;filters_animation_duration&quot;:0.3,&quot;filters_animation_delay&quot;:0.1,&quot;pagination_type&quot;:&quot;load-more&quot;,&quot;pagination_max_pages&quot;:1,&quot;lightbox&quot;:{&quot;selector&quot;:&quot;.wpr-grid-image-wrap&quot;,&quot;iframeMaxWidth&quot;:&quot;60%&quot;,&quot;hash&quot;:false,&quot;autoplay&quot;:&quot;true&quot;,&quot;pause&quot;:5000,&quot;progressBar&quot;:&quot;true&quot;,&quot;counter&quot;:&quot;true&quot;,&quot;controls&quot;:&quot;true&quot;,&quot;getCaptionFromTitleOrAlt&quot;:&quot;true&quot;,&quot;thumbnail&quot;:&quot;&quot;,&quot;showThumbByDefault&quot;:&quot;&quot;,&quot;share&quot;:&quot;&quot;,&quot;zoom&quot;:&quot;true&quot;,&quot;fullScreen&quot;:&quot;true&quot;,&quot;download&quot;:&quot;true&quot;}}\"><article class=\"wpr-grid-item elementor-clearfix post-1017513 attachment type-attachment status-inherit hentry entry\"><div class=\"wpr-grid-item-inner\"><div class=\"wpr-grid-media-wrap wpr-effect-size-small \"><div class=\"wpr-grid-image-wrap\" data-src=\"https:\/\/www.laorotava.es\/turismo\/wp-content\/uploads\/2023\/06\/Captura-de-pantalla-2017-07-05-a-las-18.36.38.png\"><img decoding=\"async\" src=\"https:\/\/www.laorotava.es\/turismo\/wp-content\/uploads\/2023\/06\/Captura-de-pantalla-2017-07-05-a-las-18.36.38.png\" alt=\"Captura de pantalla 2017-07-05 a las 18.36.38\" class=\"wpr-anim-timing-ease-default\"><\/div><div class=\"wpr-grid-media-hover wpr-animation-wrap\"><div class=\"wpr-grid-media-hover-bg  wpr-overlay-fade-in wpr-anim-size-large wpr-anim-timing-ease-default wpr-anim-transparency\" data-url=\"https:\/\/www.laorotava.es\/turismo\/museo-de-artesania-iberoamericana\/captura-de-pantalla-2017-07-05-a-las-18-36-38\/\"><\/div><div class=\"wpr-cv-container\"><div class=\"wpr-cv-outer\"><div class=\"wpr-cv-inner\"><div class=\"wpr-grid-media-hover-middle elementor-clearfix\"><div class=\"wpr-grid-item-lightbox elementor-repeater-item-9eee1ca wpr-grid-item-display-block wpr-grid-item-align-center wpr-element-fade-in wpr-anim-size-large wpr-anim-timing-ease-default wpr-anim-transparency\"><div class=\"inner-block\"><span data-src=\"https:\/\/www.laorotava.es\/turismo\/wp-content\/uploads\/2023\/06\/Captura-de-pantalla-2017-07-05-a-las-18.36.38.png\"><i class=\"fas fa-search\"><\/i><\/span><div class=\"wpr-grid-lightbox-overlay\"><\/div><\/div><\/div><\/div><\/div><\/div><\/div><\/div><\/div><\/div><\/article><article class=\"wpr-grid-item elementor-clearfix post-1017514 attachment type-attachment status-inherit hentry entry\"><div class=\"wpr-grid-item-inner\"><div class=\"wpr-grid-media-wrap wpr-effect-size-small \"><div class=\"wpr-grid-image-wrap\" data-src=\"https:\/\/www.laorotava.es\/turismo\/wp-content\/uploads\/2023\/06\/Captura-de-pantalla-2017-07-05-a-las-18.36.47.png\"><img decoding=\"async\" src=\"https:\/\/www.laorotava.es\/turismo\/wp-content\/uploads\/2023\/06\/Captura-de-pantalla-2017-07-05-a-las-18.36.47.png\" alt=\"Captura de pantalla 2017-07-05 a las 18.36.47\" class=\"wpr-anim-timing-ease-default\"><\/div><div class=\"wpr-grid-media-hover wpr-animation-wrap\"><div class=\"wpr-grid-media-hover-bg  wpr-overlay-fade-in wpr-anim-size-large wpr-anim-timing-ease-default wpr-anim-transparency\" data-url=\"https:\/\/www.laorotava.es\/turismo\/museo-de-artesania-iberoamericana\/captura-de-pantalla-2017-07-05-a-las-18-36-47\/\"><\/div><div class=\"wpr-cv-container\"><div class=\"wpr-cv-outer\"><div class=\"wpr-cv-inner\"><div class=\"wpr-grid-media-hover-middle elementor-clearfix\"><div class=\"wpr-grid-item-lightbox elementor-repeater-item-9eee1ca wpr-grid-item-display-block wpr-grid-item-align-center wpr-element-fade-in wpr-anim-size-large wpr-anim-timing-ease-default wpr-anim-transparency\"><div class=\"inner-block\"><span data-src=\"https:\/\/www.laorotava.es\/turismo\/wp-content\/uploads\/2023\/06\/Captura-de-pantalla-2017-07-05-a-las-18.36.47.png\"><i class=\"fas fa-search\"><\/i><\/span><div class=\"wpr-grid-lightbox-overlay\"><\/div><\/div><\/div><\/div><\/div><\/div><\/div><\/div><\/div><\/div><\/article><article class=\"wpr-grid-item elementor-clearfix post-1017515 attachment type-attachment status-inherit hentry entry\"><div class=\"wpr-grid-item-inner\"><div class=\"wpr-grid-media-wrap wpr-effect-size-small \"><div class=\"wpr-grid-image-wrap\" data-src=\"https:\/\/www.laorotava.es\/turismo\/wp-content\/uploads\/2023\/06\/Captura-de-pantalla-2017-07-05-a-las-18.36.54.png\"><img decoding=\"async\" src=\"https:\/\/www.laorotava.es\/turismo\/wp-content\/uploads\/2023\/06\/Captura-de-pantalla-2017-07-05-a-las-18.36.54.png\" alt=\"Captura de pantalla 2017-07-05 a las 18.36.54\" class=\"wpr-anim-timing-ease-default\"><\/div><div class=\"wpr-grid-media-hover wpr-animation-wrap\"><div class=\"wpr-grid-media-hover-bg  wpr-overlay-fade-in wpr-anim-size-large wpr-anim-timing-ease-default wpr-anim-transparency\" data-url=\"https:\/\/www.laorotava.es\/turismo\/museo-de-artesania-iberoamericana\/captura-de-pantalla-2017-07-05-a-las-18-36-54\/\"><\/div><div class=\"wpr-cv-container\"><div class=\"wpr-cv-outer\"><div class=\"wpr-cv-inner\"><div class=\"wpr-grid-media-hover-middle elementor-clearfix\"><div class=\"wpr-grid-item-lightbox elementor-repeater-item-9eee1ca wpr-grid-item-display-block wpr-grid-item-align-center wpr-element-fade-in wpr-anim-size-large wpr-anim-timing-ease-default wpr-anim-transparency\"><div class=\"inner-block\"><span data-src=\"https:\/\/www.laorotava.es\/turismo\/wp-content\/uploads\/2023\/06\/Captura-de-pantalla-2017-07-05-a-las-18.36.54.png\"><i class=\"fas fa-search\"><\/i><\/span><div class=\"wpr-grid-lightbox-overlay\"><\/div><\/div><\/div><\/div><\/div><\/div><\/div><\/div><\/div><\/div><\/article><article class=\"wpr-grid-item elementor-clearfix post-1017516 attachment type-attachment status-inherit hentry entry\"><div class=\"wpr-grid-item-inner\"><div class=\"wpr-grid-media-wrap wpr-effect-size-small \"><div class=\"wpr-grid-image-wrap\" data-src=\"https:\/\/www.laorotava.es\/turismo\/wp-content\/uploads\/2023\/06\/Captura-de-pantalla-2017-07-05-a-las-18.37.02.png\"><img decoding=\"async\" src=\"https:\/\/www.laorotava.es\/turismo\/wp-content\/uploads\/2023\/06\/Captura-de-pantalla-2017-07-05-a-las-18.37.02.png\" alt=\"Captura de pantalla 2017-07-05 a las 18.37.02\" class=\"wpr-anim-timing-ease-default\"><\/div><div class=\"wpr-grid-media-hover wpr-animation-wrap\"><div class=\"wpr-grid-media-hover-bg  wpr-overlay-fade-in wpr-anim-size-large wpr-anim-timing-ease-default wpr-anim-transparency\" data-url=\"https:\/\/www.laorotava.es\/turismo\/museo-de-artesania-iberoamericana\/captura-de-pantalla-2017-07-05-a-las-18-37-02\/\"><\/div><div class=\"wpr-cv-container\"><div class=\"wpr-cv-outer\"><div class=\"wpr-cv-inner\"><div class=\"wpr-grid-media-hover-middle elementor-clearfix\"><div class=\"wpr-grid-item-lightbox elementor-repeater-item-9eee1ca wpr-grid-item-display-block wpr-grid-item-align-center wpr-element-fade-in wpr-anim-size-large wpr-anim-timing-ease-default wpr-anim-transparency\"><div class=\"inner-block\"><span data-src=\"https:\/\/www.laorotava.es\/turismo\/wp-content\/uploads\/2023\/06\/Captura-de-pantalla-2017-07-05-a-las-18.37.02.png\"><i class=\"fas fa-search\"><\/i><\/span><div class=\"wpr-grid-lightbox-overlay\"><\/div><\/div><\/div><\/div><\/div><\/div><\/div><\/div><\/div><\/div><\/article><article class=\"wpr-grid-item elementor-clearfix post-1017517 attachment type-attachment status-inherit hentry entry\"><div class=\"wpr-grid-item-inner\"><div class=\"wpr-grid-media-wrap wpr-effect-size-small \"><div class=\"wpr-grid-image-wrap\" data-src=\"https:\/\/www.laorotava.es\/turismo\/wp-content\/uploads\/2023\/06\/Captura-de-pantalla-2017-07-05-a-las-18.37.12.png\"><img decoding=\"async\" src=\"https:\/\/www.laorotava.es\/turismo\/wp-content\/uploads\/2023\/06\/Captura-de-pantalla-2017-07-05-a-las-18.37.12.png\" alt=\"Captura de pantalla 2017-07-05 a las 18.37.12\" class=\"wpr-anim-timing-ease-default\"><\/div><div class=\"wpr-grid-media-hover wpr-animation-wrap\"><div class=\"wpr-grid-media-hover-bg  wpr-overlay-fade-in wpr-anim-size-large wpr-anim-timing-ease-default wpr-anim-transparency\" data-url=\"https:\/\/www.laorotava.es\/turismo\/museo-de-artesania-iberoamericana\/captura-de-pantalla-2017-07-05-a-las-18-37-12\/\"><\/div><div class=\"wpr-cv-container\"><div class=\"wpr-cv-outer\"><div class=\"wpr-cv-inner\"><div class=\"wpr-grid-media-hover-middle elementor-clearfix\"><div class=\"wpr-grid-item-lightbox elementor-repeater-item-9eee1ca wpr-grid-item-display-block wpr-grid-item-align-center wpr-element-fade-in wpr-anim-size-large wpr-anim-timing-ease-default wpr-anim-transparency\"><div class=\"inner-block\"><span data-src=\"https:\/\/www.laorotava.es\/turismo\/wp-content\/uploads\/2023\/06\/Captura-de-pantalla-2017-07-05-a-las-18.37.12.png\"><i class=\"fas fa-search\"><\/i><\/span><div class=\"wpr-grid-lightbox-overlay\"><\/div><\/div><\/div><\/div><\/div><\/div><\/div><\/div><\/div><\/div><\/article><\/section>\t\t\t\t<\/div>\n\t\t\t\t<\/div>\n\t\t\t\t\t<\/div>\n\t\t<\/div>\n\t\t\t\t\t<\/div>\n\t\t<\/section>\n\t\t\t\t<section class=\"elementor-section elementor-top-section elementor-element elementor-element-716325d elementor-section-boxed elementor-section-height-default elementor-section-height-default wpr-particle-no wpr-jarallax-no wpr-parallax-no wpr-sticky-section-no\" data-id=\"716325d\" data-element_type=\"section\" data-e-type=\"section\">\n\t\t\t\t\t\t<div class=\"elementor-container elementor-column-gap-default\">\n\t\t\t\t\t<div class=\"elementor-column elementor-col-100 elementor-top-column elementor-element elementor-element-247fdff\" data-id=\"247fdff\" data-element_type=\"column\" data-e-type=\"column\">\n\t\t\t<div class=\"elementor-widget-wrap elementor-element-populated\">\n\t\t\t\t\t\t<div class=\"elementor-element elementor-element-aee731f elementor-widget elementor-widget-text-editor\" data-id=\"aee731f\" data-element_type=\"widget\" data-e-type=\"widget\" data-widget_type=\"text-editor.default\">\n\t\t\t\t<div class=\"elementor-widget-container\">\n\t\t\t\t\t\t\t\t\t<p>Con el objetivo de dar a conocer la realidad artesana de un modo inmediato y tangible, se crea una gran exposici\u00f3n permanente, representativa de todas las artesan\u00edas iberoamericanas, tanto actuales como desaparecidas, con especial incidencia en la Canaria. Unas y otras proceden de importantes colecciones cedidas por los organismos patrocinadores, adem\u00e1s de las adquiridas por el propio centro y las donaciones particulares, confirmando muestras tan atractivas como la importante colecci\u00f3n &#8220;Arte popular en Am\u00e9rica y Filipinas&#8221;, Los Premios Regionales de Dise\u00f1o de Artesan\u00eda Canaria, los instrumentos musicales populares de Espa\u00f1a y Am\u00e9rica o la alfarer\u00eda popular espa\u00f1ola.<\/p><p><strong>Servicios:<\/strong>\u00a0Rutas guiadas; \u201cLas Noches del Mait\u201d; Cursos Formativos en Artesan\u00eda; Trabajos de Investigaci\u00f3n y Documentaci\u00f3n; Campa\u00f1a Escolar: Itinerarios y talleres did\u00e1cticos; Exposiciones Itinerantes, etc.<\/p><p><strong>Tem\u00e1tica:<\/strong>\u00a0Artesan\u00eda<\/p><p><strong>Horario:<\/strong>\u00a0de lunes a viernes de 9:00 a 15:00 horas<\/p><p><strong>Precio:<\/strong>\u00a0General: 2 \u20ac. Gratuito residentes Tenerife. Grupos: Concertar cita previa.<\/p>\t\t\t\t\t\t\t\t<\/div>\n\t\t\t\t<\/div>\n\t\t\t\t\t<\/div>\n\t\t<\/div>\n\t\t\t\t\t<\/div>\n\t\t<\/section>\n\t\t\t\t<section class=\"elementor-section elementor-top-section elementor-element elementor-element-d964f1b elementor-section-boxed elementor-section-height-default elementor-section-height-default wpr-particle-no wpr-jarallax-no wpr-parallax-no wpr-sticky-section-no\" data-id=\"d964f1b\" data-element_type=\"section\" data-e-type=\"section\">\n\t\t\t\t\t\t<div class=\"elementor-container elementor-column-gap-default\">\n\t\t\t\t\t<div class=\"elementor-column elementor-col-100 elementor-top-column elementor-element elementor-element-cb8a17c\" data-id=\"cb8a17c\" data-element_type=\"column\" data-e-type=\"column\">\n\t\t\t<div class=\"elementor-widget-wrap elementor-element-populated\">\n\t\t\t\t\t\t<div class=\"elementor-element elementor-element-c8db76d elementor-widget elementor-widget-google_maps\" data-id=\"c8db76d\" data-element_type=\"widget\" data-e-type=\"widget\" data-widget_type=\"google_maps.default\">\n\t\t\t\t<div class=\"elementor-widget-container\">\n\t\t\t\t\t\t\t<div class=\"elementor-custom-embed\">\n\t\t\t<iframe loading=\"lazy\"\n\t\t\t\t\tsrc=\"https:\/\/maps.google.com\/maps?q=Museo%20de%20artesan%C3%ADa%20iberoamericana%2C%20la%20orotava&#038;t=m&#038;z=17&#038;output=embed&#038;iwloc=near\"\n\t\t\t\t\ttitle=\"Museo de artesan\u00eda iberoamericana, la orotava\"\n\t\t\t\t\taria-label=\"Museo de artesan\u00eda iberoamericana, la orotava\"\n\t\t\t><\/iframe>\n\t\t<\/div>\n\t\t\t\t\t\t<\/div>\n\t\t\t\t<\/div>\n\t\t\t\t\t<\/div>\n\t\t<\/div>\n\t\t\t\t\t<\/div>\n\t\t<\/section>\n\t\t\t\t<\/div>\n\t\t","protected":false},"excerpt":{"rendered":"<p>Museo de Artesan\u00eda Iberoamericana Idioma Espa\u00f1ol 922 328 160 mait@tenerife.es Descripci\u00f3n: El Museo de Artesan\u00eda Iberoamericana de Tenerife-MAIT tiene su sede en la Orotava, en el ex-convento de San Benito Abad, regentado por la orden de los dominicos, del siglo XVII, y dependiente del Cabildo Insular de Tenerife (cedido en uso por el ayuntamiento de La Villa). En el siglo XVIII, el Convento se convierte en uno de los m\u00e1s importantes de la provincia por la belleza de sus instalaciones (el arco de piedra de la entrada, el Claustro, los techos de madera, la escalera de piedra) que recogen parte del trabajo realizado por el arquitecto, escultor y dorador canario, Antonio de Orbar\u00e1n. Con el objetivo de dar a conocer la realidad artesana de un modo inmediato y tangible, se crea una gran exposici\u00f3n permanente, representativa de todas las artesan\u00edas iberoamericanas, tanto actuales como desaparecidas, con especial incidencia en la Canaria. Unas y otras proceden de importantes colecciones cedidas por los organismos patrocinadores, adem\u00e1s de las adquiridas por el propio centro y las donaciones particulares, confirmando muestras tan atractivas como la importante colecci\u00f3n &#8220;Arte popular en Am\u00e9rica y Filipinas&#8221;, Los Premios Regionales de Dise\u00f1o de Artesan\u00eda Canaria, los instrumentos musicales populares de Espa\u00f1a y Am\u00e9rica o la alfarer\u00eda popular espa\u00f1ola. Servicios:\u00a0Rutas guiadas; \u201cLas Noches del Mait\u201d; Cursos Formativos en Artesan\u00eda; Trabajos de Investigaci\u00f3n y Documentaci\u00f3n; Campa\u00f1a Escolar: Itinerarios y talleres did\u00e1cticos; Exposiciones Itinerantes, etc. Tem\u00e1tica:\u00a0Artesan\u00eda Horario:\u00a0de lunes a viernes de 9:00 a 15:00 horas Precio:\u00a0General: 2 \u20ac. Gratuito residentes Tenerife. Grupos: Concertar cita previa.<\/p>\n","protected":false},"author":3,"featured_media":0,"parent":0,"menu_order":0,"comment_status":"closed","ping_status":"closed","template":"","meta":{"_acf_changed":false,"ocean_post_layout":"","ocean_both_sidebars_style":"","ocean_both_sidebars_content_width":0,"ocean_both_sidebars_sidebars_width":0,"ocean_sidebar":"sidebar-2","ocean_second_sidebar":"0","ocean_disable_margins":"enable","ocean_add_body_class":"","ocean_shortcode_before_top_bar":"","ocean_shortcode_after_top_bar":"","ocean_shortcode_before_header":"","ocean_shortcode_after_header":"","ocean_has_shortcode":"","ocean_shortcode_after_title":"","ocean_shortcode_before_footer_widgets":"","ocean_shortcode_after_footer_widgets":"","ocean_shortcode_before_footer_bottom":"","ocean_shortcode_after_footer_bottom":"","ocean_display_top_bar":"default","ocean_display_header":"default","ocean_header_style":"","ocean_center_header_left_menu":"0","ocean_custom_header_template":"0","ocean_custom_logo":0,"ocean_custom_retina_logo":0,"ocean_custom_logo_max_width":0,"ocean_custom_logo_tablet_max_width":0,"ocean_custom_logo_mobile_max_width":0,"ocean_custom_logo_max_height":0,"ocean_custom_logo_tablet_max_height":0,"ocean_custom_logo_mobile_max_height":0,"ocean_header_custom_menu":"0","ocean_menu_typo_font_family":"0","ocean_menu_typo_font_subset":"","ocean_menu_typo_font_size":0,"ocean_menu_typo_font_size_tablet":0,"ocean_menu_typo_font_size_mobile":0,"ocean_menu_typo_font_size_unit":"px","ocean_menu_typo_font_weight":"","ocean_menu_typo_font_weight_tablet":"","ocean_menu_typo_font_weight_mobile":"","ocean_menu_typo_transform":"","ocean_menu_typo_transform_tablet":"","ocean_menu_typo_transform_mobile":"","ocean_menu_typo_line_height":0,"ocean_menu_typo_line_height_tablet":0,"ocean_menu_typo_line_height_mobile":0,"ocean_menu_typo_line_height_unit":"","ocean_menu_typo_spacing":0,"ocean_menu_typo_spacing_tablet":0,"ocean_menu_typo_spacing_mobile":0,"ocean_menu_typo_spacing_unit":"","ocean_menu_link_color":"","ocean_menu_link_color_hover":"","ocean_menu_link_color_active":"","ocean_menu_link_background":"","ocean_menu_link_hover_background":"","ocean_menu_link_active_background":"","ocean_menu_social_links_bg":"","ocean_menu_social_hover_links_bg":"","ocean_menu_social_links_color":"","ocean_menu_social_hover_links_color":"","ocean_disable_title":"default","ocean_disable_heading":"on","ocean_post_title":"","ocean_post_subheading":"","ocean_post_title_style":"","ocean_post_title_background_color":"","ocean_post_title_background":0,"ocean_post_title_bg_image_position":"","ocean_post_title_bg_image_attachment":"","ocean_post_title_bg_image_repeat":"","ocean_post_title_bg_image_size":"","ocean_post_title_height":0,"ocean_post_title_bg_overlay":0.5,"ocean_post_title_bg_overlay_color":"","ocean_disable_breadcrumbs":"default","ocean_breadcrumbs_color":"","ocean_breadcrumbs_separator_color":"","ocean_breadcrumbs_links_color":"","ocean_breadcrumbs_links_hover_color":"","ocean_display_footer_widgets":"default","ocean_display_footer_bottom":"default","ocean_custom_footer_template":"0","footnotes":""},"class_list":["post-1017508","page","type-page","status-publish","hentry","entry"],"acf":[],"yoast_head":"<!-- This site is optimized with the Yoast SEO plugin v27.2 - https:\/\/yoast.com\/product\/yoast-seo-wordpress\/ -->\n<title>Museo de Artesan\u00eda Iberoamericana - Web de Turismo del Ayuntamiento de La Orotava<\/title>\n<meta name=\"robots\" content=\"index, follow, max-snippet:-1, max-image-preview:large, max-video-preview:-1\" \/>\n<link rel=\"canonical\" href=\"https:\/\/www.laorotava.es\/turismo\/museo-de-artesania-iberoamericana\/\" \/>\n<meta property=\"og:locale\" content=\"es_ES\" \/>\n<meta property=\"og:type\" content=\"article\" \/>\n<meta property=\"og:title\" content=\"Museo de Artesan\u00eda Iberoamericana - Web de Turismo del Ayuntamiento de La Orotava\" \/>\n<meta property=\"og:description\" content=\"Museo de Artesan\u00eda Iberoamericana Idioma Espa\u00f1ol 922 328 160 mait@tenerife.es Descripci\u00f3n: El Museo de Artesan\u00eda Iberoamericana de Tenerife-MAIT tiene su sede en la Orotava, en el ex-convento de San Benito Abad, regentado por la orden de los dominicos, del siglo XVII, y dependiente del Cabildo Insular de Tenerife (cedido en uso por el ayuntamiento de La Villa). En el siglo XVIII, el Convento se convierte en uno de los m\u00e1s importantes de la provincia por la belleza de sus instalaciones (el arco de piedra de la entrada, el Claustro, los techos de madera, la escalera de piedra) que recogen parte del trabajo realizado por el arquitecto, escultor y dorador canario, Antonio de Orbar\u00e1n. Con el objetivo de dar a conocer la realidad artesana de un modo inmediato y tangible, se crea una gran exposici\u00f3n permanente, representativa de todas las artesan\u00edas iberoamericanas, tanto actuales como desaparecidas, con especial incidencia en la Canaria. Unas y otras proceden de importantes colecciones cedidas por los organismos patrocinadores, adem\u00e1s de las adquiridas por el propio centro y las donaciones particulares, confirmando muestras tan atractivas como la importante colecci\u00f3n &#8220;Arte popular en Am\u00e9rica y Filipinas&#8221;, Los Premios Regionales de Dise\u00f1o de Artesan\u00eda Canaria, los instrumentos musicales populares de Espa\u00f1a y Am\u00e9rica o la alfarer\u00eda popular espa\u00f1ola. Servicios:\u00a0Rutas guiadas; \u201cLas Noches del Mait\u201d; Cursos Formativos en Artesan\u00eda; Trabajos de Investigaci\u00f3n y Documentaci\u00f3n; Campa\u00f1a Escolar: Itinerarios y talleres did\u00e1cticos; Exposiciones Itinerantes, etc. Tem\u00e1tica:\u00a0Artesan\u00eda Horario:\u00a0de lunes a viernes de 9:00 a 15:00 horas Precio:\u00a0General: 2 \u20ac. Gratuito residentes Tenerife. Grupos: Concertar cita previa.\" \/>\n<meta property=\"og:url\" content=\"https:\/\/www.laorotava.es\/turismo\/museo-de-artesania-iberoamericana\/\" \/>\n<meta property=\"og:site_name\" content=\"Web de Turismo del Ayuntamiento de La Orotava\" \/>\n<meta property=\"article:publisher\" content=\"https:\/\/www.facebook.com\/TurismoLaOrotava\/\" \/>\n<meta property=\"article:modified_time\" content=\"2023-06-21T11:49:21+00:00\" \/>\n<meta property=\"og:image\" content=\"https:\/\/www-pre.laorotava.es\/turismo\/wp-content\/uploads\/2023\/06\/Captura-de-pantalla-2017-07-05-a-las-18.36.38.png\" \/>\n<meta name=\"twitter:card\" content=\"summary_large_image\" \/>\n<meta name=\"twitter:site\" content=\"@LaOrotava\" \/>\n<meta name=\"twitter:label1\" content=\"Tiempo de lectura\" \/>\n\t<meta name=\"twitter:data1\" content=\"3 minutos\" \/>\n<script type=\"application\/ld+json\" class=\"yoast-schema-graph\">{\"@context\":\"https:\/\/schema.org\",\"@graph\":[{\"@type\":\"WebPage\",\"@id\":\"https:\/\/www.laorotava.es\/turismo\/museo-de-artesania-iberoamericana\/\",\"url\":\"https:\/\/www.laorotava.es\/turismo\/museo-de-artesania-iberoamericana\/\",\"name\":\"Museo de Artesan\u00eda Iberoamericana - Web de Turismo del Ayuntamiento de La Orotava\",\"isPartOf\":{\"@id\":\"https:\/\/www.laorotava.es\/turismo\/#website\"},\"primaryImageOfPage\":{\"@id\":\"https:\/\/www.laorotava.es\/turismo\/museo-de-artesania-iberoamericana\/#primaryimage\"},\"image\":{\"@id\":\"https:\/\/www.laorotava.es\/turismo\/museo-de-artesania-iberoamericana\/#primaryimage\"},\"thumbnailUrl\":\"https:\/\/www.laorotava.es\/turismo\/wp-content\/uploads\/2023\/06\/Captura-de-pantalla-2017-07-05-a-las-18.36.38.png\",\"datePublished\":\"2023-06-21T11:41:46+00:00\",\"dateModified\":\"2023-06-21T11:49:21+00:00\",\"breadcrumb\":{\"@id\":\"https:\/\/www.laorotava.es\/turismo\/museo-de-artesania-iberoamericana\/#breadcrumb\"},\"inLanguage\":\"es\",\"potentialAction\":[{\"@type\":\"ReadAction\",\"target\":[\"https:\/\/www.laorotava.es\/turismo\/museo-de-artesania-iberoamericana\/\"]}]},{\"@type\":\"ImageObject\",\"inLanguage\":\"es\",\"@id\":\"https:\/\/www.laorotava.es\/turismo\/museo-de-artesania-iberoamericana\/#primaryimage\",\"url\":\"https:\/\/www.laorotava.es\/turismo\/wp-content\/uploads\/2023\/06\/Captura-de-pantalla-2017-07-05-a-las-18.36.38.png\",\"contentUrl\":\"https:\/\/www.laorotava.es\/turismo\/wp-content\/uploads\/2023\/06\/Captura-de-pantalla-2017-07-05-a-las-18.36.38.png\",\"width\":1223,\"height\":813},{\"@type\":\"BreadcrumbList\",\"@id\":\"https:\/\/www.laorotava.es\/turismo\/museo-de-artesania-iberoamericana\/#breadcrumb\",\"itemListElement\":[{\"@type\":\"ListItem\",\"position\":1,\"name\":\"Portada\",\"item\":\"https:\/\/www.laorotava.es\/turismo\/\"},{\"@type\":\"ListItem\",\"position\":2,\"name\":\"Museo de Artesan\u00eda Iberoamericana\"}]},{\"@type\":\"WebSite\",\"@id\":\"https:\/\/www.laorotava.es\/turismo\/#website\",\"url\":\"https:\/\/www.laorotava.es\/turismo\/\",\"name\":\"Web de Turismo del Ayuntamiento de La Orotava\",\"description\":\"\",\"publisher\":{\"@id\":\"https:\/\/www.laorotava.es\/turismo\/#organization\"},\"potentialAction\":[{\"@type\":\"SearchAction\",\"target\":{\"@type\":\"EntryPoint\",\"urlTemplate\":\"https:\/\/www.laorotava.es\/turismo\/?s={search_term_string}\"},\"query-input\":{\"@type\":\"PropertyValueSpecification\",\"valueRequired\":true,\"valueName\":\"search_term_string\"}}],\"inLanguage\":\"es\"},{\"@type\":\"Organization\",\"@id\":\"https:\/\/www.laorotava.es\/turismo\/#organization\",\"name\":\"Ayuntamiento de La Orotava\",\"url\":\"https:\/\/www.laorotava.es\/turismo\/\",\"logo\":{\"@type\":\"ImageObject\",\"inLanguage\":\"es\",\"@id\":\"https:\/\/www.laorotava.es\/turismo\/#\/schema\/logo\/image\/\",\"url\":\"https:\/\/www.laorotava.es\/turismo\/wp-content\/uploads\/2022\/08\/logo.png\",\"contentUrl\":\"https:\/\/www.laorotava.es\/turismo\/wp-content\/uploads\/2022\/08\/logo.png\",\"width\":1195,\"height\":180,\"caption\":\"Ayuntamiento de La Orotava\"},\"image\":{\"@id\":\"https:\/\/www.laorotava.es\/turismo\/#\/schema\/logo\/image\/\"},\"sameAs\":[\"https:\/\/www.facebook.com\/TurismoLaOrotava\/\",\"https:\/\/x.com\/LaOrotava\"]}]}<\/script>\n<!-- \/ Yoast SEO plugin. -->","yoast_head_json":{"title":"Museo de Artesan\u00eda Iberoamericana - Web de Turismo del Ayuntamiento de La Orotava","robots":{"index":"index","follow":"follow","max-snippet":"max-snippet:-1","max-image-preview":"max-image-preview:large","max-video-preview":"max-video-preview:-1"},"canonical":"https:\/\/www.laorotava.es\/turismo\/museo-de-artesania-iberoamericana\/","og_locale":"es_ES","og_type":"article","og_title":"Museo de Artesan\u00eda Iberoamericana - Web de Turismo del Ayuntamiento de La Orotava","og_description":"Museo de Artesan\u00eda Iberoamericana Idioma Espa\u00f1ol 922 328 160 mait@tenerife.es Descripci\u00f3n: El Museo de Artesan\u00eda Iberoamericana de Tenerife-MAIT tiene su sede en la Orotava, en el ex-convento de San Benito Abad, regentado por la orden de los dominicos, del siglo XVII, y dependiente del Cabildo Insular de Tenerife (cedido en uso por el ayuntamiento de La Villa). En el siglo XVIII, el Convento se convierte en uno de los m\u00e1s importantes de la provincia por la belleza de sus instalaciones (el arco de piedra de la entrada, el Claustro, los techos de madera, la escalera de piedra) que recogen parte del trabajo realizado por el arquitecto, escultor y dorador canario, Antonio de Orbar\u00e1n. Con el objetivo de dar a conocer la realidad artesana de un modo inmediato y tangible, se crea una gran exposici\u00f3n permanente, representativa de todas las artesan\u00edas iberoamericanas, tanto actuales como desaparecidas, con especial incidencia en la Canaria. Unas y otras proceden de importantes colecciones cedidas por los organismos patrocinadores, adem\u00e1s de las adquiridas por el propio centro y las donaciones particulares, confirmando muestras tan atractivas como la importante colecci\u00f3n &#8220;Arte popular en Am\u00e9rica y Filipinas&#8221;, Los Premios Regionales de Dise\u00f1o de Artesan\u00eda Canaria, los instrumentos musicales populares de Espa\u00f1a y Am\u00e9rica o la alfarer\u00eda popular espa\u00f1ola. Servicios:\u00a0Rutas guiadas; \u201cLas Noches del Mait\u201d; Cursos Formativos en Artesan\u00eda; Trabajos de Investigaci\u00f3n y Documentaci\u00f3n; Campa\u00f1a Escolar: Itinerarios y talleres did\u00e1cticos; Exposiciones Itinerantes, etc. Tem\u00e1tica:\u00a0Artesan\u00eda Horario:\u00a0de lunes a viernes de 9:00 a 15:00 horas Precio:\u00a0General: 2 \u20ac. Gratuito residentes Tenerife. Grupos: Concertar cita previa.","og_url":"https:\/\/www.laorotava.es\/turismo\/museo-de-artesania-iberoamericana\/","og_site_name":"Web de Turismo del Ayuntamiento de La Orotava","article_publisher":"https:\/\/www.facebook.com\/TurismoLaOrotava\/","article_modified_time":"2023-06-21T11:49:21+00:00","og_image":[{"url":"https:\/\/www-pre.laorotava.es\/turismo\/wp-content\/uploads\/2023\/06\/Captura-de-pantalla-2017-07-05-a-las-18.36.38.png","type":"","width":"","height":""}],"twitter_card":"summary_large_image","twitter_site":"@LaOrotava","twitter_misc":{"Tiempo de lectura":"3 minutos"},"schema":{"@context":"https:\/\/schema.org","@graph":[{"@type":"WebPage","@id":"https:\/\/www.laorotava.es\/turismo\/museo-de-artesania-iberoamericana\/","url":"https:\/\/www.laorotava.es\/turismo\/museo-de-artesania-iberoamericana\/","name":"Museo de Artesan\u00eda Iberoamericana - Web de Turismo del Ayuntamiento de La Orotava","isPartOf":{"@id":"https:\/\/www.laorotava.es\/turismo\/#website"},"primaryImageOfPage":{"@id":"https:\/\/www.laorotava.es\/turismo\/museo-de-artesania-iberoamericana\/#primaryimage"},"image":{"@id":"https:\/\/www.laorotava.es\/turismo\/museo-de-artesania-iberoamericana\/#primaryimage"},"thumbnailUrl":"https:\/\/www.laorotava.es\/turismo\/wp-content\/uploads\/2023\/06\/Captura-de-pantalla-2017-07-05-a-las-18.36.38.png","datePublished":"2023-06-21T11:41:46+00:00","dateModified":"2023-06-21T11:49:21+00:00","breadcrumb":{"@id":"https:\/\/www.laorotava.es\/turismo\/museo-de-artesania-iberoamericana\/#breadcrumb"},"inLanguage":"es","potentialAction":[{"@type":"ReadAction","target":["https:\/\/www.laorotava.es\/turismo\/museo-de-artesania-iberoamericana\/"]}]},{"@type":"ImageObject","inLanguage":"es","@id":"https:\/\/www.laorotava.es\/turismo\/museo-de-artesania-iberoamericana\/#primaryimage","url":"https:\/\/www.laorotava.es\/turismo\/wp-content\/uploads\/2023\/06\/Captura-de-pantalla-2017-07-05-a-las-18.36.38.png","contentUrl":"https:\/\/www.laorotava.es\/turismo\/wp-content\/uploads\/2023\/06\/Captura-de-pantalla-2017-07-05-a-las-18.36.38.png","width":1223,"height":813},{"@type":"BreadcrumbList","@id":"https:\/\/www.laorotava.es\/turismo\/museo-de-artesania-iberoamericana\/#breadcrumb","itemListElement":[{"@type":"ListItem","position":1,"name":"Portada","item":"https:\/\/www.laorotava.es\/turismo\/"},{"@type":"ListItem","position":2,"name":"Museo de Artesan\u00eda Iberoamericana"}]},{"@type":"WebSite","@id":"https:\/\/www.laorotava.es\/turismo\/#website","url":"https:\/\/www.laorotava.es\/turismo\/","name":"Web de Turismo del Ayuntamiento de La Orotava","description":"","publisher":{"@id":"https:\/\/www.laorotava.es\/turismo\/#organization"},"potentialAction":[{"@type":"SearchAction","target":{"@type":"EntryPoint","urlTemplate":"https:\/\/www.laorotava.es\/turismo\/?s={search_term_string}"},"query-input":{"@type":"PropertyValueSpecification","valueRequired":true,"valueName":"search_term_string"}}],"inLanguage":"es"},{"@type":"Organization","@id":"https:\/\/www.laorotava.es\/turismo\/#organization","name":"Ayuntamiento de La Orotava","url":"https:\/\/www.laorotava.es\/turismo\/","logo":{"@type":"ImageObject","inLanguage":"es","@id":"https:\/\/www.laorotava.es\/turismo\/#\/schema\/logo\/image\/","url":"https:\/\/www.laorotava.es\/turismo\/wp-content\/uploads\/2022\/08\/logo.png","contentUrl":"https:\/\/www.laorotava.es\/turismo\/wp-content\/uploads\/2022\/08\/logo.png","width":1195,"height":180,"caption":"Ayuntamiento de La Orotava"},"image":{"@id":"https:\/\/www.laorotava.es\/turismo\/#\/schema\/logo\/image\/"},"sameAs":["https:\/\/www.facebook.com\/TurismoLaOrotava\/","https:\/\/x.com\/LaOrotava"]}]}},"_links":{"self":[{"href":"https:\/\/www.laorotava.es\/turismo\/wp-json\/wp\/v2\/pages\/1017508","targetHints":{"allow":["GET"]}}],"collection":[{"href":"https:\/\/www.laorotava.es\/turismo\/wp-json\/wp\/v2\/pages"}],"about":[{"href":"https:\/\/www.laorotava.es\/turismo\/wp-json\/wp\/v2\/types\/page"}],"author":[{"embeddable":true,"href":"https:\/\/www.laorotava.es\/turismo\/wp-json\/wp\/v2\/users\/3"}],"replies":[{"embeddable":true,"href":"https:\/\/www.laorotava.es\/turismo\/wp-json\/wp\/v2\/comments?post=1017508"}],"version-history":[{"count":8,"href":"https:\/\/www.laorotava.es\/turismo\/wp-json\/wp\/v2\/pages\/1017508\/revisions"}],"predecessor-version":[{"id":1017523,"href":"https:\/\/www.laorotava.es\/turismo\/wp-json\/wp\/v2\/pages\/1017508\/revisions\/1017523"}],"wp:attachment":[{"href":"https:\/\/www.laorotava.es\/turismo\/wp-json\/wp\/v2\/media?parent=1017508"}],"curies":[{"name":"wp","href":"https:\/\/api.w.org\/{rel}","templated":true}]}}